{"id":34423,"date":"2019-07-15T15:12:03","date_gmt":"2019-07-15T19:12:03","guid":{"rendered":"https:\/\/ceric.ca\/?page_id=34423"},"modified":"2019-08-01T10:08:15","modified_gmt":"2019-08-01T14:08:15","slug":"representation-et-sensibilisation","status":"publish","type":"page","link":"https:\/\/ceric.ca\/fr\/representation-et-sensibilisation\/","title":{"rendered":"Repr\u00e9sentation et sensibilisation"},"content":{"rendered":"<div class=\"wpb-content-wrapper\"><p>[vc_row][vc_column][vc_single_image image=\u00a0\u00bb11175&Prime; img_size=\u00a0\u00bb609&#215;206&Prime;][\/vc_column][\/vc_row][vc_row][vc_column]\r\n\t<div class=\"wprt-spacer clearfix\" data-desktop=\"15\" data-mobi=\"0\" data-smobi=\"0\"><\/div>[vc_column_text]L&rsquo;une des priorit\u00e9s strat\u00e9giques du CERIC est de faciliter les conversations entre les professionnels du d\u00e9veloppement de carri\u00e8re et leurs communaut\u00e9s en vue de rehausser le profil et la valeur du domaine du d\u00e9veloppement de carri\u00e8re.<\/p>\n<ul>\n<li>Cr\u00e9er des occasions pour que le CERIC puisse amorcer des d\u00e9bats entre tous ceux qui s\u2019int\u00e9ressent au d\u00e9veloppement de carri\u00e8re<\/li>\n<li>Sensibiliser davantage les Canadiens \u00e0 l\u2019importance du d\u00e9veloppement de carri\u00e8re et au r\u00f4le des professionnels du d\u00e9veloppement de carri\u00e8re<\/li>\n<li>Affirmer davantage la position du CERIC en tant que centre d\u2019expertise incontournable<\/li>\n<\/ul>\n<p>[\/vc_column_text][\/vc_column][\/vc_row][vc_row][vc_column]\r\n\t<div class=\"wprt-spacer clearfix\" data-desktop=\"15\" data-mobi=\"0\" data-smobi=\"0\"><\/div>[vc_column_text]<\/p>\n<h3><strong>D\u00e9bats<\/strong><\/h3>\n<p>Le CERIC a jou\u00e9 un r\u00f4le de leadership en catalysant les d\u00e9bats autour des enjeux actuels du d\u00e9veloppement de carri\u00e8re qui ont des r\u00e9percussions importantes sur le bien-\u00eatre socio- \u00e9conomique des Canadiens, par exemple l\u2019inad\u00e9quation entre les comp\u00e9tences et l\u2019emploi.[\/vc_column_text][\/vc_column][\/vc_row][vc_row][vc_column width=\u00a0\u00bb1\/3&Prime;][vc_single_image image=\u00a0\u00bb12606&Prime; img_size=\u00a0\u00bbmedium\u00a0\u00bb onclick=\u00a0\u00bbcustom_link\u00a0\u00bb css_animation=\u00a0\u00bbappear\u00a0\u00bb link=\u00a0\u00bb\/fr\/imperatifs-carriere-au-canada-comment-resoudre-le-dilemme-de-linadequation-des-competences\/\u00a0\u00bb][\/vc_column][vc_column width=\u00a0\u00bb2\/3&Prime;]\r\n\t<div class=\"wprt-spacer clearfix\" data-desktop=\"10\" data-mobi=\"0\" data-smobi=\"0\"><\/div>[vc_column_text]<a href=\"https:\/\/ceric.ca\/fr\/imperatifs-carriere-au-canada-comment-resoudre-le-dilemme-de-linadequation-des-competences\/\"><strong>Imp\u00e9ratifs Carri\u00e8re au Canada<\/strong><\/a><br \/>\nLe CERIC a commenc\u00e9 \u00e0 animer une s\u00e9rie de tables rondes partout au pays afin de discuter de la fa\u00e7on de r\u00e9soudre le dilemme de l\u2019inad\u00e9quation des comp\u00e9tences, c\u2019est-\u00e0-dire lorsque les comp\u00e9tences et les int\u00e9r\u00eats individuels ne correspondent pas aux choix de carri\u00e8re \u00e9mergents ou \u00e0 l\u2019offre imm\u00e9diate des march\u00e9s de l\u2019emploi r\u00e9gionaux.<\/p>\n<p>Intitul\u00e9es \u00ab Imp\u00e9ratifs Carri\u00e8re au Canada \u00bb, ces tables rondes avaient pour but de susciter \u00e0 l\u2019\u00e9chelle nationale un d\u00e9bat sur la mani\u00e8re de \u00ab perfectionner, attirer et retenir les employ\u00e9s les plus talentueux \u00bb afin de r\u00e9pondre aux besoins toujours changeants des march\u00e9s, un d\u00e9bat dans lequel le monde des affaires, le milieu de l\u2019\u00e9ducation et les gouvernements ont tous un int\u00e9r\u00eat.<\/p>\n<p>Au total, 178 personnes ont particip\u00e9 aux tables rondes qui ont eu lieu dans sept villes. Ces rencontres Imp\u00e9ratifs Carri\u00e8re au Canada furent couronn\u00e9es par une s\u00e9ance pl\u00e9ni\u00e8re sp\u00e9ciale \u00e0 l\u2019occasion du Congr\u00e8s Cannexus \u00e0 laquelle ont pris part, entre autres, Ian Shugart, sous-ministre d\u2019Emploi et D\u00e9veloppement social Canada; Dan Kelly, pr\u00e9sident et chef de la direction de la F\u00e9d\u00e9ration canadienne de l\u2019entreprise ind\u00e9pendante; et Roseann O\u2019Reilly Runte, rectrice et vice-chanceli\u00e8re de l\u2019Universit\u00e9 Carleton.[\/vc_column_text][\/vc_column][\/vc_row][vc_row][vc_column][vc_column_text]<\/p>\n<h3><strong>Sensibilisation<\/strong><\/h3>\n<p>Les r\u00e9sultats d\u2019une s\u00e9rie de sondages pancanadiens command\u00e9s par le CERIC et visant \u00e0 d\u00e9terminer comment les Canadiens abordent leur propre parcours professionnel ont r\u00e9v\u00e9l\u00e9 que l\u2019importance du d\u00e9veloppement de carri\u00e8re, des professionnels de ce domaine et de leur contribution au Canada sont largement sous-\u00e9valu\u00e9s. Le CERIC vise \u00e0 aborder ce probl\u00e8me.[\/vc_column_text][\/vc_column][\/vc_row][vc_row][vc_column width=\u00a0\u00bb1\/3&Prime;][vc_single_image image=\u00a0\u00bb12609&Prime; img_size=\u00a0\u00bbmedium\u00a0\u00bb css_animation=\u00a0\u00bbappear\u00a0\u00bb][\/vc_column][vc_column width=\u00a0\u00bb2\/3&Prime;]\r\n\t<div class=\"wprt-spacer clearfix\" data-desktop=\"10\" data-mobi=\"0\" data-smobi=\"0\"><\/div>[vc_column_text]<strong><a href=\"https:\/\/ceric.ca\/fr\/le-developpement-de-carriere-ca-compte\/\">Le d\u00e9veloppement de carri\u00e8re, \u00e7a compte<\/a><\/strong><strong><br \/>\n<\/strong>Le CERIC a lanc\u00e9 une campagne de sensibilisation \u00e0 l\u2019aide de t-shirts pour inciter les sp\u00e9cialistes \u00e0 amorcer un dialogue avec leurs coll\u00e8gues, leurs clients et leur entourage quant \u00e0 l\u2019impact du d\u00e9veloppement de carri\u00e8re sur le pays et ses citoyens.<\/p>\n<p>Le t-shirt arbore les mentions \u00ab Le d\u00e9veloppement de carri\u00e8re, \u00e7a compte \u00bb et \u00ab Demande-moi pourquoi \u00bb sur le devant et \u00e0 l\u2019arri\u00e8re ainsi que l\u2019url ceric.ca\/pourquoi \u00e0 laquelle les int\u00e9ress\u00e9s ont pu poursuivre la conversation en ligne et \u00e9changer leurs r\u00e9flexions sur l\u2019importance du d\u00e9veloppement de carri\u00e8re et le r\u00f4le que jouent les sp\u00e9cialistes en la mati\u00e8re aupr\u00e8s des Canadiens[\/vc_column_text][\/vc_column][\/vc_row][vc_row][vc_column width=\u00a0\u00bb1\/3&Prime;][vc_single_image image=\u00a0\u00bb34597&Prime; img_size=\u00a0\u00bbmedium\u00a0\u00bb css_animation=\u00a0\u00bbappear\u00a0\u00bb][\/vc_column][vc_column width=\u00a0\u00bb2\/3&Prime;]\r\n\t<div class=\"wprt-spacer clearfix\" data-desktop=\"10\" data-mobi=\"0\" data-smobi=\"0\"><\/div>[vc_column_text]<strong><a href=\"http:\/\/ceric.ca\/fr\/le-defi-national-du-ceric-pour-promouvoir-le-developpement-de-carriere-une-competition-en-ligne\/\">Le D\u00e9fi national du CERIC pour promouvoir le d\u00e9veloppement de carri\u00e8re<\/a><\/strong><br \/>\nLe D\u00e9fi national du CERIC visant \u00e0 promouvoir le d\u00e9veloppement de carri\u00e8re fut une comp\u00e9tition en ligne organis\u00e9e en 2013, avec des prix de 5 000 $ pour chacune des trois meilleures id\u00e9es pour rehausser le profil et l\u2019image du d\u00e9veloppement de carri\u00e8re et de ses sp\u00e9cialistes, telles que choisies par vote par la communaut\u00e9 du d\u00e9veloppement de carri\u00e8re.<\/p>\n<p>Pour souligner le 10e anniversaire du CERIC, The Counselling Foundation of Canada a accord\u00e9 une subvention \u00e0 l\u2019organisme afin de cr\u00e9er le D\u00e9fi national. Ce concours avait pour but de susciter la cr\u00e9ation de strat\u00e9gies inventives et ing\u00e9nieuses et d\u2019amorcer un dialogue national afin d\u2019aider les Canadiens \u00e0 prendre conscience de l\u2019importance du d\u00e9veloppement de carri\u00e8re pour eux et de la contribution consid\u00e9rable de ce domaine \u00e0 l\u2019\u00e9conomie canadienne.<\/p>\n<p>Au total, 80 suggestions originales ont \u00e9t\u00e9 pr\u00e9sent\u00e9es, notamment un circuit comment\u00e9 en bus sur le d\u00e9veloppement de carri\u00e8re et un questionnaire en ligne sur le d\u00e9veloppement de carri\u00e8re \u00e0 l\u2019intention des Canadiens. Un jury a s\u00e9lectionn\u00e9 dix finalistes dont les id\u00e9es furent soumises \u00e0 un vote en ligne. Au total, 4 500 votes ont \u00e9t\u00e9 recueillis, un niveau de participation remarquable.[\/vc_column_text][\/vc_column][\/vc_row][vc_row][vc_column][vc_column_text]<\/p>\n<h3><strong>Expertise<\/strong><\/h3>\n<p>La diffusion des r\u00e9sultats de ses travaux de recherche et de ses efforts de sensibilisation est essentielle pour que le CERIC puisse mener \u00e0 bien son mandat. Ainsi, notre organisme communique ses r\u00e9sultats aux praticiens pour qu\u2019ils puissent les utiliser et aux personnes influentes pour qu\u2019elles puissent faire changer les syst\u00e8mes de d\u00e9veloppement de carri\u00e8re.[\/vc_column_text][\/vc_column][\/vc_row][vc_row][vc_column]\r\n\t<div class=\"wprt-spacer clearfix\" data-desktop=\"10\" data-mobi=\"0\" data-smobi=\"0\"><\/div>[vc_column_text]<\/p>\n<h3><strong>Sensibilisation et notori\u00e9t\u00e9<\/strong><\/h3>\n<p>Le CERIC fait la promotion de ses ressources en utilisant plusieurs canaux. Le CERIC participe \u00e0 une trentaine d\u2019activit\u00e9s diff\u00e9rentes chaque ann\u00e9e dans le domaine du d\u00e9veloppement de carri\u00e8re, organis\u00e9es par des organismes vari\u00e9s, allant de l&rsquo;Institute for Performance and Learning jusqu\u2019\u00e0 l\u2019Ontario Native Education Counsellors Association. La participation du CERIC prend la forme de pr\u00e9sentations, d\u2019expositions ou de documents distribu\u00e9s.<\/p>\n<p>Tant en fran\u00e7ais qu\u2019en anglais, le CERIC participe \u00e0 de nombreuses entrevues dans les m\u00e9dias, incluant CBC Radio, CTV News, <em>Toronto Star<\/em>, <em>The Globe and Mail<\/em> et le<em> National Post<\/em>.<\/p>\n<p>Le coll\u00e8ge George Brown a soulign\u00e9 le leadership du CERIC en mati\u00e8re de d\u00e9veloppement de carri\u00e8re en lui attribuant le prix Crystal dans la cat\u00e9gorie Apprentissage et leadership. Ce prix visait \u00e0 souligner le \u00ab r\u00f4le significatif du CERIC pour faire avancer la profession de l\u2019orientation professionnelle et du d\u00e9veloppement de carri\u00e8re. \u00bb[\/vc_column_text][\/vc_column][\/vc_row][vc_row][vc_column][vc_column_text]<\/p>\n<p>[\/vc_column_text][\/vc_column][\/vc_row]<\/p>\n<\/div>","protected":false},"excerpt":{"rendered":"<p>[vc_row][vc_column][vc_single_image image=\u00a0\u00bb11175&Prime; img_size=\u00a0\u00bb609&#215;206&Prime;][\/vc_column][\/vc_row][vc_row][vc_column][vc_column_text]L&rsquo;une des priorit\u00e9s strat\u00e9giques du CERIC est de faciliter les conversations entre les professionnels du d\u00e9veloppement de carri\u00e8re et leurs communaut\u00e9s en vue de<span class=\"excerpt-hellip\"> [\u2026]<\/span><\/p>\n","protected":false},"author":30,"featured_media":0,"parent":0,"menu_order":0,"comment_status":"closed","ping_status":"closed","template":"","meta":{"h5ap_radio_sources":[],"footnotes":""},"class_list":["post-34423","page","type-page","status-publish","hentry"],"yoast_head":"<!-- This site is optimized with the Yoast SEO Premium plugin v27.4 (Yoast SEO v27.4) - https:\/\/yoast.com\/product\/yoast-seo-premium-wordpress\/ -->\n<title>Repr\u00e9sentation et sensibilisation - CERIC<\/title>\n<meta name=\"robots\" content=\"index, follow, max-snippet:-1, max-image-preview:large, max-video-preview:-1\" \/>\n<link rel=\"canonical\" href=\"https:\/\/ceric.ca\/fr\/representation-et-sensibilisation\/\" \/>\n<meta property=\"og:locale\" content=\"fr_FR\" \/>\n<meta property=\"og:type\" content=\"article\" \/>\n<meta property=\"og:title\" content=\"Repr\u00e9sentation et sensibilisation\" \/>\n<meta property=\"og:description\" content=\"[vc_row][vc_column][vc_single_image image=\u00a0\u00bb11175&Prime; img_size=\u00a0\u00bb609&#215;206&Prime;][\/vc_column][\/vc_row][vc_row][vc_column][vc_column_text]L&rsquo;une des priorit\u00e9s strat\u00e9giques du CERIC est de faciliter les conversations entre les professionnels du d\u00e9veloppement de carri\u00e8re et leurs communaut\u00e9s en vue de [\u2026]\" \/>\n<meta property=\"og:url\" content=\"https:\/\/ceric.ca\/fr\/representation-et-sensibilisation\/\" \/>\n<meta property=\"og:site_name\" content=\"CERIC\" \/>\n<meta property=\"article:modified_time\" content=\"2019-08-01T14:08:15+00:00\" \/>\n<meta name=\"twitter:card\" content=\"summary_large_image\" \/>\n<meta name=\"twitter:label1\" content=\"Dur\u00e9e de lecture estim\u00e9e\" \/>\n\t<meta name=\"twitter:data1\" content=\"6 minutes\" \/>\n<script type=\"application\/ld+json\" class=\"yoast-schema-graph\">{\"@context\":\"https:\\\/\\\/schema.org\",\"@graph\":[{\"@type\":\"WebPage\",\"@id\":\"https:\\\/\\\/ceric.ca\\\/fr\\\/representation-et-sensibilisation\\\/\",\"url\":\"https:\\\/\\\/ceric.ca\\\/fr\\\/representation-et-sensibilisation\\\/\",\"name\":\"Repr\u00e9sentation et sensibilisation - CERIC\",\"isPartOf\":{\"@id\":\"https:\\\/\\\/ceric.ca\\\/#website\"},\"datePublished\":\"2019-07-15T19:12:03+00:00\",\"dateModified\":\"2019-08-01T14:08:15+00:00\",\"breadcrumb\":{\"@id\":\"https:\\\/\\\/ceric.ca\\\/fr\\\/representation-et-sensibilisation\\\/#breadcrumb\"},\"inLanguage\":\"fr-FR\",\"potentialAction\":[{\"@type\":\"ReadAction\",\"target\":[\"https:\\\/\\\/ceric.ca\\\/fr\\\/representation-et-sensibilisation\\\/\"]}]},{\"@type\":\"BreadcrumbList\",\"@id\":\"https:\\\/\\\/ceric.ca\\\/fr\\\/representation-et-sensibilisation\\\/#breadcrumb\",\"itemListElement\":[{\"@type\":\"ListItem\",\"position\":1,\"name\":\"Home\",\"item\":\"https:\\\/\\\/ceric.ca\\\/fr\\\/ceric-homepage-2025\\\/\"},{\"@type\":\"ListItem\",\"position\":2,\"name\":\"Repr\u00e9sentation et sensibilisation\"}]},{\"@type\":\"WebSite\",\"@id\":\"https:\\\/\\\/ceric.ca\\\/#website\",\"url\":\"https:\\\/\\\/ceric.ca\\\/\",\"name\":\"CERIC\",\"description\":\"\",\"publisher\":{\"@id\":\"https:\\\/\\\/ceric.ca\\\/#organization\"},\"potentialAction\":[{\"@type\":\"SearchAction\",\"target\":{\"@type\":\"EntryPoint\",\"urlTemplate\":\"https:\\\/\\\/ceric.ca\\\/?s={search_term_string}\"},\"query-input\":{\"@type\":\"PropertyValueSpecification\",\"valueRequired\":true,\"valueName\":\"search_term_string\"}}],\"inLanguage\":\"fr-FR\"},{\"@type\":\"Organization\",\"@id\":\"https:\\\/\\\/ceric.ca\\\/#organization\",\"name\":\"CERIC\",\"url\":\"https:\\\/\\\/ceric.ca\\\/\",\"logo\":{\"@type\":\"ImageObject\",\"inLanguage\":\"fr-FR\",\"@id\":\"https:\\\/\\\/ceric.ca\\\/#\\\/schema\\\/logo\\\/image\\\/\",\"url\":\"\",\"contentUrl\":\"\",\"caption\":\"CERIC\"},\"image\":{\"@id\":\"https:\\\/\\\/ceric.ca\\\/#\\\/schema\\\/logo\\\/image\\\/\"}}]}<\/script>\n<!-- \/ Yoast SEO Premium plugin. -->","yoast_head_json":{"title":"Repr\u00e9sentation et sensibilisation - CERIC","robots":{"index":"index","follow":"follow","max-snippet":"max-snippet:-1","max-image-preview":"max-image-preview:large","max-video-preview":"max-video-preview:-1"},"canonical":"https:\/\/ceric.ca\/fr\/representation-et-sensibilisation\/","og_locale":"fr_FR","og_type":"article","og_title":"Repr\u00e9sentation et sensibilisation","og_description":"[vc_row][vc_column][vc_single_image image=\u00a0\u00bb11175&Prime; img_size=\u00a0\u00bb609&#215;206&Prime;][\/vc_column][\/vc_row][vc_row][vc_column][vc_column_text]L&rsquo;une des priorit\u00e9s strat\u00e9giques du CERIC est de faciliter les conversations entre les professionnels du d\u00e9veloppement de carri\u00e8re et leurs communaut\u00e9s en vue de [\u2026]","og_url":"https:\/\/ceric.ca\/fr\/representation-et-sensibilisation\/","og_site_name":"CERIC","article_modified_time":"2019-08-01T14:08:15+00:00","twitter_card":"summary_large_image","twitter_misc":{"Dur\u00e9e de lecture estim\u00e9e":"6 minutes"},"schema":{"@context":"https:\/\/schema.org","@graph":[{"@type":"WebPage","@id":"https:\/\/ceric.ca\/fr\/representation-et-sensibilisation\/","url":"https:\/\/ceric.ca\/fr\/representation-et-sensibilisation\/","name":"Repr\u00e9sentation et sensibilisation - CERIC","isPartOf":{"@id":"https:\/\/ceric.ca\/#website"},"datePublished":"2019-07-15T19:12:03+00:00","dateModified":"2019-08-01T14:08:15+00:00","breadcrumb":{"@id":"https:\/\/ceric.ca\/fr\/representation-et-sensibilisation\/#breadcrumb"},"inLanguage":"fr-FR","potentialAction":[{"@type":"ReadAction","target":["https:\/\/ceric.ca\/fr\/representation-et-sensibilisation\/"]}]},{"@type":"BreadcrumbList","@id":"https:\/\/ceric.ca\/fr\/representation-et-sensibilisation\/#breadcrumb","itemListElement":[{"@type":"ListItem","position":1,"name":"Home","item":"https:\/\/ceric.ca\/fr\/ceric-homepage-2025\/"},{"@type":"ListItem","position":2,"name":"Repr\u00e9sentation et sensibilisation"}]},{"@type":"WebSite","@id":"https:\/\/ceric.ca\/#website","url":"https:\/\/ceric.ca\/","name":"CERIC","description":"","publisher":{"@id":"https:\/\/ceric.ca\/#organization"},"potentialAction":[{"@type":"SearchAction","target":{"@type":"EntryPoint","urlTemplate":"https:\/\/ceric.ca\/?s={search_term_string}"},"query-input":{"@type":"PropertyValueSpecification","valueRequired":true,"valueName":"search_term_string"}}],"inLanguage":"fr-FR"},{"@type":"Organization","@id":"https:\/\/ceric.ca\/#organization","name":"CERIC","url":"https:\/\/ceric.ca\/","logo":{"@type":"ImageObject","inLanguage":"fr-FR","@id":"https:\/\/ceric.ca\/#\/schema\/logo\/image\/","url":"","contentUrl":"","caption":"CERIC"},"image":{"@id":"https:\/\/ceric.ca\/#\/schema\/logo\/image\/"}}]}},"_links":{"self":[{"href":"https:\/\/ceric.ca\/fr\/wp-json\/wp\/v2\/pages\/34423","targetHints":{"allow":["GET"]}}],"collection":[{"href":"https:\/\/ceric.ca\/fr\/wp-json\/wp\/v2\/pages"}],"about":[{"href":"https:\/\/ceric.ca\/fr\/wp-json\/wp\/v2\/types\/page"}],"author":[{"embeddable":true,"href":"https:\/\/ceric.ca\/fr\/wp-json\/wp\/v2\/users\/30"}],"replies":[{"embeddable":true,"href":"https:\/\/ceric.ca\/fr\/wp-json\/wp\/v2\/comments?post=34423"}],"version-history":[{"count":0,"href":"https:\/\/ceric.ca\/fr\/wp-json\/wp\/v2\/pages\/34423\/revisions"}],"wp:attachment":[{"href":"https:\/\/ceric.ca\/fr\/wp-json\/wp\/v2\/media?parent=34423"}],"curies":[{"name":"wp","href":"https:\/\/api.w.org\/{rel}","templated":true}]}}