{"id":47317,"date":"2021-05-31T08:58:05","date_gmt":"2021-05-31T12:58:05","guid":{"rendered":"https:\/\/ceric.ca\/?page_id=47317"},"modified":"2023-09-26T14:00:14","modified_gmt":"2023-09-26T18:00:14","slug":"etude-sur-letat-de-lentrepreneuriat-par-les-personnes-agees-au-canada-incidences-sur-la-formation-pour-les-conseillers-dorientation","status":"publish","type":"page","link":"https:\/\/ceric.ca\/fr\/projets\/etude-sur-letat-de-lentrepreneuriat-par-les-personnes-agees-au-canada-incidences-sur-la-formation-pour-les-conseillers-dorientation\/","title":{"rendered":"\u00c9tude sur l\u2019\u00e9tat de l\u2019entrepreneuriat par les personnes \u00e2g\u00e9es au Canada : incidences sur la formation pour les conseillers d\u2019orientation"},"content":{"rendered":"<div class=\"wpb-content-wrapper\"><p>[vc_row][vc_column width=\u00a0\u00bb1\/2&Prime;][vc_single_image image=\u00a0\u00bb27077&Prime;][\/vc_column][vc_column width=\u00a0\u00bb1\/2&Prime;]<div class=\"wprt-list clearfix icon-left icon-middle\">\r\n\t\t<div style=\"padding:;margin-bottom:10px;background-color:#f8f8f8;\">\r\n\t\t\t<span style=\"padding-left:30px;\"><span class=\"icon \">\r\n\t\t\t<i class=\"typcn typcn-group\" style=\"color:#898989;font-size:20px;\"><\/i>\r\n\t\t<\/span> <span style=\"font-weight:700;\">Partenaire du projet : Sheridan Centre for Elder Research<br \/>\n<\/span><\/span>\r\n\t\t<\/div>\r\n\t<\/div><div class=\"wprt-list clearfix icon-left icon-middle\">\r\n\t\t<div style=\"padding:;margin-bottom:10px;background-color:#f8f8f8;\">\r\n\t\t\t<span style=\"padding-left:30px;\"><span class=\"icon \">\r\n\t\t\t<i class=\"typcn typcn-flag\" style=\"color:#898989;font-size:20px;\"><\/i>\r\n\t\t<\/span> <span style=\"font-weight:700;\">Langues : Anglais et fran\u00e7ais<\/span><\/span>\r\n\t\t<\/div>\r\n\t<\/div>[vc_message message_box_color=\u00a0\u00bbalert-success\u00a0\u00bb icon_type=\u00a0\u00bbentypo\u00a0\u00bb icon_entypo=\u00a0\u00bbentypo-icon entypo-icon-progress-3&Prime;]<strong>TERMIN\u00c9<\/strong>[\/vc_message][\/vc_column][\/vc_row][vc_row][vc_column]\r\n\t<div class=\"wprt-spacer clearfix\" data-desktop=\"40\" data-mobi=\"30\" data-smobi=\"30\"><\/div>[vc_column_text]<strong>Le besoin<\/strong><\/p>\n<p>En\u00a02011, environ cinq\u00a0millions de Canadiens \u00e9taient \u00e2g\u00e9s de\u00a065\u00a0ans ou plus. D\u2019ici\u00a02036, ce chiffre devrait doubler et atteindre\u00a010,4\u00a0millions. D\u2019ici\u00a02051, un\u00a0Canadien sur quatre devrait \u00eatre \u00e2g\u00e9 de\u00a065\u00a0ans ou plus (Emploi et D\u00e9veloppement social Canada, 2011). Cette tendance d\u00e9mographique, la vitesse \u00e0 laquelle elle \u00e9volue et ses r\u00e9percussions domineront le contexte social, politique et \u00e9conomique canadien dans un avenir rapproch\u00e9.<\/p>\n<p>Un sous-ensemble de personnes \u00e2g\u00e9es, pris en compte dans ces chiffres, constitue la cohorte appel\u00e9e \u00ab\u00a0entrepreneurs d\u2019\u00e2ge m\u00fbr\u00a0\u00bb. En\u00a02012, les personnes de\u00a050\u00a0ans ou plus constituaient le segment d\u00e9mographique affichant la croissance la plus rapide pour les entreprises en d\u00e9marrage au Canada, soit environ 30\u00a0% du nombre total d\u2019entreprises en d\u00e9marrage au pays. Depuis\u00a01990, le pourcentage d\u2019entrepreneurs \u00e2g\u00e9s de 50\u00a0ans ou plus a plus que doubl\u00e9, et cette tendance se poursuit. Bien que nous connaissions les statistiques de\u00a02012, nous savons peu de choses sur les caract\u00e9ristiques des entrepreneurs plus \u00e2g\u00e9s au Canada\u00a0: leurs besoins, leurs d\u00e9fis, leurs int\u00e9r\u00eats et leurs contributions. \u00c0 l\u2019heure actuelle, ce domaine nous est presque inconnu, au Canada.<\/p>\n<p><strong>L\u2019\u00e9tude<\/strong><\/p>\n<p>Cette \u00e9tude est r\u00e9alis\u00e9e par le Centre for Elder Research situ\u00e9 au\u00a0<a href=\"https:\/\/www.sheridancollege.ca\/\" target=\"_blank\" rel=\"noopener noreferrer\">Sheridan College<\/a>\u00a0\u00e0 Oakville, en Ontario, et s\u2019appuie sur des travaux pilotes connexes dirig\u00e9s par le Centre. La recherche se penche sur le manque de connaissances sur l\u2019entrepreneuriat par les personnes \u00e2g\u00e9es au Canada, et ce, en s\u2019int\u00e9ressant aux exp\u00e9riences, aux besoins et aux int\u00e9r\u00eats des entrepreneurs d\u2019\u00e2ge m\u00fbr. Aux fins de l\u2019\u00e9tude, un entrepreneur d\u2019\u00e2ge m\u00fbr est d\u00e9fini comme une personne de\u00a050\u00a0ans ou plus qui a d\u00e9marr\u00e9 sa propre entreprise apr\u00e8s avoir atteint l\u2019\u00e2ge de\u00a050\u00a0ans ou qui souhaite d\u00e9marrer sa propre entreprise.<\/p>\n<p>D\u2019apr\u00e8s les r\u00e9sultats de l\u2019\u00e9tude, l\u2019\u00e9quipe du Centre produira un rapport complet, qui comprendra les recommandations en mati\u00e8re de programmes et de politiques pour les intervenants cl\u00e9s, notamment les analystes des politiques, les professionnels du d\u00e9veloppement de carri\u00e8re et d\u2019autres personnes qui pourraient conseiller ou accompagner les entrepreneurs d\u2019\u00e2ge m\u00fbr. L\u2019\u00e9quipe charg\u00e9e de l\u2019\u00e9tude recrutera un groupe diversifi\u00e9 d\u2019entrepreneurs d\u2019\u00e2ge m\u00fbr, d\u00e9j\u00e0 ou nouvellement \u00e9tablis, afin de veiller \u00e0 bien comprendre ce nouveau domaine.<\/p>\n<p><strong>L\u2019impact<\/strong><\/p>\n<p>\u00c0 mesure qu\u2019\u00e9volue l\u2019image du vieillissement et de la retraite au Canada, le r\u00f4le et l\u2019impact des entrepreneurs d\u2019\u00e2ge m\u00fbr devraient s\u2019accro\u00eetre au cours des ann\u00e9es et des d\u00e9cennies \u00e0 venir. Cette \u00e9tude permettra de mieux conna\u00eetre et comprendre les entrepreneurs d\u2019\u00e2ge m\u00fbr au Canada, ainsi que les facteurs qui pourraient favoriser leur r\u00e9ussite. Il est raisonnable de penser que cette r\u00e9ussite aura un effet boule de neige positif sur l\u2019\u00e9conomie canadienne. On s\u2019attend \u00e0 ce que la recherche propos\u00e9e constitue une premi\u00e8re \u00e9tape importante dans ce domaine en plein essor, car elle comblera un manque de renseignements pour les professionnels du d\u00e9veloppement de carri\u00e8re et d\u2019autres personnes, en leur fournissant les renseignements n\u00e9cessaires pour mieux aider les entrepreneurs d\u2019\u00e2ge m\u00fbr.<\/p>\n<p>Cette \u00e9tude et tous les rapports connexes devraient \u00eatre pr\u00eats d\u2019ici f\u00e9vrier\u00a02018.[\/vc_column_text][\/vc_column][\/vc_row][vc_row][vc_column]\r\n\t<div class=\"wprt-spacer clearfix\" data-desktop=\"40\" data-mobi=\"30\" data-smobi=\"30\"><\/div>[vc_separator color=\u00a0\u00bbcustom\u00a0\u00bb style=\u00a0\u00bbdashed\u00a0\u00bb border_width=\u00a0\u00bb2&Prime; accent_color=\u00a0\u00bb#cccccc\u00a0\u00bb]\r\n\t<div class=\"wprt-spacer clearfix\" data-desktop=\"20\" data-mobi=\"30\" data-smobi=\"30\"><\/div>[\/vc_column][\/vc_row][vc_row][vc_column width=\u00a0\u00bb1\/5&Prime;][vc_single_image image=\u00a0\u00bb40001&Prime; img_size=\u00a0\u00bbmedium\u00a0\u00bb][\/vc_column][vc_column width=\u00a0\u00bb4\/5&Prime;][vc_column_text]<\/p>\n<h3>L\u2019\u00e9tat de l\u2019entreprenariat des personnes \u00e2g\u00e9es au Canada : Un aper\u00e7u<\/h3>\n<p>[\/vc_column_text][vc_column_text]<div class='w3eden wpdm_package_shortcode'><div class=\"media well link-template-widget\">\n    <div class=\"media-body\">\n        <a href=\"https:\/\/ceric.ca\/fr\/wpdm-package\/letat-de-lentreprenariat-des-personnes-agees-au-canada-un-apercu\/?wpdmdl=29912&refresh=69f389439a0eb1777568067\" style=\"display: block;clear: bottom;font-size: 11pt;font-weight: bold;\">L\u2019\u00e9tat de l\u2019entreprenariat des personnes \u00e2g\u00e9es au Canada : Un aper\u00e7u<\/a>\n        <div style=\"font-size: 9pt;\">\n            <i class=\"fas fa-hdd color-green\"><\/i> 511.32 KB <i class=\"fa fa-copy ml-3\"><\/i>\n            1 file(s)\n        <\/div>\n    <\/div>\n<\/div>\n\n<\/div>[\/vc_column_text][\/vc_column][\/vc_row][vc_row][vc_column][vc_separator color=\u00a0\u00bbcustom\u00a0\u00bb style=\u00a0\u00bbdashed\u00a0\u00bb border_width=\u00a0\u00bb2&Prime; accent_color=\u00a0\u00bb#cccccc\u00a0\u00bb]\r\n\t<div class=\"wprt-spacer clearfix\" data-desktop=\"20\" data-mobi=\"30\" data-smobi=\"30\"><\/div>[\/vc_column][\/vc_row][vc_row][vc_column width=\u00a0\u00bb1\/5&Prime;][vc_single_image image=\u00a0\u00bb29791&Prime; img_size=\u00a0\u00bbmedium\u00a0\u00bb onclick=\u00a0\u00bbcustom_link\u00a0\u00bb img_link_target=\u00a0\u00bb_blank\u00a0\u00bb link=\u00a0\u00bbhttps:\/\/ceric.ca\/wp-content\/uploads\/2021\/05\/CDMH-Project-Partnership-Final-Report.pdf\u00a0\u00bb][\/vc_column][vc_column width=\u00a0\u00bb4\/5&Prime;]\r\n\t<div class=\"wprt-spacer clearfix\" data-desktop=\"20\" data-mobi=\"0\" data-smobi=\"0\"><\/div>[vc_column_text]<\/p>\n<h3><a href=\"https:\/\/ceric.ca\/wp-content\/uploads\/2018\/10\/Sheridan-College-Final-Report.pdf\" target=\"_blank\" rel=\"noopener noreferrer\">Rapport final\u00a0<\/a>(en anglais) \u2013 Apprenez-en davantage sur l\u2019exp\u00e9rience de notre partenaire avec la mise en oeuvre de ce projet, ce qu\u2019ils ont appris et les principales conclusions du projet.<\/h3>\n<p>[\/vc_column_text][\/vc_column][\/vc_row][vc_row][vc_column][vc_separator color=\u00a0\u00bbcustom\u00a0\u00bb style=\u00a0\u00bbdashed\u00a0\u00bb border_width=\u00a0\u00bb2&Prime; accent_color=\u00a0\u00bb#cccccc\u00a0\u00bb]\r\n\t<div class=\"wprt-spacer clearfix\" data-desktop=\"20\" data-mobi=\"30\" data-smobi=\"30\"><\/div>[\/vc_column][\/vc_row][vc_row][vc_column][vc_column_text]<strong>Enregistrement de webinaire (en anglais)<\/strong>[\/vc_column_text]\r\n\t<div class=\"wprt-spacer clearfix\" data-desktop=\"30\" data-mobi=\"30\" data-smobi=\"30\"><\/div>[vc_video link=\u00a0\u00bbhttps:\/\/vimeo.com\/290546864&Prime; el_width=\u00a0\u00bb70&Prime; align=\u00a0\u00bbcenter\u00a0\u00bb][\/vc_column][\/vc_row]<\/p>\n<\/div>","protected":false},"excerpt":{"rendered":"<p>[vc_row][vc_column width=\u00a0\u00bb1\/2&Prime;][vc_single_image image=\u00a0\u00bb27077&Prime;][\/vc_column][vc_column width=\u00a0\u00bb1\/2&Prime;][vc_message message_box_color=\u00a0\u00bbalert-success\u00a0\u00bb icon_type=\u00a0\u00bbentypo\u00a0\u00bb icon_entypo=\u00a0\u00bbentypo-icon entypo-icon-progress-3&Prime;]TERMIN\u00c9[\/vc_message][\/vc_column][\/vc_row][vc_row][vc_column][vc_column_text]Le besoin En\u00a02011, environ cinq\u00a0millions de Canadiens \u00e9taient \u00e2g\u00e9s de\u00a065\u00a0ans ou plus. D\u2019ici\u00a02036, ce chiffre devrait doubler et atteindre\u00a010,4\u00a0millions.<span class=\"excerpt-hellip\"> [\u2026]<\/span><\/p>\n","protected":false},"author":30,"featured_media":0,"parent":9559,"menu_order":0,"comment_status":"closed","ping_status":"closed","template":"","meta":{"h5ap_radio_sources":[],"footnotes":""},"class_list":["post-47317","page","type-page","status-publish","hentry"],"yoast_head":"<!-- This site is optimized with the Yoast SEO Premium plugin v27.4 (Yoast SEO v27.4) - https:\/\/yoast.com\/product\/yoast-seo-premium-wordpress\/ -->\n<title>\u00c9tude sur l\u2019\u00e9tat de l\u2019entrepreneuriat par les personnes \u00e2g\u00e9es au Canada : incidences sur la formation pour les conseillers d\u2019orientation - CERIC<\/title>\n<meta name=\"robots\" content=\"index, follow, max-snippet:-1, max-image-preview:large, max-video-preview:-1\" \/>\n<link rel=\"canonical\" href=\"https:\/\/ceric.ca\/fr\/projets\/etude-sur-letat-de-lentrepreneuriat-par-les-personnes-agees-au-canada-incidences-sur-la-formation-pour-les-conseillers-dorientation\/\" \/>\n<meta property=\"og:locale\" content=\"fr_FR\" \/>\n<meta property=\"og:type\" content=\"article\" \/>\n<meta property=\"og:title\" content=\"\u00c9tude sur l\u2019\u00e9tat de l\u2019entrepreneuriat par les personnes \u00e2g\u00e9es au Canada : incidences sur la formation pour les conseillers d\u2019orientation\" \/>\n<meta property=\"og:description\" content=\"[vc_row][vc_column width=\u00a0\u00bb1\/2&Prime;][vc_single_image image=\u00a0\u00bb27077&Prime;][\/vc_column][vc_column width=\u00a0\u00bb1\/2&Prime;][vc_message message_box_color=\u00a0\u00bbalert-success\u00a0\u00bb icon_type=\u00a0\u00bbentypo\u00a0\u00bb icon_entypo=\u00a0\u00bbentypo-icon entypo-icon-progress-3&Prime;]TERMIN\u00c9[\/vc_message][\/vc_column][\/vc_row][vc_row][vc_column][vc_column_text]Le besoin En\u00a02011, environ cinq\u00a0millions de Canadiens \u00e9taient \u00e2g\u00e9s de\u00a065\u00a0ans ou plus. D\u2019ici\u00a02036, ce chiffre devrait doubler et atteindre\u00a010,4\u00a0millions. [\u2026]\" \/>\n<meta property=\"og:url\" content=\"https:\/\/ceric.ca\/fr\/projets\/etude-sur-letat-de-lentrepreneuriat-par-les-personnes-agees-au-canada-incidences-sur-la-formation-pour-les-conseillers-dorientation\/\" \/>\n<meta property=\"og:site_name\" content=\"CERIC\" \/>\n<meta property=\"article:modified_time\" content=\"2023-09-26T18:00:14+00:00\" \/>\n<meta name=\"twitter:card\" content=\"summary_large_image\" \/>\n<meta name=\"twitter:label1\" content=\"Dur\u00e9e de lecture estim\u00e9e\" \/>\n\t<meta name=\"twitter:data1\" content=\"3 minutes\" \/>\n<script type=\"application\/ld+json\" class=\"yoast-schema-graph\">{\"@context\":\"https:\\\/\\\/schema.org\",\"@graph\":[{\"@type\":\"WebPage\",\"@id\":\"https:\\\/\\\/ceric.ca\\\/fr\\\/projets\\\/etude-sur-letat-de-lentrepreneuriat-par-les-personnes-agees-au-canada-incidences-sur-la-formation-pour-les-conseillers-dorientation\\\/\",\"url\":\"https:\\\/\\\/ceric.ca\\\/fr\\\/projets\\\/etude-sur-letat-de-lentrepreneuriat-par-les-personnes-agees-au-canada-incidences-sur-la-formation-pour-les-conseillers-dorientation\\\/\",\"name\":\"\u00c9tude sur l\u2019\u00e9tat de l\u2019entrepreneuriat par les personnes \u00e2g\u00e9es au Canada : incidences sur la formation pour les conseillers d\u2019orientation - CERIC\",\"isPartOf\":{\"@id\":\"https:\\\/\\\/ceric.ca\\\/#website\"},\"datePublished\":\"2021-05-31T12:58:05+00:00\",\"dateModified\":\"2023-09-26T18:00:14+00:00\",\"breadcrumb\":{\"@id\":\"https:\\\/\\\/ceric.ca\\\/fr\\\/projets\\\/etude-sur-letat-de-lentrepreneuriat-par-les-personnes-agees-au-canada-incidences-sur-la-formation-pour-les-conseillers-dorientation\\\/#breadcrumb\"},\"inLanguage\":\"fr-FR\",\"potentialAction\":[{\"@type\":\"ReadAction\",\"target\":[\"https:\\\/\\\/ceric.ca\\\/fr\\\/projets\\\/etude-sur-letat-de-lentrepreneuriat-par-les-personnes-agees-au-canada-incidences-sur-la-formation-pour-les-conseillers-dorientation\\\/\"]}]},{\"@type\":\"BreadcrumbList\",\"@id\":\"https:\\\/\\\/ceric.ca\\\/fr\\\/projets\\\/etude-sur-letat-de-lentrepreneuriat-par-les-personnes-agees-au-canada-incidences-sur-la-formation-pour-les-conseillers-dorientation\\\/#breadcrumb\",\"itemListElement\":[{\"@type\":\"ListItem\",\"position\":1,\"name\":\"Home\",\"item\":\"https:\\\/\\\/ceric.ca\\\/fr\\\/ceric-homepage-2025\\\/\"},{\"@type\":\"ListItem\",\"position\":2,\"name\":\"Projets\",\"item\":\"https:\\\/\\\/ceric.ca\\\/fr\\\/projets\\\/\"},{\"@type\":\"ListItem\",\"position\":3,\"name\":\"\u00c9tude sur l\u2019\u00e9tat de l\u2019entrepreneuriat par les personnes \u00e2g\u00e9es au Canada : incidences sur la formation pour les conseillers d\u2019orientation\"}]},{\"@type\":\"WebSite\",\"@id\":\"https:\\\/\\\/ceric.ca\\\/#website\",\"url\":\"https:\\\/\\\/ceric.ca\\\/\",\"name\":\"CERIC\",\"description\":\"\",\"publisher\":{\"@id\":\"https:\\\/\\\/ceric.ca\\\/#organization\"},\"potentialAction\":[{\"@type\":\"SearchAction\",\"target\":{\"@type\":\"EntryPoint\",\"urlTemplate\":\"https:\\\/\\\/ceric.ca\\\/?s={search_term_string}\"},\"query-input\":{\"@type\":\"PropertyValueSpecification\",\"valueRequired\":true,\"valueName\":\"search_term_string\"}}],\"inLanguage\":\"fr-FR\"},{\"@type\":\"Organization\",\"@id\":\"https:\\\/\\\/ceric.ca\\\/#organization\",\"name\":\"CERIC\",\"url\":\"https:\\\/\\\/ceric.ca\\\/\",\"logo\":{\"@type\":\"ImageObject\",\"inLanguage\":\"fr-FR\",\"@id\":\"https:\\\/\\\/ceric.ca\\\/#\\\/schema\\\/logo\\\/image\\\/\",\"url\":\"\",\"contentUrl\":\"\",\"caption\":\"CERIC\"},\"image\":{\"@id\":\"https:\\\/\\\/ceric.ca\\\/#\\\/schema\\\/logo\\\/image\\\/\"}}]}<\/script>\n<!-- \/ Yoast SEO Premium plugin. -->","yoast_head_json":{"title":"\u00c9tude sur l\u2019\u00e9tat de l\u2019entrepreneuriat par les personnes \u00e2g\u00e9es au Canada : incidences sur la formation pour les conseillers d\u2019orientation - CERIC","robots":{"index":"index","follow":"follow","max-snippet":"max-snippet:-1","max-image-preview":"max-image-preview:large","max-video-preview":"max-video-preview:-1"},"canonical":"https:\/\/ceric.ca\/fr\/projets\/etude-sur-letat-de-lentrepreneuriat-par-les-personnes-agees-au-canada-incidences-sur-la-formation-pour-les-conseillers-dorientation\/","og_locale":"fr_FR","og_type":"article","og_title":"\u00c9tude sur l\u2019\u00e9tat de l\u2019entrepreneuriat par les personnes \u00e2g\u00e9es au Canada : incidences sur la formation pour les conseillers d\u2019orientation","og_description":"[vc_row][vc_column width=\u00a0\u00bb1\/2&Prime;][vc_single_image image=\u00a0\u00bb27077&Prime;][\/vc_column][vc_column width=\u00a0\u00bb1\/2&Prime;][vc_message message_box_color=\u00a0\u00bbalert-success\u00a0\u00bb icon_type=\u00a0\u00bbentypo\u00a0\u00bb icon_entypo=\u00a0\u00bbentypo-icon entypo-icon-progress-3&Prime;]TERMIN\u00c9[\/vc_message][\/vc_column][\/vc_row][vc_row][vc_column][vc_column_text]Le besoin En\u00a02011, environ cinq\u00a0millions de Canadiens \u00e9taient \u00e2g\u00e9s de\u00a065\u00a0ans ou plus. D\u2019ici\u00a02036, ce chiffre devrait doubler et atteindre\u00a010,4\u00a0millions. [\u2026]","og_url":"https:\/\/ceric.ca\/fr\/projets\/etude-sur-letat-de-lentrepreneuriat-par-les-personnes-agees-au-canada-incidences-sur-la-formation-pour-les-conseillers-dorientation\/","og_site_name":"CERIC","article_modified_time":"2023-09-26T18:00:14+00:00","twitter_card":"summary_large_image","twitter_misc":{"Dur\u00e9e de lecture estim\u00e9e":"3 minutes"},"schema":{"@context":"https:\/\/schema.org","@graph":[{"@type":"WebPage","@id":"https:\/\/ceric.ca\/fr\/projets\/etude-sur-letat-de-lentrepreneuriat-par-les-personnes-agees-au-canada-incidences-sur-la-formation-pour-les-conseillers-dorientation\/","url":"https:\/\/ceric.ca\/fr\/projets\/etude-sur-letat-de-lentrepreneuriat-par-les-personnes-agees-au-canada-incidences-sur-la-formation-pour-les-conseillers-dorientation\/","name":"\u00c9tude sur l\u2019\u00e9tat de l\u2019entrepreneuriat par les personnes \u00e2g\u00e9es au Canada : incidences sur la formation pour les conseillers d\u2019orientation - CERIC","isPartOf":{"@id":"https:\/\/ceric.ca\/#website"},"datePublished":"2021-05-31T12:58:05+00:00","dateModified":"2023-09-26T18:00:14+00:00","breadcrumb":{"@id":"https:\/\/ceric.ca\/fr\/projets\/etude-sur-letat-de-lentrepreneuriat-par-les-personnes-agees-au-canada-incidences-sur-la-formation-pour-les-conseillers-dorientation\/#breadcrumb"},"inLanguage":"fr-FR","potentialAction":[{"@type":"ReadAction","target":["https:\/\/ceric.ca\/fr\/projets\/etude-sur-letat-de-lentrepreneuriat-par-les-personnes-agees-au-canada-incidences-sur-la-formation-pour-les-conseillers-dorientation\/"]}]},{"@type":"BreadcrumbList","@id":"https:\/\/ceric.ca\/fr\/projets\/etude-sur-letat-de-lentrepreneuriat-par-les-personnes-agees-au-canada-incidences-sur-la-formation-pour-les-conseillers-dorientation\/#breadcrumb","itemListElement":[{"@type":"ListItem","position":1,"name":"Home","item":"https:\/\/ceric.ca\/fr\/ceric-homepage-2025\/"},{"@type":"ListItem","position":2,"name":"Projets","item":"https:\/\/ceric.ca\/fr\/projets\/"},{"@type":"ListItem","position":3,"name":"\u00c9tude sur l\u2019\u00e9tat de l\u2019entrepreneuriat par les personnes \u00e2g\u00e9es au Canada : incidences sur la formation pour les conseillers d\u2019orientation"}]},{"@type":"WebSite","@id":"https:\/\/ceric.ca\/#website","url":"https:\/\/ceric.ca\/","name":"CERIC","description":"","publisher":{"@id":"https:\/\/ceric.ca\/#organization"},"potentialAction":[{"@type":"SearchAction","target":{"@type":"EntryPoint","urlTemplate":"https:\/\/ceric.ca\/?s={search_term_string}"},"query-input":{"@type":"PropertyValueSpecification","valueRequired":true,"valueName":"search_term_string"}}],"inLanguage":"fr-FR"},{"@type":"Organization","@id":"https:\/\/ceric.ca\/#organization","name":"CERIC","url":"https:\/\/ceric.ca\/","logo":{"@type":"ImageObject","inLanguage":"fr-FR","@id":"https:\/\/ceric.ca\/#\/schema\/logo\/image\/","url":"","contentUrl":"","caption":"CERIC"},"image":{"@id":"https:\/\/ceric.ca\/#\/schema\/logo\/image\/"}}]}},"_links":{"self":[{"href":"https:\/\/ceric.ca\/fr\/wp-json\/wp\/v2\/pages\/47317","targetHints":{"allow":["GET"]}}],"collection":[{"href":"https:\/\/ceric.ca\/fr\/wp-json\/wp\/v2\/pages"}],"about":[{"href":"https:\/\/ceric.ca\/fr\/wp-json\/wp\/v2\/types\/page"}],"author":[{"embeddable":true,"href":"https:\/\/ceric.ca\/fr\/wp-json\/wp\/v2\/users\/30"}],"replies":[{"embeddable":true,"href":"https:\/\/ceric.ca\/fr\/wp-json\/wp\/v2\/comments?post=47317"}],"version-history":[{"count":0,"href":"https:\/\/ceric.ca\/fr\/wp-json\/wp\/v2\/pages\/47317\/revisions"}],"up":[{"embeddable":true,"href":"https:\/\/ceric.ca\/fr\/wp-json\/wp\/v2\/pages\/9559"}],"wp:attachment":[{"href":"https:\/\/ceric.ca\/fr\/wp-json\/wp\/v2\/media?parent=47317"}],"curies":[{"name":"wp","href":"https:\/\/api.w.org\/{rel}","templated":true}]}}