{"id":54169,"date":"2022-04-06T13:34:23","date_gmt":"2022-04-06T17:34:23","guid":{"rendered":"https:\/\/ceric.ca\/?page_id=54169"},"modified":"2022-08-15T10:55:43","modified_gmt":"2022-08-15T14:55:43","slug":"se-reorienter-travail-et-developpement-de-carriere-chez-les-adultes-dun-certain-age","status":"publish","type":"page","link":"https:\/\/ceric.ca\/fr\/projets\/se-reorienter-travail-et-developpement-de-carriere-chez-les-adultes-dun-certain-age\/","title":{"rendered":"Se r\u00e9orienter : travail et d\u00e9veloppement de carri\u00e8re chez les adultes d\u2019un certain \u00e2ge"},"content":{"rendered":"<div class=\"wpb-content-wrapper\"><p>[vc_row][vc_column width=\u00a0\u00bb1\/2&Prime;][vc_single_image image=\u00a0\u00bb27085&Prime;][\/vc_column][vc_column width=\u00a0\u00bb1\/2&Prime;]<div class=\"wprt-list clearfix icon-left icon-middle\">\r\n\t\t<div style=\"padding:;margin-bottom:10px;background-color:#f8f8f8;\">\r\n\t\t\t<span style=\"padding-left:30px;\"><span class=\"icon \">\r\n\t\t\t<i class=\"typcn typcn-group\" style=\"color:#898989;font-size:20px;\"><\/i>\r\n\t\t<\/span> <span style=\"font-weight:700;\">Partenaire du projet : Dr Suzanne L. Cook, Universit\u00e9 York<\/span><\/span>\r\n\t\t<\/div>\r\n\t<\/div><div class=\"wprt-list clearfix icon-left icon-middle\">\r\n\t\t<div style=\"padding:;margin-bottom:10px;background-color:#f8f8f8;\">\r\n\t\t\t<span style=\"padding-left:30px;\"><span class=\"icon \">\r\n\t\t\t<i class=\"typcn typcn-flag\" style=\"color:#898989;font-size:20px;\"><\/i>\r\n\t\t<\/span> <span style=\"font-weight:700;\">Langue : Anglais<\/span><\/span>\r\n\t\t<\/div>\r\n\t<\/div>[vc_message message_box_color=\u00a0\u00bbalert-success\u00a0\u00bb icon_type=\u00a0\u00bbentypo\u00a0\u00bb icon_entypo=\u00a0\u00bbentypo-icon entypo-icon-progress-3&Prime;]<strong>TERMIN\u00c9 <b>\u2013 2017<\/b><\/strong>[\/vc_message][\/vc_column][\/vc_row][vc_row][vc_column]\r\n\t<div class=\"wprt-spacer clearfix\" data-desktop=\"40\" data-mobi=\"30\" data-smobi=\"30\"><\/div>[vc_column_text]<\/p>\n<div class=\"wpb_text_column wpb_content_element \">\n<div class=\"wpb_wrapper\">\n<p>Financ\u00e9 par le CERIC, le projet d\u2019\u00e9tude Redirection: Work and Later Life Career Development (Se r\u00e9orienter : travail et d\u00e9veloppement de carri\u00e8re chez les adultes d\u2019un certain \u00e2ge) porte sur les travailleurs qui ont atteint un certain \u00e2ge. Suzanne L. Cook (Universit\u00e9 York), chercheuse principale, en est la directrice.<\/p>\n<p>Des \u00e9tudes r\u00e9v\u00e8lent que les gens ont tendance \u00e0 prendre leur retraite plus tard dans la vie et que la proportion de citoyens de 55 ans et plus a augment\u00e9 sur le march\u00e9 du travail. De 1997 \u00e0 2010, le taux d\u2019emploi a augment\u00e9 chez les hommes de 55 ans et plus, passant de 30,5 % \u00e0 39,4 %. Dans le cas des femmes, le taux est pass\u00e9 de 15,8 % \u00e0 28,6 % pendant la m\u00eame p\u00e9riode (Carri\u00e8re &amp; Galarneau, 2011).<\/p>\n<p>Les travailleurs d\u2019un certain \u00e2ge constituent un capital humain d\u2019une valeur inestimable, que l\u2019on a pourtant tendance \u00e0 n\u00e9gliger. On assiste par ailleurs \u00e0 un virage radical autour du travail en seconde moiti\u00e9 de vie et du prolongement de la vie active. La \u00ab retraite\u00bb r\u00e9invent\u00e9e, le vieillissement de la population canadienne et la place des adultes de plus de 50 ou 60 ans dans le march\u00e9 du travail, au-del\u00e0 de l\u2019\u00e2ge actuel de la retraite, sont tous des facteurs qui ont suscit\u00e9 des changements sans pr\u00e9c\u00e9dent dans le monde et l\u2019exp\u00e9rience du travail. Jamais le d\u00e9veloppement de carri\u00e8re n\u2019a \u00e9t\u00e9 si important pour les travailleurs en seconde moiti\u00e9 de vie.<\/p>\n<p>Le projet portera sur l\u2019exp\u00e9rience des travailleurs d\u2019un certain \u00e2ge au Canada (\u00e0 partir de 50 ans) qui se lancent dans une deuxi\u00e8me ou une troisi\u00e8me carri\u00e8re. Il permettra \u00e9galement d\u2019\u00e9tudier les modes d\u2019intervention des professionnels en d\u00e9veloppement de carri\u00e8re aupr\u00e8s d\u2019adultes d\u2019un certain \u00e2ge. Parmi les objectifs du projet : la formulation de recommandations quant aux approches, aux outils et aux ressources qui seraient les plus efficaces aupr\u00e8s d\u2019adultes d\u2019un certain \u00e2ge et qui contribueraient \u00e0 l\u2019enrichissement du d\u00e9veloppement de carri\u00e8re comme domaine de sp\u00e9cialisation.<\/p>\n<p><strong>Le film documentaire est MAINTENANT disponible!<\/strong><\/p>\n<\/div>\n<\/div>\n<p>[\/vc_column_text][\/vc_column][\/vc_row][vc_row][vc_column]\r\n\t<div class=\"wprt-spacer clearfix\" data-desktop=\"40\" data-mobi=\"30\" data-smobi=\"30\"><\/div>[\/vc_column][\/vc_row][vc_row][vc_column][vc_video link=\u00a0\u00bbhttps:\/\/www.youtube.com\/watch?v=n2Tqt4-LhmA\u00a0\u00bb][\/vc_column][\/vc_row][vc_row][vc_column]\r\n\t<div class=\"wprt-spacer clearfix\" data-desktop=\"40\" data-mobi=\"30\" data-smobi=\"30\"><\/div>[vc_separator color=\u00a0\u00bbcustom\u00a0\u00bb style=\u00a0\u00bbdashed\u00a0\u00bb border_width=\u00a0\u00bb2&Prime; accent_color=\u00a0\u00bb#cccccc\u00a0\u00bb]\r\n\t<div class=\"wprt-spacer clearfix\" data-desktop=\"40\" data-mobi=\"30\" data-smobi=\"30\"><\/div>[\/vc_column][\/vc_row][vc_row][vc_column width=\u00a0\u00bb1\/5&Prime;][vc_single_image image=\u00a0\u00bb19735&Prime; img_size=\u00a0\u00bbmedium\u00a0\u00bb][\/vc_column][vc_column width=\u00a0\u00bb4\/5&Prime;][vc_column_text]<div class='w3eden wpdm_package_shortcode'><div class=\"media well link-template-widget\">\n    <div class=\"media-body\">\n        <a href=\"https:\/\/ceric.ca\/wpdm-package\/redirection-companion-guide\/?wpdmdl=19733&refresh=69f57e0bb9f8c1777696267\" style=\"display: block;clear: bottom;font-size: 11pt;font-weight: bold;\">Redirection Companion Guide<\/a>\n        <div style=\"font-size: 9pt;\">\n            <i class=\"fas fa-hdd color-green\"><\/i> 497.66 KB <i class=\"fa fa-copy ml-3\"><\/i>\n            1 file(s)\n        <\/div>\n    <\/div>\n<\/div>\n\n<\/div>[\/vc_column_text][\/vc_column][\/vc_row][vc_row][vc_column]\r\n\t<div class=\"wprt-spacer clearfix\" data-desktop=\"40\" data-mobi=\"30\" data-smobi=\"30\"><\/div>[vc_separator color=\u00a0\u00bbcustom\u00a0\u00bb style=\u00a0\u00bbdashed\u00a0\u00bb border_width=\u00a0\u00bb2&Prime; accent_color=\u00a0\u00bb#cccccc\u00a0\u00bb]\r\n\t<div class=\"wprt-spacer clearfix\" data-desktop=\"40\" data-mobi=\"30\" data-smobi=\"30\"><\/div>[\/vc_column][\/vc_row][vc_row][vc_column][vc_column_text]<\/p>\n<div class=\"wpb_text_column wpb_content_element \">\n<div class=\"wpb_wrapper\">\n<p><strong>Objectifs du projet<\/strong><\/p>\n<ul>\n<li>\u00c9tudier les r\u00e9alit\u00e9s du travail et du d\u00e9veloppement de carri\u00e8re pour les adultes d\u2019un certain \u00e2ge, du point de vue des professionnels en d\u00e9veloppement de carri\u00e8re et des travailleurs en seconde moiti\u00e9 de vie.<\/li>\n<li>Mieux faire conna\u00eetre le d\u00e9veloppement de carri\u00e8re et son importance pour les adultes d\u2019un certain \u00e2ge.<\/li>\n<\/ul>\n<p><strong>Objectifs sp\u00e9cifiques du projet<\/strong><\/p>\n<ul>\n<li>\u00c9tudier les exp\u00e9riences des travailleurs d\u2019un certain \u00e2ge qui cherchent du travail ou qui en ont trouv\u00e9.<\/li>\n<li>\u00c9tudier la fa\u00e7on dont les professionnels en d\u00e9veloppement de carri\u00e8re interviennent aupr\u00e8s des adultes d\u2019un certain \u00e2ge.<\/li>\n<li>\u00c9tablir des pratiques exemplaires d\u2019intervention aupr\u00e8s des travailleurs d\u2019un certain \u00e2ge autour des enjeux du d\u00e9veloppement de carri\u00e8re.<\/li>\n<li>Formuler des recommandations pour aider les professionnels en d\u00e9veloppement de carri\u00e8re \u00e0 intervenir efficacement aupr\u00e8s d\u2019adultes d\u2019un certain \u00e2ge.<\/li>\n<li>Cr\u00e9er des m\u00e9thodes de communication novatrices pour diffuser les connaissances acquises gr\u00e2ce \u00e0 l\u2019\u00e9tude.<\/li>\n<\/ul>\n<p><strong>Calendrier du projet\u00a0:<\/strong>\u00a0d\u2019ao\u00fbt\u00a02015 \u00e0 juillet\u00a02016<\/p>\n<p><strong>Diffusion des r\u00e9sultats du projet<\/strong><\/p>\n<p>Les responsables miseront sur diverses approches novatrices pour consigner et diffuser les r\u00e9sultats de l\u2019\u00e9tude. Par exemple\u00a0:<\/p>\n<ul>\n<li>Un concours de t\u00e9moignages dans les m\u00e9dias sociaux pour faire conna\u00eetre les exp\u00e9riences de r\u00e9orientation de carri\u00e8re d\u2019adultes d\u2019un certain \u00e2ge.<\/li>\n<li>Un documentaire \u00e9ducatif de 22\u00a0minutes qui sera accessible gratuitement et pr\u00e9sentera les conclusions des chercheurs, notamment par des t\u00e9moignages de r\u00e9orientation d\u2019adultes d\u2019un certain \u00e2ge.\u00a0<a href=\"https:\/\/vimeo.com\/175275711\" target=\"_blank\" rel=\"noopener noreferrer\">Voir la bande-annonce du film<\/a>\u00a0(en anglais).<\/li>\n<\/ul>\n<p><a href=\"https:\/\/ceric.ca\/wp-content\/uploads\/2012\/10\/Redirection-Project-Final-Report-Feb-17-2017.pdf\" target=\"_blank\" rel=\"noopener noreferrer\">Rapport final<\/a>\u00a0(en anglais) \u2013 Apprenez-en davantage sur l\u2019exp\u00e9rience de notre partenaire avec la mise en oeuvre de ce projet, ce qu\u2019ils ont appris et les principales conclusions du projet.<\/p>\n<p>Pour en savoir plus ou pour participer \u00e0 cette \u00e9tude, veuillez communiquer avec Suzanne\u00a0L.\u00a0Cook \u00e0 l\u2019adresse\u00a0<a href=\"mailto:cooks@yorku.ca\">cooks@yorku.ca<\/a>.<\/p>\n<\/div>\n<\/div>\n<p>[\/vc_column_text][\/vc_column][\/vc_row]<\/p>\n<\/div>","protected":false},"excerpt":{"rendered":"<p>[vc_row][vc_column width=\u00a0\u00bb1\/2&Prime;][vc_single_image image=\u00a0\u00bb27085&Prime;][\/vc_column][vc_column width=\u00a0\u00bb1\/2&Prime;][vc_message message_box_color=\u00a0\u00bbalert-success\u00a0\u00bb icon_type=\u00a0\u00bbentypo\u00a0\u00bb icon_entypo=\u00a0\u00bbentypo-icon entypo-icon-progress-3&Prime;]TERMIN\u00c9 \u2013 2017[\/vc_message][\/vc_column][\/vc_row][vc_row][vc_column][vc_column_text] Financ\u00e9 par le CERIC, le projet d\u2019\u00e9tude Redirection: Work and Later Life Career Development (Se r\u00e9orienter<span class=\"excerpt-hellip\"> [\u2026]<\/span><\/p>\n","protected":false},"author":1,"featured_media":0,"parent":9559,"menu_order":0,"comment_status":"closed","ping_status":"closed","template":"","meta":{"h5ap_radio_sources":[],"footnotes":""},"class_list":["post-54169","page","type-page","status-publish","hentry"],"yoast_head":"<!-- This site is optimized with the Yoast SEO Premium plugin v27.4 (Yoast SEO v27.4) - https:\/\/yoast.com\/product\/yoast-seo-premium-wordpress\/ -->\n<title>Se r\u00e9orienter : travail et d\u00e9veloppement de carri\u00e8re chez les adultes d\u2019un certain \u00e2ge - CERIC<\/title>\n<meta name=\"robots\" content=\"index, follow, max-snippet:-1, max-image-preview:large, max-video-preview:-1\" \/>\n<link rel=\"canonical\" href=\"https:\/\/ceric.ca\/fr\/projets\/se-reorienter-travail-et-developpement-de-carriere-chez-les-adultes-dun-certain-age\/\" \/>\n<meta property=\"og:locale\" content=\"fr_FR\" \/>\n<meta property=\"og:type\" content=\"article\" \/>\n<meta property=\"og:title\" content=\"Se r\u00e9orienter : travail et d\u00e9veloppement de carri\u00e8re chez les adultes d\u2019un certain \u00e2ge\" \/>\n<meta property=\"og:description\" content=\"[vc_row][vc_column width=\u00a0\u00bb1\/2&Prime;][vc_single_image image=\u00a0\u00bb27085&Prime;][\/vc_column][vc_column width=\u00a0\u00bb1\/2&Prime;][vc_message message_box_color=\u00a0\u00bbalert-success\u00a0\u00bb icon_type=\u00a0\u00bbentypo\u00a0\u00bb icon_entypo=\u00a0\u00bbentypo-icon entypo-icon-progress-3&Prime;]TERMIN\u00c9 \u2013 2017[\/vc_message][\/vc_column][\/vc_row][vc_row][vc_column][vc_column_text] Financ\u00e9 par le CERIC, le projet d\u2019\u00e9tude Redirection: Work and Later Life Career Development (Se r\u00e9orienter [\u2026]\" \/>\n<meta property=\"og:url\" content=\"https:\/\/ceric.ca\/fr\/projets\/se-reorienter-travail-et-developpement-de-carriere-chez-les-adultes-dun-certain-age\/\" \/>\n<meta property=\"og:site_name\" content=\"CERIC\" \/>\n<meta property=\"article:modified_time\" content=\"2022-08-15T14:55:43+00:00\" \/>\n<meta name=\"twitter:card\" content=\"summary_large_image\" \/>\n<meta name=\"twitter:label1\" content=\"Dur\u00e9e de lecture estim\u00e9e\" \/>\n\t<meta name=\"twitter:data1\" content=\"3 minutes\" \/>\n<script type=\"application\/ld+json\" class=\"yoast-schema-graph\">{\"@context\":\"https:\\\/\\\/schema.org\",\"@graph\":[{\"@type\":\"WebPage\",\"@id\":\"https:\\\/\\\/ceric.ca\\\/fr\\\/projets\\\/se-reorienter-travail-et-developpement-de-carriere-chez-les-adultes-dun-certain-age\\\/\",\"url\":\"https:\\\/\\\/ceric.ca\\\/fr\\\/projets\\\/se-reorienter-travail-et-developpement-de-carriere-chez-les-adultes-dun-certain-age\\\/\",\"name\":\"Se r\u00e9orienter : travail et d\u00e9veloppement de carri\u00e8re chez les adultes d\u2019un certain \u00e2ge - CERIC\",\"isPartOf\":{\"@id\":\"https:\\\/\\\/ceric.ca\\\/#website\"},\"datePublished\":\"2022-04-06T17:34:23+00:00\",\"dateModified\":\"2022-08-15T14:55:43+00:00\",\"breadcrumb\":{\"@id\":\"https:\\\/\\\/ceric.ca\\\/fr\\\/projets\\\/se-reorienter-travail-et-developpement-de-carriere-chez-les-adultes-dun-certain-age\\\/#breadcrumb\"},\"inLanguage\":\"fr-FR\",\"potentialAction\":[{\"@type\":\"ReadAction\",\"target\":[\"https:\\\/\\\/ceric.ca\\\/fr\\\/projets\\\/se-reorienter-travail-et-developpement-de-carriere-chez-les-adultes-dun-certain-age\\\/\"]}]},{\"@type\":\"BreadcrumbList\",\"@id\":\"https:\\\/\\\/ceric.ca\\\/fr\\\/projets\\\/se-reorienter-travail-et-developpement-de-carriere-chez-les-adultes-dun-certain-age\\\/#breadcrumb\",\"itemListElement\":[{\"@type\":\"ListItem\",\"position\":1,\"name\":\"Home\",\"item\":\"https:\\\/\\\/ceric.ca\\\/fr\\\/ceric-homepage-2025\\\/\"},{\"@type\":\"ListItem\",\"position\":2,\"name\":\"Projets\",\"item\":\"https:\\\/\\\/ceric.ca\\\/fr\\\/projets\\\/\"},{\"@type\":\"ListItem\",\"position\":3,\"name\":\"Se r\u00e9orienter : travail et d\u00e9veloppement de carri\u00e8re chez les adultes d\u2019un certain \u00e2ge\"}]},{\"@type\":\"WebSite\",\"@id\":\"https:\\\/\\\/ceric.ca\\\/#website\",\"url\":\"https:\\\/\\\/ceric.ca\\\/\",\"name\":\"CERIC\",\"description\":\"\",\"publisher\":{\"@id\":\"https:\\\/\\\/ceric.ca\\\/#organization\"},\"potentialAction\":[{\"@type\":\"SearchAction\",\"target\":{\"@type\":\"EntryPoint\",\"urlTemplate\":\"https:\\\/\\\/ceric.ca\\\/?s={search_term_string}\"},\"query-input\":{\"@type\":\"PropertyValueSpecification\",\"valueRequired\":true,\"valueName\":\"search_term_string\"}}],\"inLanguage\":\"fr-FR\"},{\"@type\":\"Organization\",\"@id\":\"https:\\\/\\\/ceric.ca\\\/#organization\",\"name\":\"CERIC\",\"url\":\"https:\\\/\\\/ceric.ca\\\/\",\"logo\":{\"@type\":\"ImageObject\",\"inLanguage\":\"fr-FR\",\"@id\":\"https:\\\/\\\/ceric.ca\\\/#\\\/schema\\\/logo\\\/image\\\/\",\"url\":\"\",\"contentUrl\":\"\",\"caption\":\"CERIC\"},\"image\":{\"@id\":\"https:\\\/\\\/ceric.ca\\\/#\\\/schema\\\/logo\\\/image\\\/\"}}]}<\/script>\n<!-- \/ Yoast SEO Premium plugin. -->","yoast_head_json":{"title":"Se r\u00e9orienter : travail et d\u00e9veloppement de carri\u00e8re chez les adultes d\u2019un certain \u00e2ge - CERIC","robots":{"index":"index","follow":"follow","max-snippet":"max-snippet:-1","max-image-preview":"max-image-preview:large","max-video-preview":"max-video-preview:-1"},"canonical":"https:\/\/ceric.ca\/fr\/projets\/se-reorienter-travail-et-developpement-de-carriere-chez-les-adultes-dun-certain-age\/","og_locale":"fr_FR","og_type":"article","og_title":"Se r\u00e9orienter : travail et d\u00e9veloppement de carri\u00e8re chez les adultes d\u2019un certain \u00e2ge","og_description":"[vc_row][vc_column width=\u00a0\u00bb1\/2&Prime;][vc_single_image image=\u00a0\u00bb27085&Prime;][\/vc_column][vc_column width=\u00a0\u00bb1\/2&Prime;][vc_message message_box_color=\u00a0\u00bbalert-success\u00a0\u00bb icon_type=\u00a0\u00bbentypo\u00a0\u00bb icon_entypo=\u00a0\u00bbentypo-icon entypo-icon-progress-3&Prime;]TERMIN\u00c9 \u2013 2017[\/vc_message][\/vc_column][\/vc_row][vc_row][vc_column][vc_column_text] Financ\u00e9 par le CERIC, le projet d\u2019\u00e9tude Redirection: Work and Later Life Career Development (Se r\u00e9orienter [\u2026]","og_url":"https:\/\/ceric.ca\/fr\/projets\/se-reorienter-travail-et-developpement-de-carriere-chez-les-adultes-dun-certain-age\/","og_site_name":"CERIC","article_modified_time":"2022-08-15T14:55:43+00:00","twitter_card":"summary_large_image","twitter_misc":{"Dur\u00e9e de lecture estim\u00e9e":"3 minutes"},"schema":{"@context":"https:\/\/schema.org","@graph":[{"@type":"WebPage","@id":"https:\/\/ceric.ca\/fr\/projets\/se-reorienter-travail-et-developpement-de-carriere-chez-les-adultes-dun-certain-age\/","url":"https:\/\/ceric.ca\/fr\/projets\/se-reorienter-travail-et-developpement-de-carriere-chez-les-adultes-dun-certain-age\/","name":"Se r\u00e9orienter : travail et d\u00e9veloppement de carri\u00e8re chez les adultes d\u2019un certain \u00e2ge - CERIC","isPartOf":{"@id":"https:\/\/ceric.ca\/#website"},"datePublished":"2022-04-06T17:34:23+00:00","dateModified":"2022-08-15T14:55:43+00:00","breadcrumb":{"@id":"https:\/\/ceric.ca\/fr\/projets\/se-reorienter-travail-et-developpement-de-carriere-chez-les-adultes-dun-certain-age\/#breadcrumb"},"inLanguage":"fr-FR","potentialAction":[{"@type":"ReadAction","target":["https:\/\/ceric.ca\/fr\/projets\/se-reorienter-travail-et-developpement-de-carriere-chez-les-adultes-dun-certain-age\/"]}]},{"@type":"BreadcrumbList","@id":"https:\/\/ceric.ca\/fr\/projets\/se-reorienter-travail-et-developpement-de-carriere-chez-les-adultes-dun-certain-age\/#breadcrumb","itemListElement":[{"@type":"ListItem","position":1,"name":"Home","item":"https:\/\/ceric.ca\/fr\/ceric-homepage-2025\/"},{"@type":"ListItem","position":2,"name":"Projets","item":"https:\/\/ceric.ca\/fr\/projets\/"},{"@type":"ListItem","position":3,"name":"Se r\u00e9orienter : travail et d\u00e9veloppement de carri\u00e8re chez les adultes d\u2019un certain \u00e2ge"}]},{"@type":"WebSite","@id":"https:\/\/ceric.ca\/#website","url":"https:\/\/ceric.ca\/","name":"CERIC","description":"","publisher":{"@id":"https:\/\/ceric.ca\/#organization"},"potentialAction":[{"@type":"SearchAction","target":{"@type":"EntryPoint","urlTemplate":"https:\/\/ceric.ca\/?s={search_term_string}"},"query-input":{"@type":"PropertyValueSpecification","valueRequired":true,"valueName":"search_term_string"}}],"inLanguage":"fr-FR"},{"@type":"Organization","@id":"https:\/\/ceric.ca\/#organization","name":"CERIC","url":"https:\/\/ceric.ca\/","logo":{"@type":"ImageObject","inLanguage":"fr-FR","@id":"https:\/\/ceric.ca\/#\/schema\/logo\/image\/","url":"","contentUrl":"","caption":"CERIC"},"image":{"@id":"https:\/\/ceric.ca\/#\/schema\/logo\/image\/"}}]}},"_links":{"self":[{"href":"https:\/\/ceric.ca\/fr\/wp-json\/wp\/v2\/pages\/54169","targetHints":{"allow":["GET"]}}],"collection":[{"href":"https:\/\/ceric.ca\/fr\/wp-json\/wp\/v2\/pages"}],"about":[{"href":"https:\/\/ceric.ca\/fr\/wp-json\/wp\/v2\/types\/page"}],"author":[{"embeddable":true,"href":"https:\/\/ceric.ca\/fr\/wp-json\/wp\/v2\/users\/1"}],"replies":[{"embeddable":true,"href":"https:\/\/ceric.ca\/fr\/wp-json\/wp\/v2\/comments?post=54169"}],"version-history":[{"count":0,"href":"https:\/\/ceric.ca\/fr\/wp-json\/wp\/v2\/pages\/54169\/revisions"}],"up":[{"embeddable":true,"href":"https:\/\/ceric.ca\/fr\/wp-json\/wp\/v2\/pages\/9559"}],"wp:attachment":[{"href":"https:\/\/ceric.ca\/fr\/wp-json\/wp\/v2\/media?parent=54169"}],"curies":[{"name":"wp","href":"https:\/\/api.w.org\/{rel}","templated":true}]}}