{"id":56590,"date":"2022-09-05T00:04:57","date_gmt":"2022-09-05T04:04:57","guid":{"rendered":"https:\/\/ceric.ca\/?page_id=56590"},"modified":"2026-04-02T16:28:26","modified_gmt":"2026-04-02T20:28:26","slug":"guide-a-lintention-des-centres-demploi-aider-les-personnes-atteintes-de-problemes-de-sante-mentale","status":"publish","type":"page","link":"https:\/\/ceric.ca\/fr\/publications\/guide-a-lintention-des-centres-demploi-aider-les-personnes-atteintes-de-problemes-de-sante-mentale\/","title":{"rendered":"Guide \u00e0 l\u2019intention des centres d\u2019emploi : aider les personnes atteintes de probl\u00e8mes de sant\u00e9 mentale"},"content":{"rendered":"<div class=\"wpb-content-wrapper\"><p>[vc_row][vc_column][vc_row_inner][vc_column_inner][vc_single_image image=\u00a0\u00bb39638&Prime; img_size=\u00a0\u00bblarge\u00a0\u00bb]\r\n\t<div class=\"wprt-spacer clearfix\" data-desktop=\"20\" data-mobi=\"0\" data-smobi=\"0\"><\/div><div class=\"wprt-headings clearfix \"  style=\"\"><h1 class=\"heading clearfix\" style=\"\">\r\n\t\tGuide \u00e0 l\u2019intention des centres d\u2019emploi : aider les personnes atteintes de probl\u00e8mes de sant\u00e9 mentale\r\n\t<\/h1><\/div>\r\n\t<div class=\"wprt-spacer clearfix\" data-desktop=\"20\" data-mobi=\"0\" data-smobi=\"0\"><\/div>\r\n\t<div class=\"wprt-spacer clearfix\" data-desktop=\"20\" data-mobi=\"0\" data-smobi=\"0\"><\/div>[vc_separator style=\u00a0\u00bbdotted\u00a0\u00bb][vc_column_text]<\/p>\n<div class=\"wpb_text_column wpb_content_element vc_custom_1593191794278\">\n<div class=\"wpb_wrapper\">\n<p>L\u2019emploi est une pierre angulaire de l\u2019inclusion sociale et le taux de ch\u00f4mage des personnes atteintes de troubles mentaux est le plus \u00e9lev\u00e9 parmi les personnes ayant un handicap. M\u00eame si ces personnes veulent travailler et en sont capables, trouver un emploi demeure un objectif illusoire. Les personnes vivant avec des probl\u00e8mes de sant\u00e9 mentale peuvent contribuer de fa\u00e7on importante au monde du travail, et n\u2019ont PAS besoin d\u2019\u00e9liminer tous leurs sympt\u00f4mes afin de r\u00e9ussir.<\/p>\n<p>Au m\u00eame moment, les travailleurs dans les services d\u2019emploi constatent que de plus en plus de clients d\u00e9clarent qu\u2019un probl\u00e8me de sant\u00e9 mentale constitue un obstacle \u00e0 leur employabilit\u00e9. Ils ont de la difficult\u00e9 \u00e0 soutenir ces clients \u00e0 cause d\u2019un manque de connaissance au sujet de la sant\u00e9 mentale et d\u2019un manque d\u2019outils et de ressources pour aider leur client \u00e0 progresser. Ce Guide pour les centres de carri\u00e8re financ\u00e9 par le CERIC offre une nouvelle option pour mieux comprendre les gens aux prises avec des probl\u00e8mes de sant\u00e9 mentale et obtenir des strat\u00e9gies pratiques pour les soutenir de fa\u00e7on engageante. Une fois qu\u2019ils ont re\u00e7u la formation n\u00e9cessaire, les sp\u00e9cialistes en d\u00e9veloppement de carri\u00e8re peuvent jouer un r\u00f4le essentiel pour aider leurs clients \u00e0 atteindre leur potentiel professionnel.<\/p>\n<\/div>\n<\/div>\n<p>[\/vc_column_text]\r\n\t<div class=\"wprt-spacer clearfix\" data-desktop=\"50\" data-mobi=\"20\" data-smobi=\"20\"><\/div>[\/vc_column_inner][\/vc_row_inner][vc_row_inner][vc_column_inner width=\u00a0\u00bb1\/4&Prime;][vc_single_image image=\u00a0\u00bb39623&Prime; img_size=\u00a0\u00bb143&#215;173&Prime;][\/vc_column_inner][vc_column_inner width=\u00a0\u00bb3\/4&Prime;][vc_column_text]<div class='w3eden wpdm_package_shortcode'><div class=\"media well link-template-widget\">\n    <div class=\"media-body\">\n        <a href=\"https:\/\/ceric.ca\/wpdm-package\/career-services-guide-supporting-people-affected-by-mental-health-issues\/?wpdmdl=12571&refresh=69f2cd7ce73cc1777519996\" style=\"display: block;clear: bottom;font-size: 11pt;font-weight: bold;\">Career Services Guide: Supporting People Affected by Mental Health Issues<\/a>\n        <div style=\"font-size: 9pt;\">\n            <i class=\"fas fa-hdd color-green\"><\/i> 4.7 MB <i class=\"fa fa-copy ml-3\"><\/i>\n            1 file(s)\n        <\/div>\n    <\/div>\n<\/div>\n\n<\/div>[\/vc_column_text][\/vc_column_inner][\/vc_row_inner][vc_row_inner][vc_column_inner width=\u00a0\u00bb1\/4&Prime;][vc_single_image image=\u00a0\u00bb39476&Prime; img_size=\u00a0\u00bb143&#215;173&Prime;][\/vc_column_inner][vc_column_inner width=\u00a0\u00bb3\/4&Prime;][vc_column_text]<div class='w3eden wpdm_package_shortcode'><div class=\"media well link-template-widget\">\n    <div class=\"media-body\">\n        <a href=\"https:\/\/ceric.ca\/fr\/wpdm-package\/guide-a-lintention-des-centres-demploi-aider-les-personnes-atteintes-de-problemes-de-sante-mentale\/?wpdmdl=12574&refresh=69f2cd7d3290b1777519997\" style=\"display: block;clear: bottom;font-size: 11pt;font-weight: bold;\">Guide \u00e0 l\u2019intention des centres d\u2019emploi : aider les personnes atteintes de probl\u00e8mes de sant\u00e9 mentale<\/a>\n        <div style=\"font-size: 9pt;\">\n            <i class=\"fas fa-hdd color-green\"><\/i> 3.3 MB <i class=\"fa fa-copy ml-3\"><\/i>\n            1 file(s)\n        <\/div>\n    <\/div>\n<\/div>\n\n<\/div>[\/vc_column_text][\/vc_column_inner][\/vc_row_inner]\r\n\t<div class=\"wprt-spacer clearfix\" data-desktop=\"50\" data-mobi=\"20\" data-smobi=\"20\"><\/div><div class=\"wprt-headings clearfix \"  style=\"\"><h2 class=\"heading clearfix\" style=\"\">\r\n\t\tCritiques\r\n\t<\/h2><\/div>\r\n\t<div class=\"wprt-spacer clearfix\" data-desktop=\"20\" data-mobi=\"0\" data-smobi=\"0\"><\/div>\r\n\t<div class=\"wprt-accordions style-1\"><div class=\"accordion\"><div class=\"mfn-acc accordion_wrapper \">\n<blockquote><p>\nMerci d\u2019avoir con\u00e7u le Guide pour les centres d\u2019emploi: aider les personnes atteintes de probl\u00e8mes de sant\u00e9 mentale carri\u00e8re. Davantage de gens aux prises avec des troubles de sant\u00e9 mentale ont besoin d\u2019avoir l\u2019opportunit\u00e9 de travailler. J\u2019ai h\u00e2te d\u2019en apprendre plus au sujet des obstacles et des solutions disponibles gr\u00e2ce \u00e0 cette nouvelle ressource. Ce sujet est extr\u00eamement important pour MOI. Je suis parvenue \u00e0 rester bien portante longtemps, surtout en demeurant employ\u00e9e et en \u00e9loignant l\u2019attention de moi et de mes probl\u00e8mes. Agir comme agente de soutien pour mes pairs en aidant les autres avec leurs probl\u00e8mes a \u00e9galement \u00e9t\u00e9 b\u00e9n\u00e9fique. Le travail a \u00e9t\u00e9 une GU\u00c9RISON pour moi. Merci d\u2019avoir fait de votre focus quelque chose d\u2019aussi important. Cela fait des jours que je suis de bonne humeur, ayant appris qu\u2019il y a maintenant cet outil pour soutenir ceux qui cherchent \u00e0 devenir employ\u00e9 et ceux qui cherchent \u00e0 les aider<\/p>\n<p><em><strong>Cheryl Yarek, gestionnaire de cas\/soutien par les pairs, Trillium Health Centre, Mississauga (Ontario)<\/strong><\/em>\n<\/p><\/blockquote>\n<p><\/div><\/div>\n<div class=\"accordion\"><div class=\"mfn-acc accordion_wrapper \"><\/p>\n<blockquote><p>\nJe suis ravie de pouvoir partager ce guide avec mon personnel. \u00c0 mon avis, il est excellent et vraiment complet; il vient appuyer le message \u00e0 l\u2019\u00e9gard de la r\u00e9insertion et de l\u2019emploi que nous tentons de v\u00e9hiculer aupr\u00e8s de nos employ\u00e9s et nos consommateurs!<\/p>\n<p><em><strong>Sheryl Giesbrecht, directrice, Service de r\u00e9adaptation et r\u00e9insertion, Association canadienne pour la sant\u00e9 mentale, Winnipeg (Manitoba)<\/strong><\/em>\n<\/p><\/blockquote>\n<p><\/div><\/div>\n<div class=\"accordion\"><div class=\"mfn-acc accordion_wrapper \"><\/p>\n<blockquote><p>\nJe viens de recevoir une copie de votre guide Aider les personnes atteintes de probl\u00e8mes de sant\u00e9 mentale et je tiens \u00e0 dire que c\u2019est un document bien \u00e9crit, bien appuy\u00e9 par la recherche, rigoureux et \u00e0 jour. Merci pour votre travail. Nous allons d\u00e9finitivement le partager avec notre personnel.<\/p>\n<p><em><strong>Chris Fyles, directeur ex\u00e9cutif, LakeCity Employment Services Association, Dartmouth (Nouvelle-\u00c9cosse)<\/strong><\/em>\n<\/p><\/blockquote>\n<p><\/div><\/div>\n<div class=\"accordion\"><div class=\"mfn-acc accordion_wrapper \"><\/p>\n<blockquote><p>\nDes ressources fantastiques et des renseignements encourageants qui, j\u2019en suis s\u00fbre, aideront les accompagnateurs \u00e0 comprendre que \u201cl\u2019emploi est possible\u201d et \u00e0 voir quelles sont les barri\u00e8res auxquelles font face les chercheurs d\u2019emploi, les accompagnateurs et les employeurs. Ce guide contient pour moi beaucoup de nouveaux renseignements que je trouve extr\u00eamement utiles. C\u2019est enthousiasmant de savoir que cet ouvrage sera dans les mains des fournisseurs de services et de penser aux changements que ces connaissances provoqueront pour les intervenants.<\/p>\n<p><em><strong>Ann Marie Gilroy, animatrice en d\u00e9veloppement de carri\u00e8re, Coll\u00e8ge Conestoga, Guelph (Ontario)<\/strong><\/em>\n<\/p><\/blockquote>\n<p><\/div><\/div>\n<div class=\"accordion\"><div class=\"mfn-acc accordion_wrapper \"><\/p>\n<blockquote><p>\nCe livre est formidable! Il regorge d\u2019outils g\u00e9niaux qui arrivent \u00e0 point.<\/p>\n<p><em><strong>Sinead McCarthy, vice-pr\u00e9sidente, d\u00e9veloppement, Programmes et Ressources humaines, YES \u2013 Youth Employment Services, Toronto<\/strong><\/em>\n<\/p><\/blockquote>\n<p><\/div><\/div>\n<div class=\"accordion\"><div class=\"mfn-acc accordion_wrapper \"><\/p>\n<blockquote><p>\n\u00a0Des ressources fantastiques et des renseignements encourageants qui, j\u2019en suis s\u00fbre, aideront les accompagnateurs \u00e0 comprendre que \u201cl\u2019emploi est possible\u201d et \u00e0 voir quelles sont les barri\u00e8res auxquelles font face les chercheurs d\u2019emploi, les accompagnateurs et les employeurs. Ce guide contient pour moi beaucoup de nouveaux renseignements que je trouve extr\u00eamement utiles. C\u2019est enthousiasmant de savoir que cet ouvrage sera dans les mains des fournisseurs de services et de penser aux changements que ces connaissances provoqueront pour les intervenants.<\/p>\n<p><em><strong>Marcie Klein, directrice, Service de soutien aux personnes atteintes de maladie mentale, Agence Ometz, Montr\u00e9al (Qu\u00e9bec)<\/strong><\/em>\n<\/p><\/blockquote>\n<p><\/div><\/div>\n<\/div>\r\n\t<div class=\"wprt-spacer clearfix\" data-desktop=\"50\" data-mobi=\"20\" data-smobi=\"20\"><\/div>[\/vc_column][\/vc_row][vc_row][vc_column][vc_column_text]<\/p>\n<div class=\"wpb_text_column wpb_content_element vc_custom_1593191794278\">\n<div class=\"wpb_wrapper\">\n<p>Incluant cinq chapitres, ce guide, ainsi que les vid\u00e9os qui l\u2019accompagnent, aideront les praticiens \u00e0 consid\u00e9rer les croyances qui pourraient limiter les opportunit\u00e9s, \u00e0 d\u00e9couvrir les pratiques orient\u00e9es vers la gu\u00e9rison, et \u00e0 acqu\u00e9rir les comp\u00e9tences n\u00e9cessaires pour mieux r\u00e9pondre aux besoins d\u2019un Canadien sur cinq qui est touch\u00e9 par un probl\u00e8me de sant\u00e9 mentale :<\/p>\n<ul>\n<li>Chapitre 1 \u2013 Emploi et r\u00e9tablissement, sant\u00e9 mentale en milieu de travail, sant\u00e9 et s\u00e9curit\u00e9 psychologique<\/li>\n<li>Chapitre 2 \u2013 Promouvoir le r\u00e9tablissement personnel, le counseling orient\u00e9 vers la gu\u00e9rison, soutien par les pairs, g\u00e9rer les crises, soin de soi pour les aidants<\/li>\n<li>Chapitre 3 \u2013 La gu\u00e9rison s\u2019op\u00e8re dans la communaut\u00e9, renforcer les connexions et les r\u00f4les, stigma et discrimination, questions de diversit\u00e9<\/li>\n<li>Chapitre 4 \u2013 Messages pour les employeurs, la divulgation est personnelle, exigences l\u00e9gales, approches en employabilit\u00e9 sp\u00e9cialis\u00e9es, approches pour soutenir employabilit\u00e9, outils d\u2019employabilit\u00e9 autog\u00e9r\u00e9s<\/li>\n<li>Chapitre 5 \u2013 Sant\u00e9 mentale 101, les sentiers complexes de la sant\u00e9 mentale, obtenir du soutien, ressources<\/li>\n<\/ul>\n<p>Le Guide pour les centres d\u2019emploi s\u2019ins\u00e8re dans un effort plus large pour cr\u00e9er un changement de paradigme dans la fa\u00e7on dont nous travaillons avec les clients aux prises avec des probl\u00e8mes de sant\u00e9 mentale. L\u2019objectif est d\u2019encourager les gens \u00e0 concevoir les probl\u00e8mes de sant\u00e9 mentale comme faisant partie de l\u2019exp\u00e9rience humaine normale, et non comme une maladie chronique qui dure toute une vie. Les professionnels peuvent soutenir le processus de r\u00e9tablissement, mais le r\u00e9tablissement ne devrait pas \u00eatre pris en charge par les professionnels. L\u2019adoption de pratiques ax\u00e9es sur le r\u00e9tablissement implique de cr\u00e9er des partenariats avec les gens qui utilisent les services de soutien \u00e0 la sant\u00e9 mentale. Les services visent \u00e0 soutenir les gens \u00e0 d\u00e9finir et accomplir leurs buts, \u00e0 respecter leurs droits humains, et \u00e0 soutenir leur inclusion sociale et \u00e9conomique.<\/p>\n<\/div>\n<\/div>\n<p>[\/vc_column_text]\r\n\t<div class=\"wprt-spacer clearfix\" data-desktop=\"60\" data-mobi=\"0\" data-smobi=\"0\"><\/div>[vc_column_text css=\u00a0\u00bb.vc_custom_1661877679631{margin-top: -40px !important;}\u00a0\u00bb]<\/p>\n<h3>Con\u00e7u par:<\/h3>\n<p><img decoding=\"async\" class=\"alignnone size-medium wp-image-53925\" src=\"https:\/\/ceric.ca\/wp-content\/uploads\/2022\/03\/NSCDA-300x133.png\" alt=\"NSCDA logo\" width=\"300\" height=\"133\" srcset=\"https:\/\/ceric.ca\/wp-content\/uploads\/2022\/03\/NSCDA-300x133.png 300w, https:\/\/ceric.ca\/wp-content\/uploads\/2022\/03\/NSCDA-600x265.png 600w, https:\/\/ceric.ca\/wp-content\/uploads\/2022\/03\/NSCDA-480x212.png 480w, https:\/\/ceric.ca\/wp-content\/uploads\/2022\/03\/NSCDA.png 620w\" sizes=\"(max-width:767px) 300px, 300px\" \/><\/p>\n<p>La <a href=\"http:\/\/www2.nscda.ca\/\">Nova Scotia Career Development Association<\/a> (NSCDA) a assum\u00e9 le leadership pour identifier les d\u00e9fis auxquels font face les travailleurs des services d\u2019emploi et leurs besoins pour cet outil. La NSCDA est un organisme \u00e0 but non-lucratif qui fournit un leadership strat\u00e9gique pour les professionnels du d\u00e9veloppement de carri\u00e8re en favorisant les pratiques efficaces, le d\u00e9veloppement professionnel et l\u2019adoption de cadre r\u00e9f\u00e9rentiels qui mettent l\u2019accent sur les services centr\u00e9s sur les clients.[\/vc_column_text]\r\n\t<div class=\"wprt-spacer clearfix\" data-desktop=\"50\" data-mobi=\"20\" data-smobi=\"20\"><\/div>[vc_column_text css=\u00a0\u00bb.vc_custom_1661877770746{margin-top: -40px !important;}\u00a0\u00bb]<\/p>\n<h3>Partenaires du projet<\/h3>\n<p><img decoding=\"async\" class=\"alignnone size-full wp-image-12942\" src=\"https:\/\/ceric.ca\/wp-content\/uploads\/2015\/05\/CMH_clr_URL_e.jpeg\" alt=\"Centre for Mental Health in the Workplace logo\" width=\"253\" height=\"109\" srcset=\"https:\/\/ceric.ca\/wp-content\/uploads\/2015\/05\/CMH_clr_URL_e.jpeg 253w, https:\/\/ceric.ca\/wp-content\/uploads\/2015\/05\/CMH_clr_URL_e-156x67.jpeg 156w\" sizes=\"(max-width:767px) 253px, 253px\" \/><\/p>\n<p><a href=\"https:\/\/web.archive.org\/web\/20201025225721\/https:\/\/www.strategiesdesantementale.com\/\" target=\"_blank\" rel=\"noopener noreferrer\">Centre pour la\u00a0<\/a><a href=\"https:\/\/web.archive.org\/web\/20201025225721\/https:\/\/www.strategiesdesantementale.com\/\" target=\"_blank\" rel=\"noopener noreferrer\">sant\u00e9 mentale<\/a><a href=\"https:\/\/www.strategiesdesantementale.com\/\" target=\"_blank\" rel=\"noopener noreferrer\">\u00a0en milieu de travail de la Great West<\/a><\/p>\n<p><img decoding=\"async\" class=\"alignnone size-full wp-image-12583\" src=\"https:\/\/ceric.ca\/wp-content\/uploads\/2015\/05\/CMHA-en-logo1.png\" alt=\"Canadian Mental Health Association Logo\" width=\"198\" height=\"164\" srcset=\"https:\/\/ceric.ca\/wp-content\/uploads\/2015\/05\/CMHA-en-logo1.png 198w, https:\/\/ceric.ca\/wp-content\/uploads\/2015\/05\/CMHA-en-logo1-129x107.png 129w\" sizes=\"(max-width:767px) 198px, 198px\" \/><\/p>\n<p><a href=\"http:\/\/www.cmha.ca\/fr\/\" target=\"_blank\" rel=\"noopener noreferrer\">Association canadienne pour la sant\u00e9 mentale\u00a0<\/a>\u2013 Bureau national<\/p>\n<p><img loading=\"lazy\" decoding=\"async\" class=\"alignnone size-full wp-image-12580\" src=\"https:\/\/ceric.ca\/wp-content\/uploads\/2015\/05\/healthy-minds-logo.png\" alt=\"Healthy Mind Cooperative Logo\" width=\"198\" height=\"164\" srcset=\"https:\/\/ceric.ca\/wp-content\/uploads\/2015\/05\/healthy-minds-logo.png 198w, https:\/\/ceric.ca\/wp-content\/uploads\/2015\/05\/healthy-minds-logo-129x107.png 129w\" sizes=\"(max-width:767px) 198px, 198px\" \/><\/p>\n<p><a href=\"http:\/\/www.healthyminds.ca\/\" target=\"_blank\" rel=\"noopener noreferrer\">Healthy Minds Cooperative<\/a><\/p>\n<p><img loading=\"lazy\" decoding=\"async\" class=\"alignnone size-full wp-image-12581\" src=\"https:\/\/ceric.ca\/wp-content\/uploads\/2015\/05\/NS-certifiedpeersupportspecialist-program.png\" alt=\"Nova Scotia Certified Peer Support Specialist Program\" width=\"198\" height=\"164\" srcset=\"https:\/\/ceric.ca\/wp-content\/uploads\/2015\/05\/NS-certifiedpeersupportspecialist-program.png 198w, https:\/\/ceric.ca\/wp-content\/uploads\/2015\/05\/NS-certifiedpeersupportspecialist-program-129x107.png 129w\" sizes=\"(max-width:767px) 198px, 198px\" \/><\/p>\n<p><a href=\"https:\/\/www.mentalhealthcommission.ca\/English\/content\/nova-scotia-certified-peer-support-specialist-program\" target=\"_blank\" rel=\"noopener noreferrer\">Nova Scotia Certified Peer Support Specialist Program<\/a><\/p>\n<p><img loading=\"lazy\" decoding=\"async\" class=\"alignnone size-full wp-image-12582\" src=\"https:\/\/ceric.ca\/wp-content\/uploads\/2015\/05\/CAMIMH-en-logo.png\" alt=\"Canadian Alliance on Mental Illness and Mental Health Logo\" width=\"198\" height=\"164\" srcset=\"https:\/\/ceric.ca\/wp-content\/uploads\/2015\/05\/CAMIMH-en-logo.png 198w, https:\/\/ceric.ca\/wp-content\/uploads\/2015\/05\/CAMIMH-en-logo-129x107.png 129w\" sizes=\"(max-width:767px) 198px, 198px\" \/><\/p>\n<p><a href=\"http:\/\/www.camimh.ca\/fr\" target=\"_blank\" rel=\"noopener noreferrer\">Alliance canadienne pour la maladie mentale et la sant\u00e9 mentale<\/a>[\/vc_column_text]\r\n\t<div class=\"wprt-spacer clearfix\" data-desktop=\"20\" data-mobi=\"0\" data-smobi=\"0\"><\/div>[vc_separator style=\u00a0\u00bbdouble\u00a0\u00bb][\/vc_column][\/vc_row]<\/p>\n<\/div>","protected":false},"excerpt":{"rendered":"<p>[vc_row][vc_column][vc_row_inner][vc_column_inner][vc_single_image image=\u00a0\u00bb39638&Prime; img_size=\u00a0\u00bblarge\u00a0\u00bb][vc_separator style=\u00a0\u00bbdotted\u00a0\u00bb][vc_column_text] L\u2019emploi est une pierre angulaire de l\u2019inclusion sociale et le taux de ch\u00f4mage des personnes atteintes de troubles mentaux est le plus<span class=\"excerpt-hellip\"> [\u2026]<\/span><\/p>\n","protected":false},"author":30,"featured_media":-1,"parent":9720,"menu_order":0,"comment_status":"closed","ping_status":"closed","template":"","meta":{"h5ap_radio_sources":[],"footnotes":""},"class_list":["post-56590","page","type-page","status-publish","has-post-thumbnail","hentry"],"yoast_head":"<!-- This site is optimized with the Yoast SEO Premium plugin v27.4 (Yoast SEO v27.4) - https:\/\/yoast.com\/product\/yoast-seo-premium-wordpress\/ -->\n<title>Guide \u00e0 l\u2019intention des centres d\u2019emploi : aider les personnes atteintes de probl\u00e8mes de sant\u00e9 mentale - CERIC<\/title>\n<meta name=\"robots\" content=\"index, follow, max-snippet:-1, max-image-preview:large, max-video-preview:-1\" \/>\n<link rel=\"canonical\" href=\"https:\/\/ceric.ca\/fr\/publications\/guide-a-lintention-des-centres-demploi-aider-les-personnes-atteintes-de-problemes-de-sante-mentale\/\" \/>\n<meta property=\"og:locale\" content=\"fr_FR\" \/>\n<meta property=\"og:type\" content=\"article\" \/>\n<meta property=\"og:title\" content=\"Guide \u00e0 l\u2019intention des centres d\u2019emploi : aider les personnes atteintes de probl\u00e8mes de sant\u00e9 mentale\" \/>\n<meta property=\"og:description\" content=\"[vc_row][vc_column][vc_row_inner][vc_column_inner][vc_single_image image=\u00a0\u00bb39638&Prime; img_size=\u00a0\u00bblarge\u00a0\u00bb][vc_separator style=\u00a0\u00bbdotted\u00a0\u00bb][vc_column_text] L\u2019emploi est une pierre angulaire de l\u2019inclusion sociale et le taux de ch\u00f4mage des personnes atteintes de troubles mentaux est le plus [\u2026]\" \/>\n<meta property=\"og:url\" content=\"https:\/\/ceric.ca\/fr\/publications\/guide-a-lintention-des-centres-demploi-aider-les-personnes-atteintes-de-problemes-de-sante-mentale\/\" \/>\n<meta property=\"og:site_name\" content=\"CERIC\" \/>\n<meta property=\"article:modified_time\" content=\"2026-04-02T20:28:26+00:00\" \/>\n<meta name=\"twitter:card\" content=\"summary_large_image\" \/>\n<meta name=\"twitter:label1\" content=\"Dur\u00e9e de lecture estim\u00e9e\" \/>\n\t<meta name=\"twitter:data1\" content=\"5 minutes\" \/>\n<script type=\"application\/ld+json\" class=\"yoast-schema-graph\">{\"@context\":\"https:\\\/\\\/schema.org\",\"@graph\":[{\"@type\":\"WebPage\",\"@id\":\"https:\\\/\\\/ceric.ca\\\/fr\\\/publications\\\/guide-a-lintention-des-centres-demploi-aider-les-personnes-atteintes-de-problemes-de-sante-mentale\\\/\",\"url\":\"https:\\\/\\\/ceric.ca\\\/fr\\\/publications\\\/guide-a-lintention-des-centres-demploi-aider-les-personnes-atteintes-de-problemes-de-sante-mentale\\\/\",\"name\":\"Guide \u00e0 l\u2019intention des centres d\u2019emploi : aider les personnes atteintes de probl\u00e8mes de sant\u00e9 mentale - CERIC\",\"isPartOf\":{\"@id\":\"https:\\\/\\\/ceric.ca\\\/#website\"},\"primaryImageOfPage\":{\"@id\":\"https:\\\/\\\/ceric.ca\\\/fr\\\/publications\\\/guide-a-lintention-des-centres-demploi-aider-les-personnes-atteintes-de-problemes-de-sante-mentale\\\/#primaryimage\"},\"image\":{\"@id\":\"https:\\\/\\\/ceric.ca\\\/fr\\\/publications\\\/guide-a-lintention-des-centres-demploi-aider-les-personnes-atteintes-de-problemes-de-sante-mentale\\\/#primaryimage\"},\"thumbnailUrl\":\"https:\\\/\\\/ceric.ca\\\/wp-content\\\/uploads\\\/2022\\\/03\\\/NSCDA-300x133.png\",\"datePublished\":\"2022-09-05T04:04:57+00:00\",\"dateModified\":\"2026-04-02T20:28:26+00:00\",\"breadcrumb\":{\"@id\":\"https:\\\/\\\/ceric.ca\\\/fr\\\/publications\\\/guide-a-lintention-des-centres-demploi-aider-les-personnes-atteintes-de-problemes-de-sante-mentale\\\/#breadcrumb\"},\"inLanguage\":\"fr-FR\",\"potentialAction\":[{\"@type\":\"ReadAction\",\"target\":[\"https:\\\/\\\/ceric.ca\\\/fr\\\/publications\\\/guide-a-lintention-des-centres-demploi-aider-les-personnes-atteintes-de-problemes-de-sante-mentale\\\/\"]}]},{\"@type\":\"ImageObject\",\"inLanguage\":\"fr-FR\",\"@id\":\"https:\\\/\\\/ceric.ca\\\/fr\\\/publications\\\/guide-a-lintention-des-centres-demploi-aider-les-personnes-atteintes-de-problemes-de-sante-mentale\\\/#primaryimage\",\"url\":\"https:\\\/\\\/ceric.ca\\\/wp-content\\\/uploads\\\/2022\\\/03\\\/NSCDA-300x133.png\",\"contentUrl\":\"https:\\\/\\\/ceric.ca\\\/wp-content\\\/uploads\\\/2022\\\/03\\\/NSCDA-300x133.png\"},{\"@type\":\"BreadcrumbList\",\"@id\":\"https:\\\/\\\/ceric.ca\\\/fr\\\/publications\\\/guide-a-lintention-des-centres-demploi-aider-les-personnes-atteintes-de-problemes-de-sante-mentale\\\/#breadcrumb\",\"itemListElement\":[{\"@type\":\"ListItem\",\"position\":1,\"name\":\"Home\",\"item\":\"https:\\\/\\\/ceric.ca\\\/fr\\\/ceric-homepage-2025\\\/\"},{\"@type\":\"ListItem\",\"position\":2,\"name\":\"Publications\",\"item\":\"https:\\\/\\\/ceric.ca\\\/fr\\\/publications\\\/\"},{\"@type\":\"ListItem\",\"position\":3,\"name\":\"Guide \u00e0 l\u2019intention des centres d\u2019emploi : aider les personnes atteintes de probl\u00e8mes de sant\u00e9 mentale\"}]},{\"@type\":\"WebSite\",\"@id\":\"https:\\\/\\\/ceric.ca\\\/#website\",\"url\":\"https:\\\/\\\/ceric.ca\\\/\",\"name\":\"CERIC\",\"description\":\"\",\"publisher\":{\"@id\":\"https:\\\/\\\/ceric.ca\\\/#organization\"},\"potentialAction\":[{\"@type\":\"SearchAction\",\"target\":{\"@type\":\"EntryPoint\",\"urlTemplate\":\"https:\\\/\\\/ceric.ca\\\/?s={search_term_string}\"},\"query-input\":{\"@type\":\"PropertyValueSpecification\",\"valueRequired\":true,\"valueName\":\"search_term_string\"}}],\"inLanguage\":\"fr-FR\"},{\"@type\":\"Organization\",\"@id\":\"https:\\\/\\\/ceric.ca\\\/#organization\",\"name\":\"CERIC\",\"url\":\"https:\\\/\\\/ceric.ca\\\/\",\"logo\":{\"@type\":\"ImageObject\",\"inLanguage\":\"fr-FR\",\"@id\":\"https:\\\/\\\/ceric.ca\\\/#\\\/schema\\\/logo\\\/image\\\/\",\"url\":\"\",\"contentUrl\":\"\",\"caption\":\"CERIC\"},\"image\":{\"@id\":\"https:\\\/\\\/ceric.ca\\\/#\\\/schema\\\/logo\\\/image\\\/\"}}]}<\/script>\n<!-- \/ Yoast SEO Premium plugin. -->","yoast_head_json":{"title":"Guide \u00e0 l\u2019intention des centres d\u2019emploi : aider les personnes atteintes de probl\u00e8mes de sant\u00e9 mentale - CERIC","robots":{"index":"index","follow":"follow","max-snippet":"max-snippet:-1","max-image-preview":"max-image-preview:large","max-video-preview":"max-video-preview:-1"},"canonical":"https:\/\/ceric.ca\/fr\/publications\/guide-a-lintention-des-centres-demploi-aider-les-personnes-atteintes-de-problemes-de-sante-mentale\/","og_locale":"fr_FR","og_type":"article","og_title":"Guide \u00e0 l\u2019intention des centres d\u2019emploi : aider les personnes atteintes de probl\u00e8mes de sant\u00e9 mentale","og_description":"[vc_row][vc_column][vc_row_inner][vc_column_inner][vc_single_image image=\u00a0\u00bb39638&Prime; img_size=\u00a0\u00bblarge\u00a0\u00bb][vc_separator style=\u00a0\u00bbdotted\u00a0\u00bb][vc_column_text] L\u2019emploi est une pierre angulaire de l\u2019inclusion sociale et le taux de ch\u00f4mage des personnes atteintes de troubles mentaux est le plus [\u2026]","og_url":"https:\/\/ceric.ca\/fr\/publications\/guide-a-lintention-des-centres-demploi-aider-les-personnes-atteintes-de-problemes-de-sante-mentale\/","og_site_name":"CERIC","article_modified_time":"2026-04-02T20:28:26+00:00","twitter_card":"summary_large_image","twitter_misc":{"Dur\u00e9e de lecture estim\u00e9e":"5 minutes"},"schema":{"@context":"https:\/\/schema.org","@graph":[{"@type":"WebPage","@id":"https:\/\/ceric.ca\/fr\/publications\/guide-a-lintention-des-centres-demploi-aider-les-personnes-atteintes-de-problemes-de-sante-mentale\/","url":"https:\/\/ceric.ca\/fr\/publications\/guide-a-lintention-des-centres-demploi-aider-les-personnes-atteintes-de-problemes-de-sante-mentale\/","name":"Guide \u00e0 l\u2019intention des centres d\u2019emploi : aider les personnes atteintes de probl\u00e8mes de sant\u00e9 mentale - CERIC","isPartOf":{"@id":"https:\/\/ceric.ca\/#website"},"primaryImageOfPage":{"@id":"https:\/\/ceric.ca\/fr\/publications\/guide-a-lintention-des-centres-demploi-aider-les-personnes-atteintes-de-problemes-de-sante-mentale\/#primaryimage"},"image":{"@id":"https:\/\/ceric.ca\/fr\/publications\/guide-a-lintention-des-centres-demploi-aider-les-personnes-atteintes-de-problemes-de-sante-mentale\/#primaryimage"},"thumbnailUrl":"https:\/\/ceric.ca\/wp-content\/uploads\/2022\/03\/NSCDA-300x133.png","datePublished":"2022-09-05T04:04:57+00:00","dateModified":"2026-04-02T20:28:26+00:00","breadcrumb":{"@id":"https:\/\/ceric.ca\/fr\/publications\/guide-a-lintention-des-centres-demploi-aider-les-personnes-atteintes-de-problemes-de-sante-mentale\/#breadcrumb"},"inLanguage":"fr-FR","potentialAction":[{"@type":"ReadAction","target":["https:\/\/ceric.ca\/fr\/publications\/guide-a-lintention-des-centres-demploi-aider-les-personnes-atteintes-de-problemes-de-sante-mentale\/"]}]},{"@type":"ImageObject","inLanguage":"fr-FR","@id":"https:\/\/ceric.ca\/fr\/publications\/guide-a-lintention-des-centres-demploi-aider-les-personnes-atteintes-de-problemes-de-sante-mentale\/#primaryimage","url":"https:\/\/ceric.ca\/wp-content\/uploads\/2022\/03\/NSCDA-300x133.png","contentUrl":"https:\/\/ceric.ca\/wp-content\/uploads\/2022\/03\/NSCDA-300x133.png"},{"@type":"BreadcrumbList","@id":"https:\/\/ceric.ca\/fr\/publications\/guide-a-lintention-des-centres-demploi-aider-les-personnes-atteintes-de-problemes-de-sante-mentale\/#breadcrumb","itemListElement":[{"@type":"ListItem","position":1,"name":"Home","item":"https:\/\/ceric.ca\/fr\/ceric-homepage-2025\/"},{"@type":"ListItem","position":2,"name":"Publications","item":"https:\/\/ceric.ca\/fr\/publications\/"},{"@type":"ListItem","position":3,"name":"Guide \u00e0 l\u2019intention des centres d\u2019emploi : aider les personnes atteintes de probl\u00e8mes de sant\u00e9 mentale"}]},{"@type":"WebSite","@id":"https:\/\/ceric.ca\/#website","url":"https:\/\/ceric.ca\/","name":"CERIC","description":"","publisher":{"@id":"https:\/\/ceric.ca\/#organization"},"potentialAction":[{"@type":"SearchAction","target":{"@type":"EntryPoint","urlTemplate":"https:\/\/ceric.ca\/?s={search_term_string}"},"query-input":{"@type":"PropertyValueSpecification","valueRequired":true,"valueName":"search_term_string"}}],"inLanguage":"fr-FR"},{"@type":"Organization","@id":"https:\/\/ceric.ca\/#organization","name":"CERIC","url":"https:\/\/ceric.ca\/","logo":{"@type":"ImageObject","inLanguage":"fr-FR","@id":"https:\/\/ceric.ca\/#\/schema\/logo\/image\/","url":"","contentUrl":"","caption":"CERIC"},"image":{"@id":"https:\/\/ceric.ca\/#\/schema\/logo\/image\/"}}]}},"_links":{"self":[{"href":"https:\/\/ceric.ca\/fr\/wp-json\/wp\/v2\/pages\/56590","targetHints":{"allow":["GET"]}}],"collection":[{"href":"https:\/\/ceric.ca\/fr\/wp-json\/wp\/v2\/pages"}],"about":[{"href":"https:\/\/ceric.ca\/fr\/wp-json\/wp\/v2\/types\/page"}],"author":[{"embeddable":true,"href":"https:\/\/ceric.ca\/fr\/wp-json\/wp\/v2\/users\/30"}],"replies":[{"embeddable":true,"href":"https:\/\/ceric.ca\/fr\/wp-json\/wp\/v2\/comments?post=56590"}],"version-history":[{"count":0,"href":"https:\/\/ceric.ca\/fr\/wp-json\/wp\/v2\/pages\/56590\/revisions"}],"up":[{"embeddable":true,"href":"https:\/\/ceric.ca\/fr\/wp-json\/wp\/v2\/pages\/9720"}],"wp:featuredmedia":[{"embeddable":true,"href":"https:\/\/ceric.ca\/fr\/wp-json\/"}],"wp:attachment":[{"href":"https:\/\/ceric.ca\/fr\/wp-json\/wp\/v2\/media?parent=56590"}],"curies":[{"name":"wp","href":"https:\/\/api.w.org\/{rel}","templated":true}]}}