{"id":56620,"date":"2022-09-01T13:04:54","date_gmt":"2022-09-01T17:04:54","guid":{"rendered":"https:\/\/ceric.ca\/?page_id=56620"},"modified":"2026-03-02T11:51:00","modified_gmt":"2026-03-02T16:51:00","slug":"evaluation-du-centre-de-carrieres-le-guide-du-praticien","status":"publish","type":"page","link":"https:\/\/ceric.ca\/fr\/publications\/evaluation-du-centre-de-carrieres-le-guide-du-praticien\/","title":{"rendered":"\u00c9valuation du centre de carri\u00e8res : le guide du praticien"},"content":{"rendered":"<div class=\"wpb-content-wrapper\"><p>[vc_row][vc_column][vc_row_inner][vc_column_inner][vc_single_image image=\u00a0\u00bb51425&Prime;]\r\n\t<div class=\"wprt-spacer clearfix\" data-desktop=\"20\" data-mobi=\"0\" data-smobi=\"0\"><\/div><div class=\"wprt-headings clearfix \"  style=\"\"><h1 class=\"heading clearfix\" style=\"\">\r\n\t\t\u00c9VALUATION DU CENTRE DE CARRI\u00c8RES : LE GUIDE DU PRATICIEN\r\n\t<\/h1><\/div>\r\n\t<div class=\"wprt-spacer clearfix\" data-desktop=\"20\" data-mobi=\"0\" data-smobi=\"0\"><\/div>[vc_separator style=\u00a0\u00bbdotted\u00a0\u00bb]\r\n\t<div class=\"wprt-spacer clearfix\" data-desktop=\"20\" data-mobi=\"0\" data-smobi=\"0\"><\/div>\r\n\t<div class=\"wprt-spacer clearfix\" data-desktop=\"20\" data-mobi=\"0\" data-smobi=\"0\"><\/div>[vc_column_text]<\/p>\n<div class=\"wpb_text_column wpb_content_element vc_custom_1593191794278\">\n<div class=\"wpb_wrapper\">\n<p>Ce projet de partenariat entre CERIC et le Groupe de travail sur les mesures de performance du Centre de carri\u00e8re de l\u2019Universit\u00e9 a cr\u00e9\u00e9 une ressource personnalis\u00e9e en ligne, \u00ab \u00c9valuation du Centre de carri\u00e8res : Le guide du praticien \u00bb pour indiquer aux centres de carri\u00e8res universitaires comment cr\u00e9er et mettre en \u0153uvre une strat\u00e9gie compl\u00e8te d\u2019\u00e9valuation. Gr\u00e2ce \u00e0 la th\u00e9orie, aux \u00e9tudes de cas, aux mod\u00e8les et aux outils pr\u00eats \u00e0 l\u2019utilisation, le guide couvre des sujets comme le cadre et la d\u00e9marche d\u2019\u00e9valuation, la mise \u00e0 l\u2019\u00e9chelle par rapport \u00e0 vos besoins, la cr\u00e9ation d\u2019\u00e9ch\u00e9anciers et la mise \u00e0 ex\u00e9cution des activit\u00e9s d\u2019\u00e9valuation, la production de rapports et l\u2019utilisation des r\u00e9sultats de ces \u00e9valuations pour am\u00e9liorer la qualit\u00e9, l\u2019influence et la mise en march\u00e9.<\/p>\n<p>&nbsp;<\/p>\n<p><strong>Les membres du Groupe de travail sont les suivants :<\/strong><\/p>\n<ul>\n<li>Karen Benzinger, directrice, Centre d\u2019\u00e9ducation au choix de carri\u00e8re, Universit\u00e9 de Windsor<\/li>\n<li>Kristi Kerford, directrice, Centre de recherche de stage, Universit\u00e9 Trent<\/li>\n<li>Leslie Lumsden, directrice, Centre de r\u00e9ussite de l\u2019\u00e9tudiant, Universit\u00e9 Western Ontario<\/li>\n<li>Kerry Mahoney, directrice, Centre for Career Action, Universit\u00e9 de Waterloo<\/li>\n<li>Yvonne Rodney, directrice, Centre de carri\u00e8res, Universit\u00e9 de Toronto<\/li>\n<li>Cathy Keates, directrice, Coup d\u2019\u0153il sur les carri\u00e8res (Coordonnatrice de projet)<\/li>\n<\/ul>\n<p><a href=\"https:\/\/ceric.ca\/careercentreevaluation\" target=\"_blank\" rel=\"noopener\">Visitez le site Internet de ce projet\u00a0<\/a>(en anglais)<\/p>\n<\/div>\n<\/div>\n<p>[\/vc_column_text]\r\n\t<div class=\"wprt-spacer clearfix\" data-desktop=\"50\" data-mobi=\"20\" data-smobi=\"20\"><\/div>[\/vc_column_inner][\/vc_row_inner][\/vc_column][\/vc_row][vc_row][vc_column][vc_separator style=\u00a0\u00bbdouble\u00a0\u00bb][\/vc_column][\/vc_row]<\/p>\n<\/div>","protected":false},"excerpt":{"rendered":"<p>[vc_row][vc_column][vc_row_inner][vc_column_inner][vc_single_image image=\u00a0\u00bb51425&Prime;][vc_separator style=\u00a0\u00bbdotted\u00a0\u00bb][vc_column_text] Ce projet de partenariat entre CERIC et le Groupe de travail sur les mesures de performance du Centre de carri\u00e8re de l\u2019Universit\u00e9 a<span class=\"excerpt-hellip\"> [\u2026]<\/span><\/p>\n","protected":false},"author":30,"featured_media":-1,"parent":9720,"menu_order":0,"comment_status":"closed","ping_status":"closed","template":"","meta":{"h5ap_radio_sources":[],"footnotes":""},"class_list":["post-56620","page","type-page","status-publish","has-post-thumbnail","hentry"],"yoast_head":"<!-- This site is optimized with the Yoast SEO Premium plugin v27.4 (Yoast SEO v27.4) - https:\/\/yoast.com\/product\/yoast-seo-premium-wordpress\/ -->\n<title>\u00c9valuation du centre de carri\u00e8res : le guide du praticien - CERIC<\/title>\n<meta name=\"robots\" content=\"index, follow, max-snippet:-1, max-image-preview:large, max-video-preview:-1\" \/>\n<link rel=\"canonical\" href=\"https:\/\/ceric.ca\/fr\/publications\/evaluation-du-centre-de-carrieres-le-guide-du-praticien\/\" \/>\n<meta property=\"og:locale\" content=\"fr_FR\" \/>\n<meta property=\"og:type\" content=\"article\" \/>\n<meta property=\"og:title\" content=\"\u00c9valuation du centre de carri\u00e8res : le guide du praticien\" \/>\n<meta property=\"og:description\" content=\"[vc_row][vc_column][vc_row_inner][vc_column_inner][vc_single_image image=\u00a0\u00bb51425&Prime;][vc_separator style=\u00a0\u00bbdotted\u00a0\u00bb][vc_column_text] Ce projet de partenariat entre CERIC et le Groupe de travail sur les mesures de performance du Centre de carri\u00e8re de l\u2019Universit\u00e9 a [\u2026]\" \/>\n<meta property=\"og:url\" content=\"https:\/\/ceric.ca\/fr\/publications\/evaluation-du-centre-de-carrieres-le-guide-du-praticien\/\" \/>\n<meta property=\"og:site_name\" content=\"CERIC\" \/>\n<meta property=\"article:modified_time\" content=\"2026-03-02T16:51:00+00:00\" \/>\n<meta name=\"twitter:card\" content=\"summary_large_image\" \/>\n<meta name=\"twitter:label1\" content=\"Dur\u00e9e de lecture estim\u00e9e\" \/>\n\t<meta name=\"twitter:data1\" content=\"1 minute\" \/>\n<script type=\"application\/ld+json\" class=\"yoast-schema-graph\">{\"@context\":\"https:\\\/\\\/schema.org\",\"@graph\":[{\"@type\":\"WebPage\",\"@id\":\"https:\\\/\\\/ceric.ca\\\/fr\\\/publications\\\/evaluation-du-centre-de-carrieres-le-guide-du-praticien\\\/\",\"url\":\"https:\\\/\\\/ceric.ca\\\/fr\\\/publications\\\/evaluation-du-centre-de-carrieres-le-guide-du-praticien\\\/\",\"name\":\"\u00c9valuation du centre de carri\u00e8res : le guide du praticien - CERIC\",\"isPartOf\":{\"@id\":\"https:\\\/\\\/ceric.ca\\\/#website\"},\"datePublished\":\"2022-09-01T17:04:54+00:00\",\"dateModified\":\"2026-03-02T16:51:00+00:00\",\"breadcrumb\":{\"@id\":\"https:\\\/\\\/ceric.ca\\\/fr\\\/publications\\\/evaluation-du-centre-de-carrieres-le-guide-du-praticien\\\/#breadcrumb\"},\"inLanguage\":\"fr-FR\",\"potentialAction\":[{\"@type\":\"ReadAction\",\"target\":[\"https:\\\/\\\/ceric.ca\\\/fr\\\/publications\\\/evaluation-du-centre-de-carrieres-le-guide-du-praticien\\\/\"]}]},{\"@type\":\"BreadcrumbList\",\"@id\":\"https:\\\/\\\/ceric.ca\\\/fr\\\/publications\\\/evaluation-du-centre-de-carrieres-le-guide-du-praticien\\\/#breadcrumb\",\"itemListElement\":[{\"@type\":\"ListItem\",\"position\":1,\"name\":\"Home\",\"item\":\"https:\\\/\\\/ceric.ca\\\/fr\\\/ceric-homepage-2025\\\/\"},{\"@type\":\"ListItem\",\"position\":2,\"name\":\"Publications\",\"item\":\"https:\\\/\\\/ceric.ca\\\/fr\\\/publications\\\/\"},{\"@type\":\"ListItem\",\"position\":3,\"name\":\"\u00c9valuation du centre de carri\u00e8res : le guide du praticien\"}]},{\"@type\":\"WebSite\",\"@id\":\"https:\\\/\\\/ceric.ca\\\/#website\",\"url\":\"https:\\\/\\\/ceric.ca\\\/\",\"name\":\"CERIC\",\"description\":\"\",\"publisher\":{\"@id\":\"https:\\\/\\\/ceric.ca\\\/#organization\"},\"potentialAction\":[{\"@type\":\"SearchAction\",\"target\":{\"@type\":\"EntryPoint\",\"urlTemplate\":\"https:\\\/\\\/ceric.ca\\\/?s={search_term_string}\"},\"query-input\":{\"@type\":\"PropertyValueSpecification\",\"valueRequired\":true,\"valueName\":\"search_term_string\"}}],\"inLanguage\":\"fr-FR\"},{\"@type\":\"Organization\",\"@id\":\"https:\\\/\\\/ceric.ca\\\/#organization\",\"name\":\"CERIC\",\"url\":\"https:\\\/\\\/ceric.ca\\\/\",\"logo\":{\"@type\":\"ImageObject\",\"inLanguage\":\"fr-FR\",\"@id\":\"https:\\\/\\\/ceric.ca\\\/#\\\/schema\\\/logo\\\/image\\\/\",\"url\":\"\",\"contentUrl\":\"\",\"caption\":\"CERIC\"},\"image\":{\"@id\":\"https:\\\/\\\/ceric.ca\\\/#\\\/schema\\\/logo\\\/image\\\/\"}}]}<\/script>\n<!-- \/ Yoast SEO Premium plugin. -->","yoast_head_json":{"title":"\u00c9valuation du centre de carri\u00e8res : le guide du praticien - CERIC","robots":{"index":"index","follow":"follow","max-snippet":"max-snippet:-1","max-image-preview":"max-image-preview:large","max-video-preview":"max-video-preview:-1"},"canonical":"https:\/\/ceric.ca\/fr\/publications\/evaluation-du-centre-de-carrieres-le-guide-du-praticien\/","og_locale":"fr_FR","og_type":"article","og_title":"\u00c9valuation du centre de carri\u00e8res : le guide du praticien","og_description":"[vc_row][vc_column][vc_row_inner][vc_column_inner][vc_single_image image=\u00a0\u00bb51425&Prime;][vc_separator style=\u00a0\u00bbdotted\u00a0\u00bb][vc_column_text] Ce projet de partenariat entre CERIC et le Groupe de travail sur les mesures de performance du Centre de carri\u00e8re de l\u2019Universit\u00e9 a [\u2026]","og_url":"https:\/\/ceric.ca\/fr\/publications\/evaluation-du-centre-de-carrieres-le-guide-du-praticien\/","og_site_name":"CERIC","article_modified_time":"2026-03-02T16:51:00+00:00","twitter_card":"summary_large_image","twitter_misc":{"Dur\u00e9e de lecture estim\u00e9e":"1 minute"},"schema":{"@context":"https:\/\/schema.org","@graph":[{"@type":"WebPage","@id":"https:\/\/ceric.ca\/fr\/publications\/evaluation-du-centre-de-carrieres-le-guide-du-praticien\/","url":"https:\/\/ceric.ca\/fr\/publications\/evaluation-du-centre-de-carrieres-le-guide-du-praticien\/","name":"\u00c9valuation du centre de carri\u00e8res : le guide du praticien - CERIC","isPartOf":{"@id":"https:\/\/ceric.ca\/#website"},"datePublished":"2022-09-01T17:04:54+00:00","dateModified":"2026-03-02T16:51:00+00:00","breadcrumb":{"@id":"https:\/\/ceric.ca\/fr\/publications\/evaluation-du-centre-de-carrieres-le-guide-du-praticien\/#breadcrumb"},"inLanguage":"fr-FR","potentialAction":[{"@type":"ReadAction","target":["https:\/\/ceric.ca\/fr\/publications\/evaluation-du-centre-de-carrieres-le-guide-du-praticien\/"]}]},{"@type":"BreadcrumbList","@id":"https:\/\/ceric.ca\/fr\/publications\/evaluation-du-centre-de-carrieres-le-guide-du-praticien\/#breadcrumb","itemListElement":[{"@type":"ListItem","position":1,"name":"Home","item":"https:\/\/ceric.ca\/fr\/ceric-homepage-2025\/"},{"@type":"ListItem","position":2,"name":"Publications","item":"https:\/\/ceric.ca\/fr\/publications\/"},{"@type":"ListItem","position":3,"name":"\u00c9valuation du centre de carri\u00e8res : le guide du praticien"}]},{"@type":"WebSite","@id":"https:\/\/ceric.ca\/#website","url":"https:\/\/ceric.ca\/","name":"CERIC","description":"","publisher":{"@id":"https:\/\/ceric.ca\/#organization"},"potentialAction":[{"@type":"SearchAction","target":{"@type":"EntryPoint","urlTemplate":"https:\/\/ceric.ca\/?s={search_term_string}"},"query-input":{"@type":"PropertyValueSpecification","valueRequired":true,"valueName":"search_term_string"}}],"inLanguage":"fr-FR"},{"@type":"Organization","@id":"https:\/\/ceric.ca\/#organization","name":"CERIC","url":"https:\/\/ceric.ca\/","logo":{"@type":"ImageObject","inLanguage":"fr-FR","@id":"https:\/\/ceric.ca\/#\/schema\/logo\/image\/","url":"","contentUrl":"","caption":"CERIC"},"image":{"@id":"https:\/\/ceric.ca\/#\/schema\/logo\/image\/"}}]}},"_links":{"self":[{"href":"https:\/\/ceric.ca\/fr\/wp-json\/wp\/v2\/pages\/56620","targetHints":{"allow":["GET"]}}],"collection":[{"href":"https:\/\/ceric.ca\/fr\/wp-json\/wp\/v2\/pages"}],"about":[{"href":"https:\/\/ceric.ca\/fr\/wp-json\/wp\/v2\/types\/page"}],"author":[{"embeddable":true,"href":"https:\/\/ceric.ca\/fr\/wp-json\/wp\/v2\/users\/30"}],"replies":[{"embeddable":true,"href":"https:\/\/ceric.ca\/fr\/wp-json\/wp\/v2\/comments?post=56620"}],"version-history":[{"count":0,"href":"https:\/\/ceric.ca\/fr\/wp-json\/wp\/v2\/pages\/56620\/revisions"}],"up":[{"embeddable":true,"href":"https:\/\/ceric.ca\/fr\/wp-json\/wp\/v2\/pages\/9720"}],"wp:featuredmedia":[{"embeddable":true,"href":"https:\/\/ceric.ca\/fr\/wp-json\/"}],"wp:attachment":[{"href":"https:\/\/ceric.ca\/fr\/wp-json\/wp\/v2\/media?parent=56620"}],"curies":[{"name":"wp","href":"https:\/\/api.w.org\/{rel}","templated":true}]}}