{"id":70102,"date":"2025-03-27T09:23:18","date_gmt":"2025-03-27T13:23:18","guid":{"rendered":"https:\/\/ceric.ca\/?page_id=70102"},"modified":"2025-05-05T10:31:07","modified_gmt":"2025-05-05T14:31:07","slug":"le-developpement-de-carriere-en-2040","status":"publish","type":"page","link":"https:\/\/ceric.ca\/fr\/publications\/le-developpement-de-carriere-en-2040\/","title":{"rendered":"Le d\u00e9veloppement de carri\u00e8re en 2040"},"content":{"rendered":"\t\t<div data-elementor-type=\"wp-page\" data-elementor-id=\"70102\" class=\"elementor elementor-70102 elementor-69960\" data-elementor-post-type=\"page\">\n\t\t\t\t<div class=\"elementor-element elementor-element-d345799 e-flex e-con-boxed e-con e-parent\" data-id=\"d345799\" data-element_type=\"container\" data-e-type=\"container\">\n\t\t\t\t\t<div class=\"e-con-inner\">\n\t\t<div class=\"elementor-element elementor-element-75716dc e-con-full e-flex e-con e-child\" data-id=\"75716dc\" data-element_type=\"container\" data-e-type=\"container\">\n\t\t<div class=\"elementor-element elementor-element-68ea0ab e-con-full e-flex e-con e-child\" data-id=\"68ea0ab\" data-element_type=\"container\" data-e-type=\"container\">\n\t\t\t\t<div class=\"elementor-element elementor-element-6748e0f elementor-widget elementor-widget-text-editor\" data-id=\"6748e0f\" data-element_type=\"widget\" data-e-type=\"widget\" data-widget_type=\"text-editor.default\">\n\t\t\t\t<div class=\"elementor-widget-container\">\n\t\t\t\t\t\t\t\t\t<div class=\"wpb_text_column wpb_content_element\"><div class=\"wpb_wrapper\"><p>Deux\u202frapports majeurs \u00e9manent d\u2019un projet de recherche financ\u00e9 par le CERIC et dirig\u00e9 par\u00a0<a href=\"https:\/\/www.creativefutures.studio\/\" target=\"_blank\" rel=\"noopener\">Creative\u202fFutures<\/a>, qui a examin\u00e9 comment le travail et le d\u00e9veloppement de carri\u00e8re pourraient \u00e9voluer d\u2019ici 2040 et ce que cela pourrait signifier pour les intervenants en d\u00e9veloppement de carri\u00e8re. La recherche s\u2019est appuy\u00e9e sur une revue documentaire approfondie, des entretiens avec des utilisateurs de services d\u2019orientation professionnelle, des ateliers virtuels et des entretiens avec des intervenants en d\u00e9veloppement de carri\u00e8re. Elle visait \u00e0 r\u00e9pondre \u00e0 trois grandes\u202fquestions\u202f:<\/p><ol><li>Quels sont les macro-facteurs qui red\u00e9finissent l\u2019\u00e9volution du lieu de travail et des parcours professionnels?<\/li><li>Quels seront le r\u00f4le et l\u2019identit\u00e9 des intervenants en d\u00e9veloppement de carri\u00e8re \u00e0 l\u2019avenir?<\/li><li>De quels types de soutien et de services d\u2019orientation professionnelle les gens auront-ils besoin \u00e0 l\u2019avenir, et comment les services actuels devront-ils s\u2019adapter pour r\u00e9pondre \u00e0 ces besoins?<\/li><\/ol><p>Globalement, l\u2019objectif de cette recherche \u00e9tait d\u2019identifier comment le secteur du d\u00e9veloppement de carri\u00e8re, les organisations qui font un travail de sensibilisation et les d\u00e9cideurs politiques doivent se pr\u00e9parer pour 2040 et au-del\u00e0. En faisant mieux comprendre l\u2019\u00e9ventail des futurs possibles, ces rapports visent \u00e0 susciter des actions qui garantissent aux travailleurs du Canada le soutien dont ils ont besoin pour se pr\u00e9parer et s\u2019adapter \u00e0 l\u2019avenir du travail.<\/p><\/div><\/div>\t\t\t\t\t\t\t\t<\/div>\n\t\t\t\t<\/div>\n\t\t\t\t<\/div>\n\t\t<div class=\"elementor-element elementor-element-512882b e-con-full e-flex e-con e-child\" data-id=\"512882b\" data-element_type=\"container\" data-e-type=\"container\">\n\t\t\t\t<div class=\"elementor-element elementor-element-024d146 elementor-widget elementor-widget-image\" data-id=\"024d146\" data-element_type=\"widget\" data-e-type=\"widget\" data-widget_type=\"image.default\">\n\t\t\t\t<div class=\"elementor-widget-container\">\n\t\t\t\t\t\t\t\t\t\t\t\t\t\t\t<img fetchpriority=\"high\" decoding=\"async\" width=\"661\" height=\"660\" src=\"https:\/\/ceric.ca\/wp-content\/uploads\/2024\/05\/Careers-2040-Final-Report-Cover-FR.png\" class=\"attachment-large size-large wp-image-65599\" alt=\"\" srcset=\"https:\/\/ceric.ca\/wp-content\/uploads\/2024\/05\/Careers-2040-Final-Report-Cover-FR.png 661w, https:\/\/ceric.ca\/wp-content\/uploads\/2024\/05\/Careers-2040-Final-Report-Cover-FR-300x300.png 300w, https:\/\/ceric.ca\/wp-content\/uploads\/2024\/05\/Careers-2040-Final-Report-Cover-FR-150x150.png 150w, https:\/\/ceric.ca\/wp-content\/uploads\/2024\/05\/Careers-2040-Final-Report-Cover-FR-600x599.png 600w, https:\/\/ceric.ca\/wp-content\/uploads\/2024\/05\/Careers-2040-Final-Report-Cover-FR-400x400.png 400w, https:\/\/ceric.ca\/wp-content\/uploads\/2024\/05\/Careers-2040-Final-Report-Cover-FR-480x479.png 480w, https:\/\/ceric.ca\/wp-content\/uploads\/2024\/05\/Careers-2040-Final-Report-Cover-FR-160x160.png 160w\" sizes=\"(max-width:767px) 480px, 661px\" \/>\t\t\t\t\t\t\t\t\t\t\t\t\t\t\t<\/div>\n\t\t\t\t<\/div>\n\t\t\t\t<\/div>\n\t\t\t\t<\/div>\n\t\t\t\t\t<\/div>\n\t\t\t\t<\/div>\n\t\t<div class=\"elementor-element elementor-element-5ffe861 e-flex e-con-boxed e-con e-parent\" data-id=\"5ffe861\" data-element_type=\"container\" data-e-type=\"container\">\n\t\t\t\t\t<div class=\"e-con-inner\">\n\t\t<div class=\"elementor-element elementor-element-1f193de e-con-full e-flex e-con e-child\" data-id=\"1f193de\" data-element_type=\"container\" data-e-type=\"container\">\n\t\t<div class=\"elementor-element elementor-element-49bba9c e-con-full e-flex e-con e-child\" data-id=\"49bba9c\" data-element_type=\"container\" data-e-type=\"container\">\n\t\t\t\t<div class=\"elementor-element elementor-element-4b861e3 elementor-widget elementor-widget-text-editor\" data-id=\"4b861e3\" data-element_type=\"widget\" data-e-type=\"widget\" data-widget_type=\"text-editor.default\">\n\t\t\t\t<div class=\"elementor-widget-container\">\n\t\t\t\t\t\t\t\t\t<div class=\"wpb_text_column wpb_content_element\"><div class=\"wpb_wrapper\"><p><span data-contrast=\"auto\">Le rapport \u00ab\u202f<strong>Se pr\u00e9parer aux sc\u00e9narios de travail et de carri\u00e8re possibles<\/strong><\/span><span data-contrast=\"auto\">\u202f\u00bb\u00a0<\/span><i><span data-contrast=\"auto\">[janvier 2024]<\/span><\/i><span data-contrast=\"auto\">\u00a0s\u2019appuie sur des sc\u00e9narios futurs \u00e9ventuels pour explorer la mani\u00e8re dont les services de d\u00e9veloppement de carri\u00e8re pourraient changer et dont le r\u00f4le des intervenants en d\u00e9veloppement de carri\u00e8re pourrait \u00e9voluer d\u2019ici 2040. Le rapport pr\u00e9sente 9\u202fid\u00e9es principales (accompagn\u00e9es de 15\u202factions recommand\u00e9es) sur le d\u00e9veloppement de carri\u00e8re en 2040\u202f:<\/span><span data-ccp-props=\"{&quot;201341983&quot;:0,&quot;335559739&quot;:160,&quot;335559740&quot;:279}\">\u00a0<\/span><\/p><ol><li><span data-contrast=\"auto\">Les intervenants en d\u00e9veloppement de carri\u00e8re veulent \u00eatre pr\u00e9par\u00e9s aux futurs possibles.<\/span><span data-ccp-props=\"{&quot;201341983&quot;:0,&quot;335559739&quot;:160,&quot;335559740&quot;:279}\">\u00a0<\/span><\/li><li><span data-contrast=\"auto\">Chacun aura besoin d\u2019un d\u00e9veloppement de carri\u00e8re tout au long de sa vie.<\/span><span data-ccp-props=\"{&quot;201341983&quot;:0,&quot;335559739&quot;:160,&quot;335559740&quot;:279}\">\u00a0<\/span><\/li><li><span data-contrast=\"auto\">Les intervenants en d\u00e9veloppement de carri\u00e8re poss\u00e8dent des comp\u00e9tences dont les employeurs ont besoin, mais qui leur font parfois d\u00e9faut.<\/span><span data-ccp-props=\"{&quot;201341983&quot;:0,&quot;335559739&quot;:160,&quot;335559740&quot;:279}\">\u00a0<\/span><\/li><li><span data-contrast=\"auto\">L\u2019intelligence artificielle (IA) et les nouvelles technologies vont transformer le d\u00e9veloppement de carri\u00e8re.<\/span><span data-ccp-props=\"{&quot;201341983&quot;:0,&quot;335559739&quot;:160,&quot;335559740&quot;:279}\">\u00a0<\/span><\/li><li><span data-contrast=\"auto\">Les limites g\u00e9ographiques des intervenants en d\u00e9veloppement de carri\u00e8re s\u2019\u00e9largissent.<\/span><span data-ccp-props=\"{&quot;201341983&quot;:0,&quot;335559739&quot;:160,&quot;335559740&quot;:279}\">\u00a0<\/span><\/li><li><span data-contrast=\"auto\">L\u2019orientation scolaire et professionnelle de la maternelle \u00e0 la 12<\/span><span data-contrast=\"auto\">e<\/span><span data-contrast=\"auto\">\u202fann\u00e9e et pour l\u2019enseignement sup\u00e9rieur est insuffisante.\u00a0<\/span><span data-ccp-props=\"{&quot;201341983&quot;:0,&quot;335559739&quot;:160,&quot;335559740&quot;:279}\">\u00a0<\/span><\/li><li><span data-contrast=\"auto\">Les intervenants en d\u00e9veloppement de carri\u00e8re disposent de renseignements et de conseils pr\u00e9cieux sur les changements essentiels \u00e0 apporter dans les domaines de l\u2019\u00e9ducation, du march\u00e9 du travail<\/span><span data-contrast=\"auto\">, etc.<\/span><span data-ccp-props=\"{&quot;201341983&quot;:0,&quot;335559739&quot;:160,&quot;335559740&quot;:279}\">\u00a0<\/span><\/li><li><span data-contrast=\"auto\">La terminologie des intervenants en d\u00e9veloppement de carri\u00e8re \u00e9volue.\u00a0<\/span><span data-ccp-props=\"{&quot;201341983&quot;:0,&quot;335559739&quot;:160,&quot;335559740&quot;:279}\">\u00a0<\/span><\/li><li><span data-contrast=\"auto\">Les salaires des intervenants en d\u00e9veloppement de carri\u00e8re ne sont pas consid\u00e9r\u00e9s comme concurrentiels pour attirer les talents.\u00a0<\/span><span data-ccp-props=\"{&quot;201341983&quot;:0,&quot;335559739&quot;:160,&quot;335559740&quot;:279}\">\u00a0<\/span><\/li><\/ol><\/div><\/div>\t\t\t\t\t\t\t\t<\/div>\n\t\t\t\t<\/div>\n\t\t<div class=\"elementor-element elementor-element-6e733ed e-con-full e-flex e-con e-child\" data-id=\"6e733ed\" data-element_type=\"container\" data-e-type=\"container\">\n\t\t\t\t<div class=\"elementor-element elementor-element-0ff23c5 elementor-widget elementor-widget-text-editor\" data-id=\"0ff23c5\" data-element_type=\"widget\" data-e-type=\"widget\" data-widget_type=\"text-editor.default\">\n\t\t\t\t<div class=\"elementor-widget-container\">\n\t\t\t\t\t\t\t\t\t<div class=\"wpb_wrapper\">\n\t<div class=\"wpb_text_column wpb_content_element\">\n\t\t<div class=\"wpb_wrapper\">\n\t\t\t<div class=\"w3eden\">\n<div class=\"media well link-template-widget\">\n    <a class=\"mr-3 img-48\" href=\"https:\/\/ceric.ca\/fr\/wpdm-package\/rapport-definitif-sur-le-developpement-de-carriere-en-2024-se-preparer-aux-scenarios-de-travail-et-de-carriere-possibles\/\">\n        <img decoding=\"async\" class=\"wpdm_icon\" alt=\"Ic\u00f4ne\" src=\"https:\/\/ceric.ca\/wp-content\/plugins\/download-manager\/assets\/file-type-icons\/pdf.svg\">\n    <\/a>\n    <div class=\"media-body\">\n        <a href=\"https:\/\/ceric.ca\/fr\/wpdm-package\/rapport-definitif-sur-le-developpement-de-carriere-en-2024-se-preparer-aux-scenarios-de-travail-et-de-carriere-possibles\/?wpdmdl=65579&amp;refresh=67e551e7ad8511743081959\" style=\"display: block;clear: bottom;font-size: 11pt;font-weight: bold;\">Rapport de\u0301finitif sur le de\u0301veloppement de carrie\u0300re en 2024 &#8211; se pre\u0301parer aux sce\u0301narios de travail et de carrie\u0300re possibles<\/a>\n        <div style=\"font-size: 9pt;\">\n            <i class=\"fas fa-hdd color-green\"><\/i> 2.22 MB <i class=\"fa fa-copy ml-3\"><\/i>\n            1 file(s)\n        <\/div>\n    <\/div>\n<\/div>\n\n<\/div>\n\n\t\t<\/div>\n\t<\/div>\n<\/div>\t\t\t\t\t\t\t\t<\/div>\n\t\t\t\t<\/div>\n\t\t\t\t<\/div>\n\t\t<div class=\"elementor-element elementor-element-40ad604 e-con-full e-flex e-con e-child\" data-id=\"40ad604\" data-element_type=\"container\" data-e-type=\"container\">\n\t\t\t\t<div class=\"elementor-element elementor-element-8aa4a18 elementor-widget elementor-widget-text-editor\" data-id=\"8aa4a18\" data-element_type=\"widget\" data-e-type=\"widget\" data-widget_type=\"text-editor.default\">\n\t\t\t\t<div class=\"elementor-widget-container\">\n\t\t\t\t\t\t\t\t\t<p><span data-contrast=\"auto\">Deux\u202fdocuments connexes r\u00e9sument les r\u00e9sultats pertinents pour les d\u00e9cideurs politiques et les intervenants en d\u00e9veloppement de carri\u00e8re\u202f:<\/span><span data-ccp-props=\"{&quot;201341983&quot;:0,&quot;335559739&quot;:160,&quot;335559740&quot;:279}\">\u00a0<\/span><\/p><ul><li data-leveltext=\"\uf0b7\" data-font=\"Symbol\" data-listid=\"2\" data-list-defn-props=\"{&quot;335552541&quot;:1,&quot;335559684&quot;:-2,&quot;335559685&quot;:720,&quot;335559991&quot;:360,&quot;469769226&quot;:&quot;Symbol&quot;,&quot;469769242&quot;:[8226],&quot;469777803&quot;:&quot;left&quot;,&quot;469777804&quot;:&quot;\uf0b7&quot;,&quot;469777815&quot;:&quot;hybridMultilevel&quot;}\" aria-setsize=\"-1\" data-aria-posinset=\"1\" data-aria-level=\"1\"><span data-contrast=\"auto\">Le document \u00ab\u202f<strong>Sommaire pour les d\u00e9cideurs politiques<\/strong><\/span><span data-contrast=\"auto\">\u202f\u00bb\u00a0<i>[janvier\u202f2024]\u00a0<\/i><\/span><span data-contrast=\"auto\">r\u00e9v\u00e8le que les mod\u00e8les de financement actuels emp\u00eachent une approche proactive du d\u00e9veloppement de carri\u00e8re et fait remarquer l\u2019importance d\u2019\u00e9tendre et de r\u00e9\u00e9valuer les aides et les services de financement dans le but de mieux r\u00e9pondre aux besoins de carri\u00e8re des gens dans un monde du travail en pleine \u00e9volution. Il d\u00e9termine les actions recommand\u00e9es aux d\u00e9cideurs politiques en fonction des r\u00e9sultats de la recherche.\u00a0<\/span><span data-ccp-props=\"{&quot;201341983&quot;:0,&quot;335559739&quot;:160,&quot;335559740&quot;:279}\">\u00a0<\/span><\/li><\/ul>\t\t\t\t\t\t\t\t<\/div>\n\t\t\t\t<\/div>\n\t\t\t\t<\/div>\n\t\t<div class=\"elementor-element elementor-element-4819c30 e-con-full e-flex e-con e-child\" data-id=\"4819c30\" data-element_type=\"container\" data-e-type=\"container\">\n\t\t\t\t<div class=\"elementor-element elementor-element-9dabb6b elementor-widget elementor-widget-text-editor\" data-id=\"9dabb6b\" data-element_type=\"widget\" data-e-type=\"widget\" data-widget_type=\"text-editor.default\">\n\t\t\t\t<div class=\"elementor-widget-container\">\n\t\t\t\t\t\t\t\t\t<div class=\"wpb_wrapper\">\n\t<div class=\"wpb_text_column wpb_content_element\">\n\t\t<div class=\"wpb_wrapper\">\n\t\t\t<div class=\"w3eden\">\n<div class=\"media well link-template-widget\">\n    <a class=\"mr-3 img-48\" href=\"https:\/\/ceric.ca\/fr\/wpdm-package\/preparation-a-des-scenarios-de-travail-et-de-carriere-possibles-resume-pour-les-decideurs\/\">\n        <img decoding=\"async\" class=\"wpdm_icon\" alt=\"Ic\u00f4ne\" src=\"https:\/\/ceric.ca\/wp-content\/plugins\/download-manager\/assets\/file-type-icons\/pdf.svg\">\n    <\/a>\n    <div class=\"media-body\">\n        <a href=\"https:\/\/ceric.ca\/fr\/wpdm-package\/preparation-a-des-scenarios-de-travail-et-de-carriere-possibles-resume-pour-les-decideurs\/?wpdmdl=65581&amp;refresh=67e551e7dc7671743081959\" style=\"display: block;clear: bottom;font-size: 11pt;font-weight: bold;\">Sommaire pour les de\u0301cideurs politiques &#8211; Pre\u0301paration a\u0300 des sce\u0301narios de travail et de carrie\u0300re possibles<\/a>\n        <div style=\"font-size: 9pt;\">\n            <i class=\"fas fa-hdd color-green\"><\/i> 666.47 KB <i class=\"fa fa-copy ml-3\"><\/i>\n            1 file(s)\n        <\/div>\n    <\/div>\n<\/div>\n\n<\/div>\n\n\t\t<\/div>\n\t<\/div>\n<\/div>\t\t\t\t\t\t\t\t<\/div>\n\t\t\t\t<\/div>\n\t\t\t\t<\/div>\n\t\t<div class=\"elementor-element elementor-element-da3d6a1 e-con-full e-flex e-con e-child\" data-id=\"da3d6a1\" data-element_type=\"container\" data-e-type=\"container\">\n\t\t\t\t<div class=\"elementor-element elementor-element-c36dc50 elementor-widget elementor-widget-text-editor\" data-id=\"c36dc50\" data-element_type=\"widget\" data-e-type=\"widget\" data-widget_type=\"text-editor.default\">\n\t\t\t\t<div class=\"elementor-widget-container\">\n\t\t\t\t\t\t\t\t\t<div class=\"wpb_text_column wpb_content_element\"><div class=\"wpb_wrapper\"><ul><li><span data-contrast=\"auto\">Le document \u00ab\u202f<strong>Sommaire du secteur du d\u00e9veloppement de carri\u00e8re<\/strong><\/span><span data-contrast=\"auto\">\u202f\u00bb\u00a0<\/span><i><span data-contrast=\"auto\">[janvier\u202f2024]\u00a0<\/span><\/i><span data-contrast=\"auto\">fait la synth\u00e8se de la fa\u00e7on dont les intervenants en d\u00e9veloppement de carri\u00e8re ont \u00e9tabli que leur profession pourrait changer, en fonction de leur exploration des tendances d\u00e9crites dans le rapport \u00ab\u202fLe d\u00e9veloppement de carri\u00e8re en 2040\u202f\u00bb. Ce sommaire met en \u00e9vidence trois\u202fdomaines d\u2019int\u00e9r\u00eat pour le secteur du d\u00e9veloppement de carri\u00e8re\u202f: d\u00e9fendre et promouvoir la valeur des professionnels du d\u00e9veloppement de carri\u00e8re; d\u00e9fendre le d\u00e9veloppement de carri\u00e8re \u00ab\u202fpr\u00e9ventif\u202f\u00bb et tout au long de la vie; soutenir et pr\u00e9parer les professionnels du d\u00e9veloppement de carri\u00e8re en vue de leur propre avenir.<\/span><span data-ccp-props=\"{&quot;201341983&quot;:0,&quot;335559739&quot;:160,&quot;335559740&quot;:279}\">\u00a0<\/span><\/li><li data-leveltext=\"\uf0b7\" data-font=\"Symbol\" data-listid=\"2\" data-list-defn-props=\"{&quot;335552541&quot;:1,&quot;335559684&quot;:-2,&quot;335559685&quot;:720,&quot;335559991&quot;:360,&quot;469769226&quot;:&quot;Symbol&quot;,&quot;469769242&quot;:[8226],&quot;469777803&quot;:&quot;left&quot;,&quot;469777804&quot;:&quot;\uf0b7&quot;,&quot;469777815&quot;:&quot;hybridMultilevel&quot;}\" aria-setsize=\"-1\" data-aria-posinset=\"1\" data-aria-level=\"1\">\u00a0<\/li><\/ul><\/div><\/div>\t\t\t\t\t\t\t\t<\/div>\n\t\t\t\t<\/div>\n\t\t\t\t<\/div>\n\t\t<div class=\"elementor-element elementor-element-c59a77b e-con-full e-flex e-con e-child\" data-id=\"c59a77b\" data-element_type=\"container\" data-e-type=\"container\">\n\t\t\t\t<div class=\"elementor-element elementor-element-ead6efd elementor-widget elementor-widget-text-editor\" data-id=\"ead6efd\" data-element_type=\"widget\" data-e-type=\"widget\" data-widget_type=\"text-editor.default\">\n\t\t\t\t<div class=\"elementor-widget-container\">\n\t\t\t\t\t\t\t\t\t<div class=\"wpb_wrapper\">\n\t\t\t<div class=\"w3eden\">\n<div class=\"media well link-template-widget\">\n    <a class=\"mr-3 img-48\" href=\"https:\/\/ceric.ca\/fr\/wpdm-package\/sommaire-du-secteur-du-developpement-de-carriere-preparation-a-des-scenarios-de-travail-et-de-carriere-possible\/\">\n        <img decoding=\"async\" class=\"wpdm_icon\" alt=\"Ic\u00f4ne\" src=\"https:\/\/ceric.ca\/wp-content\/plugins\/download-manager\/assets\/file-type-icons\/pdf.svg\">\n    <\/a>\n    <div class=\"media-body\">\n        <a href=\"https:\/\/ceric.ca\/fr\/wpdm-package\/sommaire-du-secteur-du-developpement-de-carriere-preparation-a-des-scenarios-de-travail-et-de-carriere-possible\/?wpdmdl=65589&amp;refresh=67e551e816f0e1743081960\" style=\"display: block;clear: bottom;font-size: 11pt;font-weight: bold;\">Sommaire du secteur du de\u0301veloppement de carrie\u0300re &#8211; Pre\u0301paration a\u0300 des sce\u0301narios de travail et de carrie\u0300re possible<\/a>\n        <div style=\"font-size: 9pt;\">\n            <i class=\"fas fa-hdd color-green\"><\/i> 548.62 KB <i class=\"fa fa-copy ml-3\"><\/i>\n            1 file(s)\n        <\/div>\n    <\/div>\n<\/div>\n\n<\/div>\n\n\t\t<\/div>\t\t\t\t\t\t\t\t<\/div>\n\t\t\t\t<\/div>\n\t\t\t\t<\/div>\n\t\t\t\t<\/div>\n\t\t<div class=\"elementor-element elementor-element-8244675 e-con-full e-flex e-con e-child\" data-id=\"8244675\" data-element_type=\"container\" data-e-type=\"container\">\n\t\t\t\t<div class=\"elementor-element elementor-element-59a87c6 elementor-widget elementor-widget-text-editor\" data-id=\"59a87c6\" data-element_type=\"widget\" data-e-type=\"widget\" data-widget_type=\"text-editor.default\">\n\t\t\t\t<div class=\"elementor-widget-container\">\n\t\t\t\t\t\t\t\t\t<div class=\"wpb_text_column wpb_content_element\"><div class=\"wpb_wrapper\"><div class=\"wpb_text_column wpb_content_element\"><div class=\"wpb_wrapper\"><p>Regardez l\u2019enregistrement!<strong><br \/><a href=\"https:\/\/ceric.ca\/fr\/2024\/01\/webinaire-developpement-carriere-2040\/\" target=\"_blank\" rel=\"noopener\">S\u2019adapter aux changements jusqu\u2019en\u202f2040 et au-del\u00e0\u202f: l\u2019avenir des carri\u00e8res et du r\u00f4le des professionnels du d\u00e9veloppement de carri\u00e8re (en anglais avec sous-titres)<\/a><\/strong><\/p><\/div><\/div><\/div><\/div>\t\t\t\t\t\t\t\t<\/div>\n\t\t\t\t<\/div>\n\t\t\t\t<div class=\"elementor-element elementor-element-601b677 elementor-widget elementor-widget-video\" data-id=\"601b677\" data-element_type=\"widget\" data-e-type=\"widget\" data-settings=\"{&quot;youtube_url&quot;:&quot;https:\\\/\\\/www.youtube.com\\\/watch?v=QMdP2JzmviM&amp;t=1904s&quot;,&quot;video_type&quot;:&quot;youtube&quot;,&quot;controls&quot;:&quot;yes&quot;}\" data-widget_type=\"video.default\">\n\t\t\t\t<div class=\"elementor-widget-container\">\n\t\t\t\t\t\t\t<div class=\"elementor-wrapper elementor-open-inline\">\n\t\t\t<div class=\"elementor-video\"><\/div>\t\t<\/div>\n\t\t\t\t\t\t<\/div>\n\t\t\t\t<\/div>\n\t\t<div class=\"elementor-element elementor-element-b409cf1 e-con-full e-flex e-con e-child\" data-id=\"b409cf1\" data-element_type=\"container\" data-e-type=\"container\">\n\t\t<div class=\"elementor-element elementor-element-ae9d70f e-con-full e-flex e-con e-child\" data-id=\"ae9d70f\" data-element_type=\"container\" data-e-type=\"container\">\n\t\t<div class=\"elementor-element elementor-element-99d4850 e-con-full e-flex e-con e-child\" data-id=\"99d4850\" data-element_type=\"container\" data-e-type=\"container\">\n\t\t<div class=\"elementor-element elementor-element-e674a7a e-con-full e-flex e-con e-child\" data-id=\"e674a7a\" data-element_type=\"container\" data-e-type=\"container\" data-settings=\"{&quot;background_background&quot;:&quot;classic&quot;}\">\n\t\t\t\t<div class=\"elementor-element elementor-element-2324e4b elementor-widget elementor-widget-text-editor\" data-id=\"2324e4b\" data-element_type=\"widget\" data-e-type=\"widget\" data-widget_type=\"text-editor.default\">\n\t\t\t\t<div class=\"elementor-widget-container\">\n\t\t\t\t\t\t\t\t\t<p><strong>En manchette!<\/strong><\/p><ul><li data-leveltext=\"\uf0b7\" data-font=\"Symbol\" data-listid=\"8\" data-list-defn-props=\"{&quot;335552541&quot;:1,&quot;335559684&quot;:-2,&quot;335559685&quot;:720,&quot;335559991&quot;:360,&quot;469769226&quot;:&quot;Symbol&quot;,&quot;469769242&quot;:[8226],&quot;469777803&quot;:&quot;left&quot;,&quot;469777804&quot;:&quot;\uf0b7&quot;,&quot;469777815&quot;:&quot;hybridMultilevel&quot;}\" aria-setsize=\"-1\" data-aria-posinset=\"11\" data-aria-level=\"1\"><span data-contrast=\"auto\">\u00ab\u202f<\/span><a href=\"https:\/\/ceric.ca\/wp-content\/uploads\/2023\/10\/CFPL_LONDONLIVEWITHMIKESTUBBS_4_39PM_OCT10_2023_LONDON_11_18MIN.mp3\" target=\"_blank\" rel=\"noopener\"><span data-contrast=\"none\">Interview with Dr. Candy Ho on the future of work<\/span><\/a><span data-contrast=\"auto\">\u202f\u00bb (Entrevue avec la D<\/span><span data-contrast=\"auto\">re<\/span><span data-contrast=\"auto\">\u202fCandy\u202fHo sur l\u2019avenir du travail) Global News\u2019 980 CFPL AM, 10\u202foctobre\u202f2023<\/span><em>\u00a0[en anglais seulement]\u00a0<\/em><\/li><li data-leveltext=\"\uf0b7\" data-font=\"Symbol\" data-listid=\"8\" data-list-defn-props=\"{&quot;335552541&quot;:1,&quot;335559684&quot;:-2,&quot;335559685&quot;:720,&quot;335559991&quot;:360,&quot;469769226&quot;:&quot;Symbol&quot;,&quot;469769242&quot;:[8226],&quot;469777803&quot;:&quot;left&quot;,&quot;469777804&quot;:&quot;\uf0b7&quot;,&quot;469777815&quot;:&quot;hybridMultilevel&quot;}\" aria-setsize=\"-1\" data-aria-posinset=\"12\" data-aria-level=\"1\"><span data-contrast=\"auto\">\u00ab\u202f<\/span><a href=\"https:\/\/open.spotify.com\/episode\/1RDTEDkSC5emJb3OrTpI1i?go=1&amp;sp_cid=315e7b4fd65200ac7143d782887012a8\" target=\"_blank\" rel=\"noopener\"><span data-contrast=\"none\">What Does the Future of Work Look Like in Canada?<\/span><\/a><span data-contrast=\"auto\">\u202f\u00bb (Comment se profile l\u2019avenir du travail au Canada?), Mornings with Sue &amp; Andy, Global News\u2019 QR Calgary, 24\u202foctobre\u202f2023<\/span><em>\u00a0[en anglais seulement]\u00a0<\/em><\/li><li data-leveltext=\"\uf0b7\" data-font=\"Symbol\" data-listid=\"8\" data-list-defn-props=\"{&quot;335552541&quot;:1,&quot;335559684&quot;:-2,&quot;335559685&quot;:720,&quot;335559991&quot;:360,&quot;469769226&quot;:&quot;Symbol&quot;,&quot;469769242&quot;:[8226],&quot;469777803&quot;:&quot;left&quot;,&quot;469777804&quot;:&quot;\uf0b7&quot;,&quot;469777815&quot;:&quot;hybridMultilevel&quot;}\" aria-setsize=\"-1\" data-aria-posinset=\"12\" data-aria-level=\"1\"><span data-contrast=\"auto\">\u00ab\u202f<\/span><a href=\"https:\/\/www.bnnbloomberg.ca\/video\/major-factors-that-will-impact-the-job-market-by-2040-career-development-expert-candy-ho~2794698\" target=\"_blank\" rel=\"noopener\"><span data-contrast=\"none\">Major factors that will impact the job market by 2040: Career development expert Candy Ho<\/span><\/a><span data-contrast=\"auto\">\u202f\u00bb (Les principaux facteurs qui influeront sur le march\u00e9 du travail d\u2019ici 2040\u202f: Candy\u202fHo, experte en d\u00e9veloppement de carri\u00e8re) BNN Bloomberg, 26\u202foctobre\u202f2023<\/span><em>\u00a0[en anglais seulement]\u00a0<\/em><\/li><li data-leveltext=\"\uf0b7\" data-font=\"Symbol\" data-listid=\"8\" data-list-defn-props=\"{&quot;335552541&quot;:1,&quot;335559684&quot;:-2,&quot;335559685&quot;:720,&quot;335559991&quot;:360,&quot;469769226&quot;:&quot;Symbol&quot;,&quot;469769242&quot;:[8226],&quot;469777803&quot;:&quot;left&quot;,&quot;469777804&quot;:&quot;\uf0b7&quot;,&quot;469777815&quot;:&quot;hybridMultilevel&quot;}\" aria-setsize=\"-1\" data-aria-posinset=\"12\" data-aria-level=\"1\"><span data-contrast=\"auto\">\u00ab\u202f<\/span><a href=\"https:\/\/canadiansme.ca\/proactive-career-resilience-tips-from-dr-candy-ho\/\" target=\"_blank\" rel=\"noopener\"><span data-contrast=\"none\">Proactive Career Resilience: Tips from Dr. Candy Ho<\/span><\/a><span data-contrast=\"auto\">\u202f\u00bb (R\u00e9silience professionnelle proactive\u202f: Conseils de la D<\/span><span data-contrast=\"auto\">re<\/span><span data-contrast=\"auto\">\u202fCandy\u202fHo), Canadian SME Small Business Magazine, 6\u202fnovembre\u202f2023<\/span><em>\u00a0[en anglais seulement]\u00a0<\/em><\/li><li data-leveltext=\"\uf0b7\" data-font=\"Symbol\" data-listid=\"8\" data-list-defn-props=\"{&quot;335552541&quot;:1,&quot;335559684&quot;:-2,&quot;335559685&quot;:720,&quot;335559991&quot;:360,&quot;469769226&quot;:&quot;Symbol&quot;,&quot;469769242&quot;:[8226],&quot;469777803&quot;:&quot;left&quot;,&quot;469777804&quot;:&quot;\uf0b7&quot;,&quot;469777815&quot;:&quot;hybridMultilevel&quot;}\" aria-setsize=\"-1\" data-aria-posinset=\"12\" data-aria-level=\"1\"><span data-contrast=\"auto\">\u00ab\u202f<\/span><a href=\"https:\/\/ceric.ca\/wp-content\/uploads\/2023\/12\/SIRIUSXM_CANADANOW_2_02PM_NOV16_2023_10_11MIN.mp3\" target=\"_blank\" rel=\"noopener\"><span data-contrast=\"none\">Dr. Candy Ho on the future of work in Canada<\/span><\/a><span data-contrast=\"auto\">\u202f\u00bb (Candy Ho sur l\u2019avenir du travail au Canada), Sirius XM\u202f\u2013 Canada Now, 16\u202fnovembre\u202f2023<\/span><em>\u00a0[en anglais seulement]\u00a0<\/em><\/li><\/ul>\t\t\t\t\t\t\t\t<\/div>\n\t\t\t\t<\/div>\n\t\t\t\t<\/div>\n\t\t\t\t<\/div>\n\t\t\t\t<\/div>\n\t\t\t\t<\/div>\n\t\t\t\t<\/div>\n\t\t\t\t<\/div>\n\t\t\t\t\t<\/div>\n\t\t\t\t<\/div>\n\t\t<div class=\"elementor-element elementor-element-35c6e3e e-flex e-con-boxed e-con e-parent\" data-id=\"35c6e3e\" data-element_type=\"container\" data-e-type=\"container\">\n\t\t\t\t\t<div class=\"e-con-inner\">\n\t\t<div class=\"elementor-element elementor-element-17bc6c8 e-con-full e-flex e-con e-child\" data-id=\"17bc6c8\" data-element_type=\"container\" data-e-type=\"container\">\n\t\t<div class=\"elementor-element elementor-element-f352470 e-con-full e-flex e-con e-child\" data-id=\"f352470\" data-element_type=\"container\" data-e-type=\"container\">\n\t\t\t\t<div class=\"elementor-element elementor-element-4ec1955 elementor-widget elementor-widget-text-editor\" data-id=\"4ec1955\" data-element_type=\"widget\" data-e-type=\"widget\" data-widget_type=\"text-editor.default\">\n\t\t\t\t<div class=\"elementor-widget-container\">\n\t\t\t\t\t\t\t\t\t<p><span data-contrast=\"auto\">Le document \u00ab\u202f<b>Le d\u00e9veloppement de carri\u00e8re en 2040\u202f: 10\u202f changements majeurs qui auront une incidence sur le futur du travail et des travailleurs du Canada<\/b><\/span><span data-contrast=\"auto\"><strong>\u00a0<\/strong>\u00bb\u00a0\u00a0<em>[<\/em><\/span><i><span data-contrast=\"auto\">octobre\u202f2023]<\/span><\/i><span data-contrast=\"auto\">\u00a0se penche sur les principaux changements susceptibles d\u2019avoir une incidence sur le d\u00e9veloppement de carri\u00e8re en 2040. Il met en \u00e9vidence 10\u202fm\u00e9gatendances (et 32\u202fmicrotendances) qui devraient fa\u00e7onner le monde du travail de demain et le r\u00f4le des intervenants en d\u00e9veloppement de carri\u00e8re\u202f:<\/span><span data-ccp-props=\"{&quot;201341983&quot;:0,&quot;335559739&quot;:160,&quot;335559740&quot;:279}\">\u00a0<\/span><\/p><ul><li data-leveltext=\"\uf0b7\" data-font=\"Symbol\" data-listid=\"6\" data-list-defn-props=\"{&quot;335552541&quot;:1,&quot;335559684&quot;:-2,&quot;335559685&quot;:720,&quot;335559991&quot;:360,&quot;469769226&quot;:&quot;Symbol&quot;,&quot;469769242&quot;:[8226],&quot;469777803&quot;:&quot;left&quot;,&quot;469777804&quot;:&quot;\uf0b7&quot;,&quot;469777815&quot;:&quot;hybridMultilevel&quot;}\" aria-setsize=\"-1\" data-aria-posinset=\"1\" data-aria-level=\"1\"><span data-contrast=\"auto\">Travailler de n\u2019importe o\u00f9\u202f\u00a0\u00a0<\/span><span data-ccp-props=\"{&quot;201341983&quot;:0,&quot;335559739&quot;:160,&quot;335559740&quot;:279}\">\u00a0<\/span><\/li><li data-leveltext=\"\uf0b7\" data-font=\"Symbol\" data-listid=\"6\" data-list-defn-props=\"{&quot;335552541&quot;:1,&quot;335559684&quot;:-2,&quot;335559685&quot;:720,&quot;335559991&quot;:360,&quot;469769226&quot;:&quot;Symbol&quot;,&quot;469769242&quot;:[8226],&quot;469777803&quot;:&quot;left&quot;,&quot;469777804&quot;:&quot;\uf0b7&quot;,&quot;469777815&quot;:&quot;hybridMultilevel&quot;}\" aria-setsize=\"-1\" data-aria-posinset=\"2\" data-aria-level=\"1\"><span data-contrast=\"auto\">IA et automatisation\u202f\u00a0\u00a0<\/span><span data-ccp-props=\"{&quot;201341983&quot;:0,&quot;335559739&quot;:160,&quot;335559740&quot;:279}\">\u00a0<\/span><\/li><li data-leveltext=\"\uf0b7\" data-font=\"Symbol\" data-listid=\"6\" data-list-defn-props=\"{&quot;335552541&quot;:1,&quot;335559684&quot;:-2,&quot;335559685&quot;:720,&quot;335559991&quot;:360,&quot;469769226&quot;:&quot;Symbol&quot;,&quot;469769242&quot;:[8226],&quot;469777803&quot;:&quot;left&quot;,&quot;469777804&quot;:&quot;\uf0b7&quot;,&quot;469777815&quot;:&quot;hybridMultilevel&quot;}\" aria-setsize=\"-1\" data-aria-posinset=\"3\" data-aria-level=\"1\"><span data-contrast=\"auto\">Vivre avec le changement climatique\u202f\u00a0\u00a0<\/span><span data-ccp-props=\"{&quot;201341983&quot;:0,&quot;335559739&quot;:160,&quot;335559740&quot;:279}\">\u00a0<\/span><\/li><li data-leveltext=\"\uf0b7\" data-font=\"Symbol\" data-listid=\"6\" data-list-defn-props=\"{&quot;335552541&quot;:1,&quot;335559684&quot;:-2,&quot;335559685&quot;:720,&quot;335559991&quot;:360,&quot;469769226&quot;:&quot;Symbol&quot;,&quot;469769242&quot;:[8226],&quot;469777803&quot;:&quot;left&quot;,&quot;469777804&quot;:&quot;\uf0b7&quot;,&quot;469777815&quot;:&quot;hybridMultilevel&quot;}\" aria-setsize=\"-1\" data-aria-posinset=\"4\" data-aria-level=\"1\"><span data-contrast=\"auto\">Conflits g\u00e9opolitiques\u202f\u00a0\u00a0<\/span><span data-ccp-props=\"{&quot;201341983&quot;:0,&quot;335559739&quot;:160,&quot;335559740&quot;:279}\">\u00a0<\/span><\/li><li data-leveltext=\"\uf0b7\" data-font=\"Symbol\" data-listid=\"6\" data-list-defn-props=\"{&quot;335552541&quot;:1,&quot;335559684&quot;:-2,&quot;335559685&quot;:720,&quot;335559991&quot;:360,&quot;469769226&quot;:&quot;Symbol&quot;,&quot;469769242&quot;:[8226],&quot;469777803&quot;:&quot;left&quot;,&quot;469777804&quot;:&quot;\uf0b7&quot;,&quot;469777815&quot;:&quot;hybridMultilevel&quot;}\" aria-setsize=\"-1\" data-aria-posinset=\"5\" data-aria-level=\"1\"><span data-contrast=\"auto\">R\u00e9concilier les impacts du colonialisme\u202f\u00a0\u00a0<\/span><span data-ccp-props=\"{&quot;201341983&quot;:0,&quot;335559739&quot;:160,&quot;335559740&quot;:279}\">\u00a0<\/span><\/li><li data-leveltext=\"\uf0b7\" data-font=\"Symbol\" data-listid=\"6\" data-list-defn-props=\"{&quot;335552541&quot;:1,&quot;335559684&quot;:-2,&quot;335559685&quot;:720,&quot;335559991&quot;:360,&quot;469769226&quot;:&quot;Symbol&quot;,&quot;469769242&quot;:[8226],&quot;469777803&quot;:&quot;left&quot;,&quot;469777804&quot;:&quot;\uf0b7&quot;,&quot;469777815&quot;:&quot;hybridMultilevel&quot;}\" aria-setsize=\"-1\" data-aria-posinset=\"6\" data-aria-level=\"1\"><span data-contrast=\"auto\">Pr\u00e9carit\u00e9 \u00e9conomique\u202f\u00a0\u00a0<\/span><span data-ccp-props=\"{&quot;201341983&quot;:0,&quot;335559739&quot;:160,&quot;335559740&quot;:279}\">\u00a0<\/span><\/li><li data-leveltext=\"\uf0b7\" data-font=\"Symbol\" data-listid=\"6\" data-list-defn-props=\"{&quot;335552541&quot;:1,&quot;335559684&quot;:-2,&quot;335559685&quot;:720,&quot;335559991&quot;:360,&quot;469769226&quot;:&quot;Symbol&quot;,&quot;469769242&quot;:[8226],&quot;469777803&quot;:&quot;left&quot;,&quot;469777804&quot;:&quot;\uf0b7&quot;,&quot;469777815&quot;:&quot;hybridMultilevel&quot;}\" aria-setsize=\"-1\" data-aria-posinset=\"7\" data-aria-level=\"1\"><span data-contrast=\"auto\">Mondialisation sous pression\u202f\u00a0\u00a0<\/span><span data-ccp-props=\"{&quot;201341983&quot;:0,&quot;335559739&quot;:160,&quot;335559740&quot;:279}\">\u00a0<\/span><\/li><li data-leveltext=\"\uf0b7\" data-font=\"Symbol\" data-listid=\"6\" data-list-defn-props=\"{&quot;335552541&quot;:1,&quot;335559684&quot;:-2,&quot;335559685&quot;:720,&quot;335559991&quot;:360,&quot;469769226&quot;:&quot;Symbol&quot;,&quot;469769242&quot;:[8226],&quot;469777803&quot;:&quot;left&quot;,&quot;469777804&quot;:&quot;\uf0b7&quot;,&quot;469777815&quot;:&quot;hybridMultilevel&quot;}\" aria-setsize=\"-1\" data-aria-posinset=\"8\" data-aria-level=\"1\"><span data-contrast=\"auto\">\u00c9ducation perturb\u00e9e\u202f\u00a0\u00a0<\/span><span data-ccp-props=\"{&quot;201341983&quot;:0,&quot;335559739&quot;:160,&quot;335559740&quot;:279}\">\u00a0<\/span><\/li><li data-leveltext=\"\uf0b7\" data-font=\"Symbol\" data-listid=\"6\" data-list-defn-props=\"{&quot;335552541&quot;:1,&quot;335559684&quot;:-2,&quot;335559685&quot;:720,&quot;335559991&quot;:360,&quot;469769226&quot;:&quot;Symbol&quot;,&quot;469769242&quot;:[8226],&quot;469777803&quot;:&quot;left&quot;,&quot;469777804&quot;:&quot;\uf0b7&quot;,&quot;469777815&quot;:&quot;hybridMultilevel&quot;}\" aria-setsize=\"-1\" data-aria-posinset=\"9\" data-aria-level=\"1\"><span data-contrast=\"auto\">D\u00e9clin de la sant\u00e9 mentale et du bien-\u00eatre\u202f\u00a0\u00a0<\/span><span data-ccp-props=\"{&quot;201341983&quot;:0,&quot;335559739&quot;:160,&quot;335559740&quot;:279}\">\u00a0<\/span><\/li><li data-leveltext=\"\uf0b7\" data-font=\"Symbol\" data-listid=\"6\" data-list-defn-props=\"{&quot;335552541&quot;:1,&quot;335559684&quot;:-2,&quot;335559685&quot;:720,&quot;335559991&quot;:360,&quot;469769226&quot;:&quot;Symbol&quot;,&quot;469769242&quot;:[8226],&quot;469777803&quot;:&quot;left&quot;,&quot;469777804&quot;:&quot;\uf0b7&quot;,&quot;469777815&quot;:&quot;hybridMultilevel&quot;}\" aria-setsize=\"-1\" data-aria-posinset=\"10\" data-aria-level=\"1\"><span data-contrast=\"auto\">Changements g\u00e9n\u00e9rationnels\u202f\u00a0\u00a0<\/span><span data-ccp-props=\"{&quot;201341983&quot;:0,&quot;335559739&quot;:160,&quot;335559740&quot;:279}\">\u00a0<\/span><\/li><\/ul>\t\t\t\t\t\t\t\t<\/div>\n\t\t\t\t<\/div>\n\t\t\t\t<\/div>\n\t\t<div class=\"elementor-element elementor-element-414c21f e-con-full e-flex e-con e-child\" data-id=\"414c21f\" data-element_type=\"container\" data-e-type=\"container\">\n\t\t\t\t<div class=\"elementor-element elementor-element-315ec87 elementor-widget elementor-widget-text-editor\" data-id=\"315ec87\" data-element_type=\"widget\" data-e-type=\"widget\" data-widget_type=\"text-editor.default\">\n\t\t\t\t<div class=\"elementor-widget-container\">\n\t\t\t\t\t\t\t\t\t<div class=\"wpb_wrapper\">\n\t<div class=\"wpb_text_column wpb_content_element\">\n\t\t<div class=\"wpb_wrapper\">\n\t\t\t<div class=\"w3eden\">\n<div class=\"media well link-template-widget\">\n    <a class=\"mr-3 img-48\" href=\"https:\/\/ceric.ca\/fr\/wpdm-package\/le-developpement-de-carriere-en-2040-resume-executif\/\">\n        <img decoding=\"async\" class=\"wpdm_icon\" alt=\"Ic\u00f4ne\" src=\"https:\/\/ceric.ca\/wp-content\/plugins\/download-manager\/assets\/file-type-icons\/pdf.svg\">\n    <\/a>\n    <div class=\"media-body\">\n        <a href=\"https:\/\/ceric.ca\/fr\/wpdm-package\/le-developpement-de-carriere-en-2040-resume-executif\/?wpdmdl=61667&amp;refresh=67e551e848bb31743081960\" style=\"display: block;clear: bottom;font-size: 11pt;font-weight: bold;\">Le d\u00e9veloppement de carri\u00e8re en 2040 \u2013 r\u00e9sum\u00e9 ex\u00e9cutif<\/a>\n        <div style=\"font-size: 9pt;\">\n            <i class=\"fas fa-hdd color-green\"><\/i> 1.18 MB <i class=\"fa fa-copy ml-3\"><\/i>\n            1 file(s)\n        <\/div>\n    <\/div>\n<\/div>\n\n<\/div>\n\n\t\t<\/div>\n\t<\/div>\n<\/div>\t\t\t\t\t\t\t\t<\/div>\n\t\t\t\t<\/div>\n\t\t<div class=\"elementor-element elementor-element-28127eb e-con-full e-flex e-con e-child\" data-id=\"28127eb\" data-element_type=\"container\" data-e-type=\"container\">\n\t\t\t\t<div class=\"elementor-element elementor-element-e686f9f elementor-widget elementor-widget-text-editor\" data-id=\"e686f9f\" data-element_type=\"widget\" data-e-type=\"widget\" data-widget_type=\"text-editor.default\">\n\t\t\t\t<div class=\"elementor-widget-container\">\n\t\t\t\t\t\t\t\t\t<div class=\"wpb_wrapper\">\n\t<div class=\"wpb_text_column wpb_content_element\">\n\t\t<div class=\"wpb_wrapper\">\n\t\t\t<div class=\"w3eden\">\n<div class=\"media well link-template-widget\">\n    <a class=\"mr-3 img-48\" href=\"https:\/\/ceric.ca\/fr\/wpdm-package\/le-developpement-de-carriere-en-2040-rapport-complet-en-anglais\/\">\n        <img decoding=\"async\" class=\"wpdm_icon\" alt=\"Ic\u00f4ne\" src=\"https:\/\/ceric.ca\/wp-content\/plugins\/download-manager\/assets\/file-type-icons\/pdf.svg\">\n    <\/a>\n    <div class=\"media-body\">\n        <a href=\"https:\/\/ceric.ca\/fr\/wpdm-package\/le-developpement-de-carriere-en-2040-rapport-complet-en-anglais\/?wpdmdl=63959&amp;refresh=67e551e87680a1743081960\" style=\"display: block;clear: bottom;font-size: 11pt;font-weight: bold;\">Le d\u00e9veloppement de carri\u00e8re en 2040 \u2013 rapport complet<\/a>\n        <div style=\"font-size: 9pt;\">\n            <i class=\"fas fa-hdd color-green\"><\/i> 4.17 MB <i class=\"fa fa-copy ml-3\"><\/i>\n            1 file(s)\n        <\/div>\n    <\/div>\n<\/div>\n\n<\/div>\n\n\t\t<\/div>\n\t<\/div>\n<\/div>\t\t\t\t\t\t\t\t<\/div>\n\t\t\t\t<\/div>\n\t\t\t\t<\/div>\n\t\t\t\t<\/div>\n\t\t\t\t<\/div>\n\t\t\t\t\t<\/div>\n\t\t\t\t<\/div>\n\t\t\t\t<\/div>\n\t\t","protected":false},"excerpt":{"rendered":"<p>Deux\u202frapports majeurs \u00e9manent d\u2019un projet de recherche financ\u00e9 par le CERIC et dirig\u00e9 par\u00a0Creative\u202fFutures, qui a examin\u00e9 comment le travail et le d\u00e9veloppement de carri\u00e8re pourraient<span class=\"excerpt-hellip\"> [\u2026]<\/span><\/p>\n","protected":false},"author":1,"featured_media":0,"parent":9720,"menu_order":0,"comment_status":"closed","ping_status":"closed","template":"","meta":{"h5ap_radio_sources":[],"footnotes":""},"class_list":["post-70102","page","type-page","status-publish","hentry"],"yoast_head":"<!-- This site is optimized with the Yoast SEO Premium plugin v27.4 (Yoast SEO v27.4) - https:\/\/yoast.com\/product\/yoast-seo-premium-wordpress\/ -->\n<title>Le d\u00e9veloppement de carri\u00e8re en 2040 - CERIC<\/title>\n<meta name=\"robots\" content=\"index, follow, max-snippet:-1, max-image-preview:large, max-video-preview:-1\" \/>\n<link rel=\"canonical\" href=\"https:\/\/ceric.ca\/fr\/publications\/le-developpement-de-carriere-en-2040\/\" \/>\n<meta property=\"og:locale\" content=\"fr_FR\" \/>\n<meta property=\"og:type\" content=\"article\" \/>\n<meta property=\"og:title\" content=\"Le d\u00e9veloppement de carri\u00e8re en 2040\" \/>\n<meta property=\"og:description\" content=\"Deux\u202frapports majeurs \u00e9manent d\u2019un projet de recherche financ\u00e9 par le CERIC et dirig\u00e9 par\u00a0Creative\u202fFutures, qui a examin\u00e9 comment le travail et le d\u00e9veloppement de carri\u00e8re pourraient [\u2026]\" \/>\n<meta property=\"og:url\" content=\"https:\/\/ceric.ca\/fr\/publications\/le-developpement-de-carriere-en-2040\/\" \/>\n<meta property=\"og:site_name\" content=\"CERIC\" \/>\n<meta property=\"article:modified_time\" content=\"2025-05-05T14:31:07+00:00\" \/>\n<meta property=\"og:image\" content=\"https:\/\/ceric.ca\/wp-content\/uploads\/2024\/05\/Careers-2040-Final-Report-Cover-FR.png\" \/>\n<meta name=\"twitter:card\" content=\"summary_large_image\" \/>\n<meta name=\"twitter:label1\" content=\"Dur\u00e9e de lecture estim\u00e9e\" \/>\n\t<meta name=\"twitter:data1\" content=\"6 minutes\" \/>\n<script type=\"application\/ld+json\" class=\"yoast-schema-graph\">{\"@context\":\"https:\\\/\\\/schema.org\",\"@graph\":[{\"@type\":\"WebPage\",\"@id\":\"https:\\\/\\\/ceric.ca\\\/fr\\\/publications\\\/le-developpement-de-carriere-en-2040\\\/\",\"url\":\"https:\\\/\\\/ceric.ca\\\/fr\\\/publications\\\/le-developpement-de-carriere-en-2040\\\/\",\"name\":\"Le d\u00e9veloppement de carri\u00e8re en 2040 - CERIC\",\"isPartOf\":{\"@id\":\"https:\\\/\\\/ceric.ca\\\/#website\"},\"primaryImageOfPage\":{\"@id\":\"https:\\\/\\\/ceric.ca\\\/fr\\\/publications\\\/le-developpement-de-carriere-en-2040\\\/#primaryimage\"},\"image\":{\"@id\":\"https:\\\/\\\/ceric.ca\\\/fr\\\/publications\\\/le-developpement-de-carriere-en-2040\\\/#primaryimage\"},\"thumbnailUrl\":\"https:\\\/\\\/ceric.ca\\\/wp-content\\\/uploads\\\/2024\\\/05\\\/Careers-2040-Final-Report-Cover-FR.png\",\"datePublished\":\"2025-03-27T13:23:18+00:00\",\"dateModified\":\"2025-05-05T14:31:07+00:00\",\"breadcrumb\":{\"@id\":\"https:\\\/\\\/ceric.ca\\\/fr\\\/publications\\\/le-developpement-de-carriere-en-2040\\\/#breadcrumb\"},\"inLanguage\":\"fr-FR\",\"potentialAction\":[{\"@type\":\"ReadAction\",\"target\":[\"https:\\\/\\\/ceric.ca\\\/fr\\\/publications\\\/le-developpement-de-carriere-en-2040\\\/\"]}]},{\"@type\":\"ImageObject\",\"inLanguage\":\"fr-FR\",\"@id\":\"https:\\\/\\\/ceric.ca\\\/fr\\\/publications\\\/le-developpement-de-carriere-en-2040\\\/#primaryimage\",\"url\":\"https:\\\/\\\/ceric.ca\\\/wp-content\\\/uploads\\\/2024\\\/05\\\/Careers-2040-Final-Report-Cover-FR.png\",\"contentUrl\":\"https:\\\/\\\/ceric.ca\\\/wp-content\\\/uploads\\\/2024\\\/05\\\/Careers-2040-Final-Report-Cover-FR.png\"},{\"@type\":\"BreadcrumbList\",\"@id\":\"https:\\\/\\\/ceric.ca\\\/fr\\\/publications\\\/le-developpement-de-carriere-en-2040\\\/#breadcrumb\",\"itemListElement\":[{\"@type\":\"ListItem\",\"position\":1,\"name\":\"Home\",\"item\":\"https:\\\/\\\/ceric.ca\\\/fr\\\/ceric-homepage-2025\\\/\"},{\"@type\":\"ListItem\",\"position\":2,\"name\":\"Publications\",\"item\":\"https:\\\/\\\/ceric.ca\\\/fr\\\/publications\\\/\"},{\"@type\":\"ListItem\",\"position\":3,\"name\":\"Le d\u00e9veloppement de carri\u00e8re en 2040\"}]},{\"@type\":\"WebSite\",\"@id\":\"https:\\\/\\\/ceric.ca\\\/#website\",\"url\":\"https:\\\/\\\/ceric.ca\\\/\",\"name\":\"CERIC\",\"description\":\"\",\"publisher\":{\"@id\":\"https:\\\/\\\/ceric.ca\\\/#organization\"},\"potentialAction\":[{\"@type\":\"SearchAction\",\"target\":{\"@type\":\"EntryPoint\",\"urlTemplate\":\"https:\\\/\\\/ceric.ca\\\/?s={search_term_string}\"},\"query-input\":{\"@type\":\"PropertyValueSpecification\",\"valueRequired\":true,\"valueName\":\"search_term_string\"}}],\"inLanguage\":\"fr-FR\"},{\"@type\":\"Organization\",\"@id\":\"https:\\\/\\\/ceric.ca\\\/#organization\",\"name\":\"CERIC\",\"url\":\"https:\\\/\\\/ceric.ca\\\/\",\"logo\":{\"@type\":\"ImageObject\",\"inLanguage\":\"fr-FR\",\"@id\":\"https:\\\/\\\/ceric.ca\\\/#\\\/schema\\\/logo\\\/image\\\/\",\"url\":\"\",\"contentUrl\":\"\",\"caption\":\"CERIC\"},\"image\":{\"@id\":\"https:\\\/\\\/ceric.ca\\\/#\\\/schema\\\/logo\\\/image\\\/\"}}]}<\/script>\n<!-- \/ Yoast SEO Premium plugin. -->","yoast_head_json":{"title":"Le d\u00e9veloppement de carri\u00e8re en 2040 - CERIC","robots":{"index":"index","follow":"follow","max-snippet":"max-snippet:-1","max-image-preview":"max-image-preview:large","max-video-preview":"max-video-preview:-1"},"canonical":"https:\/\/ceric.ca\/fr\/publications\/le-developpement-de-carriere-en-2040\/","og_locale":"fr_FR","og_type":"article","og_title":"Le d\u00e9veloppement de carri\u00e8re en 2040","og_description":"Deux\u202frapports majeurs \u00e9manent d\u2019un projet de recherche financ\u00e9 par le CERIC et dirig\u00e9 par\u00a0Creative\u202fFutures, qui a examin\u00e9 comment le travail et le d\u00e9veloppement de carri\u00e8re pourraient [\u2026]","og_url":"https:\/\/ceric.ca\/fr\/publications\/le-developpement-de-carriere-en-2040\/","og_site_name":"CERIC","article_modified_time":"2025-05-05T14:31:07+00:00","og_image":[{"url":"https:\/\/ceric.ca\/wp-content\/uploads\/2024\/05\/Careers-2040-Final-Report-Cover-FR.png","type":"","width":"","height":""}],"twitter_card":"summary_large_image","twitter_misc":{"Dur\u00e9e de lecture estim\u00e9e":"6 minutes"},"schema":{"@context":"https:\/\/schema.org","@graph":[{"@type":"WebPage","@id":"https:\/\/ceric.ca\/fr\/publications\/le-developpement-de-carriere-en-2040\/","url":"https:\/\/ceric.ca\/fr\/publications\/le-developpement-de-carriere-en-2040\/","name":"Le d\u00e9veloppement de carri\u00e8re en 2040 - CERIC","isPartOf":{"@id":"https:\/\/ceric.ca\/#website"},"primaryImageOfPage":{"@id":"https:\/\/ceric.ca\/fr\/publications\/le-developpement-de-carriere-en-2040\/#primaryimage"},"image":{"@id":"https:\/\/ceric.ca\/fr\/publications\/le-developpement-de-carriere-en-2040\/#primaryimage"},"thumbnailUrl":"https:\/\/ceric.ca\/wp-content\/uploads\/2024\/05\/Careers-2040-Final-Report-Cover-FR.png","datePublished":"2025-03-27T13:23:18+00:00","dateModified":"2025-05-05T14:31:07+00:00","breadcrumb":{"@id":"https:\/\/ceric.ca\/fr\/publications\/le-developpement-de-carriere-en-2040\/#breadcrumb"},"inLanguage":"fr-FR","potentialAction":[{"@type":"ReadAction","target":["https:\/\/ceric.ca\/fr\/publications\/le-developpement-de-carriere-en-2040\/"]}]},{"@type":"ImageObject","inLanguage":"fr-FR","@id":"https:\/\/ceric.ca\/fr\/publications\/le-developpement-de-carriere-en-2040\/#primaryimage","url":"https:\/\/ceric.ca\/wp-content\/uploads\/2024\/05\/Careers-2040-Final-Report-Cover-FR.png","contentUrl":"https:\/\/ceric.ca\/wp-content\/uploads\/2024\/05\/Careers-2040-Final-Report-Cover-FR.png"},{"@type":"BreadcrumbList","@id":"https:\/\/ceric.ca\/fr\/publications\/le-developpement-de-carriere-en-2040\/#breadcrumb","itemListElement":[{"@type":"ListItem","position":1,"name":"Home","item":"https:\/\/ceric.ca\/fr\/ceric-homepage-2025\/"},{"@type":"ListItem","position":2,"name":"Publications","item":"https:\/\/ceric.ca\/fr\/publications\/"},{"@type":"ListItem","position":3,"name":"Le d\u00e9veloppement de carri\u00e8re en 2040"}]},{"@type":"WebSite","@id":"https:\/\/ceric.ca\/#website","url":"https:\/\/ceric.ca\/","name":"CERIC","description":"","publisher":{"@id":"https:\/\/ceric.ca\/#organization"},"potentialAction":[{"@type":"SearchAction","target":{"@type":"EntryPoint","urlTemplate":"https:\/\/ceric.ca\/?s={search_term_string}"},"query-input":{"@type":"PropertyValueSpecification","valueRequired":true,"valueName":"search_term_string"}}],"inLanguage":"fr-FR"},{"@type":"Organization","@id":"https:\/\/ceric.ca\/#organization","name":"CERIC","url":"https:\/\/ceric.ca\/","logo":{"@type":"ImageObject","inLanguage":"fr-FR","@id":"https:\/\/ceric.ca\/#\/schema\/logo\/image\/","url":"","contentUrl":"","caption":"CERIC"},"image":{"@id":"https:\/\/ceric.ca\/#\/schema\/logo\/image\/"}}]}},"_links":{"self":[{"href":"https:\/\/ceric.ca\/fr\/wp-json\/wp\/v2\/pages\/70102","targetHints":{"allow":["GET"]}}],"collection":[{"href":"https:\/\/ceric.ca\/fr\/wp-json\/wp\/v2\/pages"}],"about":[{"href":"https:\/\/ceric.ca\/fr\/wp-json\/wp\/v2\/types\/page"}],"author":[{"embeddable":true,"href":"https:\/\/ceric.ca\/fr\/wp-json\/wp\/v2\/users\/1"}],"replies":[{"embeddable":true,"href":"https:\/\/ceric.ca\/fr\/wp-json\/wp\/v2\/comments?post=70102"}],"version-history":[{"count":0,"href":"https:\/\/ceric.ca\/fr\/wp-json\/wp\/v2\/pages\/70102\/revisions"}],"up":[{"embeddable":true,"href":"https:\/\/ceric.ca\/fr\/wp-json\/wp\/v2\/pages\/9720"}],"wp:attachment":[{"href":"https:\/\/ceric.ca\/fr\/wp-json\/wp\/v2\/media?parent=70102"}],"curies":[{"name":"wp","href":"https:\/\/api.w.org\/{rel}","templated":true}]}}