{"id":829,"date":"2017-10-03T09:05:51","date_gmt":"2017-10-03T09:05:51","guid":{"rendered":"http:\/\/ninzio.com\/fundrize\/?page_id=829"},"modified":"2017-10-03T09:05:51","modified_gmt":"2017-10-03T09:05:51","slug":"blog-posts","status":"publish","type":"page","link":"https:\/\/ceric.ca\/fr\/blog-posts\/","title":{"rendered":"Blog Posts"},"content":{"rendered":"<div class=\"wpb-content-wrapper\" id=\"wpb-content-root\"><p>[vc_row][vc_column]\r\n\t<div class=\"wprt-spacer clearfix\" data-desktop=\"126\" data-mobi=\"60\" data-smobi=\"60\"><\/div>\r\n<div class=\"wprt-news arrow-center text-center bullet-circle offset35 offset-v-60 has-bullets has-arrows\" data-auto=\"false\" data-column=\"3\" data-column2=\"2\" data-column3=\"1\" data-gap=\"38\">\r\n\t\r\n\t<div class=\"owl-carousel owl-theme\">\r\n\t        \t<div class=\"news-item clearfix\">\r\n    \t\t<div class=\"inner\"  style=\"background-color:#f6f6f6;\">\r\n    \t\t\t\r\n                <div class=\"text-wrap\" style=\"\">\r\n\t\t\t\t\t<h3 class=\"title\" style=\"\"><a href=\"https:\/\/ceric.ca\/fr\/2026\/08\/career-centre-leadership-guiding-diverse-teams-through-change-without-burning-out\/\">Career Centre Leadership: Guiding Diverse Teams Through Change Without Burning Out (en anglais)<\/a><\/h3><div class=\"meta\"><span class=\"post-date\">31 ao\u00fbt 2026<\/span><\/div><p class=\"excerpt\" style=\"\">S\u00c9RIE DE WEBINAIRES PAYANTEEN DIRECTLes jeudis 1er, 8 et 15 octobre 2026 \u2013 de 12&hellip;<\/p><div class=\"post-btn\"><a href=\"https:\/\/ceric.ca\/fr\/2026\/08\/career-centre-leadership-guiding-diverse-teams-through-change-without-burning-out\/\" class=\"small simple-link\" style=\"\">READ MORE<\/a><\/div>                <\/div><!-- \/.text-wrap -->\r\n            <\/div>\r\n        <\/div><!-- \/.news-item -->\r\n\t\t    \t<div class=\"news-item clearfix\">\r\n    \t\t<div class=\"inner\"  style=\"background-color:#f6f6f6;\">\r\n    \t\t\t\r\n                <div class=\"text-wrap\" style=\"\">\r\n\t\t\t\t\t<h3 class=\"title\" style=\"\"><a href=\"https:\/\/ceric.ca\/fr\/2026\/08\/weaving-the-future-a-culturally-responsive-approach-to-indigenous-recruitment-retention-and-advancement\/\">Weaving the Future: A Culturally Responsive Approach to Indigenous Recruitment, Retention and Advancement (en anglais)<\/a><\/h3><div class=\"meta\"><span class=\"post-date\">24 ao\u00fbt 2026<\/span><\/div><p class=\"excerpt\" style=\"\">S\u00c9RIE DE WEBINAIRES GRATUITE (EN ANGLAIS)EN DIRECTLes lundis 19 et 26 octobre 2026 \u2013 de&hellip;<\/p><div class=\"post-btn\"><a href=\"https:\/\/ceric.ca\/fr\/2026\/08\/weaving-the-future-a-culturally-responsive-approach-to-indigenous-recruitment-retention-and-advancement\/\" class=\"small simple-link\" style=\"\">READ MORE<\/a><\/div>                <\/div><!-- \/.text-wrap -->\r\n            <\/div>\r\n        <\/div><!-- \/.news-item -->\r\n\t\t    \t<div class=\"news-item clearfix\">\r\n    \t\t<div class=\"inner\"  style=\"background-color:#f6f6f6;\">\r\n    \t\t\t<img fetchpriority=\"high\" decoding=\"async\" width=\"600\" height=\"430\" src=\"https:\/\/ceric.ca\/wp-content\/uploads\/2026\/08\/GESP-News-Article-600-x-430-px-3.png\" class=\"attachment-wprt-post-grid size-wprt-post-grid wp-post-image\" alt=\"\" srcset=\"https:\/\/ceric.ca\/wp-content\/uploads\/2026\/08\/GESP-News-Article-600-x-430-px-3.png 600w, https:\/\/ceric.ca\/wp-content\/uploads\/2026\/08\/GESP-News-Article-600-x-430-px-3-300x215.png 300w, https:\/\/ceric.ca\/wp-content\/uploads\/2026\/08\/GESP-News-Article-600-x-430-px-3-480x344.png 480w, https:\/\/ceric.ca\/wp-content\/uploads\/2026\/08\/GESP-News-Article-600-x-430-px-3-105x75.png 105w\" sizes=\"(max-width:767px) 480px, 600px\" \/>\r\n                <div class=\"text-wrap\" style=\"\">\r\n\t\t\t\t\t<h3 class=\"title\" style=\"\"><a href=\"https:\/\/ceric.ca\/fr\/2026\/08\/appel-a-candidatures-ouvert-pour-le-programme-de-mobilisation-des-etudiants-aux-cycles-superieurs-u-ceric\/\">Appel \u00e0 candidatures ouvert pour le Programme de mobilisation des \u00e9tudiants aux cycles sup\u00e9rieurs du CERIC<\/a><\/h3><div class=\"meta\"><span class=\"post-date\">17 ao\u00fbt 2026<\/span><\/div><p class=\"excerpt\" style=\"\">Le CERIC accepte maintenant les candidatures pour son\u00a0Programme de\u00a0mobilisation des \u00e9tudiants aux cycles sup\u00e9rieurs\u00a0(GSEP) 2026-2027,&hellip;<\/p><div class=\"post-btn\"><a href=\"https:\/\/ceric.ca\/fr\/2026\/08\/appel-a-candidatures-ouvert-pour-le-programme-de-mobilisation-des-etudiants-aux-cycles-superieurs-u-ceric\/\" class=\"small simple-link\" style=\"\">READ MORE<\/a><\/div>                <\/div><!-- \/.text-wrap -->\r\n            <\/div>\r\n        <\/div><!-- \/.news-item -->\r\n\t\t    \t<div class=\"news-item clearfix\">\r\n    \t\t<div class=\"inner\"  style=\"background-color:#f6f6f6;\">\r\n    \t\t\t\r\n                <div class=\"text-wrap\" style=\"\">\r\n\t\t\t\t\t<h3 class=\"title\" style=\"\"><a href=\"https:\/\/ceric.ca\/fr\/2026\/08\/intervenir-aupres-de-personnes-autistes-en-orientation-comprendre-communiquer-et-agir\/\">Intervenir aupr\u00e8s de personnes autistes en orientation : comprendre, communiquer et agir<\/a><\/h3><div class=\"meta\"><span class=\"post-date\">7 ao\u00fbt 2026<\/span><\/div><p class=\"excerpt\" style=\"\">S\u00c9RIE DE WEBINAIRE DIRECTEN DIRECTLes mercredis 14, 21 et 28 octobre 2026, de 12 h&hellip;<\/p><div class=\"post-btn\"><a href=\"https:\/\/ceric.ca\/fr\/2026\/08\/intervenir-aupres-de-personnes-autistes-en-orientation-comprendre-communiquer-et-agir\/\" class=\"small simple-link\" style=\"\">READ MORE<\/a><\/div>                <\/div><!-- \/.text-wrap -->\r\n            <\/div>\r\n        <\/div><!-- \/.news-item -->\r\n\t\t    \t<div class=\"news-item clearfix\">\r\n    \t\t<div class=\"inner\"  style=\"background-color:#f6f6f6;\">\r\n    \t\t\t\r\n                <div class=\"text-wrap\" style=\"\">\r\n\t\t\t\t\t<h3 class=\"title\" style=\"\"><a href=\"https:\/\/ceric.ca\/fr\/2026\/08\/intervenir-aupres-de-personnes-autistes-en-orientation-comprendre-communiquer-e-agirdelete\/\">Intervenir aupr\u00e8s de personnes autistes en orientation : comprendre, communiquer et agir<\/a><\/h3><div class=\"meta\"><span class=\"post-date\">2 ao\u00fbt 2026<\/span><\/div><p class=\"excerpt\" style=\"\">S\u00c9RIE DE WEBINAIRE DIRECTEN DIRECTLes mercredis 14, 21 et 28 octobre 2026, de 12 h&hellip;<\/p><div class=\"post-btn\"><a href=\"https:\/\/ceric.ca\/fr\/2026\/08\/intervenir-aupres-de-personnes-autistes-en-orientation-comprendre-communiquer-e-agirdelete\/\" class=\"small simple-link\" style=\"\">READ MORE<\/a><\/div>                <\/div><!-- \/.text-wrap -->\r\n            <\/div>\r\n        <\/div><!-- \/.news-item -->\r\n\t\t    \t<div class=\"news-item clearfix\">\r\n    \t\t<div class=\"inner\"  style=\"background-color:#f6f6f6;\">\r\n    \t\t\t<img decoding=\"async\" width=\"600\" height=\"430\" src=\"https:\/\/ceric.ca\/wp-content\/uploads\/2026\/07\/Wordpress-18.png\" class=\"attachment-wprt-post-grid size-wprt-post-grid wp-post-image\" alt=\"\" srcset=\"https:\/\/ceric.ca\/wp-content\/uploads\/2026\/07\/Wordpress-18.png 600w, https:\/\/ceric.ca\/wp-content\/uploads\/2026\/07\/Wordpress-18-300x215.png 300w, https:\/\/ceric.ca\/wp-content\/uploads\/2026\/07\/Wordpress-18-480x344.png 480w, https:\/\/ceric.ca\/wp-content\/uploads\/2026\/07\/Wordpress-18-105x75.png 105w\" sizes=\"(max-width:767px) 480px, 600px\" \/>\r\n                <div class=\"text-wrap\" style=\"\">\r\n\t\t\t\t\t<h3 class=\"title\" style=\"\"><a href=\"https:\/\/ceric.ca\/fr\/2026\/07\/lancement-de-lappel-a-propositions-pour-des-projets-de-recherche-et-dapprentissage-ete-automne-2026\/\">Lancement de l\u2019appel \u00e0 propositions pour des projets de recherche et d\u2019apprentissage \u2013 \u00e9t\u00e9\/automne 2026<\/a><\/h3><div class=\"meta\"><span class=\"post-date\">29 juillet 2026<\/span><\/div><p class=\"excerpt\" style=\"\">Le CERIC\u00a0sollicite les propositions de particuliers et d\u2019organismes \u2013 notamment dans les secteurs de l\u2019\u00e9ducation,&hellip;<\/p><div class=\"post-btn\"><a href=\"https:\/\/ceric.ca\/fr\/2026\/07\/lancement-de-lappel-a-propositions-pour-des-projets-de-recherche-et-dapprentissage-ete-automne-2026\/\" class=\"small simple-link\" style=\"\">READ MORE<\/a><\/div>                <\/div><!-- \/.text-wrap -->\r\n            <\/div>\r\n        <\/div><!-- \/.news-item -->\r\n\t\t    \t<div class=\"news-item clearfix\">\r\n    \t\t<div class=\"inner\"  style=\"background-color:#f6f6f6;\">\r\n    \t\t\t<img decoding=\"async\" width=\"600\" height=\"430\" src=\"https:\/\/ceric.ca\/wp-content\/uploads\/2026\/07\/Wordpress-16.png\" class=\"attachment-wprt-post-grid size-wprt-post-grid wp-post-image\" alt=\"\" srcset=\"https:\/\/ceric.ca\/wp-content\/uploads\/2026\/07\/Wordpress-16.png 600w, https:\/\/ceric.ca\/wp-content\/uploads\/2026\/07\/Wordpress-16-300x215.png 300w, https:\/\/ceric.ca\/wp-content\/uploads\/2026\/07\/Wordpress-16-480x344.png 480w, https:\/\/ceric.ca\/wp-content\/uploads\/2026\/07\/Wordpress-16-105x75.png 105w\" sizes=\"(max-width:767px) 480px, 600px\" \/>\r\n                <div class=\"text-wrap\" style=\"\">\r\n\t\t\t\t\t<h3 class=\"title\" style=\"\"><a href=\"https:\/\/ceric.ca\/fr\/2026\/07\/ouverture-des-inscriptions-a-cannexus27-nouveaux-conferenciers-dhonneur-et-faits-saillants-du-congres\/\">Ouverture des inscriptions \u00e0 Cannexus27 : nouveaux conf\u00e9renciers d\u2019honneur et faits saillants du congr\u00e8s<\/a><\/h3><div class=\"meta\"><span class=\"post-date\">13 juillet 2026<\/span><\/div><p class=\"excerpt\" style=\"\">Le congr\u00e8s Cannexus27, le plus important congr\u00e8s bilingue en d\u00e9veloppement de carri\u00e8re au Canada, est&hellip;<\/p><div class=\"post-btn\"><a href=\"https:\/\/ceric.ca\/fr\/2026\/07\/ouverture-des-inscriptions-a-cannexus27-nouveaux-conferenciers-dhonneur-et-faits-saillants-du-congres\/\" class=\"small simple-link\" style=\"\">READ MORE<\/a><\/div>                <\/div><!-- \/.text-wrap -->\r\n            <\/div>\r\n        <\/div><!-- \/.news-item -->\r\n\t\t    \t<div class=\"news-item clearfix\">\r\n    \t\t<div class=\"inner\"  style=\"background-color:#f6f6f6;\">\r\n    \t\t\t\r\n                <div class=\"text-wrap\" style=\"\">\r\n\t\t\t\t\t<h3 class=\"title\" style=\"\"><a href=\"https:\/\/ceric.ca\/fr\/2026\/07\/intervenir-aupres-d-personnes-autistes-en-orientation-comprendre-communiquer-et-agir\/\">Intervenir aupr\u00e8s de personnes autistes en orientation : comprendre, communiquer et agir<\/a><\/h3><div class=\"meta\"><span class=\"post-date\">6 juillet 2026<\/span><\/div><p class=\"excerpt\" style=\"\">S\u00c9RIE DE WEBINAIRE DIRECTEN DIRECTLes mercredis 14, 21 et 28 octobre 2026, de 12 h&hellip;<\/p><div class=\"post-btn\"><a href=\"https:\/\/ceric.ca\/fr\/2026\/07\/intervenir-aupres-d-personnes-autistes-en-orientation-comprendre-communiquer-et-agir\/\" class=\"small simple-link\" style=\"\">READ MORE<\/a><\/div>                <\/div><!-- \/.text-wrap -->\r\n            <\/div>\r\n        <\/div><!-- \/.news-item -->\r\n\t\t    \t<div class=\"news-item clearfix\">\r\n    \t\t<div class=\"inner\"  style=\"background-color:#f6f6f6;\">\r\n    \t\t\t<img loading=\"lazy\" decoding=\"async\" width=\"600\" height=\"430\" src=\"https:\/\/ceric.ca\/wp-content\/uploads\/2026\/07\/Wordpress-14.png\" class=\"attachment-wprt-post-grid size-wprt-post-grid wp-post-image\" alt=\"\" srcset=\"https:\/\/ceric.ca\/wp-content\/uploads\/2026\/07\/Wordpress-14.png 600w, https:\/\/ceric.ca\/wp-content\/uploads\/2026\/07\/Wordpress-14-300x215.png 300w, https:\/\/ceric.ca\/wp-content\/uploads\/2026\/07\/Wordpress-14-480x344.png 480w, https:\/\/ceric.ca\/wp-content\/uploads\/2026\/07\/Wordpress-14-105x75.png 105w\" sizes=\"(max-width:767px) 480px, 600px\" \/>\r\n                <div class=\"text-wrap\" style=\"\">\r\n\t\t\t\t\t<h3 class=\"title\" style=\"\"><a href=\"https:\/\/ceric.ca\/fr\/2026\/07\/ceric-annonce-9-webinaires-a-la-demande-disponibles-sur-le-portail-dapprentissage\/\">CERIC annonce 9 webinaires \u00e0 la demande disponibles sur le Portail d&rsquo;apprentissage<\/a><\/h3><div class=\"meta\"><span class=\"post-date\">6 juillet 2026<\/span><\/div><p class=\"excerpt\" style=\"\">CERIC \u00e9largit son Portail d\u2019apprentissage en ajoutant neuf enregistrements de webinaires \u00e0 la demande, couvrant&hellip;<\/p><div class=\"post-btn\"><a href=\"https:\/\/ceric.ca\/fr\/2026\/07\/ceric-annonce-9-webinaires-a-la-demande-disponibles-sur-le-portail-dapprentissage\/\" class=\"small simple-link\" style=\"\">READ MORE<\/a><\/div>                <\/div><!-- \/.text-wrap -->\r\n            <\/div>\r\n        <\/div><!-- \/.news-item -->\r\n\t\t    \t<div class=\"news-item clearfix\">\r\n    \t\t<div class=\"inner\"  style=\"background-color:#f6f6f6;\">\r\n    \t\t\t<img loading=\"lazy\" decoding=\"async\" width=\"600\" height=\"430\" src=\"https:\/\/ceric.ca\/wp-content\/uploads\/2026\/06\/2.png\" class=\"attachment-wprt-post-grid size-wprt-post-grid wp-post-image\" alt=\"\" srcset=\"https:\/\/ceric.ca\/wp-content\/uploads\/2026\/06\/2.png 600w, https:\/\/ceric.ca\/wp-content\/uploads\/2026\/06\/2-300x215.png 300w, https:\/\/ceric.ca\/wp-content\/uploads\/2026\/06\/2-480x344.png 480w, https:\/\/ceric.ca\/wp-content\/uploads\/2026\/06\/2-105x75.png 105w\" sizes=\"(max-width:767px) 480px, 600px\" \/>\r\n                <div class=\"text-wrap\" style=\"\">\r\n\t\t\t\t\t<h3 class=\"title\" style=\"\"><a href=\"https:\/\/ceric.ca\/fr\/2026\/06\/le-ceric-publie-son-rapport-annuel-faire-face-au-moment-present-la-valeur-essentielle-du-developpement-de-carriere-en-periode-dincertitude\/\">Le CERIC publie son rapport annuel : Faire face au moment pr\u00e9sent \u2013 La valeur essentielle du d\u00e9veloppement de carri\u00e8re en p\u00e9riode d&rsquo;incertitude<\/a><\/h3><div class=\"meta\"><span class=\"post-date\">25 juin 2026<\/span><\/div><p class=\"excerpt\" style=\"\">Le CERIC a publi\u00e9 son rapport annuel 2025, Faire face au moment pr\u00e9sent \u2013 La&hellip;<\/p><div class=\"post-btn\"><a href=\"https:\/\/ceric.ca\/fr\/2026\/06\/le-ceric-publie-son-rapport-annuel-faire-face-au-moment-present-la-valeur-essentielle-du-developpement-de-carriere-en-periode-dincertitude\/\" class=\"small simple-link\" style=\"\">READ MORE<\/a><\/div>                <\/div><!-- \/.text-wrap -->\r\n            <\/div>\r\n        <\/div><!-- \/.news-item -->\r\n\t\t    \t<div class=\"news-item clearfix\">\r\n    \t\t<div class=\"inner\"  style=\"background-color:#f6f6f6;\">\r\n    \t\t\t<img loading=\"lazy\" decoding=\"async\" width=\"1280\" height=\"640\" src=\"https:\/\/ceric.ca\/wp-content\/uploads\/2026\/06\/mailchimp-banners.png\" class=\"attachment-wprt-post-grid size-wprt-post-grid wp-post-image\" alt=\"\" srcset=\"https:\/\/ceric.ca\/wp-content\/uploads\/2026\/06\/mailchimp-banners.png 1280w, https:\/\/ceric.ca\/wp-content\/uploads\/2026\/06\/mailchimp-banners-300x150.png 300w, https:\/\/ceric.ca\/wp-content\/uploads\/2026\/06\/mailchimp-banners-1024x512.png 1024w, https:\/\/ceric.ca\/wp-content\/uploads\/2026\/06\/mailchimp-banners-768x384.png 768w, https:\/\/ceric.ca\/wp-content\/uploads\/2026\/06\/mailchimp-banners-870x435.png 870w, https:\/\/ceric.ca\/wp-content\/uploads\/2026\/06\/mailchimp-banners-600x300.png 600w, https:\/\/ceric.ca\/wp-content\/uploads\/2026\/06\/mailchimp-banners-480x240.png 480w, https:\/\/ceric.ca\/wp-content\/uploads\/2026\/06\/mailchimp-banners-150x75.png 150w\" sizes=\"(max-width:767px) 480px, (max-width:1280px) 100vw, 1280px\" \/>\r\n                <div class=\"text-wrap\" style=\"\">\r\n\t\t\t\t\t<h3 class=\"title\" style=\"\"><a href=\"https:\/\/ceric.ca\/fr\/2026\/06\/ouverture-des-nominations-pour-le-prix-etta-st-john-wileman-pour-les-realisations-remarquables-en-developpement-de-carriere\/\">Ouverture des nominations pour le Prix Etta St. John Wileman pour les r\u00e9alisations remarquables en d\u00e9veloppement de carri\u00e8re<\/a><\/h3><div class=\"meta\"><span class=\"post-date\">12 juin 2026<\/span><\/div><p class=\"excerpt\" style=\"\">Le CERIC accepte maintenant les mises en candidature pour son principal hommage : le Prix&hellip;<\/p><div class=\"post-btn\"><a href=\"https:\/\/ceric.ca\/fr\/2026\/06\/ouverture-des-nominations-pour-le-prix-etta-st-john-wileman-pour-les-realisations-remarquables-en-developpement-de-carriere\/\" class=\"small simple-link\" style=\"\">READ MORE<\/a><\/div>                <\/div><!-- \/.text-wrap -->\r\n            <\/div>\r\n        <\/div><!-- \/.news-item -->\r\n\t\t    \t<div class=\"news-item clearfix\">\r\n    \t\t<div class=\"inner\"  style=\"background-color:#f6f6f6;\">\r\n    \t\t\t<img loading=\"lazy\" decoding=\"async\" width=\"600\" height=\"430\" src=\"https:\/\/ceric.ca\/wp-content\/uploads\/2026\/06\/Wordpress-12.png\" class=\"attachment-wprt-post-grid size-wprt-post-grid wp-post-image\" alt=\"\" srcset=\"https:\/\/ceric.ca\/wp-content\/uploads\/2026\/06\/Wordpress-12.png 600w, https:\/\/ceric.ca\/wp-content\/uploads\/2026\/06\/Wordpress-12-300x215.png 300w, https:\/\/ceric.ca\/wp-content\/uploads\/2026\/06\/Wordpress-12-480x344.png 480w, https:\/\/ceric.ca\/wp-content\/uploads\/2026\/06\/Wordpress-12-105x75.png 105w\" sizes=\"(max-width:767px) 480px, 600px\" \/>\r\n                <div class=\"text-wrap\" style=\"\">\r\n\t\t\t\t\t<h3 class=\"title\" style=\"\"><a href=\"https:\/\/ceric.ca\/fr\/2026\/06\/le-ceric-publie-un-nouveau-plan-strategique-visant-a-renforcer-la-preparation-aux-defis-futurs-la-sensibilisation-du-public-et-le-leadership-canadien\/\">Le CERIC d\u00e9voile un nouveau plan strat\u00e9gique visant \u00e0 renforcer la pr\u00e9paration aux d\u00e9fis futurs, la sensibilisation du public et le leadership canadien<\/a><\/h3><div class=\"meta\"><span class=\"post-date\">9 juin 2026<\/span><\/div><p class=\"excerpt\" style=\"\">Le d\u00e9veloppement de carri\u00e8re au Canada se trouve \u00e0 un tournant. Les facteurs qui transforment&hellip;<\/p><div class=\"post-btn\"><a href=\"https:\/\/ceric.ca\/fr\/2026\/06\/le-ceric-publie-un-nouveau-plan-strategique-visant-a-renforcer-la-preparation-aux-defis-futurs-la-sensibilisation-du-public-et-le-leadership-canadien\/\" class=\"small simple-link\" style=\"\">READ MORE<\/a><\/div>                <\/div><!-- \/.text-wrap -->\r\n            <\/div>\r\n        <\/div><!-- \/.news-item -->\r\n\t\t\t<\/div><!-- \/.owl-carousel -->\r\n\r\n<\/div><!-- \/.wprt-news -->\r\n\r\n\t<div class=\"wprt-spacer clearfix\" data-desktop=\"65\" data-mobi=\"35\" data-smobi=\"35\"><\/div>[\/vc_column][\/vc_row][vc_row full_width=\u00a0\u00bbstretch_row\u00a0\u00bb css=\u00a0\u00bb.vc_custom_1507042002304{background-color: #f5f5f5 !important;}\u00a0\u00bb][vc_column]\r\n\t<div class=\"wprt-spacer clearfix\" data-desktop=\"126\" data-mobi=\"60\" data-smobi=\"60\"><\/div>\r\n<div class=\"wprt-news arrow-center text-center bullet-circle offset35 offset-v-60 has-shadow has-bullets has-arrows bullet45\" data-auto=\"true\" data-column=\"3\" data-column2=\"2\" data-column3=\"1\" data-gap=\"34\">\r\n\t\r\n\t<div class=\"owl-carousel owl-theme\">\r\n\t        \t<div class=\"news-item clearfix\">\r\n    \t\t<div class=\"inner\"  style=\"background-color:#ffffff;\">\r\n    \t\t\t\r\n                <div class=\"text-wrap\" style=\"\">\r\n\t\t\t\t\t<h3 class=\"title\" style=\"\"><a href=\"https:\/\/ceric.ca\/fr\/2026\/08\/career-centre-leadership-guiding-diverse-teams-through-change-without-burning-out\/\">Career Centre Leadership: Guiding Diverse Teams Through Change Without Burning Out (en anglais)<\/a><\/h3><div class=\"meta\"><span class=\"post-date\">31 ao\u00fbt 2026<\/span><\/div><p class=\"excerpt\" style=\"\">S\u00c9RIE DE WEBINAIRES PAYANTEEN DIRECTLes jeudis 1er, 8 et 15 octobre 2026 \u2013 de 12&hellip;<\/p><div class=\"post-btn\"><a href=\"https:\/\/ceric.ca\/fr\/2026\/08\/career-centre-leadership-guiding-diverse-teams-through-change-without-burning-out\/\" class=\"small simple-link\" style=\"\">READ MORE<\/a><\/div>                <\/div><!-- \/.text-wrap -->\r\n            <\/div>\r\n        <\/div><!-- \/.news-item -->\r\n\t\t    \t<div class=\"news-item clearfix\">\r\n    \t\t<div class=\"inner\"  style=\"background-color:#ffffff;\">\r\n    \t\t\t\r\n                <div class=\"text-wrap\" style=\"\">\r\n\t\t\t\t\t<h3 class=\"title\" style=\"\"><a href=\"https:\/\/ceric.ca\/fr\/2026\/08\/weaving-the-future-a-culturally-responsive-approach-to-indigenous-recruitment-retention-and-advancement\/\">Weaving the Future: A Culturally Responsive Approach to Indigenous Recruitment, Retention and Advancement (en anglais)<\/a><\/h3><div class=\"meta\"><span class=\"post-date\">24 ao\u00fbt 2026<\/span><\/div><p class=\"excerpt\" style=\"\">S\u00c9RIE DE WEBINAIRES GRATUITE (EN ANGLAIS)EN DIRECTLes lundis 19 et 26 octobre 2026 \u2013 de&hellip;<\/p><div class=\"post-btn\"><a href=\"https:\/\/ceric.ca\/fr\/2026\/08\/weaving-the-future-a-culturally-responsive-approach-to-indigenous-recruitment-retention-and-advancement\/\" class=\"small simple-link\" style=\"\">READ MORE<\/a><\/div>                <\/div><!-- \/.text-wrap -->\r\n            <\/div>\r\n        <\/div><!-- \/.news-item -->\r\n\t\t    \t<div class=\"news-item clearfix\">\r\n    \t\t<div class=\"inner\"  style=\"background-color:#ffffff;\">\r\n    \t\t\t<img fetchpriority=\"high\" decoding=\"async\" width=\"600\" height=\"430\" src=\"https:\/\/ceric.ca\/wp-content\/uploads\/2026\/08\/GESP-News-Article-600-x-430-px-3.png\" class=\"attachment-wprt-post-grid size-wprt-post-grid wp-post-image\" alt=\"\" srcset=\"https:\/\/ceric.ca\/wp-content\/uploads\/2026\/08\/GESP-News-Article-600-x-430-px-3.png 600w, https:\/\/ceric.ca\/wp-content\/uploads\/2026\/08\/GESP-News-Article-600-x-430-px-3-300x215.png 300w, https:\/\/ceric.ca\/wp-content\/uploads\/2026\/08\/GESP-News-Article-600-x-430-px-3-480x344.png 480w, https:\/\/ceric.ca\/wp-content\/uploads\/2026\/08\/GESP-News-Article-600-x-430-px-3-105x75.png 105w\" sizes=\"(max-width:767px) 480px, 600px\" \/>\r\n                <div class=\"text-wrap\" style=\"\">\r\n\t\t\t\t\t<h3 class=\"title\" style=\"\"><a href=\"https:\/\/ceric.ca\/fr\/2026\/08\/appel-a-candidatures-ouvert-pour-le-programme-de-mobilisation-des-etudiants-aux-cycles-superieurs-u-ceric\/\">Appel \u00e0 candidatures ouvert pour le Programme de mobilisation des \u00e9tudiants aux cycles sup\u00e9rieurs du CERIC<\/a><\/h3><div class=\"meta\"><span class=\"post-date\">17 ao\u00fbt 2026<\/span><\/div><p class=\"excerpt\" style=\"\">Le CERIC accepte maintenant les candidatures pour son\u00a0Programme de\u00a0mobilisation des \u00e9tudiants aux cycles sup\u00e9rieurs\u00a0(GSEP) 2026-2027,&hellip;<\/p><div class=\"post-btn\"><a href=\"https:\/\/ceric.ca\/fr\/2026\/08\/appel-a-candidatures-ouvert-pour-le-programme-de-mobilisation-des-etudiants-aux-cycles-superieurs-u-ceric\/\" class=\"small simple-link\" style=\"\">READ MORE<\/a><\/div>                <\/div><!-- \/.text-wrap -->\r\n            <\/div>\r\n        <\/div><!-- \/.news-item -->\r\n\t\t    \t<div class=\"news-item clearfix\">\r\n    \t\t<div class=\"inner\"  style=\"background-color:#ffffff;\">\r\n    \t\t\t\r\n                <div class=\"text-wrap\" style=\"\">\r\n\t\t\t\t\t<h3 class=\"title\" style=\"\"><a href=\"https:\/\/ceric.ca\/fr\/2026\/08\/intervenir-aupres-de-personnes-autistes-en-orientation-comprendre-communiquer-et-agir\/\">Intervenir aupr\u00e8s de personnes autistes en orientation : comprendre, communiquer et agir<\/a><\/h3><div class=\"meta\"><span class=\"post-date\">7 ao\u00fbt 2026<\/span><\/div><p class=\"excerpt\" style=\"\">S\u00c9RIE DE WEBINAIRE DIRECTEN DIRECTLes mercredis 14, 21 et 28 octobre 2026, de 12 h&hellip;<\/p><div class=\"post-btn\"><a href=\"https:\/\/ceric.ca\/fr\/2026\/08\/intervenir-aupres-de-personnes-autistes-en-orientation-comprendre-communiquer-et-agir\/\" class=\"small simple-link\" style=\"\">READ MORE<\/a><\/div>                <\/div><!-- \/.text-wrap -->\r\n            <\/div>\r\n        <\/div><!-- \/.news-item -->\r\n\t\t    \t<div class=\"news-item clearfix\">\r\n    \t\t<div class=\"inner\"  style=\"background-color:#ffffff;\">\r\n    \t\t\t\r\n                <div class=\"text-wrap\" style=\"\">\r\n\t\t\t\t\t<h3 class=\"title\" style=\"\"><a href=\"https:\/\/ceric.ca\/fr\/2026\/08\/intervenir-aupres-de-personnes-autistes-en-orientation-comprendre-communiquer-e-agirdelete\/\">Intervenir aupr\u00e8s de personnes autistes en orientation : comprendre, communiquer et agir<\/a><\/h3><div class=\"meta\"><span class=\"post-date\">2 ao\u00fbt 2026<\/span><\/div><p class=\"excerpt\" style=\"\">S\u00c9RIE DE WEBINAIRE DIRECTEN DIRECTLes mercredis 14, 21 et 28 octobre 2026, de 12 h&hellip;<\/p><div class=\"post-btn\"><a href=\"https:\/\/ceric.ca\/fr\/2026\/08\/intervenir-aupres-de-personnes-autistes-en-orientation-comprendre-communiquer-e-agirdelete\/\" class=\"small simple-link\" style=\"\">READ MORE<\/a><\/div>                <\/div><!-- \/.text-wrap -->\r\n            <\/div>\r\n        <\/div><!-- \/.news-item -->\r\n\t\t    \t<div class=\"news-item clearfix\">\r\n    \t\t<div class=\"inner\"  style=\"background-color:#ffffff;\">\r\n    \t\t\t<img decoding=\"async\" width=\"600\" height=\"430\" src=\"https:\/\/ceric.ca\/wp-content\/uploads\/2026\/07\/Wordpress-18.png\" class=\"attachment-wprt-post-grid size-wprt-post-grid wp-post-image\" alt=\"\" srcset=\"https:\/\/ceric.ca\/wp-content\/uploads\/2026\/07\/Wordpress-18.png 600w, https:\/\/ceric.ca\/wp-content\/uploads\/2026\/07\/Wordpress-18-300x215.png 300w, https:\/\/ceric.ca\/wp-content\/uploads\/2026\/07\/Wordpress-18-480x344.png 480w, https:\/\/ceric.ca\/wp-content\/uploads\/2026\/07\/Wordpress-18-105x75.png 105w\" sizes=\"(max-width:767px) 480px, 600px\" \/>\r\n                <div class=\"text-wrap\" style=\"\">\r\n\t\t\t\t\t<h3 class=\"title\" style=\"\"><a href=\"https:\/\/ceric.ca\/fr\/2026\/07\/lancement-de-lappel-a-propositions-pour-des-projets-de-recherche-et-dapprentissage-ete-automne-2026\/\">Lancement de l\u2019appel \u00e0 propositions pour des projets de recherche et d\u2019apprentissage \u2013 \u00e9t\u00e9\/automne 2026<\/a><\/h3><div class=\"meta\"><span class=\"post-date\">29 juillet 2026<\/span><\/div><p class=\"excerpt\" style=\"\">Le CERIC\u00a0sollicite les propositions de particuliers et d\u2019organismes \u2013 notamment dans les secteurs de l\u2019\u00e9ducation,&hellip;<\/p><div class=\"post-btn\"><a href=\"https:\/\/ceric.ca\/fr\/2026\/07\/lancement-de-lappel-a-propositions-pour-des-projets-de-recherche-et-dapprentissage-ete-automne-2026\/\" class=\"small simple-link\" style=\"\">READ MORE<\/a><\/div>                <\/div><!-- \/.text-wrap -->\r\n            <\/div>\r\n        <\/div><!-- \/.news-item -->\r\n\t\t    \t<div class=\"news-item clearfix\">\r\n    \t\t<div class=\"inner\"  style=\"background-color:#ffffff;\">\r\n    \t\t\t<img decoding=\"async\" width=\"600\" height=\"430\" src=\"https:\/\/ceric.ca\/wp-content\/uploads\/2026\/07\/Wordpress-16.png\" class=\"attachment-wprt-post-grid size-wprt-post-grid wp-post-image\" alt=\"\" srcset=\"https:\/\/ceric.ca\/wp-content\/uploads\/2026\/07\/Wordpress-16.png 600w, https:\/\/ceric.ca\/wp-content\/uploads\/2026\/07\/Wordpress-16-300x215.png 300w, https:\/\/ceric.ca\/wp-content\/uploads\/2026\/07\/Wordpress-16-480x344.png 480w, https:\/\/ceric.ca\/wp-content\/uploads\/2026\/07\/Wordpress-16-105x75.png 105w\" sizes=\"(max-width:767px) 480px, 600px\" \/>\r\n                <div class=\"text-wrap\" style=\"\">\r\n\t\t\t\t\t<h3 class=\"title\" style=\"\"><a href=\"https:\/\/ceric.ca\/fr\/2026\/07\/ouverture-des-inscriptions-a-cannexus27-nouveaux-conferenciers-dhonneur-et-faits-saillants-du-congres\/\">Ouverture des inscriptions \u00e0 Cannexus27 : nouveaux conf\u00e9renciers d\u2019honneur et faits saillants du congr\u00e8s<\/a><\/h3><div class=\"meta\"><span class=\"post-date\">13 juillet 2026<\/span><\/div><p class=\"excerpt\" style=\"\">Le congr\u00e8s Cannexus27, le plus important congr\u00e8s bilingue en d\u00e9veloppement de carri\u00e8re au Canada, est&hellip;<\/p><div class=\"post-btn\"><a href=\"https:\/\/ceric.ca\/fr\/2026\/07\/ouverture-des-inscriptions-a-cannexus27-nouveaux-conferenciers-dhonneur-et-faits-saillants-du-congres\/\" class=\"small simple-link\" style=\"\">READ MORE<\/a><\/div>                <\/div><!-- \/.text-wrap -->\r\n            <\/div>\r\n        <\/div><!-- \/.news-item -->\r\n\t\t    \t<div class=\"news-item clearfix\">\r\n    \t\t<div class=\"inner\"  style=\"background-color:#ffffff;\">\r\n    \t\t\t\r\n                <div class=\"text-wrap\" style=\"\">\r\n\t\t\t\t\t<h3 class=\"title\" style=\"\"><a href=\"https:\/\/ceric.ca\/fr\/2026\/07\/intervenir-aupres-d-personnes-autistes-en-orientation-comprendre-communiquer-et-agir\/\">Intervenir aupr\u00e8s de personnes autistes en orientation : comprendre, communiquer et agir<\/a><\/h3><div class=\"meta\"><span class=\"post-date\">6 juillet 2026<\/span><\/div><p class=\"excerpt\" style=\"\">S\u00c9RIE DE WEBINAIRE DIRECTEN DIRECTLes mercredis 14, 21 et 28 octobre 2026, de 12 h&hellip;<\/p><div class=\"post-btn\"><a href=\"https:\/\/ceric.ca\/fr\/2026\/07\/intervenir-aupres-d-personnes-autistes-en-orientation-comprendre-communiquer-et-agir\/\" class=\"small simple-link\" style=\"\">READ MORE<\/a><\/div>                <\/div><!-- \/.text-wrap -->\r\n            <\/div>\r\n        <\/div><!-- \/.news-item -->\r\n\t\t    \t<div class=\"news-item clearfix\">\r\n    \t\t<div class=\"inner\"  style=\"background-color:#ffffff;\">\r\n    \t\t\t<img loading=\"lazy\" decoding=\"async\" width=\"600\" height=\"430\" src=\"https:\/\/ceric.ca\/wp-content\/uploads\/2026\/07\/Wordpress-14.png\" class=\"attachment-wprt-post-grid size-wprt-post-grid wp-post-image\" alt=\"\" srcset=\"https:\/\/ceric.ca\/wp-content\/uploads\/2026\/07\/Wordpress-14.png 600w, https:\/\/ceric.ca\/wp-content\/uploads\/2026\/07\/Wordpress-14-300x215.png 300w, https:\/\/ceric.ca\/wp-content\/uploads\/2026\/07\/Wordpress-14-480x344.png 480w, https:\/\/ceric.ca\/wp-content\/uploads\/2026\/07\/Wordpress-14-105x75.png 105w\" sizes=\"(max-width:767px) 480px, 600px\" \/>\r\n                <div class=\"text-wrap\" style=\"\">\r\n\t\t\t\t\t<h3 class=\"title\" style=\"\"><a href=\"https:\/\/ceric.ca\/fr\/2026\/07\/ceric-annonce-9-webinaires-a-la-demande-disponibles-sur-le-portail-dapprentissage\/\">CERIC annonce 9 webinaires \u00e0 la demande disponibles sur le Portail d&rsquo;apprentissage<\/a><\/h3><div class=\"meta\"><span class=\"post-date\">6 juillet 2026<\/span><\/div><p class=\"excerpt\" style=\"\">CERIC \u00e9largit son Portail d\u2019apprentissage en ajoutant neuf enregistrements de webinaires \u00e0 la demande, couvrant&hellip;<\/p><div class=\"post-btn\"><a href=\"https:\/\/ceric.ca\/fr\/2026\/07\/ceric-annonce-9-webinaires-a-la-demande-disponibles-sur-le-portail-dapprentissage\/\" class=\"small simple-link\" style=\"\">READ MORE<\/a><\/div>                <\/div><!-- \/.text-wrap -->\r\n            <\/div>\r\n        <\/div><!-- \/.news-item -->\r\n\t\t    \t<div class=\"news-item clearfix\">\r\n    \t\t<div class=\"inner\"  style=\"background-color:#ffffff;\">\r\n    \t\t\t<img loading=\"lazy\" decoding=\"async\" width=\"600\" height=\"430\" src=\"https:\/\/ceric.ca\/wp-content\/uploads\/2026\/06\/2.png\" class=\"attachment-wprt-post-grid size-wprt-post-grid wp-post-image\" alt=\"\" srcset=\"https:\/\/ceric.ca\/wp-content\/uploads\/2026\/06\/2.png 600w, https:\/\/ceric.ca\/wp-content\/uploads\/2026\/06\/2-300x215.png 300w, https:\/\/ceric.ca\/wp-content\/uploads\/2026\/06\/2-480x344.png 480w, https:\/\/ceric.ca\/wp-content\/uploads\/2026\/06\/2-105x75.png 105w\" sizes=\"(max-width:767px) 480px, 600px\" \/>\r\n                <div class=\"text-wrap\" style=\"\">\r\n\t\t\t\t\t<h3 class=\"title\" style=\"\"><a href=\"https:\/\/ceric.ca\/fr\/2026\/06\/le-ceric-publie-son-rapport-annuel-faire-face-au-moment-present-la-valeur-essentielle-du-developpement-de-carriere-en-periode-dincertitude\/\">Le CERIC publie son rapport annuel : Faire face au moment pr\u00e9sent \u2013 La valeur essentielle du d\u00e9veloppement de carri\u00e8re en p\u00e9riode d&rsquo;incertitude<\/a><\/h3><div class=\"meta\"><span class=\"post-date\">25 juin 2026<\/span><\/div><p class=\"excerpt\" style=\"\">Le CERIC a publi\u00e9 son rapport annuel 2025, Faire face au moment pr\u00e9sent \u2013 La&hellip;<\/p><div class=\"post-btn\"><a href=\"https:\/\/ceric.ca\/fr\/2026\/06\/le-ceric-publie-son-rapport-annuel-faire-face-au-moment-present-la-valeur-essentielle-du-developpement-de-carriere-en-periode-dincertitude\/\" class=\"small simple-link\" style=\"\">READ MORE<\/a><\/div>                <\/div><!-- \/.text-wrap -->\r\n            <\/div>\r\n        <\/div><!-- \/.news-item -->\r\n\t\t    \t<div class=\"news-item clearfix\">\r\n    \t\t<div class=\"inner\"  style=\"background-color:#ffffff;\">\r\n    \t\t\t<img loading=\"lazy\" decoding=\"async\" width=\"1280\" height=\"640\" src=\"https:\/\/ceric.ca\/wp-content\/uploads\/2026\/06\/mailchimp-banners.png\" class=\"attachment-wprt-post-grid size-wprt-post-grid wp-post-image\" alt=\"\" srcset=\"https:\/\/ceric.ca\/wp-content\/uploads\/2026\/06\/mailchimp-banners.png 1280w, https:\/\/ceric.ca\/wp-content\/uploads\/2026\/06\/mailchimp-banners-300x150.png 300w, https:\/\/ceric.ca\/wp-content\/uploads\/2026\/06\/mailchimp-banners-1024x512.png 1024w, https:\/\/ceric.ca\/wp-content\/uploads\/2026\/06\/mailchimp-banners-768x384.png 768w, https:\/\/ceric.ca\/wp-content\/uploads\/2026\/06\/mailchimp-banners-870x435.png 870w, https:\/\/ceric.ca\/wp-content\/uploads\/2026\/06\/mailchimp-banners-600x300.png 600w, https:\/\/ceric.ca\/wp-content\/uploads\/2026\/06\/mailchimp-banners-480x240.png 480w, https:\/\/ceric.ca\/wp-content\/uploads\/2026\/06\/mailchimp-banners-150x75.png 150w\" sizes=\"(max-width:767px) 480px, (max-width:1280px) 100vw, 1280px\" \/>\r\n                <div class=\"text-wrap\" style=\"\">\r\n\t\t\t\t\t<h3 class=\"title\" style=\"\"><a href=\"https:\/\/ceric.ca\/fr\/2026\/06\/ouverture-des-nominations-pour-le-prix-etta-st-john-wileman-pour-les-realisations-remarquables-en-developpement-de-carriere\/\">Ouverture des nominations pour le Prix Etta St. John Wileman pour les r\u00e9alisations remarquables en d\u00e9veloppement de carri\u00e8re<\/a><\/h3><div class=\"meta\"><span class=\"post-date\">12 juin 2026<\/span><\/div><p class=\"excerpt\" style=\"\">Le CERIC accepte maintenant les mises en candidature pour son principal hommage : le Prix&hellip;<\/p><div class=\"post-btn\"><a href=\"https:\/\/ceric.ca\/fr\/2026\/06\/ouverture-des-nominations-pour-le-prix-etta-st-john-wileman-pour-les-realisations-remarquables-en-developpement-de-carriere\/\" class=\"small simple-link\" style=\"\">READ MORE<\/a><\/div>                <\/div><!-- \/.text-wrap -->\r\n            <\/div>\r\n        <\/div><!-- \/.news-item -->\r\n\t\t    \t<div class=\"news-item clearfix\">\r\n    \t\t<div class=\"inner\"  style=\"background-color:#ffffff;\">\r\n    \t\t\t<img loading=\"lazy\" decoding=\"async\" width=\"600\" height=\"430\" src=\"https:\/\/ceric.ca\/wp-content\/uploads\/2026\/06\/Wordpress-12.png\" class=\"attachment-wprt-post-grid size-wprt-post-grid wp-post-image\" alt=\"\" srcset=\"https:\/\/ceric.ca\/wp-content\/uploads\/2026\/06\/Wordpress-12.png 600w, https:\/\/ceric.ca\/wp-content\/uploads\/2026\/06\/Wordpress-12-300x215.png 300w, https:\/\/ceric.ca\/wp-content\/uploads\/2026\/06\/Wordpress-12-480x344.png 480w, https:\/\/ceric.ca\/wp-content\/uploads\/2026\/06\/Wordpress-12-105x75.png 105w\" sizes=\"(max-width:767px) 480px, 600px\" \/>\r\n                <div class=\"text-wrap\" style=\"\">\r\n\t\t\t\t\t<h3 class=\"title\" style=\"\"><a href=\"https:\/\/ceric.ca\/fr\/2026\/06\/le-ceric-publie-un-nouveau-plan-strategique-visant-a-renforcer-la-preparation-aux-defis-futurs-la-sensibilisation-du-public-et-le-leadership-canadien\/\">Le CERIC d\u00e9voile un nouveau plan strat\u00e9gique visant \u00e0 renforcer la pr\u00e9paration aux d\u00e9fis futurs, la sensibilisation du public et le leadership canadien<\/a><\/h3><div class=\"meta\"><span class=\"post-date\">9 juin 2026<\/span><\/div><p class=\"excerpt\" style=\"\">Le d\u00e9veloppement de carri\u00e8re au Canada se trouve \u00e0 un tournant. Les facteurs qui transforment&hellip;<\/p><div class=\"post-btn\"><a href=\"https:\/\/ceric.ca\/fr\/2026\/06\/le-ceric-publie-un-nouveau-plan-strategique-visant-a-renforcer-la-preparation-aux-defis-futurs-la-sensibilisation-du-public-et-le-leadership-canadien\/\" class=\"small simple-link\" style=\"\">READ MORE<\/a><\/div>                <\/div><!-- \/.text-wrap -->\r\n            <\/div>\r\n        <\/div><!-- \/.news-item -->\r\n\t\t\t<\/div><!-- \/.owl-carousel -->\r\n\r\n<\/div><!-- \/.wprt-news -->\r\n\r\n\t<div class=\"wprt-spacer clearfix\" data-desktop=\"75\" data-mobi=\"35\" data-smobi=\"35\"><\/div>[\/vc_column][\/vc_row]<\/p>\n<\/div>","protected":false},"excerpt":{"rendered":"<p>[vc_row][vc_column][\/vc_column][\/vc_row][vc_row full_width=\u00a0\u00bbstretch_row\u00a0\u00bb css=\u00a0\u00bb.vc_custom_1507042002304{background-color: #f5f5f5 !important;}\u00a0\u00bb][vc_column][\/vc_column][\/vc_row]<\/p>\n","protected":false},"author":1,"featured_media":0,"parent":0,"menu_order":0,"comment_status":"closed","ping_status":"closed","template":"","meta":{"rs_blank_template":"","rs_page_bg_color":"","slide_template_v7":"","h5ap_radio_sources":[],"footnotes":""},"class_list":["post-829","page","type-page","status-publish","hentry"],"yoast_head":"<!-- This site is optimized with the Yoast SEO plugin v28.4 - https:\/\/yoast.com\/product\/yoast-seo-wordpress\/ -->\n<title>Blog Posts - CERIC<\/title>\n<meta name=\"robots\" content=\"index, follow, max-snippet:-1, max-image-preview:large, max-video-preview:-1\" \/>\n<link rel=\"canonical\" href=\"https:\/\/ceric.ca\/fr\/elements__trashed\/blog-posts\/\" \/>\n<meta property=\"og:locale\" content=\"fr_FR\" \/>\n<meta property=\"og:type\" content=\"article\" \/>\n<meta property=\"og:title\" content=\"Blog Posts - CERIC\" \/>\n<meta property=\"og:description\" content=\"[vc_row][vc_column][\/vc_column][\/vc_row][vc_row full_width=\u00a0\u00bbstretch_row\u00a0\u00bb css=\u00a0\u00bb.vc_custom_1507042002304{background-color: #f5f5f5 !important;}\u00a0\u00bb][vc_column][\/vc_column][\/vc_row]\" \/>\n<meta property=\"og:url\" content=\"https:\/\/ceric.ca\/fr\/elements__trashed\/blog-posts\/\" \/>\n<meta property=\"og:site_name\" content=\"CERIC\" \/>\n<meta name=\"twitter:card\" content=\"summary_large_image\" \/>\n<meta name=\"twitter:label1\" content=\"Dur\u00e9e de lecture estim\u00e9e\" \/>\n\t<meta name=\"twitter:data1\" content=\"1 minute\" \/>\n<script type=\"application\/ld+json\" class=\"yoast-schema-graph\">{\"@context\":\"https:\\\/\\\/schema.org\",\"@graph\":[{\"@type\":\"WebPage\",\"@id\":\"https:\\\/\\\/ceric.ca\\\/fr\\\/elements__trashed\\\/blog-posts\\\/\",\"url\":\"https:\\\/\\\/ceric.ca\\\/fr\\\/elements__trashed\\\/blog-posts\\\/\",\"name\":\"Blog Posts - CERIC\",\"isPartOf\":{\"@id\":\"https:\\\/\\\/ceric.ca\\\/#website\"},\"datePublished\":\"2017-10-03T09:05:51+00:00\",\"breadcrumb\":{\"@id\":\"https:\\\/\\\/ceric.ca\\\/fr\\\/elements__trashed\\\/blog-posts\\\/#breadcrumb\"},\"inLanguage\":\"fr-FR\",\"potentialAction\":[{\"@type\":\"ReadAction\",\"target\":[\"https:\\\/\\\/ceric.ca\\\/fr\\\/elements__trashed\\\/blog-posts\\\/\"]}]},{\"@type\":\"BreadcrumbList\",\"@id\":\"https:\\\/\\\/ceric.ca\\\/fr\\\/elements__trashed\\\/blog-posts\\\/#breadcrumb\",\"itemListElement\":[{\"@type\":\"ListItem\",\"position\":1,\"name\":\"Home\",\"item\":\"https:\\\/\\\/ceric.ca\\\/fr\\\/ceric-homepage-2025\\\/\"},{\"@type\":\"ListItem\",\"position\":2,\"name\":\"Blog Posts\"}]},{\"@type\":\"WebSite\",\"@id\":\"https:\\\/\\\/ceric.ca\\\/#website\",\"url\":\"https:\\\/\\\/ceric.ca\\\/\",\"name\":\"CERIC\",\"description\":\"\",\"publisher\":{\"@id\":\"https:\\\/\\\/ceric.ca\\\/#organization\"},\"potentialAction\":[{\"@type\":\"SearchAction\",\"target\":{\"@type\":\"EntryPoint\",\"urlTemplate\":\"https:\\\/\\\/ceric.ca\\\/?s={search_term_string}\"},\"query-input\":{\"@type\":\"PropertyValueSpecification\",\"valueRequired\":true,\"valueName\":\"search_term_string\"}}],\"inLanguage\":\"fr-FR\"},{\"@type\":\"Organization\",\"@id\":\"https:\\\/\\\/ceric.ca\\\/#organization\",\"name\":\"CERIC\",\"url\":\"https:\\\/\\\/ceric.ca\\\/\",\"logo\":{\"@type\":\"ImageObject\",\"inLanguage\":\"fr-FR\",\"@id\":\"https:\\\/\\\/ceric.ca\\\/#\\\/schema\\\/logo\\\/image\\\/\",\"url\":\"\",\"contentUrl\":\"\",\"caption\":\"CERIC\"},\"image\":{\"@id\":\"https:\\\/\\\/ceric.ca\\\/#\\\/schema\\\/logo\\\/image\\\/\"}}]}<\/script>\n<!-- \/ Yoast SEO plugin. -->","yoast_head_json":{"title":"Blog Posts - CERIC","robots":{"index":"index","follow":"follow","max-snippet":"max-snippet:-1","max-image-preview":"max-image-preview:large","max-video-preview":"max-video-preview:-1"},"canonical":"https:\/\/ceric.ca\/fr\/elements__trashed\/blog-posts\/","og_locale":"fr_FR","og_type":"article","og_title":"Blog Posts - CERIC","og_description":"[vc_row][vc_column][\/vc_column][\/vc_row][vc_row full_width=\u00a0\u00bbstretch_row\u00a0\u00bb css=\u00a0\u00bb.vc_custom_1507042002304{background-color: #f5f5f5 !important;}\u00a0\u00bb][vc_column][\/vc_column][\/vc_row]","og_url":"https:\/\/ceric.ca\/fr\/elements__trashed\/blog-posts\/","og_site_name":"CERIC","twitter_card":"summary_large_image","twitter_misc":{"Dur\u00e9e de lecture estim\u00e9e":"1 minute"},"schema":{"@context":"https:\/\/schema.org","@graph":[{"@type":"WebPage","@id":"https:\/\/ceric.ca\/fr\/elements__trashed\/blog-posts\/","url":"https:\/\/ceric.ca\/fr\/elements__trashed\/blog-posts\/","name":"Blog Posts - CERIC","isPartOf":{"@id":"https:\/\/ceric.ca\/#website"},"datePublished":"2017-10-03T09:05:51+00:00","breadcrumb":{"@id":"https:\/\/ceric.ca\/fr\/elements__trashed\/blog-posts\/#breadcrumb"},"inLanguage":"fr-FR","potentialAction":[{"@type":"ReadAction","target":["https:\/\/ceric.ca\/fr\/elements__trashed\/blog-posts\/"]}]},{"@type":"BreadcrumbList","@id":"https:\/\/ceric.ca\/fr\/elements__trashed\/blog-posts\/#breadcrumb","itemListElement":[{"@type":"ListItem","position":1,"name":"Home","item":"https:\/\/ceric.ca\/fr\/ceric-homepage-2025\/"},{"@type":"ListItem","position":2,"name":"Blog Posts"}]},{"@type":"WebSite","@id":"https:\/\/ceric.ca\/#website","url":"https:\/\/ceric.ca\/","name":"CERIC","description":"","publisher":{"@id":"https:\/\/ceric.ca\/#organization"},"potentialAction":[{"@type":"SearchAction","target":{"@type":"EntryPoint","urlTemplate":"https:\/\/ceric.ca\/?s={search_term_string}"},"query-input":{"@type":"PropertyValueSpecification","valueRequired":true,"valueName":"search_term_string"}}],"inLanguage":"fr-FR"},{"@type":"Organization","@id":"https:\/\/ceric.ca\/#organization","name":"CERIC","url":"https:\/\/ceric.ca\/","logo":{"@type":"ImageObject","inLanguage":"fr-FR","@id":"https:\/\/ceric.ca\/#\/schema\/logo\/image\/","url":"","contentUrl":"","caption":"CERIC"},"image":{"@id":"https:\/\/ceric.ca\/#\/schema\/logo\/image\/"}}]}},"_links":{"self":[{"href":"https:\/\/ceric.ca\/fr\/wp-json\/wp\/v2\/pages\/829","targetHints":{"allow":["GET"]}}],"collection":[{"href":"https:\/\/ceric.ca\/fr\/wp-json\/wp\/v2\/pages"}],"about":[{"href":"https:\/\/ceric.ca\/fr\/wp-json\/wp\/v2\/types\/page"}],"author":[{"embeddable":true,"href":"https:\/\/ceric.ca\/fr\/wp-json\/wp\/v2\/users\/1"}],"replies":[{"embeddable":true,"href":"https:\/\/ceric.ca\/fr\/wp-json\/wp\/v2\/comments?post=829"}],"version-history":[{"count":0,"href":"https:\/\/ceric.ca\/fr\/wp-json\/wp\/v2\/pages\/829\/revisions"}],"wp:attachment":[{"href":"https:\/\/ceric.ca\/fr\/wp-json\/wp\/v2\/media?parent=829"}],"curies":[{"name":"wp","href":"https:\/\/api.w.org\/{rel}","templated":true}]}}