{"id":86041,"date":"2026-08-28T12:52:55","date_gmt":"2026-08-28T16:52:55","guid":{"rendered":"https:\/\/ceric.ca\/?page_id=86041"},"modified":"2026-08-31T13:56:51","modified_gmt":"2026-08-31T17:56:51","slug":"board-of-directors","status":"publish","type":"page","link":"https:\/\/ceric.ca\/fr\/board-of-directors\/","title":{"rendered":"Conseil d\u2019administration"},"content":{"rendered":"\t\t<div data-elementor-type=\"wp-page\" data-elementor-id=\"86041\" class=\"elementor elementor-86041 elementor-85911\" data-elementor-post-type=\"page\">\n\t\t\t\t<div class=\"elementor-element elementor-element-8d8d84d e-flex e-con-boxed e-con e-parent\" data-id=\"8d8d84d\" data-element_type=\"container\" data-e-type=\"container\">\n\t\t\t\t\t<div class=\"e-con-inner\">\n\t\t\t\t<div class=\"elementor-element elementor-element-0cfb2a1 elementor-widget elementor-widget-spacer\" data-id=\"0cfb2a1\" data-element_type=\"widget\" data-e-type=\"widget\" data-widget_type=\"spacer.default\">\n\t\t\t\t<div class=\"elementor-widget-container\">\n\t\t\t\t\t\t\t<div class=\"elementor-spacer\">\n\t\t\t<div class=\"elementor-spacer-inner\"><\/div>\n\t\t<\/div>\n\t\t\t\t\t\t<\/div>\n\t\t\t\t<\/div>\n\t\t\t\t<div class=\"elementor-element elementor-element-6e9be0b elementor-widget elementor-widget-text-editor\" data-id=\"6e9be0b\" data-element_type=\"widget\" data-e-type=\"widget\" data-widget_type=\"text-editor.default\">\n\t\t\t\t<div class=\"elementor-widget-container\">\n\t\t\t\t\t\t\t\t\t<p>Le CERIC est dirig\u00e9 par un conseil d\u2019administration pancanadien form\u00e9 de b\u00e9n\u00e9voles, t\u00e9moignant d\u2019une large repr\u00e9sentation sectorielle dans le domaine du counseling professionnel.<\/p><p>Le CERIC dispose \u00e9galement de plusieurs <a href=\"https:\/\/ceric.ca\/committees\/\">comit\u00e9s consultatifs <\/a>qui sont tout aussi diversifi\u00e9s et repr\u00e9sentatifs que notre conseil d\u2019administration national.<\/p>\t\t\t\t\t\t\t\t<\/div>\n\t\t\t\t<\/div>\n\t\t\t\t<div class=\"elementor-element elementor-element-3e23148 elementor-widget elementor-widget-spacer\" data-id=\"3e23148\" data-element_type=\"widget\" data-e-type=\"widget\" data-widget_type=\"spacer.default\">\n\t\t\t\t<div class=\"elementor-widget-container\">\n\t\t\t\t\t\t\t<div class=\"elementor-spacer\">\n\t\t\t<div class=\"elementor-spacer-inner\"><\/div>\n\t\t<\/div>\n\t\t\t\t\t\t<\/div>\n\t\t\t\t<\/div>\n\t\t\t\t\t<\/div>\n\t\t\t\t<\/div>\n\t\t<div class=\"elementor-element elementor-element-b28676c e-flex e-con-boxed e-con e-parent\" data-id=\"b28676c\" data-element_type=\"container\" data-e-type=\"container\">\n\t\t\t\t\t<div class=\"e-con-inner\">\n\t\t\t\t<div class=\"elementor-element elementor-element-50e722e elementor-widget elementor-widget-heading\" data-id=\"50e722e\" data-element_type=\"widget\" data-e-type=\"widget\" data-widget_type=\"heading.default\">\n\t\t\t\t<div class=\"elementor-widget-container\">\n\t\t\t\t\t<h3 class=\"elementor-heading-title elementor-size-default\">Conseil d\u2019administration<\/h3>\t\t\t\t<\/div>\n\t\t\t\t<\/div>\n\t\t\t\t\t<\/div>\n\t\t\t\t<\/div>\n\t\t<div class=\"elementor-element elementor-element-10acb1a e-con e-atomic-element e-flexbox-base e-f6f1500 \" data-id=\"10acb1a\" data-element_type=\"e-flexbox\" data-e-type=\"e-flexbox\" data-interaction-id=\"10acb1a\" data-e-type=\"e-flexbox\" data-id=\"10acb1a\">\n    \t\t<div class=\"elementor-element elementor-element-67a3510 elementor-widget elementor-widget-spacer\" data-id=\"67a3510\" data-element_type=\"widget\" data-e-type=\"widget\" data-widget_type=\"spacer.default\">\n\t\t\t\t<div class=\"elementor-widget-container\">\n\t\t\t\t\t\t\t<div class=\"elementor-spacer\">\n\t\t\t<div class=\"elementor-spacer-inner\"><\/div>\n\t\t<\/div>\n\t\t\t\t\t\t<\/div>\n\t\t\t\t<\/div>\n\t\t\t\t<div class=\"elementor-element elementor-element-1bd4916 elementor-widget elementor-widget-n-accordion\" data-id=\"1bd4916\" data-element_type=\"widget\" data-e-type=\"widget\" data-settings=\"{&quot;default_state&quot;:&quot;expanded&quot;,&quot;max_items_expended&quot;:&quot;one&quot;,&quot;n_accordion_animation_duration&quot;:{&quot;unit&quot;:&quot;ms&quot;,&quot;size&quot;:400,&quot;sizes&quot;:[]}}\" data-widget_type=\"nested-accordion.default\">\n\t\t\t\t<div class=\"elementor-widget-container\">\n\t\t\t\t\t\t\t<div class=\"e-n-accordion\" aria-label=\"Accordion. Open links with Enter or Space, close with Escape, and navigate with Arrow Keys\">\n\t\t\t\t\t\t<details id=\"e-n-accordion-item-2910\" class=\"e-n-accordion-item\" open>\n\t\t\t\t<summary class=\"e-n-accordion-item-title\" data-accordion-index=\"1\" tabindex=\"0\" aria-expanded=\"true\" aria-controls=\"e-n-accordion-item-2910\" >\n\t\t\t\t\t<span class='e-n-accordion-item-title-header'><div class=\"e-n-accordion-item-title-text\"> Keka DasGupta \u2013 Precision Marketing Group Inc, Toronto, ON (pr\u00e9sidente) <\/div><\/span>\n\t\t\t\t\t\t\t<span class='e-n-accordion-item-title-icon'>\n\t\t\t<span class='e-opened' ><svg aria-hidden=\"true\" class=\"e-font-icon-svg e-fas-minus\" viewBox=\"0 0 448 512\" xmlns=\"http:\/\/www.w3.org\/2000\/svg\"><path d=\"M416 208H32c-17.67 0-32 14.33-32 32v32c0 17.67 14.33 32 32 32h384c17.67 0 32-14.33 32-32v-32c0-17.67-14.33-32-32-32z\"><\/path><\/svg><\/span>\n\t\t\t<span class='e-closed'><svg aria-hidden=\"true\" class=\"e-font-icon-svg e-fas-plus\" viewBox=\"0 0 448 512\" xmlns=\"http:\/\/www.w3.org\/2000\/svg\"><path d=\"M416 208H272V64c0-17.67-14.33-32-32-32h-32c-17.67 0-32 14.33-32 32v144H32c-17.67 0-32 14.33-32 32v32c0 17.67 14.33 32 32 32h144v144c0 17.67 14.33 32 32 32h32c17.67 0 32-14.33 32-32V304h144c17.67 0 32-14.33 32-32v-32c0-17.67-14.33-32-32-32z\"><\/path><\/svg><\/span>\n\t\t<\/span>\n\n\t\t\t\t\t\t<\/summary>\n\t\t\t\t<div role=\"region\" aria-labelledby=\"e-n-accordion-item-2910\" class=\"elementor-element elementor-element-8bc22bd e-con-full e-flex e-con e-child\" data-id=\"8bc22bd\" data-element_type=\"container\" data-e-type=\"container\">\n\t\t\t\t<div class=\"elementor-element elementor-element-8306f0a elementor-position-left elementor-vertical-align-top elementor-widget elementor-widget-image-box\" data-id=\"8306f0a\" data-element_type=\"widget\" data-e-type=\"widget\" data-widget_type=\"image-box.default\">\n\t\t\t\t<div class=\"elementor-widget-container\">\n\t\t\t\t\t<div class=\"elementor-image-box-wrapper\"><figure class=\"elementor-image-box-img\"><img fetchpriority=\"high\" decoding=\"async\" width=\"1200\" height=\"1200\" src=\"https:\/\/ceric.ca\/wp-content\/uploads\/2026\/04\/Boardcommittee-photos-21.png\" class=\"attachment-full size-full wp-image-78074\" alt=\"\" srcset=\"https:\/\/ceric.ca\/wp-content\/uploads\/2026\/04\/Boardcommittee-photos-21.png 1200w, https:\/\/ceric.ca\/wp-content\/uploads\/2026\/04\/Boardcommittee-photos-21-300x300.png 300w, https:\/\/ceric.ca\/wp-content\/uploads\/2026\/04\/Boardcommittee-photos-21-1024x1024.png 1024w, https:\/\/ceric.ca\/wp-content\/uploads\/2026\/04\/Boardcommittee-photos-21-150x150.png 150w, https:\/\/ceric.ca\/wp-content\/uploads\/2026\/04\/Boardcommittee-photos-21-768x768.png 768w, https:\/\/ceric.ca\/wp-content\/uploads\/2026\/04\/Boardcommittee-photos-21-600x600.png 600w, https:\/\/ceric.ca\/wp-content\/uploads\/2026\/04\/Boardcommittee-photos-21-400x400.png 400w, https:\/\/ceric.ca\/wp-content\/uploads\/2026\/04\/Boardcommittee-photos-21-870x870.png 870w, https:\/\/ceric.ca\/wp-content\/uploads\/2026\/04\/Boardcommittee-photos-21-480x480.png 480w, https:\/\/ceric.ca\/wp-content\/uploads\/2026\/04\/Boardcommittee-photos-21-75x75.png 75w\" sizes=\"(max-width:767px) 480px, (max-width:1200px) 100vw, 1200px\" \/><\/figure><div class=\"elementor-image-box-content\"><p class=\"elementor-image-box-description\">Keka DasGupta est strat\u00e9giste \u00e9m\u00e9rite en relations publiques et en communications depuis 20 ans, conf\u00e9renci\u00e8re TEDx, formatrice pour cadres et entrepreneure.<br><br>\n\nElle a commenc\u00e9 sa carri\u00e8re \u00e0 IKEA o\u00f9 elle a travaill\u00e9 pendant sept ans \u00e0 la gestion de l\u2019ensemble des programmes de relations publiques et de communications. Elle a aussi assum\u00e9 les fonctions de porte-parole aupr\u00e8s des m\u00e9dias et en temps de crise pour l\u2019entreprise. Elle s\u2019est ensuite jointe \u00e0 DDB Public Relations, un cabinet de relations publiques renomm\u00e9. Apr\u00e8s \u00eatre devenue m\u00e8re (elle a maintenant deux gar\u00e7ons), Keka a fond\u00e9 sa propre soci\u00e9t\u00e9 d\u2019experts-conseils, Precision Marketing Group Inc.<br><br>\n\nElle continue d\u2019offrir son expertise \u00e0 DDB, \u00e0 titre de vice-pr\u00e9sidente ind\u00e9pendante de la division des relations publiques du cabinet. En 2016, Keka et son \u00e9quipe de DDB ont re\u00e7u l\u2019\u00ab Oscars of the PR industry \u00bb avec la mention \u00ab agence de l\u2019ann\u00e9e \u00bb dans la comp\u00e9tition internationale Gold Quill, organis\u00e9e par l\u2019International Association of Business Communicators.<br><br>\n\nElle a travaill\u00e9 avec des marques reconnues mondialement comme IKEA, Nike, Disney, American Express, Schwarzkopf, Johnson &amp; Johnson et bien d\u2019autres soci\u00e9t\u00e9s de la liste Fortune 500. Elle a \u00e9galement travaill\u00e9 en marketing de recrutement pendant plus de dix ans, cofond\u00e9 Enkompass Consulting (L&amp;D en entreprise) et \u00e9t\u00e9 instructrice au Schulich Executive Education Centre de l\u2019Universit\u00e9 York.<br><br>\n\nDans le cadre de son projet de pr\u00e9dilection, elle prononce des discours et organise des ateliers interactifs sur la gratitude pour des entreprises en Am\u00e9rique du Nord, ax\u00e9s sur la productivit\u00e9, le bien-\u00eatre, la fid\u00e9lit\u00e9 et la r\u00e9tention. Elle est \u00e9galement membre professionnelle de la Canadian Association of Professional Speakers (CAPS).<br><br><\/p><\/div><\/div>\t\t\t\t<\/div>\n\t\t\t\t<\/div>\n\t\t\t\t<\/div>\n\t\t\t\t\t<\/details>\n\t\t\t\t\t\t<details id=\"e-n-accordion-item-2911\" class=\"e-n-accordion-item\" >\n\t\t\t\t<summary class=\"e-n-accordion-item-title\" data-accordion-index=\"2\" tabindex=\"-1\" aria-expanded=\"false\" aria-controls=\"e-n-accordion-item-2911\" >\n\t\t\t\t\t<span class='e-n-accordion-item-title-header'><div class=\"e-n-accordion-item-title-text\"> Akosua Alagaratnam \u2013 Premier Emploi, Toronto, ON (vice-pr\u00e9sidente) <\/div><\/span>\n\t\t\t\t\t\t\t<span class='e-n-accordion-item-title-icon'>\n\t\t\t<span class='e-opened' ><svg aria-hidden=\"true\" class=\"e-font-icon-svg e-fas-minus\" viewBox=\"0 0 448 512\" xmlns=\"http:\/\/www.w3.org\/2000\/svg\"><path d=\"M416 208H32c-17.67 0-32 14.33-32 32v32c0 17.67 14.33 32 32 32h384c17.67 0 32-14.33 32-32v-32c0-17.67-14.33-32-32-32z\"><\/path><\/svg><\/span>\n\t\t\t<span class='e-closed'><svg aria-hidden=\"true\" class=\"e-font-icon-svg e-fas-plus\" viewBox=\"0 0 448 512\" xmlns=\"http:\/\/www.w3.org\/2000\/svg\"><path d=\"M416 208H272V64c0-17.67-14.33-32-32-32h-32c-17.67 0-32 14.33-32 32v144H32c-17.67 0-32 14.33-32 32v32c0 17.67 14.33 32 32 32h144v144c0 17.67 14.33 32 32 32h32c17.67 0 32-14.33 32-32V304h144c17.67 0 32-14.33 32-32v-32c0-17.67-14.33-32-32-32z\"><\/path><\/svg><\/span>\n\t\t<\/span>\n\n\t\t\t\t\t\t<\/summary>\n\t\t\t\t<div role=\"region\" aria-labelledby=\"e-n-accordion-item-2911\" class=\"elementor-element elementor-element-b4efd2c e-con-full e-flex e-con e-child\" data-id=\"b4efd2c\" data-element_type=\"container\" data-e-type=\"container\">\n\t\t\t\t<div class=\"elementor-element elementor-element-03be647 elementor-position-left elementor-vertical-align-top elementor-widget elementor-widget-image-box\" data-id=\"03be647\" data-element_type=\"widget\" data-e-type=\"widget\" data-widget_type=\"image-box.default\">\n\t\t\t\t<div class=\"elementor-widget-container\">\n\t\t\t\t\t<div class=\"elementor-image-box-wrapper\"><figure class=\"elementor-image-box-img\"><img decoding=\"async\" width=\"1200\" height=\"1200\" src=\"https:\/\/ceric.ca\/wp-content\/uploads\/2026\/04\/Boardcommittee-photos-29.png\" class=\"attachment-full size-full wp-image-78129\" alt=\"\" srcset=\"https:\/\/ceric.ca\/wp-content\/uploads\/2026\/04\/Boardcommittee-photos-29.png 1200w, https:\/\/ceric.ca\/wp-content\/uploads\/2026\/04\/Boardcommittee-photos-29-300x300.png 300w, https:\/\/ceric.ca\/wp-content\/uploads\/2026\/04\/Boardcommittee-photos-29-1024x1024.png 1024w, https:\/\/ceric.ca\/wp-content\/uploads\/2026\/04\/Boardcommittee-photos-29-150x150.png 150w, https:\/\/ceric.ca\/wp-content\/uploads\/2026\/04\/Boardcommittee-photos-29-768x768.png 768w, https:\/\/ceric.ca\/wp-content\/uploads\/2026\/04\/Boardcommittee-photos-29-600x600.png 600w, https:\/\/ceric.ca\/wp-content\/uploads\/2026\/04\/Boardcommittee-photos-29-400x400.png 400w, https:\/\/ceric.ca\/wp-content\/uploads\/2026\/04\/Boardcommittee-photos-29-870x870.png 870w, https:\/\/ceric.ca\/wp-content\/uploads\/2026\/04\/Boardcommittee-photos-29-480x480.png 480w, https:\/\/ceric.ca\/wp-content\/uploads\/2026\/04\/Boardcommittee-photos-29-75x75.png 75w\" sizes=\"(max-width:767px) 480px, (max-width:1200px) 100vw, 1200px\" \/><\/figure><div class=\"elementor-image-box-content\"><p class=\"elementor-image-box-description\">Akosua Alagaratnam est la directrice g\u00e9n\u00e9rale de First Work. Avant de se joindre \u00e0 l\u2019organisation, Akosua a travaill\u00e9 comme professionnelle principale des affaires publiques, principalement sur des politiques touchant les communaut\u00e9s marginalis\u00e9es et les jeunes. Elle a dirig\u00e9 la politique de justice et d\u2019opportunit\u00e9 pour les jeunes au minist\u00e8re provincial des Services \u00e0 l\u2019enfance et \u00e0 la jeunesse, et conseill\u00e9 le ministre provincial des Finances sur un large \u00e9ventail de dossiers (travail, services sociaux, services correctionnels, relations avec les Autochtones). Elle si\u00e8ge actuellement aux conseils de la CCOCDE, de MABELLEarts et de GoodWill Industries \u2013 The Amity Group.<br><br><\/p><\/div><\/div>\t\t\t\t<\/div>\n\t\t\t\t<\/div>\n\t\t\t\t<\/div>\n\t\t\t\t\t<\/details>\n\t\t\t\t\t\t<details id=\"e-n-accordion-item-2912\" class=\"e-n-accordion-item\" >\n\t\t\t\t<summary class=\"e-n-accordion-item-title\" data-accordion-index=\"3\" tabindex=\"-1\" aria-expanded=\"false\" aria-controls=\"e-n-accordion-item-2912\" >\n\t\t\t\t\t<span class='e-n-accordion-item-title-header'><div class=\"e-n-accordion-item-title-text\"> Meghan Lavallee \u2013 Apprenticeship Manitoba, Winnipeg, MB (ancienne pr\u00e9sidente) <\/div><\/span>\n\t\t\t\t\t\t\t<span class='e-n-accordion-item-title-icon'>\n\t\t\t<span class='e-opened' ><svg aria-hidden=\"true\" class=\"e-font-icon-svg e-fas-minus\" viewBox=\"0 0 448 512\" xmlns=\"http:\/\/www.w3.org\/2000\/svg\"><path d=\"M416 208H32c-17.67 0-32 14.33-32 32v32c0 17.67 14.33 32 32 32h384c17.67 0 32-14.33 32-32v-32c0-17.67-14.33-32-32-32z\"><\/path><\/svg><\/span>\n\t\t\t<span class='e-closed'><svg aria-hidden=\"true\" class=\"e-font-icon-svg e-fas-plus\" viewBox=\"0 0 448 512\" xmlns=\"http:\/\/www.w3.org\/2000\/svg\"><path d=\"M416 208H272V64c0-17.67-14.33-32-32-32h-32c-17.67 0-32 14.33-32 32v144H32c-17.67 0-32 14.33-32 32v32c0 17.67 14.33 32 32 32h144v144c0 17.67 14.33 32 32 32h32c17.67 0 32-14.33 32-32V304h144c17.67 0 32-14.33 32-32v-32c0-17.67-14.33-32-32-32z\"><\/path><\/svg><\/span>\n\t\t<\/span>\n\n\t\t\t\t\t\t<\/summary>\n\t\t\t\t<div role=\"region\" aria-labelledby=\"e-n-accordion-item-2912\" class=\"elementor-element elementor-element-17fa47b e-con-full e-flex e-con e-child\" data-id=\"17fa47b\" data-element_type=\"container\" data-e-type=\"container\">\n\t\t\t\t<div class=\"elementor-element elementor-element-bf3b9e7 elementor-position-left elementor-vertical-align-top elementor-widget elementor-widget-image-box\" data-id=\"bf3b9e7\" data-element_type=\"widget\" data-e-type=\"widget\" data-widget_type=\"image-box.default\">\n\t\t\t\t<div class=\"elementor-widget-container\">\n\t\t\t\t\t<div class=\"elementor-image-box-wrapper\"><figure class=\"elementor-image-box-img\"><img decoding=\"async\" width=\"150\" height=\"150\" src=\"https:\/\/ceric.ca\/wp-content\/uploads\/2021\/07\/meghan-150sq.png\" class=\"attachment-full size-full wp-image-48835\" alt=\"\" \/><\/figure><div class=\"elementor-image-box-content\"><p class=\"elementor-image-box-description\">Meghan Lavallee habite \u00e0 Winnipeg et travaille comme directrice g\u00e9n\u00e9rale d'Apprenticeship Manitoba. Avant \u00e7a, elle \u00e9tait Directrice des carri\u00e8res et de l'engagement des \u00e9tudiants \u00e0 l'Institut des m\u00e9tiers et de la technologie du Manitoba. Ce r\u00f4le comprenait la direction des centres d\u2019\u00e9ducation permanente, des services d\u2019orientation professionnelle et de placement ainsi que du recrutement \u00e0 l\u2019\u00e9chelle nationale de l\u2019Institut. Elle est convaincue que nous avons tous un r\u00f4le \u00e0 jouer dans l\u2019\u00e9cosyst\u00e8me \u00e9ducatif pour cr\u00e9er des cheminements de carri\u00e8re fructueux et un acc\u00e8s \u00e9quitable \u00e0 l\u2019enseignement sup\u00e9rieur, \u00e0 la formation et \u00e0 l\u2019emploi pour tous.<br><br>\n\nMeghan a d\u00e9couvert sa passion pour l\u2019apprentissage par l\u2019exp\u00e9rience et la r\u00e9ussite scolaire, lorsqu\u2019elle \u00e9tait \u00e9tudiante et membre du personnel des services \u00e0 la vie \u00e9tudiante du secteur postsecondaire. Elle a ensuite transform\u00e9 sa passion pour le d\u00e9veloppement des \u00e9tudiants en r\u00f4les de leadership avec Career Trek, un organisme sans but lucratif de d\u00e9veloppement de carri\u00e8re sp\u00e9cialis\u00e9 dans l\u2019apprentissage par l\u2019exp\u00e9rience qui aide \u00e0 propulser les jeunes Manitobains vers la r\u00e9ussite scolaire et professionnelle. De retour dans les \u00e9tablissements postsecondaires, elle a mis \u00e0 profit son exp\u00e9rience dans les milieux communautaires pour faire de l\u2019acc\u00e8s une force motrice dans les syst\u00e8mes et les programmes mis \u00e0 la disposition des communaut\u00e9s d\u2019apprentissage.<br><br>\n\nMeghan adore faire du b\u00e9n\u00e9volat au sein de sa communaut\u00e9, du yoga, du jardinage urbain et de la randonn\u00e9e p\u00e9destre avec sa famille et son compagnon canin.<br><br><\/p><\/div><\/div>\t\t\t\t<\/div>\n\t\t\t\t<\/div>\n\t\t\t\t<\/div>\n\t\t\t\t\t<\/details>\n\t\t\t\t\t\t<details id=\"e-n-accordion-item-2913\" class=\"e-n-accordion-item\" >\n\t\t\t\t<summary class=\"e-n-accordion-item-title\" data-accordion-index=\"4\" tabindex=\"-1\" aria-expanded=\"false\" aria-controls=\"e-n-accordion-item-2913\" >\n\t\t\t\t\t<span class='e-n-accordion-item-title-header'><div class=\"e-n-accordion-item-title-text\"> Tony Botelho \u2013 Universit\u00e9 de la Colombie-Britannique, Vancouver, C.-B. (secr\u00e9taire-tr\u00e9sorier) <\/div><\/span>\n\t\t\t\t\t\t\t<span class='e-n-accordion-item-title-icon'>\n\t\t\t<span class='e-opened' ><svg aria-hidden=\"true\" class=\"e-font-icon-svg e-fas-minus\" viewBox=\"0 0 448 512\" xmlns=\"http:\/\/www.w3.org\/2000\/svg\"><path d=\"M416 208H32c-17.67 0-32 14.33-32 32v32c0 17.67 14.33 32 32 32h384c17.67 0 32-14.33 32-32v-32c0-17.67-14.33-32-32-32z\"><\/path><\/svg><\/span>\n\t\t\t<span class='e-closed'><svg aria-hidden=\"true\" class=\"e-font-icon-svg e-fas-plus\" viewBox=\"0 0 448 512\" xmlns=\"http:\/\/www.w3.org\/2000\/svg\"><path d=\"M416 208H272V64c0-17.67-14.33-32-32-32h-32c-17.67 0-32 14.33-32 32v144H32c-17.67 0-32 14.33-32 32v32c0 17.67 14.33 32 32 32h144v144c0 17.67 14.33 32 32 32h32c17.67 0 32-14.33 32-32V304h144c17.67 0 32-14.33 32-32v-32c0-17.67-14.33-32-32-32z\"><\/path><\/svg><\/span>\n\t\t<\/span>\n\n\t\t\t\t\t\t<\/summary>\n\t\t\t\t<div role=\"region\" aria-labelledby=\"e-n-accordion-item-2913\" class=\"elementor-element elementor-element-3becadb e-con-full e-flex e-con e-child\" data-id=\"3becadb\" data-element_type=\"container\" data-e-type=\"container\">\n\t\t\t\t<div class=\"elementor-element elementor-element-e0ef5ed elementor-position-left elementor-vertical-align-top elementor-widget elementor-widget-image-box\" data-id=\"e0ef5ed\" data-element_type=\"widget\" data-e-type=\"widget\" data-widget_type=\"image-box.default\">\n\t\t\t\t<div class=\"elementor-widget-container\">\n\t\t\t\t\t<div class=\"elementor-image-box-wrapper\"><figure class=\"elementor-image-box-img\"><img loading=\"lazy\" decoding=\"async\" width=\"150\" height=\"150\" src=\"https:\/\/ceric.ca\/wp-content\/uploads\/2024\/09\/TonyB.png\" class=\"attachment-full size-full wp-image-66671\" alt=\"\" \/><\/figure><div class=\"elementor-image-box-content\"><p class=\"elementor-image-box-description\">Tony Botelho est le directeur g\u00e9n\u00e9ral du Centre des carri\u00e8res de l\u2019Universit\u00e9 de la Colombie-Britannique et a \u00e9t\u00e9 membre du comit\u00e9 de recherche appliqu\u00e9e et universitaire du CERIC de 2018 \u00e0 2025 (copr\u00e9sident \u00e0 partir de 2019). Il a re\u00e7u le prix de recherche Rob Shea de l\u2019Association canadienne des sp\u00e9cialistes en emploi et des employeurs (ACSEE) pour ses \u00e9tudes sur le r\u00f4le de l\u2019\u00e9ducation au choix de carri\u00e8re dans l\u2019environnement universitaire contemporain (2014) et a codirig\u00e9 le d\u00e9veloppement du premier comit\u00e9 de recherche de l\u2019ACSEE. En 2019, la Fondation canadienne pour le d\u00e9veloppement de carri\u00e8re lui a d\u00e9cern\u00e9 le Prix Stu Conger du leadership.<br><br><\/p><\/div><\/div>\t\t\t\t<\/div>\n\t\t\t\t<\/div>\n\t\t\t\t<\/div>\n\t\t\t\t\t<\/details>\n\t\t\t\t\t\t<details id=\"e-n-accordion-item-2914\" class=\"e-n-accordion-item\" >\n\t\t\t\t<summary class=\"e-n-accordion-item-title\" data-accordion-index=\"5\" tabindex=\"-1\" aria-expanded=\"false\" aria-controls=\"e-n-accordion-item-2914\" >\n\t\t\t\t\t<span class='e-n-accordion-item-title-header'><div class=\"e-n-accordion-item-title-text\"> Shereen Ashman \u2013 Saccae Studio Inc., Bowmanville, ON <\/div><\/span>\n\t\t\t\t\t\t\t<span class='e-n-accordion-item-title-icon'>\n\t\t\t<span class='e-opened' ><svg aria-hidden=\"true\" class=\"e-font-icon-svg e-fas-minus\" viewBox=\"0 0 448 512\" xmlns=\"http:\/\/www.w3.org\/2000\/svg\"><path d=\"M416 208H32c-17.67 0-32 14.33-32 32v32c0 17.67 14.33 32 32 32h384c17.67 0 32-14.33 32-32v-32c0-17.67-14.33-32-32-32z\"><\/path><\/svg><\/span>\n\t\t\t<span class='e-closed'><svg aria-hidden=\"true\" class=\"e-font-icon-svg e-fas-plus\" viewBox=\"0 0 448 512\" xmlns=\"http:\/\/www.w3.org\/2000\/svg\"><path d=\"M416 208H272V64c0-17.67-14.33-32-32-32h-32c-17.67 0-32 14.33-32 32v144H32c-17.67 0-32 14.33-32 32v32c0 17.67 14.33 32 32 32h144v144c0 17.67 14.33 32 32 32h32c17.67 0 32-14.33 32-32V304h144c17.67 0 32-14.33 32-32v-32c0-17.67-14.33-32-32-32z\"><\/path><\/svg><\/span>\n\t\t<\/span>\n\n\t\t\t\t\t\t<\/summary>\n\t\t\t\t<div role=\"region\" aria-labelledby=\"e-n-accordion-item-2914\" class=\"elementor-element elementor-element-0e0ae41 e-con-full e-flex e-con e-child\" data-id=\"0e0ae41\" data-element_type=\"container\" data-e-type=\"container\">\n\t\t\t\t<div class=\"elementor-element elementor-element-d89241f elementor-position-left elementor-vertical-align-top elementor-widget elementor-widget-image-box\" data-id=\"d89241f\" data-element_type=\"widget\" data-e-type=\"widget\" data-widget_type=\"image-box.default\">\n\t\t\t\t<div class=\"elementor-widget-container\">\n\t\t\t\t\t<div class=\"elementor-image-box-wrapper\"><figure class=\"elementor-image-box-img\"><img loading=\"lazy\" decoding=\"async\" width=\"1200\" height=\"1200\" src=\"https:\/\/ceric.ca\/wp-content\/uploads\/2026\/04\/Boardcommittee-photos-12.png\" class=\"attachment-full size-full wp-image-78023\" alt=\"\" srcset=\"https:\/\/ceric.ca\/wp-content\/uploads\/2026\/04\/Boardcommittee-photos-12.png 1200w, https:\/\/ceric.ca\/wp-content\/uploads\/2026\/04\/Boardcommittee-photos-12-300x300.png 300w, https:\/\/ceric.ca\/wp-content\/uploads\/2026\/04\/Boardcommittee-photos-12-1024x1024.png 1024w, https:\/\/ceric.ca\/wp-content\/uploads\/2026\/04\/Boardcommittee-photos-12-150x150.png 150w, https:\/\/ceric.ca\/wp-content\/uploads\/2026\/04\/Boardcommittee-photos-12-768x768.png 768w, https:\/\/ceric.ca\/wp-content\/uploads\/2026\/04\/Boardcommittee-photos-12-600x600.png 600w, https:\/\/ceric.ca\/wp-content\/uploads\/2026\/04\/Boardcommittee-photos-12-400x400.png 400w, https:\/\/ceric.ca\/wp-content\/uploads\/2026\/04\/Boardcommittee-photos-12-870x870.png 870w, https:\/\/ceric.ca\/wp-content\/uploads\/2026\/04\/Boardcommittee-photos-12-480x480.png 480w, https:\/\/ceric.ca\/wp-content\/uploads\/2026\/04\/Boardcommittee-photos-12-75x75.png 75w\" sizes=\"(max-width:767px) 480px, (max-width:1200px) 100vw, 1200px\" \/><\/figure><div class=\"elementor-image-box-content\"><p class=\"elementor-image-box-description\">Apr\u00e8s avoir surv\u00e9cu \u00e0 la violence arm\u00e9e, Shereen Ashman a perfectionn\u00e9 ses talents en mati\u00e8re d\u2019innovation sociale et se d\u00e9crit comme une championne de la communaut\u00e9. Pendant plus de 15 ans, elle a cr\u00e9\u00e9 des programmes de formation, de culture d\u2019entreprise et pour la main-d\u2019\u0153uvre afin d\u2019am\u00e9liorer le statut socio-\u00e9conomique de la communaut\u00e9 noire de Toronto et des Antilles, en mettant l\u2019accent sur les jeunes. Shereen est la cofondatrice du CEE Centre for Young Black Professionals et membre cofondatrice de la campagne All Out et de Sistertalk Toronto.<br><br>\n\nSollicit\u00e9e pour son expertise en mati\u00e8re d\u2019id\u00e9ation, de strat\u00e9gie et d\u2019engagement communautaire, elle a jou\u00e9 divers r\u00f4les dans les secteurs de l\u2019\u00e9ducation et des organismes sans but lucratif : directrice des op\u00e9rations, responsable de programme, professeur au niveau coll\u00e9gial, conceptrice de programmes de formation, formatrice et conseill\u00e8re. En tant qu\u2019\u00e9ducatrice, Shereen s\u2019exerce \u00e0 la p\u00e9dagogie de l\u2019apprentissage transformateur et par l\u2019exp\u00e9rience. Elle cr\u00e9e et donne des formations immersives lors de conf\u00e9rences, dans des \u00e9tablissements d\u2019enseignement et aupr\u00e8s d\u2019organismes communautaires sur des sujets li\u00e9s \u00e0 l\u2019innovation communautaire et sociale, aux soins tenant compte des traumatismes, \u00e0 la gu\u00e9rison ancestrale, \u00e0 l\u2019\u00e9ducation centr\u00e9e sur la communaut\u00e9, au d\u00e9veloppement des organismes \u00e0 but non lucratif et \u00e0 la cr\u00e9ation de petites entreprises.<br><br><\/p><\/div><\/div>\t\t\t\t<\/div>\n\t\t\t\t<\/div>\n\t\t\t\t<\/div>\n\t\t\t\t\t<\/details>\n\t\t\t\t\t\t<details id=\"e-n-accordion-item-2915\" class=\"e-n-accordion-item\" >\n\t\t\t\t<summary class=\"e-n-accordion-item-title\" data-accordion-index=\"6\" tabindex=\"-1\" aria-expanded=\"false\" aria-controls=\"e-n-accordion-item-2915\" >\n\t\t\t\t\t<span class='e-n-accordion-item-title-header'><div class=\"e-n-accordion-item-title-text\"> Michael Ford \u2013 Universit\u00e9 Simon Fraser, Vancouver, Colombie-Britannique  <\/div><\/span>\n\t\t\t\t\t\t\t<span class='e-n-accordion-item-title-icon'>\n\t\t\t<span class='e-opened' ><svg aria-hidden=\"true\" class=\"e-font-icon-svg e-fas-minus\" viewBox=\"0 0 448 512\" xmlns=\"http:\/\/www.w3.org\/2000\/svg\"><path d=\"M416 208H32c-17.67 0-32 14.33-32 32v32c0 17.67 14.33 32 32 32h384c17.67 0 32-14.33 32-32v-32c0-17.67-14.33-32-32-32z\"><\/path><\/svg><\/span>\n\t\t\t<span class='e-closed'><svg aria-hidden=\"true\" class=\"e-font-icon-svg e-fas-plus\" viewBox=\"0 0 448 512\" xmlns=\"http:\/\/www.w3.org\/2000\/svg\"><path d=\"M416 208H272V64c0-17.67-14.33-32-32-32h-32c-17.67 0-32 14.33-32 32v144H32c-17.67 0-32 14.33-32 32v32c0 17.67 14.33 32 32 32h144v144c0 17.67 14.33 32 32 32h32c17.67 0 32-14.33 32-32V304h144c17.67 0 32-14.33 32-32v-32c0-17.67-14.33-32-32-32z\"><\/path><\/svg><\/span>\n\t\t<\/span>\n\n\t\t\t\t\t\t<\/summary>\n\t\t\t\t<div role=\"region\" aria-labelledby=\"e-n-accordion-item-2915\" class=\"elementor-element elementor-element-ff2a101 e-con-full e-flex e-con e-child\" data-id=\"ff2a101\" data-element_type=\"container\" data-e-type=\"container\">\n\t\t\t\t<div class=\"elementor-element elementor-element-6e17ba8 elementor-position-left elementor-vertical-align-top elementor-widget elementor-widget-image-box\" data-id=\"6e17ba8\" data-element_type=\"widget\" data-e-type=\"widget\" data-widget_type=\"image-box.default\">\n\t\t\t\t<div class=\"elementor-widget-container\">\n\t\t\t\t\t<div class=\"elementor-image-box-wrapper\"><figure class=\"elementor-image-box-img\"><img loading=\"lazy\" decoding=\"async\" width=\"1200\" height=\"1200\" src=\"https:\/\/ceric.ca\/wp-content\/uploads\/2026\/05\/4.png\" class=\"attachment-full size-full wp-image-79192\" alt=\"\" srcset=\"https:\/\/ceric.ca\/wp-content\/uploads\/2026\/05\/4.png 1200w, https:\/\/ceric.ca\/wp-content\/uploads\/2026\/05\/4-300x300.png 300w, https:\/\/ceric.ca\/wp-content\/uploads\/2026\/05\/4-1024x1024.png 1024w, https:\/\/ceric.ca\/wp-content\/uploads\/2026\/05\/4-150x150.png 150w, https:\/\/ceric.ca\/wp-content\/uploads\/2026\/05\/4-768x768.png 768w, https:\/\/ceric.ca\/wp-content\/uploads\/2026\/05\/4-600x600.png 600w, https:\/\/ceric.ca\/wp-content\/uploads\/2026\/05\/4-400x400.png 400w, https:\/\/ceric.ca\/wp-content\/uploads\/2026\/05\/4-870x870.png 870w, https:\/\/ceric.ca\/wp-content\/uploads\/2026\/05\/4-480x480.png 480w, https:\/\/ceric.ca\/wp-content\/uploads\/2026\/05\/4-75x75.png 75w\" sizes=\"(max-width:767px) 480px, (max-width:1200px) 100vw, 1200px\" \/><\/figure><div class=\"elementor-image-box-content\"><p class=\"elementor-image-box-description\">L\u2019exp\u00e9rience diversifi\u00e9e de M. Ford donne une autre dimension \u00e0 son travail en d\u00e9veloppement de carri\u00e8re, \u00e0 son enseignement et \u00e0 ses \u00e9tudes. Il poss\u00e8de plus de 40 ans d\u2019exp\u00e9rience de travail au cours desquels il a occup\u00e9 de multiples professions dans de nombreux secteurs, comme les communications, les soins de sant\u00e9, les arts, l\u2019\u00e9ducation et le commerce international. Il est actuellement coordonnateur du programme d\u2019alternance travail-\u00e9tudes \u00e0 l\u2019\u00e9tranger de l\u2019Universit\u00e9 Simon-Fraser \u00e0 Vancouver.<br><br>\n\nM. Ford s\u2019int\u00e9resse tout particuli\u00e8rement \u00e0 la dynamique changeante et aux tendances en mati\u00e8re d\u2019emplois et de milieux de travail. Ses champs d\u2019int\u00e9r\u00eat englobent \u00e9galement l\u2019information sur le march\u00e9 du travail, l\u2019adaptabilit\u00e9 des carri\u00e8res, la transition entre travail et vie priv\u00e9e ainsi que l\u2019avenir du travail en p\u00e9riode d\u2019incertitude et d\u2019\u00e9volution technologique rapide. Il a d\u2019ailleurs fait plusieurs pr\u00e9sentations sur ces sujets lors du congr\u00e8s Cannexus.<br><br>\n\nM. Ford est titulaire d\u2019une ma\u00eetrise en psychologie de l\u2019\u00e9ducation de l\u2019Universit\u00e9 Simon Fraser, avec un int\u00e9r\u00eat particulier pour le d\u00e9veloppement de carri\u00e8re et l\u2019\u00e9ducation. Il est \u00e9galement titulaire d\u2019un baccalaur\u00e9at en communication et d\u2019un dipl\u00f4me de cycle sup\u00e9rieur en orientation et d\u00e9veloppement humain. Auparavant, il \u00e9tait instructeur dans le cadre du programme de d\u00e9veloppement de carri\u00e8re de l\u2019Universit\u00e9 Simon-Fraser.<br><br><\/p><\/div><\/div>\t\t\t\t<\/div>\n\t\t\t\t<\/div>\n\t\t\t\t<\/div>\n\t\t\t\t\t<\/details>\n\t\t\t\t\t\t<details id=\"e-n-accordion-item-2916\" class=\"e-n-accordion-item\" >\n\t\t\t\t<summary class=\"e-n-accordion-item-title\" data-accordion-index=\"7\" tabindex=\"-1\" aria-expanded=\"false\" aria-controls=\"e-n-accordion-item-2916\" >\n\t\t\t\t\t<span class='e-n-accordion-item-title-header'><div class=\"e-n-accordion-item-title-text\"> Dinuka Gunaratne \u2013 Universit\u00e9 Northeastern, Vancouver, C.-B. <\/div><\/span>\n\t\t\t\t\t\t\t<span class='e-n-accordion-item-title-icon'>\n\t\t\t<span class='e-opened' ><svg aria-hidden=\"true\" class=\"e-font-icon-svg e-fas-minus\" viewBox=\"0 0 448 512\" xmlns=\"http:\/\/www.w3.org\/2000\/svg\"><path d=\"M416 208H32c-17.67 0-32 14.33-32 32v32c0 17.67 14.33 32 32 32h384c17.67 0 32-14.33 32-32v-32c0-17.67-14.33-32-32-32z\"><\/path><\/svg><\/span>\n\t\t\t<span class='e-closed'><svg aria-hidden=\"true\" class=\"e-font-icon-svg e-fas-plus\" viewBox=\"0 0 448 512\" xmlns=\"http:\/\/www.w3.org\/2000\/svg\"><path d=\"M416 208H272V64c0-17.67-14.33-32-32-32h-32c-17.67 0-32 14.33-32 32v144H32c-17.67 0-32 14.33-32 32v32c0 17.67 14.33 32 32 32h144v144c0 17.67 14.33 32 32 32h32c17.67 0 32-14.33 32-32V304h144c17.67 0 32-14.33 32-32v-32c0-17.67-14.33-32-32-32z\"><\/path><\/svg><\/span>\n\t\t<\/span>\n\n\t\t\t\t\t\t<\/summary>\n\t\t\t\t<div role=\"region\" aria-labelledby=\"e-n-accordion-item-2916\" class=\"elementor-element elementor-element-9ed188f e-con-full e-flex e-con e-child\" data-id=\"9ed188f\" data-element_type=\"container\" data-e-type=\"container\">\n\t\t\t\t<div class=\"elementor-element elementor-element-d91f4c9 elementor-position-left elementor-vertical-align-top elementor-widget elementor-widget-image-box\" data-id=\"d91f4c9\" data-element_type=\"widget\" data-e-type=\"widget\" data-widget_type=\"image-box.default\">\n\t\t\t\t<div class=\"elementor-widget-container\">\n\t\t\t\t\t<div class=\"elementor-image-box-wrapper\"><figure class=\"elementor-image-box-img\"><img loading=\"lazy\" decoding=\"async\" width=\"1200\" height=\"1200\" src=\"https:\/\/ceric.ca\/wp-content\/uploads\/2026\/04\/Boardcommittee-photos-9.png\" class=\"attachment-full size-full wp-image-78017\" alt=\"\" srcset=\"https:\/\/ceric.ca\/wp-content\/uploads\/2026\/04\/Boardcommittee-photos-9.png 1200w, https:\/\/ceric.ca\/wp-content\/uploads\/2026\/04\/Boardcommittee-photos-9-300x300.png 300w, https:\/\/ceric.ca\/wp-content\/uploads\/2026\/04\/Boardcommittee-photos-9-1024x1024.png 1024w, https:\/\/ceric.ca\/wp-content\/uploads\/2026\/04\/Boardcommittee-photos-9-150x150.png 150w, https:\/\/ceric.ca\/wp-content\/uploads\/2026\/04\/Boardcommittee-photos-9-768x768.png 768w, https:\/\/ceric.ca\/wp-content\/uploads\/2026\/04\/Boardcommittee-photos-9-600x600.png 600w, https:\/\/ceric.ca\/wp-content\/uploads\/2026\/04\/Boardcommittee-photos-9-400x400.png 400w, https:\/\/ceric.ca\/wp-content\/uploads\/2026\/04\/Boardcommittee-photos-9-870x870.png 870w, https:\/\/ceric.ca\/wp-content\/uploads\/2026\/04\/Boardcommittee-photos-9-480x480.png 480w, https:\/\/ceric.ca\/wp-content\/uploads\/2026\/04\/Boardcommittee-photos-9-75x75.png 75w\" sizes=\"(max-width:767px) 480px, (max-width:1200px) 100vw, 1200px\" \/><\/figure><div class=\"elementor-image-box-content\"><p class=\"elementor-image-box-description\">Dinuka Gunarante est un leader national en enseignement sup\u00e9rieur, apprentissage exp\u00e9rientiel et d\u00e9veloppement de carri\u00e8re inclusif. Il est directeur du service de d\u00e9veloppement de carri\u00e8re et d\u2019apprentissage exp\u00e9rientiel \u00e0 l\u2019Universit\u00e9 Northeastern (Vancouver) et pr\u00e9side le Global Campus Directors Council.<br><br>\n\nDepuis 15 ans, il a fa\u00e7onn\u00e9 les \u00e9cosyst\u00e8mes de carri\u00e8re des \u00e9tudiants dans sept \u00e9tablissements au Canada et aux \u00c9tats-Unis, en lan\u00e7ant des initiatives prim\u00e9es et des syst\u00e8mes ax\u00e9s sur l\u2019\u00e9quit\u00e9, l\u2019innovation et l\u2019apprentissage r\u00e9flexif. Ancien \u00e9tudiant \u00e9tranger originaire du Sri Lanka, il met \u00e0 profit son v\u00e9cu pour soutenir les transitions complexes des \u00e9tudiants aux cycles sup\u00e9rieurs et des apprenants internationaux.<br><br>\n\nIl si\u00e8ge aux CA d\u2019ECAIT Canada et du CERIC, et contribue aux conversations nationales sur le d\u00e9veloppement de carri\u00e8re, l\u2019AI, l\u2019AI\u00c9T et la r\u00e9ussite \u00e9tudiante. Ses \u00e9crits paraissent dans Inside Higher Ed, CareerWise et University Affairs.<br><br><\/p><\/div><\/div>\t\t\t\t<\/div>\n\t\t\t\t<\/div>\n\t\t\t\t<\/div>\n\t\t\t\t\t<\/details>\n\t\t\t\t\t\t<details id=\"e-n-accordion-item-2917\" class=\"e-n-accordion-item\" >\n\t\t\t\t<summary class=\"e-n-accordion-item-title\" data-accordion-index=\"8\" tabindex=\"-1\" aria-expanded=\"false\" aria-controls=\"e-n-accordion-item-2917\" >\n\t\t\t\t\t<span class='e-n-accordion-item-title-header'><div class=\"e-n-accordion-item-title-text\"> Candy Ho \u2013 Universit\u00e9 Kwantlen Polytechnic, Surrey, C.-B. <\/div><\/span>\n\t\t\t\t\t\t\t<span class='e-n-accordion-item-title-icon'>\n\t\t\t<span class='e-opened' ><svg aria-hidden=\"true\" class=\"e-font-icon-svg e-fas-minus\" viewBox=\"0 0 448 512\" xmlns=\"http:\/\/www.w3.org\/2000\/svg\"><path d=\"M416 208H32c-17.67 0-32 14.33-32 32v32c0 17.67 14.33 32 32 32h384c17.67 0 32-14.33 32-32v-32c0-17.67-14.33-32-32-32z\"><\/path><\/svg><\/span>\n\t\t\t<span class='e-closed'><svg aria-hidden=\"true\" class=\"e-font-icon-svg e-fas-plus\" viewBox=\"0 0 448 512\" xmlns=\"http:\/\/www.w3.org\/2000\/svg\"><path d=\"M416 208H272V64c0-17.67-14.33-32-32-32h-32c-17.67 0-32 14.33-32 32v144H32c-17.67 0-32 14.33-32 32v32c0 17.67 14.33 32 32 32h144v144c0 17.67 14.33 32 32 32h32c17.67 0 32-14.33 32-32V304h144c17.67 0 32-14.33 32-32v-32c0-17.67-14.33-32-32-32z\"><\/path><\/svg><\/span>\n\t\t<\/span>\n\n\t\t\t\t\t\t<\/summary>\n\t\t\t\t<div role=\"region\" aria-labelledby=\"e-n-accordion-item-2917\" class=\"elementor-element elementor-element-89e0603 e-con-full e-flex e-con e-child\" data-id=\"89e0603\" data-element_type=\"container\" data-e-type=\"container\">\n\t\t\t\t<div class=\"elementor-element elementor-element-0724b8f elementor-position-left elementor-vertical-align-top elementor-widget elementor-widget-image-box\" data-id=\"0724b8f\" data-element_type=\"widget\" data-e-type=\"widget\" data-widget_type=\"image-box.default\">\n\t\t\t\t<div class=\"elementor-widget-container\">\n\t\t\t\t\t<div class=\"elementor-image-box-wrapper\"><figure class=\"elementor-image-box-img\"><img loading=\"lazy\" decoding=\"async\" width=\"150\" height=\"150\" src=\"https:\/\/ceric.ca\/wp-content\/uploads\/2023\/02\/Candy.png\" class=\"attachment-full size-full wp-image-59118\" alt=\"\" \/><\/figure><div class=\"elementor-image-box-content\"><p class=\"elementor-image-box-description\">Candy Ho est une \u00e9ducatrice, une conf\u00e9renci\u00e8re et une chercheuse en d\u00e9veloppement de carri\u00e8re de renomm\u00e9e internationale, dont le travail sert de pont entre l\u2019enseignement sup\u00e9rieur, la durabilit\u00e9 et l\u2019impact social. Elle est titulaire de la chaire de recherche du chancelier \u00e0 l\u2019Universit\u00e9 polytechnique Kwantlen, o\u00f9 elle enseigne dans le d\u00e9partement de sciences de l\u2019\u00e9ducation et dirige des initiatives transformatrices qui int\u00e8grent les objectifs de d\u00e9veloppement durable des Nations Unies dans les domaines du d\u00e9veloppement de carri\u00e8re et de l\u2019\u00e9ducation.<br><br>\n\nEn tant que pr\u00e9sidente de Career Connections Consulting, Candy donne aux organisations les moyens de cr\u00e9er des \u00e9cosyst\u00e8mes de d\u00e9veloppement de carri\u00e8re inclusifs et pr\u00eats pour l\u2019avenir. Conf\u00e9renci\u00e8re d\u2019honneur dynamique, elle a donn\u00e9 des conf\u00e9rences partout au Canada et dans le monde. Ses r\u00e9flexions ont \u00e9t\u00e9 pr\u00e9sent\u00e9es dans The Globe and Mail, BNN Bloomberg, Canadian Business et CTV News, amplifiant la conversation nationale sur le travail significatif et l\u2019apprentissage continu.<br><br>\n\nElle si\u00e8ge actuellement aux conseils d\u2019administration de la Counselling Foundation of Canada, de l\u2019initiative The Education Promise (People for Education), du CERIC et de la BCIT Alumni Association. Dans toutes ses fonctions, elle d\u00e9fend le d\u00e9veloppement de carri\u00e8re comme catalyseur d\u2019\u00e9quit\u00e9, d\u2019espoir et de changements transformateurs.<br><br><\/p><\/div><\/div>\t\t\t\t<\/div>\n\t\t\t\t<\/div>\n\t\t\t\t<\/div>\n\t\t\t\t\t<\/details>\n\t\t\t\t\t\t<details id=\"e-n-accordion-item-2918\" class=\"e-n-accordion-item\" >\n\t\t\t\t<summary class=\"e-n-accordion-item-title\" data-accordion-index=\"9\" tabindex=\"-1\" aria-expanded=\"false\" aria-controls=\"e-n-accordion-item-2918\" >\n\t\t\t\t\t<span class='e-n-accordion-item-title-header'><div class=\"e-n-accordion-item-title-text\"> Holly Linkert \u2013 Eastwood Collegiate Institute \u2013 CSD de la r\u00e9gion de Waterloo, Kitchener, ON <\/div><\/span>\n\t\t\t\t\t\t\t<span class='e-n-accordion-item-title-icon'>\n\t\t\t<span class='e-opened' ><svg aria-hidden=\"true\" class=\"e-font-icon-svg e-fas-minus\" viewBox=\"0 0 448 512\" xmlns=\"http:\/\/www.w3.org\/2000\/svg\"><path d=\"M416 208H32c-17.67 0-32 14.33-32 32v32c0 17.67 14.33 32 32 32h384c17.67 0 32-14.33 32-32v-32c0-17.67-14.33-32-32-32z\"><\/path><\/svg><\/span>\n\t\t\t<span class='e-closed'><svg aria-hidden=\"true\" class=\"e-font-icon-svg e-fas-plus\" viewBox=\"0 0 448 512\" xmlns=\"http:\/\/www.w3.org\/2000\/svg\"><path d=\"M416 208H272V64c0-17.67-14.33-32-32-32h-32c-17.67 0-32 14.33-32 32v144H32c-17.67 0-32 14.33-32 32v32c0 17.67 14.33 32 32 32h144v144c0 17.67 14.33 32 32 32h32c17.67 0 32-14.33 32-32V304h144c17.67 0 32-14.33 32-32v-32c0-17.67-14.33-32-32-32z\"><\/path><\/svg><\/span>\n\t\t<\/span>\n\n\t\t\t\t\t\t<\/summary>\n\t\t\t\t<div role=\"region\" aria-labelledby=\"e-n-accordion-item-2918\" class=\"elementor-element elementor-element-5dd2e45 e-con-full e-flex e-con e-child\" data-id=\"5dd2e45\" data-element_type=\"container\" data-e-type=\"container\">\n\t\t\t\t<div class=\"elementor-element elementor-element-04489fa elementor-position-left elementor-vertical-align-top elementor-widget elementor-widget-image-box\" data-id=\"04489fa\" data-element_type=\"widget\" data-e-type=\"widget\" data-widget_type=\"image-box.default\">\n\t\t\t\t<div class=\"elementor-widget-container\">\n\t\t\t\t\t<div class=\"elementor-image-box-wrapper\"><figure class=\"elementor-image-box-img\"><img loading=\"lazy\" decoding=\"async\" width=\"1200\" height=\"1200\" src=\"https:\/\/ceric.ca\/wp-content\/uploads\/2026\/05\/6.png\" class=\"attachment-full size-full wp-image-79196\" alt=\"\" srcset=\"https:\/\/ceric.ca\/wp-content\/uploads\/2026\/05\/6.png 1200w, https:\/\/ceric.ca\/wp-content\/uploads\/2026\/05\/6-300x300.png 300w, https:\/\/ceric.ca\/wp-content\/uploads\/2026\/05\/6-1024x1024.png 1024w, https:\/\/ceric.ca\/wp-content\/uploads\/2026\/05\/6-150x150.png 150w, https:\/\/ceric.ca\/wp-content\/uploads\/2026\/05\/6-768x768.png 768w, https:\/\/ceric.ca\/wp-content\/uploads\/2026\/05\/6-600x600.png 600w, https:\/\/ceric.ca\/wp-content\/uploads\/2026\/05\/6-400x400.png 400w, https:\/\/ceric.ca\/wp-content\/uploads\/2026\/05\/6-870x870.png 870w, https:\/\/ceric.ca\/wp-content\/uploads\/2026\/05\/6-480x480.png 480w, https:\/\/ceric.ca\/wp-content\/uploads\/2026\/05\/6-75x75.png 75w\" sizes=\"(max-width:767px) 480px, (max-width:1200px) 100vw, 1200px\" \/><\/figure><div class=\"elementor-image-box-content\"><p class=\"elementor-image-box-description\">Holly Linkert est professeure et conseill\u00e8re en EAO \u00e0 l\u2019Eastwood Collegiate Institute (R\u00e9gion de Waterloo). Elle aide les \u00e9l\u00e8ves \u00e0 d\u00e9couvrir leurs passions et \u00e0 explorer leurs parcours. Membre du groupe de r\u00e9flexion provincial sur le nouveau cours d\u2019exploration de carri\u00e8re (Ontario, 2018), elle a contribu\u00e9 \u00e0 y int\u00e9grer la litt\u00e9ratie financi\u00e8re et des m\u00e9thodes actualis\u00e9es de demande d\u2019emploi. Son parcours diversifi\u00e9 comprend : chanteuse\/danseuse (Jean Ann Ryan Productions, Floride), gestion au d\u00e9tail (Reebok Canada), conseill\u00e8re d\u2019orientation (TDSB), \u00e9ducatrice en danse (Carousel Dance Centre) et b\u00e9n\u00e9vole (Ballet Creole, Dance Ontario). Elle d\u00e9tient un BA (histoire) du King\u2019s University College (Western), un certificat d\u2019\u00e9tudes sup\u00e9rieures (praticienne en d\u00e9veloppement de carri\u00e8re \u2013 Conestoga), un brevet d\u2019enseignement (D\u2019Youville College, NY) et un dipl\u00f4me ADAPT (jazz\/claquettes).<br><br><\/p><\/div><\/div>\t\t\t\t<\/div>\n\t\t\t\t<\/div>\n\t\t\t\t<div class=\"elementor-element elementor-element-314b4ad elementor-widget elementor-widget-spacer\" data-id=\"314b4ad\" data-element_type=\"widget\" data-e-type=\"widget\" data-widget_type=\"spacer.default\">\n\t\t\t\t<div class=\"elementor-widget-container\">\n\t\t\t\t\t\t\t<div class=\"elementor-spacer\">\n\t\t\t<div class=\"elementor-spacer-inner\"><\/div>\n\t\t<\/div>\n\t\t\t\t\t\t<\/div>\n\t\t\t\t<\/div>\n\t\t\t\t<\/div>\n\t\t\t\t\t<\/details>\n\t\t\t\t\t\t<details id=\"e-n-accordion-item-2919\" class=\"e-n-accordion-item\" >\n\t\t\t\t<summary class=\"e-n-accordion-item-title\" data-accordion-index=\"10\" tabindex=\"-1\" aria-expanded=\"false\" aria-controls=\"e-n-accordion-item-2919\" >\n\t\t\t\t\t<span class='e-n-accordion-item-title-header'><div class=\"e-n-accordion-item-title-text\"> Magdalena Mot \u2013 Universit\u00e9 Capilano, North Vancouver, C.-B. <\/div><\/span>\n\t\t\t\t\t\t\t<span class='e-n-accordion-item-title-icon'>\n\t\t\t<span class='e-opened' ><svg aria-hidden=\"true\" class=\"e-font-icon-svg e-fas-minus\" viewBox=\"0 0 448 512\" xmlns=\"http:\/\/www.w3.org\/2000\/svg\"><path d=\"M416 208H32c-17.67 0-32 14.33-32 32v32c0 17.67 14.33 32 32 32h384c17.67 0 32-14.33 32-32v-32c0-17.67-14.33-32-32-32z\"><\/path><\/svg><\/span>\n\t\t\t<span class='e-closed'><svg aria-hidden=\"true\" class=\"e-font-icon-svg e-fas-plus\" viewBox=\"0 0 448 512\" xmlns=\"http:\/\/www.w3.org\/2000\/svg\"><path d=\"M416 208H272V64c0-17.67-14.33-32-32-32h-32c-17.67 0-32 14.33-32 32v144H32c-17.67 0-32 14.33-32 32v32c0 17.67 14.33 32 32 32h144v144c0 17.67 14.33 32 32 32h32c17.67 0 32-14.33 32-32V304h144c17.67 0 32-14.33 32-32v-32c0-17.67-14.33-32-32-32z\"><\/path><\/svg><\/span>\n\t\t<\/span>\n\n\t\t\t\t\t\t<\/summary>\n\t\t\t\t<div role=\"region\" aria-labelledby=\"e-n-accordion-item-2919\" class=\"elementor-element elementor-element-b8f40d3 e-con-full e-flex e-con e-child\" data-id=\"b8f40d3\" data-element_type=\"container\" data-e-type=\"container\">\n\t\t\t\t<div class=\"elementor-element elementor-element-47e2dfa elementor-position-left elementor-vertical-align-top elementor-widget elementor-widget-image-box\" data-id=\"47e2dfa\" data-element_type=\"widget\" data-e-type=\"widget\" data-widget_type=\"image-box.default\">\n\t\t\t\t<div class=\"elementor-widget-container\">\n\t\t\t\t\t<div class=\"elementor-image-box-wrapper\"><figure class=\"elementor-image-box-img\"><img loading=\"lazy\" decoding=\"async\" width=\"1200\" height=\"1200\" src=\"https:\/\/ceric.ca\/wp-content\/uploads\/2026\/03\/Boardcommittee-photos.png\" class=\"attachment-full size-full wp-image-77952\" alt=\"\" srcset=\"https:\/\/ceric.ca\/wp-content\/uploads\/2026\/03\/Boardcommittee-photos.png 1200w, https:\/\/ceric.ca\/wp-content\/uploads\/2026\/03\/Boardcommittee-photos-300x300.png 300w, https:\/\/ceric.ca\/wp-content\/uploads\/2026\/03\/Boardcommittee-photos-1024x1024.png 1024w, https:\/\/ceric.ca\/wp-content\/uploads\/2026\/03\/Boardcommittee-photos-150x150.png 150w, https:\/\/ceric.ca\/wp-content\/uploads\/2026\/03\/Boardcommittee-photos-768x768.png 768w, https:\/\/ceric.ca\/wp-content\/uploads\/2026\/03\/Boardcommittee-photos-600x600.png 600w, https:\/\/ceric.ca\/wp-content\/uploads\/2026\/03\/Boardcommittee-photos-400x400.png 400w, https:\/\/ceric.ca\/wp-content\/uploads\/2026\/03\/Boardcommittee-photos-870x870.png 870w, https:\/\/ceric.ca\/wp-content\/uploads\/2026\/03\/Boardcommittee-photos-480x480.png 480w, https:\/\/ceric.ca\/wp-content\/uploads\/2026\/03\/Boardcommittee-photos-75x75.png 75w\" sizes=\"(max-width:767px) 480px, (max-width:1200px) 100vw, 1200px\" \/><\/figure><div class=\"elementor-image-box-content\"><p class=\"elementor-image-box-description\">Magdalena Mot est gestionnaire principale de l\u2019AIT \u00e0 l\u2019Universit\u00e9 Capilano. Anciennement coordonnatrice de l\u2019AIT \u00e0 la Melville School of Business (Universit\u00e9 polytechnique Kwantlen). Laur\u00e9ate du Presidential Award (NCDA, 2023). Administratrice d\u2019ACE-WIL, pr\u00e9sidente du comit\u00e9 Global Connections (NCDA) et membre du comit\u00e9 de recherche appliqu\u00e9e et universitaire du CERIC.<br><br><\/p><\/div><\/div>\t\t\t\t<\/div>\n\t\t\t\t<\/div>\n\t\t\t\t<\/div>\n\t\t\t\t\t<\/details>\n\t\t\t\t\t\t<details id=\"e-n-accordion-item-29110\" class=\"e-n-accordion-item\" >\n\t\t\t\t<summary class=\"e-n-accordion-item-title\" data-accordion-index=\"11\" tabindex=\"-1\" aria-expanded=\"false\" aria-controls=\"e-n-accordion-item-29110\" >\n\t\t\t\t\t<span class='e-n-accordion-item-title-header'><div class=\"e-n-accordion-item-title-text\"> Val\u00e9rie Roy \u2013 AXTRA, Montr\u00e9al, QC <\/div><\/span>\n\t\t\t\t\t\t\t<span class='e-n-accordion-item-title-icon'>\n\t\t\t<span class='e-opened' ><svg aria-hidden=\"true\" class=\"e-font-icon-svg e-fas-minus\" viewBox=\"0 0 448 512\" xmlns=\"http:\/\/www.w3.org\/2000\/svg\"><path d=\"M416 208H32c-17.67 0-32 14.33-32 32v32c0 17.67 14.33 32 32 32h384c17.67 0 32-14.33 32-32v-32c0-17.67-14.33-32-32-32z\"><\/path><\/svg><\/span>\n\t\t\t<span class='e-closed'><svg aria-hidden=\"true\" class=\"e-font-icon-svg e-fas-plus\" viewBox=\"0 0 448 512\" xmlns=\"http:\/\/www.w3.org\/2000\/svg\"><path d=\"M416 208H272V64c0-17.67-14.33-32-32-32h-32c-17.67 0-32 14.33-32 32v144H32c-17.67 0-32 14.33-32 32v32c0 17.67 14.33 32 32 32h144v144c0 17.67 14.33 32 32 32h32c17.67 0 32-14.33 32-32V304h144c17.67 0 32-14.33 32-32v-32c0-17.67-14.33-32-32-32z\"><\/path><\/svg><\/span>\n\t\t<\/span>\n\n\t\t\t\t\t\t<\/summary>\n\t\t\t\t<div role=\"region\" aria-labelledby=\"e-n-accordion-item-29110\" class=\"elementor-element elementor-element-ec34c5c e-con-full e-flex e-con e-child\" data-id=\"ec34c5c\" data-element_type=\"container\" data-e-type=\"container\">\n\t\t\t\t<div class=\"elementor-element elementor-element-61f8813 elementor-position-left elementor-vertical-align-top elementor-widget elementor-widget-image-box\" data-id=\"61f8813\" data-element_type=\"widget\" data-e-type=\"widget\" data-widget_type=\"image-box.default\">\n\t\t\t\t<div class=\"elementor-widget-container\">\n\t\t\t\t\t<div class=\"elementor-image-box-wrapper\"><figure class=\"elementor-image-box-img\"><img loading=\"lazy\" decoding=\"async\" width=\"150\" height=\"150\" src=\"https:\/\/ceric.ca\/wp-content\/uploads\/2024\/09\/VRoy.png\" class=\"attachment-full size-full wp-image-66674\" alt=\"\" \/><\/figure><div class=\"elementor-image-box-content\"><p class=\"elementor-image-box-description\">Val\u00e9rie Roy est directrice g\u00e9n\u00e9rale d\u2019AXTRA, l\u2019Alliance des centres-conseils en emploi, qui regroupe 85 organismes \u00e0 l\u2019\u00e9chelle du Qu\u00e9bec et dont la mission est li\u00e9e \u00e0 l\u2019int\u00e9gration de toutes les personnes sur le march\u00e9 du travail. Mme Roy travaille avec les membres et les partenaires d\u2019AXTRA pour \u00e9tablir les meilleures pratiques et d\u00e9velopper un ensemble de connaissances dans le secteur de l\u2019emploi et de la formation, tout cela dans le but de contribuer \u00e0 un march\u00e9 du travail plus inclusif. Elle si\u00e8ge \u00e9galement \u00e0 de nombreux conseils d\u2019administration et comit\u00e9s au Qu\u00e9bec et au Canada.<br><br><\/p><\/div><\/div>\t\t\t\t<\/div>\n\t\t\t\t<\/div>\n\t\t\t\t<div class=\"elementor-element elementor-element-1088482 elementor-widget elementor-widget-spacer\" data-id=\"1088482\" data-element_type=\"widget\" data-e-type=\"widget\" data-widget_type=\"spacer.default\">\n\t\t\t\t<div class=\"elementor-widget-container\">\n\t\t\t\t\t\t\t<div class=\"elementor-spacer\">\n\t\t\t<div class=\"elementor-spacer-inner\"><\/div>\n\t\t<\/div>\n\t\t\t\t\t\t<\/div>\n\t\t\t\t<\/div>\n\t\t\t\t<\/div>\n\t\t\t\t\t<\/details>\n\t\t\t\t\t\t<details id=\"e-n-accordion-item-29111\" class=\"e-n-accordion-item\" >\n\t\t\t\t<summary class=\"e-n-accordion-item-title\" data-accordion-index=\"12\" tabindex=\"-1\" aria-expanded=\"false\" aria-controls=\"e-n-accordion-item-29111\" >\n\t\t\t\t\t<span class='e-n-accordion-item-title-header'><div class=\"e-n-accordion-item-title-text\"> Donald G. Lawson \u2013 The Counselling Foundation of Canada, Toronto, ON (directeur honoraire \u2013 nomm\u00e9 d\u2019office) <\/div><\/span>\n\t\t\t\t\t\t\t<span class='e-n-accordion-item-title-icon'>\n\t\t\t<span class='e-opened' ><svg aria-hidden=\"true\" class=\"e-font-icon-svg e-fas-minus\" viewBox=\"0 0 448 512\" xmlns=\"http:\/\/www.w3.org\/2000\/svg\"><path d=\"M416 208H32c-17.67 0-32 14.33-32 32v32c0 17.67 14.33 32 32 32h384c17.67 0 32-14.33 32-32v-32c0-17.67-14.33-32-32-32z\"><\/path><\/svg><\/span>\n\t\t\t<span class='e-closed'><svg aria-hidden=\"true\" class=\"e-font-icon-svg e-fas-plus\" viewBox=\"0 0 448 512\" xmlns=\"http:\/\/www.w3.org\/2000\/svg\"><path d=\"M416 208H272V64c0-17.67-14.33-32-32-32h-32c-17.67 0-32 14.33-32 32v144H32c-17.67 0-32 14.33-32 32v32c0 17.67 14.33 32 32 32h144v144c0 17.67 14.33 32 32 32h32c17.67 0 32-14.33 32-32V304h144c17.67 0 32-14.33 32-32v-32c0-17.67-14.33-32-32-32z\"><\/path><\/svg><\/span>\n\t\t<\/span>\n\n\t\t\t\t\t\t<\/summary>\n\t\t\t\t<div role=\"region\" aria-labelledby=\"e-n-accordion-item-29111\" class=\"elementor-element elementor-element-f960f76 e-con-full e-flex e-con e-child\" data-id=\"f960f76\" data-element_type=\"container\" data-e-type=\"container\">\n\t\t\t\t<div class=\"elementor-element elementor-element-471fc43 elementor-position-left elementor-vertical-align-top elementor-widget elementor-widget-image-box\" data-id=\"471fc43\" data-element_type=\"widget\" data-e-type=\"widget\" data-widget_type=\"image-box.default\">\n\t\t\t\t<div class=\"elementor-widget-container\">\n\t\t\t\t\t<div class=\"elementor-image-box-wrapper\"><figure class=\"elementor-image-box-img\"><img loading=\"lazy\" decoding=\"async\" width=\"150\" height=\"150\" src=\"https:\/\/ceric.ca\/wp-content\/uploads\/2021\/07\/Donald-Lawson-150px.png\" class=\"attachment-full size-full wp-image-48874\" alt=\"\" \/><\/figure><div class=\"elementor-image-box-content\"><p class=\"elementor-image-box-description\">Retrait\u00e9 depuis juillet 2008, Donald Lawson a travaill\u00e9 dans le secteur des investissements pendant 58 ans, d\u2019abord comme associ\u00e9 chez Moss, Lawson &amp; Co., puis comme pr\u00e9sident et chef de la direction et, enfin, comme pr\u00e9sident du conseil. Apr\u00e8s l\u2019acquisition par HSBC Securities (Canada) Inc., il a \u00e9t\u00e9 pr\u00e9sident honoraire et conseiller en placement. Il a si\u00e9g\u00e9 au Conseil des gouverneurs de la Bourse de Toronto (dont un mandat comme pr\u00e9sident) et \u00e0 l\u2019Association canadienne des courtiers en valeurs mobili\u00e8res.<br><br>\n\nTr\u00e8s engag\u00e9 dans le secteur sans but lucratif : YMCA du Grand Toronto (pr\u00e9sident durant une p\u00e9riode critique), pr\u00e9sident (31 ans) de la Counselling Foundation of Canada (aujourd\u2019hui pr\u00e9sident \u00e9m\u00e9rite), United Way (comit\u00e9s budg\u00e9taires), Huntley Youth Services (tr\u00e9sorier), comit\u00e9 de placement de l\u2019\u00c9glise unie du Canada, Universit\u00e9 Victoria (tr\u00e9sorier), Lawrence Park Community Church (pr\u00e9sident du comit\u00e9 ex\u00e9cutif puis du conseil de surveillance) et Georgian Bay Land Trust (administrateur).<br><br>\n\nDistinctions : Officier \u2013 Fellowship of Honour (YMCA Canada), doctorats honorifiques (Dalhousie, Victoria, Memorial) et M\u00e9daille du jubil\u00e9 de diamant de la reine Elizabeth II.<br><br><\/p><\/div><\/div>\t\t\t\t<\/div>\n\t\t\t\t<\/div>\n\t\t\t\t<\/div>\n\t\t\t\t\t<\/details>\n\t\t\t\t\t\t<details id=\"e-n-accordion-item-29112\" class=\"e-n-accordion-item\" >\n\t\t\t\t<summary class=\"e-n-accordion-item-title\" data-accordion-index=\"13\" tabindex=\"-1\" aria-expanded=\"false\" aria-controls=\"e-n-accordion-item-29112\" >\n\t\t\t\t\t<span class='e-n-accordion-item-title-header'><div class=\"e-n-accordion-item-title-text\"> Riz Ibrahim \u2013 The Counselling Foundation of Canada, Toronto, ON (membre ex\u00e9cutif, nomm\u00e9 d\u2019office) <\/div><\/span>\n\t\t\t\t\t\t\t<span class='e-n-accordion-item-title-icon'>\n\t\t\t<span class='e-opened' ><svg aria-hidden=\"true\" class=\"e-font-icon-svg e-fas-minus\" viewBox=\"0 0 448 512\" xmlns=\"http:\/\/www.w3.org\/2000\/svg\"><path d=\"M416 208H32c-17.67 0-32 14.33-32 32v32c0 17.67 14.33 32 32 32h384c17.67 0 32-14.33 32-32v-32c0-17.67-14.33-32-32-32z\"><\/path><\/svg><\/span>\n\t\t\t<span class='e-closed'><svg aria-hidden=\"true\" class=\"e-font-icon-svg e-fas-plus\" viewBox=\"0 0 448 512\" xmlns=\"http:\/\/www.w3.org\/2000\/svg\"><path d=\"M416 208H272V64c0-17.67-14.33-32-32-32h-32c-17.67 0-32 14.33-32 32v144H32c-17.67 0-32 14.33-32 32v32c0 17.67 14.33 32 32 32h144v144c0 17.67 14.33 32 32 32h32c17.67 0 32-14.33 32-32V304h144c17.67 0 32-14.33 32-32v-32c0-17.67-14.33-32-32-32z\"><\/path><\/svg><\/span>\n\t\t<\/span>\n\n\t\t\t\t\t\t<\/summary>\n\t\t\t\t<div role=\"region\" aria-labelledby=\"e-n-accordion-item-29112\" class=\"elementor-element elementor-element-25631d3 e-con-full e-flex e-con e-child\" data-id=\"25631d3\" data-element_type=\"container\" data-e-type=\"container\">\n\t\t\t\t<div class=\"elementor-element elementor-element-8bcb7e3 elementor-position-left elementor-vertical-align-top elementor-widget elementor-widget-image-box\" data-id=\"8bcb7e3\" data-element_type=\"widget\" data-e-type=\"widget\" data-widget_type=\"image-box.default\">\n\t\t\t\t<div class=\"elementor-widget-container\">\n\t\t\t\t\t<div class=\"elementor-image-box-wrapper\"><figure class=\"elementor-image-box-img\"><img loading=\"lazy\" decoding=\"async\" width=\"150\" height=\"150\" src=\"https:\/\/ceric.ca\/wp-content\/uploads\/2023\/05\/150x150-riz.png\" class=\"attachment-full size-full wp-image-59858\" alt=\"\" \/><\/figure><div class=\"elementor-image-box-content\"><p class=\"elementor-image-box-description\">Riz Ibrahim est le pr\u00e9sident-directeur g\u00e9n\u00e9ral de la Counselling Foundation of Canada. Il est \u00e9galement directeur ex\u00e9cutif du CERIC et membre de facto de son conseil d\u2019administration. Il a pilot\u00e9 la cr\u00e9ation du CERIC au d\u00e9but des ann\u00e9es 2000 et en a \u00e9t\u00e9 le directeur g\u00e9n\u00e9ral jusqu\u2019en 2023.<br><br>\n\n\u00c0 titre de DG du CERIC, Riz a \u00e9largi la port\u00e9e de l\u2019organisation en mobilisant des parties prenantes d\u2019un vaste \u00e9cosyst\u00e8me. Partenariats, collaboration et inclusion ont \u00e9t\u00e9 au c\u0153ur de sa croissance.<br><br>\n\nIl a mis sur pied des v\u00e9hicules de recherche et d\u2019apprentissage qui ont fait du CERIC une voix cr\u00e9dible et non partisane : Revue canadienne de d\u00e9veloppement de carri\u00e8re, magazine Careering, sites CareerWise\/OrientAction, Programme de mobilisation des \u00e9tudiants aux cycles sup\u00e9rieurs. Surtout, il a lanc\u00e9 et fait grandir Cannexus, le principal congr\u00e8s canadien en d\u00e9veloppement de carri\u00e8re.<br><br><\/p><\/div><\/div>\t\t\t\t<\/div>\n\t\t\t\t<\/div>\n\t\t\t\t<\/div>\n\t\t\t\t\t<\/details>\n\t\t\t\t\t<\/div>\n\t\t\t\t\t\t<\/div>\n\t\t\t\t<\/div>\n\t\t\n<\/div>\n\t\t<\/div>\n\t\t","protected":false},"excerpt":{"rendered":"<p>Le CERIC est dirig\u00e9 par un conseil d\u2019administration pancanadien form\u00e9 de b\u00e9n\u00e9voles, t\u00e9moignant d\u2019une large repr\u00e9sentation sectorielle dans le domaine du counseling professionnel. Le CERIC dispose<span class=\"excerpt-hellip\"> [\u2026]<\/span><\/p>\n","protected":false},"author":60,"featured_media":0,"parent":0,"menu_order":0,"comment_status":"closed","ping_status":"closed","template":"","meta":{"rs_blank_template":"","rs_page_bg_color":"","slide_template_v7":"","h5ap_radio_sources":[],"footnotes":""},"class_list":["post-86041","page","type-page","status-publish","hentry"],"yoast_head":"<!-- This site is optimized with the Yoast SEO plugin v28.4 - https:\/\/yoast.com\/product\/yoast-seo-wordpress\/ -->\n<title>Conseil d\u2019administration - CERIC<\/title>\n<meta name=\"robots\" content=\"index, follow, max-snippet:-1, max-image-preview:large, max-video-preview:-1\" \/>\n<link rel=\"canonical\" href=\"https:\/\/ceric.ca\/fr\/board-of-directors\/\" \/>\n<meta property=\"og:locale\" content=\"fr_FR\" \/>\n<meta property=\"og:type\" content=\"article\" \/>\n<meta property=\"og:title\" content=\"Conseil d\u2019administration - CERIC\" \/>\n<meta property=\"og:description\" content=\"Le CERIC est dirig\u00e9 par un conseil d\u2019administration pancanadien form\u00e9 de b\u00e9n\u00e9voles, t\u00e9moignant d\u2019une large repr\u00e9sentation sectorielle dans le domaine du counseling professionnel. Le CERIC dispose [\u2026]\" \/>\n<meta property=\"og:url\" content=\"https:\/\/ceric.ca\/fr\/board-of-directors\/\" \/>\n<meta property=\"og:site_name\" content=\"CERIC\" \/>\n<meta property=\"article:modified_time\" content=\"2026-08-31T17:56:51+00:00\" \/>\n<meta property=\"og:image\" content=\"https:\/\/ceric.ca\/wp-content\/uploads\/2026\/04\/Boardcommittee-photos-21.png\" \/>\n\t<meta property=\"og:image:width\" content=\"1200\" \/>\n\t<meta property=\"og:image:height\" content=\"1200\" \/>\n\t<meta property=\"og:image:type\" content=\"image\/png\" \/>\n<meta name=\"twitter:card\" content=\"summary_large_image\" \/>\n<meta name=\"twitter:label1\" content=\"Dur\u00e9e de lecture estim\u00e9e\" \/>\n\t<meta name=\"twitter:data1\" content=\"14 minutes\" \/>\n<script type=\"application\/ld+json\" class=\"yoast-schema-graph\">{\"@context\":\"https:\\\/\\\/schema.org\",\"@graph\":[{\"@type\":\"WebPage\",\"@id\":\"https:\\\/\\\/ceric.ca\\\/fr\\\/board-of-directors\\\/\",\"url\":\"https:\\\/\\\/ceric.ca\\\/fr\\\/board-of-directors\\\/\",\"name\":\"Conseil d\u2019administration - CERIC\",\"isPartOf\":{\"@id\":\"https:\\\/\\\/ceric.ca\\\/#website\"},\"primaryImageOfPage\":{\"@id\":\"https:\\\/\\\/ceric.ca\\\/fr\\\/board-of-directors\\\/#primaryimage\"},\"image\":{\"@id\":\"https:\\\/\\\/ceric.ca\\\/fr\\\/board-of-directors\\\/#primaryimage\"},\"thumbnailUrl\":\"https:\\\/\\\/ceric.ca\\\/wp-content\\\/uploads\\\/2026\\\/04\\\/Boardcommittee-photos-21.png\",\"datePublished\":\"2026-08-28T16:52:55+00:00\",\"dateModified\":\"2026-08-31T17:56:51+00:00\",\"breadcrumb\":{\"@id\":\"https:\\\/\\\/ceric.ca\\\/fr\\\/board-of-directors\\\/#breadcrumb\"},\"inLanguage\":\"fr-FR\",\"potentialAction\":[{\"@type\":\"ReadAction\",\"target\":[\"https:\\\/\\\/ceric.ca\\\/fr\\\/board-of-directors\\\/\"]}]},{\"@type\":\"ImageObject\",\"inLanguage\":\"fr-FR\",\"@id\":\"https:\\\/\\\/ceric.ca\\\/fr\\\/board-of-directors\\\/#primaryimage\",\"url\":\"https:\\\/\\\/ceric.ca\\\/wp-content\\\/uploads\\\/2026\\\/04\\\/Boardcommittee-photos-21.png\",\"contentUrl\":\"https:\\\/\\\/ceric.ca\\\/wp-content\\\/uploads\\\/2026\\\/04\\\/Boardcommittee-photos-21.png\"},{\"@type\":\"BreadcrumbList\",\"@id\":\"https:\\\/\\\/ceric.ca\\\/fr\\\/board-of-directors\\\/#breadcrumb\",\"itemListElement\":[{\"@type\":\"ListItem\",\"position\":1,\"name\":\"Home\",\"item\":\"https:\\\/\\\/ceric.ca\\\/fr\\\/ceric-homepage-2025\\\/\"},{\"@type\":\"ListItem\",\"position\":2,\"name\":\"Conseil d\u2019administration\"}]},{\"@type\":\"WebSite\",\"@id\":\"https:\\\/\\\/ceric.ca\\\/#website\",\"url\":\"https:\\\/\\\/ceric.ca\\\/\",\"name\":\"CERIC\",\"description\":\"\",\"publisher\":{\"@id\":\"https:\\\/\\\/ceric.ca\\\/#organization\"},\"potentialAction\":[{\"@type\":\"SearchAction\",\"target\":{\"@type\":\"EntryPoint\",\"urlTemplate\":\"https:\\\/\\\/ceric.ca\\\/?s={search_term_string}\"},\"query-input\":{\"@type\":\"PropertyValueSpecification\",\"valueRequired\":true,\"valueName\":\"search_term_string\"}}],\"inLanguage\":\"fr-FR\"},{\"@type\":\"Organization\",\"@id\":\"https:\\\/\\\/ceric.ca\\\/#organization\",\"name\":\"CERIC\",\"url\":\"https:\\\/\\\/ceric.ca\\\/\",\"logo\":{\"@type\":\"ImageObject\",\"inLanguage\":\"fr-FR\",\"@id\":\"https:\\\/\\\/ceric.ca\\\/#\\\/schema\\\/logo\\\/image\\\/\",\"url\":\"\",\"contentUrl\":\"\",\"caption\":\"CERIC\"},\"image\":{\"@id\":\"https:\\\/\\\/ceric.ca\\\/#\\\/schema\\\/logo\\\/image\\\/\"}}]}<\/script>\n<!-- \/ Yoast SEO plugin. -->","yoast_head_json":{"title":"Conseil d\u2019administration - CERIC","robots":{"index":"index","follow":"follow","max-snippet":"max-snippet:-1","max-image-preview":"max-image-preview:large","max-video-preview":"max-video-preview:-1"},"canonical":"https:\/\/ceric.ca\/fr\/board-of-directors\/","og_locale":"fr_FR","og_type":"article","og_title":"Conseil d\u2019administration - CERIC","og_description":"Le CERIC est dirig\u00e9 par un conseil d\u2019administration pancanadien form\u00e9 de b\u00e9n\u00e9voles, t\u00e9moignant d\u2019une large repr\u00e9sentation sectorielle dans le domaine du counseling professionnel. Le CERIC dispose [\u2026]","og_url":"https:\/\/ceric.ca\/fr\/board-of-directors\/","og_site_name":"CERIC","article_modified_time":"2026-08-31T17:56:51+00:00","og_image":[{"width":1200,"height":1200,"url":"https:\/\/ceric.ca\/wp-content\/uploads\/2026\/04\/Boardcommittee-photos-21.png","type":"image\/png"}],"twitter_card":"summary_large_image","twitter_misc":{"Dur\u00e9e de lecture estim\u00e9e":"14 minutes"},"schema":{"@context":"https:\/\/schema.org","@graph":[{"@type":"WebPage","@id":"https:\/\/ceric.ca\/fr\/board-of-directors\/","url":"https:\/\/ceric.ca\/fr\/board-of-directors\/","name":"Conseil d\u2019administration - CERIC","isPartOf":{"@id":"https:\/\/ceric.ca\/#website"},"primaryImageOfPage":{"@id":"https:\/\/ceric.ca\/fr\/board-of-directors\/#primaryimage"},"image":{"@id":"https:\/\/ceric.ca\/fr\/board-of-directors\/#primaryimage"},"thumbnailUrl":"https:\/\/ceric.ca\/wp-content\/uploads\/2026\/04\/Boardcommittee-photos-21.png","datePublished":"2026-08-28T16:52:55+00:00","dateModified":"2026-08-31T17:56:51+00:00","breadcrumb":{"@id":"https:\/\/ceric.ca\/fr\/board-of-directors\/#breadcrumb"},"inLanguage":"fr-FR","potentialAction":[{"@type":"ReadAction","target":["https:\/\/ceric.ca\/fr\/board-of-directors\/"]}]},{"@type":"ImageObject","inLanguage":"fr-FR","@id":"https:\/\/ceric.ca\/fr\/board-of-directors\/#primaryimage","url":"https:\/\/ceric.ca\/wp-content\/uploads\/2026\/04\/Boardcommittee-photos-21.png","contentUrl":"https:\/\/ceric.ca\/wp-content\/uploads\/2026\/04\/Boardcommittee-photos-21.png"},{"@type":"BreadcrumbList","@id":"https:\/\/ceric.ca\/fr\/board-of-directors\/#breadcrumb","itemListElement":[{"@type":"ListItem","position":1,"name":"Home","item":"https:\/\/ceric.ca\/fr\/ceric-homepage-2025\/"},{"@type":"ListItem","position":2,"name":"Conseil d\u2019administration"}]},{"@type":"WebSite","@id":"https:\/\/ceric.ca\/#website","url":"https:\/\/ceric.ca\/","name":"CERIC","description":"","publisher":{"@id":"https:\/\/ceric.ca\/#organization"},"potentialAction":[{"@type":"SearchAction","target":{"@type":"EntryPoint","urlTemplate":"https:\/\/ceric.ca\/?s={search_term_string}"},"query-input":{"@type":"PropertyValueSpecification","valueRequired":true,"valueName":"search_term_string"}}],"inLanguage":"fr-FR"},{"@type":"Organization","@id":"https:\/\/ceric.ca\/#organization","name":"CERIC","url":"https:\/\/ceric.ca\/","logo":{"@type":"ImageObject","inLanguage":"fr-FR","@id":"https:\/\/ceric.ca\/#\/schema\/logo\/image\/","url":"","contentUrl":"","caption":"CERIC"},"image":{"@id":"https:\/\/ceric.ca\/#\/schema\/logo\/image\/"}}]}},"_links":{"self":[{"href":"https:\/\/ceric.ca\/fr\/wp-json\/wp\/v2\/pages\/86041","targetHints":{"allow":["GET"]}}],"collection":[{"href":"https:\/\/ceric.ca\/fr\/wp-json\/wp\/v2\/pages"}],"about":[{"href":"https:\/\/ceric.ca\/fr\/wp-json\/wp\/v2\/types\/page"}],"author":[{"embeddable":true,"href":"https:\/\/ceric.ca\/fr\/wp-json\/wp\/v2\/users\/60"}],"replies":[{"embeddable":true,"href":"https:\/\/ceric.ca\/fr\/wp-json\/wp\/v2\/comments?post=86041"}],"version-history":[{"count":11,"href":"https:\/\/ceric.ca\/fr\/wp-json\/wp\/v2\/pages\/86041\/revisions"}],"predecessor-version":[{"id":86109,"href":"https:\/\/ceric.ca\/fr\/wp-json\/wp\/v2\/pages\/86041\/revisions\/86109"}],"wp:attachment":[{"href":"https:\/\/ceric.ca\/fr\/wp-json\/wp\/v2\/media?parent=86041"}],"curies":[{"name":"wp","href":"https:\/\/api.w.org\/{rel}","templated":true}]}}