{"id":34085,"date":"2019-06-12T10:04:33","date_gmt":"2019-06-12T14:04:33","guid":{"rendered":"https:\/\/ceric.ca\/?post_type=wpdmpro&#038;p=34085"},"modified":"2022-04-06T12:59:34","modified_gmt":"2022-04-06T16:59:34","slug":"apprentissage-par-lexperience-et-developpement-de-carriere-en-anglais","status":"publish","type":"wpdmpro","link":"https:\/\/ceric.ca\/fr\/wpdm-package\/apprentissage-par-lexperience-et-developpement-de-carriere-en-anglais\/","title":{"rendered":"Apprentissage par l\u2019exp\u00e9rience et d\u00e9veloppement de carri\u00e8re (en anglais)"},"content":{"rendered":"<p><span data-contrast=\"auto\">Agarwal, A. (2018). <\/span><a href=\"https:\/\/www.entrepreneur.com\/article\/307820\" target=\"_blank\" rel=\"noopener\"><i><span data-contrast=\"none\">Why is Experiential Learning the Real Learning for Employees.<\/span><\/i><\/a> <span data-contrast=\"auto\">Entrepreneur.<\/span><i><span data-contrast=\"auto\">\u00a0<\/span><\/i><span data-ccp-props=\"{&quot;201341983&quot;:0,&quot;335559739&quot;:160,&quot;335559740&quot;:259}\">\u00a0<\/span><\/p>\n<p><span data-contrast=\"auto\">Anderson, K.L., Boyd, M., Marin, K.A., McNamara, K. (2019). <\/span><a href=\"https:\/\/journals.sagepub.com\/doi\/abs\/10.1177\/1053825919837735?journalCode=jeea\" target=\"_blank\" rel=\"noopener\"><span data-contrast=\"none\">Reimagining Service-Learning: Deepening the Impact of This High-Impact Practice.<\/span><\/a><span data-contrast=\"auto\"> Journal of Experiential Education<\/span><i><span data-contrast=\"auto\">. <\/span><\/i><span data-contrast=\"auto\">Vol. 42(3)<\/span><span data-ccp-props=\"{&quot;201341983&quot;:0,&quot;335559739&quot;:160,&quot;335559740&quot;:259}\">\u00a0<\/span><\/p>\n<p><span data-contrast=\"auto\">Andrews, J. &amp; Ramji, K. (2020). <\/span><a href=\"https:\/\/eric.ed.gov\/?id=EJ1271387\" target=\"_blank\" rel=\"noopener\"><span data-contrast=\"none\">Connecting work-integrated learning and career development in virtual environments: An analysis of the UVic Leading Edge<\/span><\/a><i><span data-contrast=\"auto\">. International Journal of Work \u2013 Integrated Learning.<\/span><\/i><span data-contrast=\"auto\"> Vol.21(5), 643\u2013656.<\/span><span data-ccp-props=\"{&quot;201341983&quot;:0,&quot;335559739&quot;:160,&quot;335559740&quot;:259}\">\u00a0<\/span><\/p>\n<p><span data-contrast=\"auto\">Ash, S. L., &amp; Clayton, P. H. (2004). <\/span><a href=\"https:\/\/scholarworks.iupui.edu\/bitstream\/handle\/1805\/9644\/The%20Articulated%20Learning%20-%20An%20Approach%20to%20Guided%20Reflection%20and%20Assessment%20-%20Ash%20and%20Clayton.pdf;sequence=1\" target=\"_blank\" rel=\"noopener\"><span data-contrast=\"none\">The articulated learning: An approach to guided reflection and assessment.<\/span><\/a><i><span data-contrast=\"auto\">\u202fInnovative Higher Education<\/span><\/i><span data-contrast=\"auto\">,\u202fVol.29(2), 137-154.<\/span><span data-ccp-props=\"{&quot;201341983&quot;:0,&quot;335559739&quot;:160,&quot;335559740&quot;:259}\">\u00a0<\/span><\/p>\n<p><span data-contrast=\"auto\">*Ashby, C. (2006). <\/span><a href=\"https:\/\/search.lib.utexas.edu\/discovery\/openurl?institution=01UTAU_INST&amp;rfr_id=info:sid%252Fprimo.exlibrisgroup.com-bX-Bx&amp;rfr_id=info:sid%2Fprimo.exlibrisgroup.com-145666-Bx&amp;rft_val_fmt=info:ofi%2Ffmt:kev:mtx:&amp;rft.epage=37&amp;rft.volume=32&amp;rft_id=info:doi%2F&amp;rft.jtitle=Practice%20nurse&amp;rft.isbn=&amp;rft.btitle=&amp;rft.genre=article&amp;rft.issue=9&amp;rft.auinit1=C&amp;rft.eisbn=&amp;rft.aulast=Ashby&amp;rft.auinit=C&amp;rft.spage=35&amp;rft.au=Ashby,%20Carmel&amp;rft.atitle=The%20benefits%20of%20reflective%20practice.&amp;rft_dat=&amp;rft.issn=0953-6612&amp;rft.eissn=0953-0612&amp;svc_dat=CTO&amp;u.ignore_date_coverage=true&amp;vid=01UTAU_INST:SEARCH\" target=\"_blank\" rel=\"noopener\"><span data-contrast=\"none\">The benefits of reflective practice<\/span><\/a><span data-contrast=\"auto\">. <\/span><i><span data-contrast=\"auto\">Practice Nurse<\/span><\/i><span data-contrast=\"auto\">, Vol.32(9), 35-37.<\/span><span data-ccp-props=\"{&quot;201341983&quot;:0,&quot;335559739&quot;:160,&quot;335559740&quot;:259}\">\u00a0<\/span><\/p>\n<p><span data-contrast=\"auto\">Associate for Experiential Education. (n.d.). <\/span><a href=\"https:\/\/www.aee.org\/what-is-experiential-education\" target=\"_blank\" rel=\"noopener\"><span data-contrast=\"none\">What is Experiential Education.<\/span><\/a><span data-contrast=\"auto\">\u00a0<\/span><span data-ccp-props=\"{&quot;201341983&quot;:0,&quot;335559739&quot;:160,&quot;335559740&quot;:259}\">\u00a0<\/span><\/p>\n<p><span data-contrast=\"auto\">Barton, G., &amp; Ryan, M. (2020). <\/span><a href=\"https:\/\/www.ojed.org\/index.php\/jis\/article\/view\/2848\/1238\" target=\"_blank\" rel=\"noopener\"><span data-contrast=\"none\">What does reflection look and feel like for international students? An exploration of reflective thinking, reflexivity and employability.<\/span><\/a><i><span data-contrast=\"auto\">\u202fJournal of International Students<\/span><\/i><span data-contrast=\"auto\">.\u202fVol. 10(S2), 1-16.\u00a0<\/span><span data-ccp-props=\"{&quot;201341983&quot;:0,&quot;335559739&quot;:160,&quot;335559740&quot;:259}\">\u00a0<\/span><\/p>\n<p><span data-contrast=\"auto\">Beard, C., &amp; Wilson, J. P. (2013<\/span><a href=\"http:\/\/dspace.vnbrims.org:13000\/xmlui\/bitstream\/handle\/123456789\/4267\/Experiential%20Learning%20A%20Handbook%20for%20Education,%20Training%20and%20Coaching.pdf?sequence=1\" target=\"_blank\" rel=\"noopener\"><span data-contrast=\"none\">). Experiential learning: a handbook for education, training and coaching (3rd ed.).<\/span><\/a><span data-contrast=\"auto\"> London, UK: Kogan Page Publishers<\/span><span data-ccp-props=\"{&quot;201341983&quot;:0,&quot;335559739&quot;:160,&quot;335559740&quot;:259}\">\u00a0<\/span><\/p>\n<p><span data-contrast=\"auto\">Bennett, D., Power, A., Thomson, C., Mason, B., &amp; Bartleet, B.-L. (2016). <\/span><a href=\"https:\/\/files.eric.ed.gov\/fulltext\/EJ1101268.pdf\" target=\"_blank\" rel=\"noopener\"><span data-contrast=\"none\">Reflection for learning, learning for reflection: developing Indigenous competencies in higher education<\/span><\/a><span data-contrast=\"auto\">. <\/span><i><span data-contrast=\"auto\">Journal of University Teaching &amp; Learning Practice<\/span><\/i><span data-contrast=\"auto\">. Vol. 13(2).<\/span><span data-ccp-props=\"{&quot;201341983&quot;:0,&quot;335559739&quot;:160,&quot;335559740&quot;:259}\">\u00a0<\/span><\/p>\n<p><span data-contrast=\"auto\">Bhuiyan, N., and Brennan, J. (2019). <\/span><a href=\"http:\/\/www.concordia.ca\/cunews\/main\/stories\/2019\/02\/12\/eager-to-expand-your-university-education-through-experiential-learning.html\"><i><span data-contrast=\"none\">Eager to expand your university education through experiential learning?<\/span><\/i><\/a><span data-contrast=\"auto\"> Concordia University.<\/span><span data-ccp-props=\"{&quot;201341983&quot;:0,&quot;335559739&quot;:160,&quot;335559740&quot;:259}\">\u00a0<\/span><\/p>\n<p><span data-contrast=\"auto\">Bleakney, J. (2019). <\/span><a href=\"https:\/\/www.centerforengagedlearning.org\/what-is-work-integrated-learning\/\" target=\"_blank\" rel=\"noopener\"><span data-contrast=\"none\">What is Work-Integrated Learning?.<\/span><\/a><span data-contrast=\"auto\"> Elon University, Center for Engaged Learning.\u00a0<\/span><span data-ccp-props=\"{&quot;201341983&quot;:0,&quot;335559739&quot;:160,&quot;335559740&quot;:259}\">\u00a0<\/span><\/p>\n<p><span data-contrast=\"auto\">*Bloomfield, T. (2013). <\/span><a href=\"https:\/\/www.tandfonline.com\/doi\/abs\/10.1080\/09647775.2013.776798\" target=\"_blank\" rel=\"noopener\"><span data-contrast=\"none\">Engaging indigenous participation: toward a more diverse profession.<\/span><\/a> <i><span data-contrast=\"auto\">Museum Management and Curatorship<\/span><\/i><span data-contrast=\"auto\">. Vol.28(2), 138-152.<\/span><span data-ccp-props=\"{&quot;201341983&quot;:0,&quot;335559739&quot;:160,&quot;335559740&quot;:259}\">\u00a0<\/span><\/p>\n<p><span data-contrast=\"auto\">Budd, J.M., Chu, C.M., Dali, K., O\u2019Brien, H. (2016). <\/span><a href=\"https:\/\/onlinelibrary.wiley.com\/doi\/full\/10.1002\/pra2.2015.14505201007\" target=\"_blank\" rel=\"noopener\"><i><span data-contrast=\"none\">Making an impact through experiential learning.<\/span><\/i><\/a><span data-contrast=\"auto\"> Proceedings of the Association for Information Science and Technology, Vol 52 (1), 1-4.\u00a0<\/span><span data-ccp-props=\"{&quot;201341983&quot;:0,&quot;335559739&quot;:160,&quot;335559740&quot;:259}\">\u00a0<\/span><\/p>\n<p><span data-contrast=\"auto\">*Boenink, A. D., Oderwald, A. K., De Jonge, P., Van Tilburg, W., &amp; Smal, J. A. (2004<\/span><a href=\"https:\/\/onlinelibrary.wiley.com\/doi\/epdf\/10.1046\/j.1365-2923.2004.01787.x\" target=\"_blank\" rel=\"noopener\"><span data-contrast=\"none\">). Assessing student reflection in medical practice. The development of an observer\u2010rated instrument: reliability, validity and initial experiences.<\/span><\/a><i><span data-contrast=\"auto\">\u202fMedical education<\/span><\/i><span data-contrast=\"auto\">,\u202fVol.38(4), 368-377.<\/span><span data-ccp-props=\"{&quot;201341983&quot;:0,&quot;335559739&quot;:160,&quot;335559740&quot;:259}\">\u00a0<\/span><\/p>\n<p><span data-contrast=\"auto\">Branch Jr, W. T., &amp; George, M. (2017<\/span><a href=\"https:\/\/journalofethics.ama-assn.org\/article\/reflection-based-learning-professional-ethical-formation\/2017-04\" target=\"_blank\" rel=\"noopener\"><span data-contrast=\"none\">). Reflection-based learning for professional ethical formation.<\/span><\/a><i><span data-contrast=\"auto\">\u202fAMA Journal of Ethics<\/span><\/i><span data-contrast=\"auto\">. Vol.19(4), 349-356.\u00a0<\/span><span data-ccp-props=\"{&quot;201341983&quot;:0,&quot;335559739&quot;:160,&quot;335559740&quot;:259}\">\u00a0<\/span><\/p>\n<p><span data-contrast=\"auto\">Bringle, R. G., &amp; Hatcher, J. A. (1999). <\/span><a href=\"https:\/\/digitalcommons.unomaha.edu\/cgi\/viewcontent.cgi?article=1024&amp;context=slceeval\" target=\"_blank\" rel=\"noopener\"><span data-contrast=\"none\">Reflection in service-learning: Making meaning of experience.<\/span><\/a> <i><span data-contrast=\"auto\">Evaluation\/Reflection, Educational Horizons.<\/span><\/i><span data-contrast=\"auto\"> Vol.7(4), 179-185.\u00a0<\/span><span data-ccp-props=\"{&quot;201341983&quot;:0,&quot;335559739&quot;:160,&quot;335559740&quot;:259}\">\u00a0<\/span><\/p>\n<p><span data-contrast=\"auto\">Campbell, G. (2016). <\/span><a href=\"https:\/\/er.educause.edu\/articles\/2016\/1\/networked-learning-as-experiential-learning\" target=\"_blank\" rel=\"noopener\"><i><span data-contrast=\"none\">Networked Learning as Experiential Learning<\/span><\/i><\/a><span data-contrast=\"auto\">. EDUCAUSEREVIEW.<\/span><span data-ccp-props=\"{&quot;201341983&quot;:0,&quot;335559739&quot;:160,&quot;335559740&quot;:259}\">\u00a0<\/span><\/p>\n<p><span data-contrast=\"auto\">Canadian Alliance of Student Associations. (2019). <\/span><a href=\"https:\/\/www.ourcommons.ca\/Content\/Committee\/421\/HUMA\/Brief\/BR9710177\/br-external\/CanadianAllianceOfStudentAssociations-e.pdf\" target=\"_blank\" rel=\"noopener\"><i><span data-contrast=\"none\">Experiential Learning and Pathways to Education for Canadian Youth.<\/span><\/i><\/a><span data-contrast=\"auto\"> Canadian Alliance of Student Associations.<\/span><span data-ccp-props=\"{&quot;201341983&quot;:0,&quot;335559739&quot;:160,&quot;335559740&quot;:259}\">\u00a0<\/span><\/p>\n<p><span data-contrast=\"auto\">Canadian Standards and Guidelines for Career Development Practitioners. (2012). <\/span><a href=\"https:\/\/career-dev-guidelines.org\/wp-content\/uploads\/2015\/06\/Glossary.pdf\"><span data-contrast=\"none\">Glossary of Career Development Terms<\/span><\/a><span data-contrast=\"auto\">.\u00a0<\/span><span data-ccp-props=\"{&quot;201341983&quot;:0,&quot;335559739&quot;:160,&quot;335559740&quot;:259}\">\u00a0<\/span><\/p>\n<p><span data-contrast=\"auto\">Carleton University. (2018). <\/span><a href=\"https:\/\/carleton.ca\/tls\/teachingresources\/high-impact-practices\/experiential-learning\/\" target=\"_blank\" rel=\"noopener\"><span data-contrast=\"none\">Experiential Learning.<\/span><\/a><span data-contrast=\"auto\">\u00a0<\/span><span data-ccp-props=\"{&quot;201341983&quot;:0,&quot;335559739&quot;:160,&quot;335559740&quot;:259}\">\u00a0<\/span><\/p>\n<p><span data-contrast=\"auto\">Carleton University. (n.d.). <\/span><a href=\"https:\/\/carleton.ca\/experientialeducation\/\" target=\"_blank\" rel=\"noopener\"><span data-contrast=\"none\">Experiential learning is the application of theory and academic content to real-world experiences.<\/span><\/a><span data-contrast=\"auto\">\u00a0<\/span><span data-ccp-props=\"{&quot;201341983&quot;:0,&quot;335559739&quot;:160,&quot;335559740&quot;:259}\">\u00a0<\/span><\/p>\n<p><span data-contrast=\"auto\">Carson, A., Greenhill, G. (2013). <\/span><a href=\"http:\/\/c2l.mcnrc.org\/wp-content\/uploads\/sites\/8\/2014\/05\/mville-ref-practice-2.pdf\" target=\"_blank\" rel=\"noopener\"><span data-contrast=\"none\">The Manhattanville Portfolio System: Using Inquiry and Reflection to Support Integration across a Student\u2019s College Career<\/span><\/a><span data-contrast=\"auto\">.\u00a0<\/span><span data-ccp-props=\"{&quot;201341983&quot;:0,&quot;335559739&quot;:160,&quot;335559740&quot;:259}\">\u00a0<\/span><\/p>\n<p><span data-contrast=\"auto\">*Carson, L. &amp; Fisher, K. (2006<\/span><a href=\"https:\/\/journals.sagepub.com\/doi\/10.1177\/1052562905284962\"><span data-contrast=\"none\">). Raising the bar on criticality: students\u2019 critical reflection in an internship program.<\/span><\/a> <i><span data-contrast=\"auto\">Journal of Management Education<\/span><\/i><span data-contrast=\"auto\">, Vol.30(5), 700-723.<\/span><span data-ccp-props=\"{&quot;201341983&quot;:0,&quot;335559739&quot;:160,&quot;335559740&quot;:259}\">\u00a0<\/span><\/p>\n<p><span data-contrast=\"auto\">Chan, A., &amp; Derry, T. (2013). <\/span><a href=\"https:\/\/prod.wp.cdn.aws.wfu.edu\/sites\/74\/2013\/05\/A-Roadmap-for-Transforming-The-College-to-Career-Experience.pdf\" target=\"_blank\" rel=\"noopener\"><span data-contrast=\"none\">A roadmap for transforming the college-to-career experience.<\/span><\/a><span data-contrast=\"auto\"> Wake Forest University.\u00a0<\/span><span data-ccp-props=\"{&quot;201341983&quot;:0,&quot;335559739&quot;:160,&quot;335559740&quot;:259}\">\u00a0<\/span><\/p>\n<p><span data-contrast=\"auto\">Chen, H., Kelly, M., Hayes, C., van Reyk, D., and Herok, G. (2016). <\/span><a href=\"https:\/\/www.physiology.org\/doi\/full\/10.1152\/advan.00188.2015\" target=\"_blank\" rel=\"noopener\"><i><span data-contrast=\"none\">The use of simulation as a novel experiential learning module in undergraduate science pathophysiology education.<\/span><\/i><\/a> <span data-contrast=\"auto\">Advances in Physiology Education, Vol. 40 (3), 335-341.\u00a0<\/span><span data-ccp-props=\"{&quot;201341983&quot;:0,&quot;335559739&quot;:160,&quot;335559740&quot;:259}\">\u00a0<\/span><\/p>\n<p><span data-contrast=\"auto\">Chow, J., Zou, T., Tse, S. (2017). <\/span><a href=\"https:\/\/www.cetl.hku.hk\/enhancing-the-effectiveness-of-experiential-learning\/\" target=\"_blank\" rel=\"noopener\"><i><span data-contrast=\"none\">Enhancing the Effectiveness of Experiential Learning: Professional Development and Support for Teachers.<\/span><\/i><\/a> <span data-contrast=\"auto\">Cetl.<\/span><span data-ccp-props=\"{&quot;201341983&quot;:0,&quot;335559739&quot;:160,&quot;335559740&quot;:259}\">\u00a0<\/span><\/p>\n<p><span data-contrast=\"auto\">*Coker, J.S., Heiser, E., Taylor, L., Book, C. (2016<\/span><a href=\"https:\/\/journals.sagepub.com\/doi\/full\/10.1177\/1053825916678265\" target=\"_blank\" rel=\"noopener\"><span data-contrast=\"none\">). Impacts of Experiential Learning Depth and Breadth on Student Outcomes.<\/span><\/a> <i><span data-contrast=\"auto\">Journal of Experiential Education, <\/span><\/i><span data-contrast=\"auto\">Vol. 40 (1), 5-23.<\/span><span data-ccp-props=\"{&quot;201341983&quot;:0,&quot;335559739&quot;:160,&quot;335559740&quot;:259}\">\u00a0<\/span><\/p>\n<p><span data-contrast=\"auto\">*Coker, J.S. and Porter, D.J. (2016). <\/span><a href=\"https:\/\/www.jstor.org\/stable\/10.5325\/jgeneeduc.65.2.0138?seq=1#page_scan_tab_contents\" target=\"_blank\" rel=\"noopener\"><span data-contrast=\"none\">Student Motivations and Perceptions Across and Within Five Forms of Experiential Learning.<\/span><\/a> <i><span data-contrast=\"auto\">The Journal of General Education.<\/span><\/i><span data-contrast=\"auto\"> Vol. 65, No. 2, pp. 138-156.<\/span><span data-ccp-props=\"{&quot;201341983&quot;:0,&quot;335559739&quot;:160,&quot;335559740&quot;:259}\">\u00a0<\/span><\/p>\n<p><span data-contrast=\"auto\">Council of Ministers of Education Canada. (2017). <\/span><a href=\"https:\/\/www.cmec.ca\/Publications\/Lists\/Publications\/Attachments\/372\/CMEC-Reference-Framework-for-Successful-Student-Transitions-EN.pdf\" target=\"_blank\" rel=\"noopener\"><span data-contrast=\"none\">CMEC Reference Framework for Successful Student Transitions.<\/span><\/a><span data-contrast=\"auto\">\u00a0<\/span><span data-ccp-props=\"{&quot;201341983&quot;:0,&quot;335559739&quot;:160,&quot;335559740&quot;:259}\">\u00a0<\/span><\/p>\n<p><span data-contrast=\"auto\">*Coyer, C., Gebregiorgis, D., Patton, K., Gheleva, D., Bikos, L. (2019). <\/span><a href=\"https:\/\/journals.sagepub.com\/doi\/abs\/10.1177\/1053825918824615?journalCode=jeea\" target=\"_blank\" rel=\"noopener\"><span data-contrast=\"none\">Cultivating Global Learning Locally Through Community-Based Experiential Education.<\/span><\/a> <i><span data-contrast=\"auto\">Journal of Experiential Education.<\/span><\/i><span data-contrast=\"auto\">Vol. 42: (2), 155-170.<\/span><span data-ccp-props=\"{&quot;201341983&quot;:0,&quot;335559739&quot;:160,&quot;335559740&quot;:259}\">\u00a0<\/span><\/p>\n<p><span data-contrast=\"auto\">Cropley, B., Hanton, S., Miles, A., &amp; Niven, A. (2010). <\/span><a href=\"https:\/\/www.researchgate.net\/publication\/269514236_The_Value_of_Reflective_Practice_in_Professional_Development_An_Applied_Sport_Psychology_Review\" target=\"_blank\" rel=\"noopener\"><span data-contrast=\"none\">The value of reflective practice in professional development: An applied sport psychology review<\/span><\/a><span data-contrast=\"auto\">.<\/span><i><span data-contrast=\"auto\">\u202fSport Science Review,<\/span><\/i><span data-contrast=\"auto\">\u202fVol. 19(3-4), 179.\u00a0<\/span><span data-ccp-props=\"{&quot;201341983&quot;:0,&quot;335559739&quot;:160,&quot;335559740&quot;:259}\">\u00a0<\/span><\/p>\n<p><span data-contrast=\"auto\">*Dewey, J. (1933). <\/span><a href=\"https:\/\/openlibrary.org\/books\/OL6295188M\/How_we_think\" target=\"_blank\" rel=\"noopener\"><span data-contrast=\"none\">How we think: a restatement of the relation of reflective thinking to the educative process<\/span><\/a><span data-contrast=\"auto\">. New York: D.C. Heath and Company.<\/span><span data-ccp-props=\"{&quot;201341983&quot;:0,&quot;335559739&quot;:160,&quot;335559740&quot;:259}\">\u00a0<\/span><\/p>\n<p><span data-contrast=\"auto\">Dobos, \u00c1. (2014).<\/span><a href=\"https:\/\/www.researchgate.net\/publication\/276102310_Experiential_Learning_for_Professional_Development_in_the_Civil_Service\" target=\"_blank\" rel=\"noopener\"><span data-contrast=\"none\"> Experiential learning for professional development in the civil service.<\/span><\/a> <i><span data-contrast=\"auto\">Procedia-Social and Behavioral Sciences<\/span><\/i><span data-contrast=\"auto\">, Vol.116, 5085-5090.<\/span><span data-ccp-props=\"{&quot;201341983&quot;:0,&quot;335559739&quot;:160,&quot;335559740&quot;:259}\">\u00a0<\/span><\/p>\n<p><span data-contrast=\"auto\">Durant, E. (2018). <\/span><a href=\"http:\/\/news.mit.edu\/2018\/mit-3-questions-kate-trimble-experiential-learning-1203\" target=\"_blank\" rel=\"noopener\"><i><span data-contrast=\"none\">3 Questions: Kate Trimble on experiential learning at MIT<\/span><\/i><\/a><span data-contrast=\"auto\">. MIT News<\/span><span data-ccp-props=\"{&quot;201341983&quot;:0,&quot;335559739&quot;:160,&quot;335559740&quot;:259}\">\u00a0<\/span><\/p>\n<p><span data-contrast=\"auto\">*Eyler, J. (2002). <\/span><a href=\"https:\/\/journals.healio.com\/doi\/epdf\/10.3928\/0148-4834-20021001-10\" target=\"_blank\" rel=\"noopener\"><span data-contrast=\"none\">Reflecting on service: helping nursing students get the most from service<\/span><\/a><span data-ccp-props=\"{&quot;201341983&quot;:0,&quot;335559739&quot;:160,&quot;335559740&quot;:259}\">\u00a0<\/span><\/p>\n<p><a href=\"https:\/\/journals.healio.com\/doi\/epdf\/10.3928\/0148-4834-20021001-10\" target=\"_blank\" rel=\"noopener\"><span data-contrast=\"none\">learning.<\/span><\/a> <i><span data-contrast=\"auto\">Journal of Nursing Education<\/span><\/i><span data-contrast=\"auto\">. Vol.41(10), 453-456.<\/span><span data-ccp-props=\"{&quot;201341983&quot;:0,&quot;335559739&quot;:160,&quot;335559740&quot;:259}\">\u00a0<\/span><\/p>\n<p><span data-contrast=\"auto\">Eyler, J. (2009). <\/span><a href=\"https:\/\/files.eric.ed.gov\/fulltext\/EJ871318.pdf\" target=\"_blank\" rel=\"noopener\"><span data-contrast=\"none\">The power of experiential education.<\/span><\/a> <i><span data-contrast=\"auto\">Liberal education<\/span><\/i><span data-contrast=\"auto\">. Vol.95(4), 24-31.\u00a0<\/span><span data-ccp-props=\"{&quot;201341983&quot;:0,&quot;335559739&quot;:160,&quot;335559740&quot;:259}\">\u00a0<\/span><\/p>\n<p><span data-contrast=\"auto\">*Eyler, J., Giles, D. E., &amp; Schmiede, A. (1996). <\/span><a href=\"https:\/\/www.amazon.com\/practitioners-guide-reflection-service-learning-reflections\/dp\/B0006QRSV2\" target=\"_blank\" rel=\"noopener\"><span data-contrast=\"none\">A practitioner\u2019s guide to reflection in service-learning<\/span><\/a><span data-contrast=\"auto\">. Nashville, TN: Vanderbilt University.<\/span><span data-ccp-props=\"{&quot;201341983&quot;:0,&quot;335559739&quot;:160,&quot;335559740&quot;:259}\">\u00a0<\/span><\/p>\n<p><span data-contrast=\"auto\">Eynon, B., Gambino, L. M., &amp; T\u00f6r\u00f6k, J. (2014). <\/span><a href=\"https:\/\/www.theijep.com\/pdf\/IJEP127.pdf\" target=\"_blank\" rel=\"noopener\"><span data-contrast=\"none\">What Difference Can ePortfolio Make? A Field Report from the Connect to Learning Project<\/span><\/a><span data-contrast=\"auto\">. <\/span><i><span data-contrast=\"auto\">International Journal of ePortfolio<\/span><\/i><span data-contrast=\"auto\">. Vol.4(1), 95-114.\u00a0<\/span><span data-ccp-props=\"{&quot;201341983&quot;:0,&quot;335559739&quot;:160,&quot;335559740&quot;:259}\">\u00a0<\/span><\/p>\n<p><span data-contrast=\"auto\">Eynon, B., Gambino, L. M., &amp; T\u00f6r\u00f6k, J. (2014). <\/span><a href=\"http:\/\/c2l.mcnrc.org\/wp-content\/uploads\/sites\/8\/2014\/01\/Reflective_Pedagogy.pdf\" target=\"_blank\" rel=\"noopener\"><span data-contrast=\"none\">Reflection, Integration, and ePortfolio Pedagogy. Catalyst for Learning.<\/span><\/a><span data-contrast=\"auto\">\u00a0<\/span><span data-ccp-props=\"{&quot;201341983&quot;:0,&quot;335559739&quot;:160,&quot;335559740&quot;:259}\">\u00a0<\/span><\/p>\n<p><span data-contrast=\"auto\">Fawell, J. (208). <\/span><a href=\"https:\/\/www.aaup.org\/article\/experiential-learning-some-reservations#.XPaqu4hKiUk\" target=\"_blank\" rel=\"noopener\"><i><span data-contrast=\"none\">Experiential Learning: Some Reservations.<\/span><\/i><\/a><span data-contrast=\"auto\"> American Association of University Professors.<\/span><span data-ccp-props=\"{&quot;201341983&quot;:0,&quot;335559739&quot;:160,&quot;335559740&quot;:259}\">\u00a0<\/span><\/p>\n<p><span data-contrast=\"auto\">Feller,R., Franklin,M. (2020). The HEROIC Narrative Assessment System: Helping Undergrads Navigate Transitions. In P.Gardner, H.N.Maietta (Eds.),\u202fAdvancing Talent Development: Toward a T-model Infused Undergraduate Education.\u202fBusiness Expert Press<\/span><span data-ccp-props=\"{&quot;201341983&quot;:0,&quot;335559739&quot;:160,&quot;335559740&quot;:259}\">\u00a0<\/span><\/p>\n<p><span data-contrast=\"auto\">*Fostaty Young, C. S., &amp; Wilson, R. J. (2000). <\/span><a href=\"https:\/\/www.amazon.ca\/Assessment-Learning-Sue-Fostaty-Young\/dp\/1894110641\" target=\"_blank\" rel=\"noopener\"><span data-contrast=\"none\">Assessment and learning: the ICE approach.<\/span><\/a><span data-contrast=\"auto\"> Portage &amp; Main Press.<\/span><span data-ccp-props=\"{&quot;201341983&quot;:0,&quot;335559739&quot;:160,&quot;335559740&quot;:259}\">\u00a0<\/span><\/p>\n<p><span data-contrast=\"auto\">Frank, R. (2019). <\/span><a href=\"https:\/\/www.princetonreview.com\/college-advice\/experiential-learning-benefits\" target=\"_blank\" rel=\"noopener\"><i><span data-contrast=\"none\">How Experiential Learning in College Could Launch Your Career.<\/span><\/i><\/a><span data-contrast=\"auto\"> Princeton Review.<\/span><span data-ccp-props=\"{&quot;201341983&quot;:0,&quot;335559739&quot;:160,&quot;335559740&quot;:259}\">\u00a0<\/span><\/p>\n<p><span data-contrast=\"auto\">Franklin, M., Yanar, B., &amp; Feller, R. (2015). <\/span><a href=\"https:\/\/cjcd-rcdc.ceric.ca\/index.php\/cjcd\/article\/view\/165\/172\"><span data-contrast=\"none\">Narrative method of practice increases curiosity &amp; exploration, psychological capital, and personal growth leading to career clarity: A retrospective outcome-study<\/span><\/a><i><span data-contrast=\"auto\">. Canadian Journal of Career Development<\/span><\/i><span data-contrast=\"auto\">. Vol. 14(2), 12-23.<\/span><span data-ccp-props=\"{&quot;201341983&quot;:0,&quot;335559739&quot;:160,&quot;335559740&quot;:259}\">\u00a0<\/span><\/p>\n<p><span data-contrast=\"auto\">Freeman, S., Eddy, S. L., McDonough, M., Smith, M. K., Okoroafor, N., Jordt, H., &amp; Wenderoth, M. P. (2014). <\/span><a href=\"https:\/\/www.pnas.org\/doi\/full\/10.1073\/pnas.1319030111\" target=\"_blank\" rel=\"noopener\"><span data-contrast=\"none\">Active learning increases student performance in science, engineering, and mathematics.<\/span><\/a> <i><span data-contrast=\"auto\">Proceedings of the National Academy of Sciences<\/span><\/i><span data-contrast=\"auto\">. Vol.111(23), 8410-8415.<\/span><span data-ccp-props=\"{&quot;201341983&quot;:0,&quot;335559739&quot;:160,&quot;335559740&quot;:259}\">\u00a0<\/span><\/p>\n<p><span data-contrast=\"auto\">Future New Brunswick. (n.d.). <\/span><a href=\"https:\/\/futurenewbrunswick.ca\/wp-content\/uploads\/2020\/08\/FRNB_EmployerToolkit-Booklet_Final.pdf\" target=\"_blank\" rel=\"noopener\"><span data-contrast=\"none\">Experiential Learning Toolkit for New Brunswick Employers.<\/span><\/a><span data-contrast=\"auto\">\u00a0<\/span><span data-ccp-props=\"{&quot;201341983&quot;:0,&quot;335559739&quot;:160,&quot;335559740&quot;:259}\">\u00a0<\/span><\/p>\n<p><span data-contrast=\"auto\">Forbes Coaches Council. (2018). <\/span><a href=\"https:\/\/www.forbes.com\/sites\/forbescoachescouncil\/2018\/06\/29\/10-easy-ways-to-implement-experiential-learning-in-the-corporate-world\/#41f4479e1e8f\" target=\"_blank\" rel=\"noopener\"><i><span data-contrast=\"none\">10 Easy Ways to Implement Experiential Learning in the Corporate World.<\/span><\/i><\/a> <span data-contrast=\"auto\">Forbes.<\/span><span data-ccp-props=\"{&quot;201341983&quot;:0,&quot;335559739&quot;:160,&quot;335559740&quot;:259}\">\u00a0<\/span><\/p>\n<p><span data-contrast=\"auto\">Forbes Coaches Council, (2017). <\/span><a href=\"https:\/\/www.forbes.com\/sites\/forbescoachescouncil\/2017\/06\/27\/why-experiential-learning-should-be-part-of-your-employee-training\/#3cf93ac9585b\" target=\"_blank\" rel=\"noopener\"><i><span data-contrast=\"none\">Why Experiential Learning Should Be Part of Your Employee Training.<\/span><\/i><\/a><span data-contrast=\"auto\"> Forbes.<\/span><span data-ccp-props=\"{&quot;201341983&quot;:0,&quot;335559739&quot;:160,&quot;335559740&quot;:259}\">\u00a0<\/span><\/p>\n<p><span data-contrast=\"auto\">*Garcia, H. &amp; Miralles, F. (2016). <\/span><a href=\"https:\/\/www.amazon.ca\/Ikigai-Japanese-Secret-Long-Happy\/dp\/0143130722\" target=\"_blank\" rel=\"noopener\"><span data-contrast=\"none\">Ikigai: The Japanese secret to a long and happy life.<\/span><\/a> <i><span data-contrast=\"auto\">Penguin.<\/span><\/i><span data-ccp-props=\"{&quot;201341983&quot;:0,&quot;335559739&quot;:160,&quot;335559740&quot;:259}\">\u00a0<\/span><\/p>\n<p><span data-contrast=\"auto\">Girvan, C., Conneely, C., Tangney, B. (2016). <\/span><a href=\"https:\/\/www.sciencedirect.com\/science\/article\/pii\/S0742051X16300713\" target=\"_blank\" rel=\"noopener\"><span data-contrast=\"none\">Extending experiential learning in teacher professional development.<\/span><\/a> <i><span data-contrast=\"auto\">Teaching and Teacher Education<\/span><\/i><span data-contrast=\"auto\">. Volume 58, Pages 129-139.<\/span><span data-ccp-props=\"{&quot;201341983&quot;:0,&quot;335559739&quot;:160,&quot;335559740&quot;:259}\">\u00a0<\/span><\/p>\n<p><span data-contrast=\"auto\">*Glazier, J., Bolick, C., Stutts, C. (2017). <\/span><a href=\"https:\/\/journals.sagepub.com\/doi\/abs\/10.1177\/1053825917712734?journalCode=jeea\"><span data-contrast=\"none\">Unstable Ground: Unearthing the Realities of Experiential Education in Teacher Education.<\/span><\/a> <i><span data-contrast=\"auto\">Journal of Experiential Education.<\/span><\/i><span data-contrast=\"auto\"> Vol. 40 (3), 231-248.<\/span><span data-ccp-props=\"{&quot;201341983&quot;:0,&quot;335559739&quot;:160,&quot;335559740&quot;:259}\">\u00a0<\/span><\/p>\n<p><span data-contrast=\"auto\">Gomez, E. (2018). <\/span><a href=\"https:\/\/www.capsim.com\/blog\/getting-future-ready-with-experiential-learning\/\" target=\"_blank\" rel=\"noopener\"><i><span data-contrast=\"none\">Preparing Students for the Future with Experiential Learning<\/span><\/i><\/a><span data-contrast=\"auto\">. CAPSIM.<\/span><span data-ccp-props=\"{&quot;201341983&quot;:0,&quot;335559739&quot;:160,&quot;335559740&quot;:259}\">\u00a0<\/span><\/p>\n<p><span data-contrast=\"auto\">Gotto, R. (2016). <\/span><a href=\"https:\/\/www.src.sk.ca\/blog\/eight-reasons-why-experiential-learning-important-business\" target=\"_blank\" rel=\"noopener\"><i><span data-contrast=\"none\">Eight Reasons Why Experiential Learning is Important in Business<\/span><\/i><\/a><span data-contrast=\"auto\">. Saskatchewan Research Council.<\/span><span data-ccp-props=\"{&quot;201341983&quot;:0,&quot;335559739&quot;:160,&quot;335559740&quot;:259}\">\u00a0<\/span><\/p>\n<p><span data-contrast=\"auto\">Gray, L. (2008). <\/span><a href=\"https:\/\/research.qut.edu.au\/eportfolio\/wp-content\/uploads\/sites\/186\/2018\/04\/JISC_effective_practice_e-portfolios.pdf\" target=\"_blank\" rel=\"noopener\"><span data-contrast=\"none\">Effective practice with e-portfolios.\u202fHigher Education Funding Council for England<\/span><\/a><span data-contrast=\"auto\">, JISC, Bristol.\u00a0<\/span><span data-ccp-props=\"{&quot;201341983&quot;:0,&quot;335559739&quot;:160,&quot;335559740&quot;:259}\">\u00a0<\/span><\/p>\n<p><span data-contrast=\"auto\">*Grossman, R. (2009). <\/span><a href=\"https:\/\/www.tandfonline.com\/doi\/abs\/10.3200\/CTCH.57.1.15-22\" target=\"_blank\" rel=\"noopener\"><span data-contrast=\"none\">Structures for facilitating student reflection<\/span><\/a><span data-contrast=\"auto\">. <\/span><i><span data-contrast=\"auto\">College Teaching<\/span><\/i><span data-contrast=\"auto\">. Vol.57(1), 15-22.<\/span><span data-ccp-props=\"{&quot;201341983&quot;:0,&quot;335559739&quot;:160,&quot;335559740&quot;:259}\">\u00a0<\/span><\/p>\n<p><span data-contrast=\"auto\">Hasan, A., Wilkins, L., McShane, K., &amp; Arzaga, A. (2019). <\/span><a href=\"http:\/\/www.iincanada.ca\/wp-content\/uploads\/2019\/03\/IINC-19_WPP_21stCenturySkills.pdf\" target=\"_blank\" rel=\"noopener\"><span data-contrast=\"none\">Zone Learning: A Pilot Evaluation of 21st Century Skills.<\/span><\/a><span data-contrast=\"auto\"> Ryerson University.\u00a0<\/span><span data-ccp-props=\"{&quot;201341983&quot;:0,&quot;335559739&quot;:160,&quot;335559740&quot;:259}\">\u00a0<\/span><\/p>\n<p><span data-contrast=\"auto\">*Hatton, N., &amp; Smith, D. (1995). <\/span><a href=\"https:\/\/www.sciencedirect.com\/science\/article\/abs\/pii\/0742051X9400012U\" target=\"_blank\" rel=\"noopener\"><span data-contrast=\"none\">Reflection in teacher education: Towards definition and implementation<\/span><\/a><span data-contrast=\"auto\">. <\/span><i><span data-contrast=\"auto\">Teaching and Teacher Education.<\/span><\/i><span data-contrast=\"auto\"> Vol. 11(1), 33\u201349.\u00a0<\/span><span data-ccp-props=\"{&quot;201341983&quot;:0,&quot;335559739&quot;:160,&quot;335559740&quot;:259}\">\u00a0<\/span><\/p>\n<p><span data-contrast=\"auto\">Helyer, R. (2015). <\/span><a href=\"https:\/\/www.emerald.com\/insight\/content\/doi\/10.1108\/JWAM-10-2015-003\/full\/html\" target=\"_blank\" rel=\"noopener\"><span data-contrast=\"none\">Learning through reflection: the critical role of reflection in work-based learning (WBL).<\/span><\/a><i><span data-contrast=\"auto\">\u202fJournal of Work-Applied Management<\/span><\/i><span data-contrast=\"auto\">. Vol. 7(1), 15-27.<\/span><span data-ccp-props=\"{&quot;201341983&quot;:0,&quot;335559739&quot;:160,&quot;335559740&quot;:259}\">\u00a0<\/span><\/p>\n<p><span data-contrast=\"auto\">Higher Education Quality Council of Ontario (2016). <\/span><a href=\"https:\/\/heqco.ca\/wp-content\/uploads\/2020\/03\/HEQCO_WIL_Guide_ENG_ACC.pdf\" target=\"_blank\" rel=\"noopener\"><span data-contrast=\"none\">A Practical Guide for Work-integrated Learning.<\/span><\/a><span data-contrast=\"auto\"> Queen\u2019s Printer for Ontario.\u00a0\u00a0<\/span><span data-ccp-props=\"{&quot;201341983&quot;:0,&quot;335559739&quot;:160,&quot;335559740&quot;:259}\">\u00a0<\/span><\/p>\n<p><span data-contrast=\"auto\">Ho, M. (2016). <\/span><a href=\"https:\/\/www.td.org\/insights\/new-research-shows-investing-in-experiential-learning-for-leaders-pays-off\" target=\"_blank\" rel=\"noopener\"><i><span data-contrast=\"none\">New Research Shows Investing in Experiential Learning for Leaders Pays Off<\/span><\/i><\/a><span data-contrast=\"auto\">. Atd- Association for Talent Development<\/span><span data-ccp-props=\"{&quot;201341983&quot;:0,&quot;335559739&quot;:160,&quot;335559740&quot;:259}\">\u00a0<\/span><\/p>\n<p><span data-contrast=\"auto\">Houde, P. M. A. (2019).<\/span><a href=\"https:\/\/escholarship.mcgill.ca\/concern\/theses\/x633f361n\" target=\"_blank\" rel=\"noopener\"><span data-contrast=\"none\">\u202fReflective Practice for Professional Development via a Collective Accompaniment Model: Transforming English as a Foreign Language Teaching with BA-TESOL Professionals in Mexico.<\/span><\/a><span data-contrast=\"auto\"> McGill University (Canada).\u00a0<\/span><span data-ccp-props=\"{&quot;201341983&quot;:0,&quot;335559739&quot;:160,&quot;335559740&quot;:259}\">\u00a0<\/span><\/p>\n<p><span data-contrast=\"auto\">Howland, S. M. (2017). <\/span><a href=\"https:\/\/scholarsarchive.byu.edu\/cgi\/viewcontent.cgi?article=1002&amp;context=ipt_projects\" target=\"_blank\" rel=\"noopener\"><span data-contrast=\"none\">Formative Evaluation of BYU Internship Course Syllabi<\/span><\/a><span data-contrast=\"auto\">. Unpublished masters project manuscript, Department of Instructional Psychology and Technology, Brigham Young University,Provo, Utah.\u00a0<\/span><span data-ccp-props=\"{&quot;201341983&quot;:0,&quot;335559739&quot;:160,&quot;335559740&quot;:259}\">\u00a0<\/span><\/p>\n<p><span data-contrast=\"auto\">Hussain, N., Akhtar Rana, N. (2019). <\/span><a href=\"https:\/\/www.academia.edu\/39254744\/Article_Journal_of_Education_and_Educational_Developement_Testing_ERE_Cycle_in_Teaching_Business_Communication_Courses_Experiential_Learning_Strategies\" target=\"_blank\" rel=\"noopener\"><span data-contrast=\"none\">Testing ERE Cycle in Teaching Business Communication Courses: Experiential Learning Strategies.<\/span><\/a> <i><span data-contrast=\"auto\">Journal of Education and Educational Development. <\/span><\/i><span data-contrast=\"auto\">Vol. 6 (1), 62-77<\/span><span data-ccp-props=\"{&quot;201341983&quot;:0,&quot;335559739&quot;:160,&quot;335559740&quot;:259}\">\u00a0<\/span><\/p>\n<p><span data-contrast=\"auto\">*Jackson, D., Rowbottom, D., Ferns, S., &amp; McLaren, D. (2017). <\/span><a href=\"https:\/\/www.tandfonline.com\/doi\/abs\/10.1080\/0158037X.2016.1228624\" target=\"_blank\" rel=\"noopener\"><span data-contrast=\"none\">Employer understanding of work-integrated learning and the challenges of engaging in work placement opportunities<\/span><\/a><span data-contrast=\"auto\">.<\/span><i><span data-contrast=\"auto\">\u202fStudies in Continuing Education.<\/span><\/i><span data-contrast=\"auto\"> Vol. 39(1), 35-51.\u00a0<\/span><span data-ccp-props=\"{&quot;201341983&quot;:0,&quot;335559739&quot;:160,&quot;335559740&quot;:259}\">\u00a0<\/span><\/p>\n<p><span data-contrast=\"auto\">*Jameson, J., Clayton, P., &amp; Bringle, R. (2008). Investigating student learning within and across linked service-learning courses. In M. Bowden, S. Billig, &amp; B. Holland (Eds<\/span><a href=\"https:\/\/www.infoagepub.com\/products\/Scholarship-for-Sustaining-Service-Learning-and-Civic-Engagement\" target=\"_blank\" rel=\"noopener\"><span data-contrast=\"none\">.), Scholarship for sustaining service learning and civic engagement<\/span><\/a><span data-contrast=\"auto\"> (pp. 3-27). Charlotte, NC: Information Age Publishing.<\/span><span data-ccp-props=\"{&quot;201341983&quot;:0,&quot;335559739&quot;:160,&quot;335559740&quot;:259}\">\u00a0<\/span><\/p>\n<p><span data-contrast=\"auto\">Janes, S. (2018). <\/span><a href=\"https:\/\/dailynews.mcmaster.ca\/articles\/career-ready-fund-supports-experiential-learning-initiatives-on-campus\/\" target=\"_blank\" rel=\"noopener\"><i><span data-contrast=\"none\">Career Ready Fund supports experiential learning initiatives on campus.<\/span><\/i><\/a><span data-contrast=\"auto\"> McMaster University.<\/span><span data-ccp-props=\"{&quot;201341983&quot;:0,&quot;335559739&quot;:160,&quot;335559740&quot;:259}\">\u00a0<\/span><\/p>\n<p><span data-contrast=\"auto\">Keates, C., Morgan, F. (2017). <\/span><a href=\"https:\/\/www.cacee.com\/cgi\/page.cgi\/_article_Fr.html?aid=510&amp;zine=show\" target=\"_blank\" rel=\"noopener\"><i><span data-contrast=\"none\">Growing Experiential Learning Opportunities for Students<\/span><\/i><\/a><span data-contrast=\"auto\">. CACEE- Canadian Association of Career Educators and Employers<\/span><span data-ccp-props=\"{&quot;201341983&quot;:0,&quot;335559739&quot;:160,&quot;335559740&quot;:259}\">\u00a0<\/span><\/p>\n<p><span data-contrast=\"auto\">*Kember, D., Leung, D.Y.P., Jones, A., Yuen Loke, A., McKay, J., Sinclair, K., Tse, H., Webb, C., Kam Yuet Wong, F., Wong, M. &amp; Yeung, E. (2000). <\/span><a href=\"https:\/\/www.tandfonline.com\/doi\/abs\/10.1080\/713611442\" target=\"_blank\" rel=\"noopener\"><span data-contrast=\"none\">Development of a Questionnaire to Measure the Level of Reflective Thinking.<\/span><\/a> <i><span data-contrast=\"auto\">Assessment &amp; Evaluation in Higher Education<\/span><\/i><span data-contrast=\"auto\">, Vol.25(4), 381-395.\u00a0<\/span><span data-ccp-props=\"{&quot;201341983&quot;:0,&quot;335559739&quot;:160,&quot;335559740&quot;:259}\">\u00a0<\/span><\/p>\n<p><span data-contrast=\"auto\">*Kember, D., McKay, J., Sinclair, K., &amp; Wong, F. K. Y. (2008). <\/span><a href=\"https:\/\/www.tandfonline.com\/doi\/abs\/10.1080\/02602930701293355\" target=\"_blank\" rel=\"noopener\"><span data-contrast=\"none\">A four-category scheme for coding and assessing the level of reflection in written work<\/span><\/a><span data-contrast=\"auto\">. <\/span><i><span data-contrast=\"auto\">Assessment &amp; Evaluation in Higher Education.<\/span><\/i><span data-contrast=\"auto\"> Vol.33(4), 369-379.<\/span><span data-ccp-props=\"{&quot;201341983&quot;:0,&quot;335559739&quot;:160,&quot;335559740&quot;:259}\">\u00a0<\/span><\/p>\n<p><span data-contrast=\"auto\">*King, P. M., &amp; Kitchener, K. S. (1994). <\/span><a href=\"https:\/\/eric.ed.gov\/?id=ED368925\" target=\"_blank\" rel=\"noopener\"><span data-contrast=\"none\">Developing reflective judgment: understanding and promoting intellectual growth and critical thinking in adolescents and adults<\/span><\/a><span data-contrast=\"auto\">. San Francisco, CA: Jossey-Bass.<\/span><span data-ccp-props=\"{&quot;201341983&quot;:0,&quot;335559739&quot;:160,&quot;335559740&quot;:259}\">\u00a0<\/span><\/p>\n<p><span data-contrast=\"auto\">*Kinsella, E. A. (2001). <\/span><a href=\"https:\/\/journals.sagepub.com\/doi\/10.1177\/000841740106800308\" target=\"_blank\" rel=\"noopener\"><span data-contrast=\"none\">Reflections on reflective practice<\/span><\/a><span data-contrast=\"auto\">.<\/span><i><span data-contrast=\"auto\">\u202fCanadian Journal of Occupational Therapy.<\/span><\/i><span data-contrast=\"auto\"> Vol. 68(3), 195-198.<\/span><span data-ccp-props=\"{&quot;201341983&quot;:0,&quot;335559739&quot;:160,&quot;335559740&quot;:259}\">\u00a0<\/span><\/p>\n<p><span data-contrast=\"auto\">*Kinsella, E.A. (2007). <\/span><a href=\"https:\/\/pubmed.ncbi.nlm.nih.gov\/17374071\/\" target=\"_blank\" rel=\"noopener\"><span data-contrast=\"none\">Technical rationality in Sch\u00f6n\u2019s reflective practice: dichotomous or non-dualistic epistemological position<\/span><\/a><span data-contrast=\"auto\">. <\/span><i><span data-contrast=\"auto\">Nursing Philosophy.<\/span><\/i><span data-contrast=\"auto\"> Vol. 8(2), 102-113.<\/span><span data-ccp-props=\"{&quot;201341983&quot;:0,&quot;335559739&quot;:160,&quot;335559740&quot;:259}\">\u00a0<\/span><\/p>\n<p><span data-contrast=\"auto\">Kluger, A. N., &amp; Nir, D. (2010). <\/span><a href=\"https:\/\/wholebeinginstitute.com\/wp-content\/uploads\/Kluger_The-Feedforward-Interview.pdf\" target=\"_blank\" rel=\"noopener\"><span data-contrast=\"none\">The feedforward interview<\/span><\/a><span data-contrast=\"auto\">.<\/span><i><span data-contrast=\"auto\">\u202fHuman Resource Management Review.<\/span><\/i><span data-contrast=\"auto\"> Vol. 20(3), 235-246.<\/span><span data-ccp-props=\"{&quot;201341983&quot;:0,&quot;335559739&quot;:160,&quot;335559740&quot;:259}\">\u00a0<\/span><\/p>\n<p><span data-contrast=\"auto\">Kolb, D.A. (1984). <\/span><a href=\"https:\/\/www.researchgate.net\/publication\/235701029_Experiential_Learning_Experience_As_The_Source_Of_Learning_And_Development\" target=\"_blank\" rel=\"noopener\"><span data-contrast=\"none\">Experiential learning: Experience as the source of learning and development.<\/span><\/a><span data-contrast=\"auto\"> Englewood Cliffs, NJ: Prentice-Hall<\/span><span data-ccp-props=\"{&quot;201341983&quot;:0,&quot;335559739&quot;:160,&quot;335559740&quot;:259}\">\u00a0<\/span><\/p>\n<p><span data-contrast=\"auto\">Kotadia, Z. (2017). <\/span><a href=\"https:\/\/www.ousa.ca\/blog_future_liberal_arts\" target=\"_blank\" rel=\"noopener\"><i><span data-contrast=\"none\">Experiential Learning: The Future of the Liberal Arts.<\/span><\/i><\/a><span data-contrast=\"auto\"> OUSA.<\/span><span data-ccp-props=\"{&quot;201341983&quot;:0,&quot;335559739&quot;:160,&quot;335559740&quot;:259}\">\u00a0<\/span><\/p>\n<p><span data-contrast=\"auto\">LaFever, M. (2016). <\/span><a href=\"https:\/\/beedie.sfu.ca\/assets\/files\/PDF\/faculty-portal\/Teaching@Beedie\/Switching-from-Bloom-to-the-Medicine-Wheel-creating-learning-outcomes-that-support-Indigenous-ways-of-knowing-in-post-secondary-education.pdf\" target=\"_blank\" rel=\"noopener\"><span data-contrast=\"none\">Switching from Bloom to the Medicine Wheel: creating learning outcomes that support Indigenous ways of knowing in post-secondary education<\/span><\/a><span data-contrast=\"auto\">. <\/span><i><span data-contrast=\"auto\">Intercultural Education<\/span><\/i><span data-contrast=\"auto\"> Vol. 27(5), 409\u2013424.\u00a0<\/span><span data-ccp-props=\"{&quot;201341983&quot;:0,&quot;335559739&quot;:160,&quot;335559740&quot;:259}\">\u00a0<\/span><\/p>\n<p><span data-contrast=\"auto\">*Langlais, M.R. (2018). <\/span><a href=\"https:\/\/journals.sagepub.com\/doi\/abs\/10.1177\/1053825918794219?journalCode=jeea\" target=\"_blank\" rel=\"noopener\"><span data-contrast=\"none\">Experiential Learning in Family Life education Methodology: Low, medium, and High Dosage Projects<\/span><i><span data-contrast=\"none\">.<\/span><\/i><\/a><i><span data-contrast=\"auto\"> Journal of Experiential Education.<\/span><\/i><span data-contrast=\"auto\"> Vol. 41 (4), 382-396.\u00a0<\/span><span data-ccp-props=\"{&quot;201341983&quot;:0,&quot;335559739&quot;:160,&quot;335559740&quot;:259}\">\u00a0<\/span><\/p>\n<p><span data-contrast=\"auto\">Lash, J. (2016). <\/span><a href=\"https:\/\/www.edweek.org\/ew\/articles\/2016\/04\/13\/the-power-of-experiential-learning.html\"><i><span data-contrast=\"none\">The Power of Experiential Learning<\/span><\/i><\/a><span data-contrast=\"auto\">. Education Week.<\/span><span data-ccp-props=\"{&quot;201341983&quot;:0,&quot;335559739&quot;:160,&quot;335559740&quot;:259}\">\u00a0<\/span><\/p>\n<p><span data-contrast=\"auto\">Lauer, D. (2017). <\/span><a href=\"https:\/\/www.success.com\/3-ways-to-use-experiential-learning-to-boost-your-career\/\"><i><span data-contrast=\"none\">3 Ways to Use Experiential Learning to Boost Your Career.<\/span><\/i><\/a><span data-contrast=\"auto\"> Success Magazine.<\/span><span data-ccp-props=\"{&quot;201341983&quot;:0,&quot;335559739&quot;:160,&quot;335559740&quot;:259}\">\u00a0<\/span><\/p>\n<p><span data-contrast=\"auto\">Liu, Y. (2019, May 10), CERIC. <\/span><a href=\"https:\/\/ceric.ca\/2019\/05\/post-secondary-students-with-disabilities-face-gaps-in-career-education-services\/\"><span data-contrast=\"none\">Post-Secondary Students with Disabilities Face Gaps in Career Education Services.<\/span><\/a><span data-contrast=\"auto\">\u00a0<\/span><span data-ccp-props=\"{&quot;201341983&quot;:0,&quot;335559739&quot;:160,&quot;335559740&quot;:259}\">\u00a0<\/span><\/p>\n<p><span data-contrast=\"auto\">*Loughran, J.J. (1996). <\/span><a href=\"https:\/\/www.routledge.com\/Developing-Reflective-Practice-Learning-About-Teaching-And-Learning-Through\/Loughran\/p\/book\/9780750705165\"><span data-contrast=\"none\">Developing reflective practice: learning about teaching and learning through modelling.<\/span><\/a><span data-contrast=\"auto\"> London: The Falmer Press.<\/span><span data-ccp-props=\"{&quot;201341983&quot;:0,&quot;335559739&quot;:160,&quot;335559740&quot;:259}\">\u00a0<\/span><\/p>\n<p><span data-contrast=\"auto\">MacDonald, M. (2018). <\/span><a href=\"https:\/\/www.universityaffairs.ca\/features\/feature-article\/push-bridge-school-work-gap\/\" target=\"_blank\" rel=\"noopener\"><i><span data-contrast=\"none\">The push to bridge the school-work gap<\/span><\/i><\/a><span data-contrast=\"auto\">. University Affairs\/Affaires Universitaires.<\/span><span data-ccp-props=\"{&quot;201341983&quot;:0,&quot;335559739&quot;:160,&quot;335559740&quot;:259}\">\u00a0<\/span><\/p>\n<p><span data-contrast=\"auto\">Mackaway, J., &amp; Winchester-Seeto, T. (2018). <\/span><a href=\"https:\/\/files.eric.ed.gov\/fulltext\/EJ1182112.pdf\" target=\"_blank\" rel=\"noopener\"><span data-contrast=\"none\">Deciding access to work-integrated learning: Human resource professionals as gatekeepers.<\/span><\/a> <i><span data-contrast=\"auto\">International Journal of Work-Integrated Learning.<\/span><\/i><span data-contrast=\"auto\"> Vol.19(2), 141- 154.\u00a0<\/span><span data-ccp-props=\"{&quot;201341983&quot;:0,&quot;335559739&quot;:160,&quot;335559740&quot;:259}\">\u00a0<\/span><\/p>\n<p><span data-contrast=\"auto\">Maguire, D. S. (2018). <\/span><a href=\"https:\/\/files.eric.ed.gov\/fulltext\/EJ1183298.pdf\" target=\"_blank\" rel=\"noopener\"><span data-contrast=\"none\">First Year Business Practicum: Impacts of Early Experiential Learning<\/span><\/a><span data-contrast=\"auto\">. <\/span><i><span data-contrast=\"auto\">e-Journal of Business Education &amp; Scholarship of Teaching<\/span><\/i><span data-contrast=\"auto\">. Vol. 12(1), 88\u2013101.<\/span><span data-ccp-props=\"{&quot;201341983&quot;:0,&quot;335559739&quot;:160,&quot;335559740&quot;:259}\">\u00a0<\/span><\/p>\n<p><span data-contrast=\"auto\">*Mamede, S., &amp; Schmidt, H. (2004). <\/span><a href=\"https:\/\/onlinelibrary.wiley.com\/doi\/epdf\/10.1111\/j.1365-2929.2004.01917.x\" target=\"_blank\" rel=\"noopener\"><span data-contrast=\"none\">The structure of reflective practice in medicine.<\/span><\/a> <i><span data-contrast=\"auto\">Medical Education,<\/span><\/i><span data-contrast=\"auto\"> Vol. 38 (12), 1302-1308<\/span><span data-ccp-props=\"{&quot;201341983&quot;:0,&quot;335559739&quot;:160,&quot;335559740&quot;:259}\">\u00a0<\/span><\/p>\n<p><span data-contrast=\"auto\">*Masterson, M. (2018). <\/span><a href=\"https:\/\/journals.sagepub.com\/doi\/abs\/10.1177\/1053825918785396?journalCode=jeea\" target=\"_blank\" rel=\"noopener\"><span data-contrast=\"none\">Self-Discovery Through the Experiential Co-Construction of Life Stories in the Foreign Language Classroom.<\/span><\/a> <i><span data-contrast=\"auto\">Journal of Experiential Education.<\/span><\/i><span data-contrast=\"auto\"> Vol. 41 (4), 341-355.<\/span><span data-ccp-props=\"{&quot;201341983&quot;:0,&quot;335559739&quot;:160,&quot;335559740&quot;:259}\">\u00a0<\/span><\/p>\n<p><span data-contrast=\"auto\">McCarthy, M. (2016). <\/span><a href=\"https:\/\/clutejournals.com\/index.php\/JBER\/article\/view\/9749\" target=\"_blank\" rel=\"noopener\"><span data-contrast=\"none\">Experiential Learning Theory: From Theory to Practice<\/span><\/a><span data-contrast=\"auto\">. <\/span><i><span data-contrast=\"auto\">Journal of Business &amp; Economics Research.<\/span><\/i><span data-contrast=\"auto\"> Vol. 14(3), 91-100.<\/span><span data-ccp-props=\"{&quot;201341983&quot;:0,&quot;335559739&quot;:160,&quot;335559740&quot;:259}\">\u00a0<\/span><\/p>\n<p><span data-contrast=\"auto\">*McGuire, L., Strong, D., Lay, K., Ardemagni, E., Wittberg, P., &amp; Clayton, P. (2009). A case study of faculty learning around reflection: A collaborative faculty development project. In B. Moeley, S. Billig, &amp; B. Holland (Eds.), <\/span><a href=\"https:\/\/www.infoagepub.com\/products\/Creating-Our-Identities-in-Service-Learning-and-Community-Engagement\" target=\"_blank\" rel=\"noopener\"><span data-contrast=\"none\">Creating our identities in service learning and community engagement<\/span><\/a><span data-contrast=\"auto\"> (pp. 53-72). Charlotte, NC: Information Age Publishing.<\/span><span data-ccp-props=\"{&quot;201341983&quot;:0,&quot;335559739&quot;:160,&quot;335559740&quot;:259}\">\u00a0<\/span><\/p>\n<p><span data-contrast=\"auto\">McKay, D. (2018). <\/span><a href=\"https:\/\/www.theglobeandmail.com\/report-on-business\/rob-commentary\/experiential-learning-agile-employees-getting-our-students-on-the-right-path\/article29825807\/\" target=\"_blank\" rel=\"noopener\"><i><span data-contrast=\"none\">Experiential learning, agile employees: Getting our students on the right path.<\/span><\/i><\/a><span data-contrast=\"auto\"> The Globe and Mail.<\/span><span data-ccp-props=\"{&quot;201341983&quot;:0,&quot;335559739&quot;:160,&quot;335559740&quot;:259}\">\u00a0<\/span><\/p>\n<p><span data-contrast=\"auto\">McIlveen, P., Brooks, S., Lichtenberg, A., Smith, M., Torjul, P., &amp; Tyler, J. (2009, April). <\/span><a href=\"https:\/\/citeseerx.ist.psu.edu\/viewdoc\/download?doi=10.1.1.518.5259&amp;rep=rep1&amp;type=pdf\" target=\"_blank\" rel=\"noopener\"><span data-contrast=\"none\">Career development learning and work-integrated learning practices in Australian universities<\/span><\/a><span data-contrast=\"auto\">. <\/span><i><span data-contrast=\"auto\">Paper presented at the Career Development Association of Australia National Career Conference 2009, Melbourne.\u00a0<\/span><\/i><span data-ccp-props=\"{&quot;201341983&quot;:0,&quot;335559739&quot;:160,&quot;335559740&quot;:259}\">\u00a0<\/span><\/p>\n<p><span data-contrast=\"auto\">McRae, N., &amp; Johnston, N. (2016). <\/span><a href=\"https:\/\/files.eric.ed.gov\/fulltext\/EJ1131540.pdf\" target=\"_blank\" rel=\"noopener\"><span data-contrast=\"none\">The Development of a Proposed Global Work-Integrated Learning Framework<\/span><\/a><span data-contrast=\"auto\">. <\/span><i><span data-contrast=\"auto\">Asia-Pacific Journal of Cooperative Education<\/span><\/i><span data-contrast=\"auto\">. Vol. 17(4), 337-348.<\/span><span data-ccp-props=\"{&quot;201341983&quot;:0,&quot;335559739&quot;:160,&quot;335559740&quot;:259}\">\u00a0<\/span><\/p>\n<p><span data-contrast=\"auto\">McRae, N., Judene Pretty, T., Church, D. (n.d.). <\/span><a href=\"https:\/\/www.cewilcanada.ca\/common\/Uploaded%20files\/Public%20Resources\/Resource%20Hub\/wil_quality_framework_-_aaa_-_for_posting.pdf\" target=\"_blank\" rel=\"noopener\"><span data-contrast=\"none\">Work-Integrated Learning Quality Framework,<\/span><\/a><span data-ccp-props=\"{&quot;201341983&quot;:0,&quot;335559739&quot;:160,&quot;335559740&quot;:259}\">\u00a0<\/span><\/p>\n<p><a href=\"https:\/\/www.cewilcanada.ca\/common\/Uploaded%20files\/Public%20Resources\/Resource%20Hub\/wil_quality_framework_-_aaa_-_for_posting.pdf\" target=\"_blank\" rel=\"noopener\"><span data-contrast=\"none\">AAA.<\/span><\/a><span data-contrast=\"auto\"> University of Waterloo.\u00a0<\/span><span data-ccp-props=\"{&quot;201341983&quot;:0,&quot;335559739&quot;:160,&quot;335559740&quot;:259}\">\u00a0<\/span><\/p>\n<p><span data-contrast=\"auto\">Merriam-Webster. (n.d.). <\/span><a href=\"https:\/\/www.merriam-webster.com\/dictionary\/metacognition\" target=\"_blank\" rel=\"noopener\"><span data-contrast=\"none\">Metacognition<\/span><\/a><span data-contrast=\"auto\">. In Merriam-Webster.com dictionary.\u00a0<\/span><span data-ccp-props=\"{&quot;201341983&quot;:0,&quot;335559739&quot;:160,&quot;335559740&quot;:259}\">\u00a0<\/span><\/p>\n<p><span data-contrast=\"auto\">*Mezirow, J. (1991). <\/span><a href=\"https:\/\/journals.sagepub.com\/doi\/abs\/10.1177\/074171369204200309\" target=\"_blank\" rel=\"noopener\"><span data-contrast=\"none\">Transformative dimensions of adult learning<\/span><\/a><span data-contrast=\"auto\">. San Francisco, CA: Jossey-Bass.<\/span><span data-ccp-props=\"{&quot;201341983&quot;:0,&quot;335559739&quot;:160,&quot;335559740&quot;:259}\">\u00a0<\/span><\/p>\n<p><span data-contrast=\"auto\">*Mezirow, J. (1998). <\/span><a href=\"https:\/\/journals.sagepub.com\/doi\/10.1177\/074171369804800305\" target=\"_blank\" rel=\"noopener\"><span data-contrast=\"none\">On critical reflection<\/span><\/a><span data-contrast=\"auto\">. <\/span><i><span data-contrast=\"auto\">Adult Education Quarterly<\/span><\/i><span data-contrast=\"auto\">. Vol.48(3), 185-199.<\/span><span data-ccp-props=\"{&quot;201341983&quot;:0,&quot;335559739&quot;:160,&quot;335559740&quot;:259}\">\u00a0<\/span><\/p>\n<p><span data-contrast=\"auto\">Ministry of Advanced Education and Skills Development. (n.d.). <\/span><a href=\"https:\/\/carleton.ca\/provost\/wp-content\/uploads\/A04-EL-Guiding-Priciples-FINAL-EN.pdf\" target=\"_blank\" rel=\"noopener\"><span data-contrast=\"none\">MAESD&rsquo;s Guiding Principles for<\/span><\/a><span data-ccp-props=\"{&quot;201341983&quot;:0,&quot;335559739&quot;:160,&quot;335559740&quot;:259}\">\u00a0<\/span><\/p>\n<p><a href=\"https:\/\/carleton.ca\/provost\/wp-content\/uploads\/A04-EL-Guiding-Priciples-FINAL-EN.pdf\" target=\"_blank\" rel=\"noopener\"><span data-contrast=\"none\">Experiential Learning.<\/span><\/a><span data-contrast=\"auto\">\u00a0<\/span><span data-ccp-props=\"{&quot;201341983&quot;:0,&quot;335559739&quot;:160,&quot;335559740&quot;:259}\">\u00a0<\/span><\/p>\n<p><span data-contrast=\"auto\">*Miller, R.J., Maellaro, R. (2016). <\/span><a href=\"http:\/\/ttps\/\/journals.sagepub.com\/doi\/abs\/10.1177\/1052562915623822?journalCode=jmed\" target=\"_blank\" rel=\"noopener\"><span data-contrast=\"none\">Getting to the Root of the Problem in Experiential Learning: Using Problem Solving and Collective Reflection to Improve Learning Outcomes.<\/span><\/a> <i><span data-contrast=\"auto\">Journal of Management Education. <\/span><\/i><span data-contrast=\"auto\">Vol. 40(2), 170-193.<\/span><span data-ccp-props=\"{&quot;201341983&quot;:0,&quot;335559739&quot;:160,&quot;335559740&quot;:259}\">\u00a0<\/span><\/p>\n<p><span data-contrast=\"auto\">Moss, D. (2017). <\/span><a href=\"https:\/\/www.shrm.org\/hr-today\/news\/hr-magazine\/0317\/pages\/8-reasons-to-adopt-experiential-learning.aspx\" target=\"_blank\" rel=\"noopener\"><i><span data-contrast=\"none\">8 Reasons to Adopt Experiential Learning.<\/span><\/i><\/a><span data-contrast=\"auto\"> SHRM.<\/span><span data-ccp-props=\"{&quot;201341983&quot;:0,&quot;335559739&quot;:160,&quot;335559740&quot;:259}\">\u00a0<\/span><\/p>\n<p><span data-contrast=\"auto\">Mohawk College. (n.d.). <\/span><a href=\"https:\/\/www.mohawkcollege.ca\/employees\/centre-for-teaching-learning\/experiential-learning\/experiential-learning-and-reflection\" target=\"_blank\" rel=\"noopener\"><span data-contrast=\"none\">Experiential Learning and Reflection<\/span><\/a><span data-contrast=\"auto\">.\u00a0<\/span><span data-ccp-props=\"{&quot;201341983&quot;:0,&quot;335559739&quot;:160,&quot;335559740&quot;:259}\">\u00a0<\/span><\/p>\n<p><span data-contrast=\"auto\">Moon, J. A. (2004).<\/span><a href=\"https:\/\/www.qualityresearchinternational.com\/esecttools\/esectpubs\/Reflection%20and%20employability.pdf\" target=\"_blank\" rel=\"noopener\"><span data-contrast=\"none\">\u202fReflection and employability<\/span><\/a><span data-contrast=\"auto\">\u202f(Vol. 4). York: LTSN Generic Centre.<\/span><span data-ccp-props=\"{&quot;201341983&quot;:0,&quot;335559739&quot;:160,&quot;335559740&quot;:259}\">\u00a0<\/span><\/p>\n<p><span data-contrast=\"auto\">*Moon, J. (2004). <\/span><a href=\"https:\/\/www.taylorfrancis.com\/books\/mono\/10.4324\/9780203416150\/handbook-reflective-experiential-learning-jennifer-moon\" target=\"_blank\" rel=\"noopener\"><span data-contrast=\"none\">A handbook of reflective and experiential learning: theory and practice<\/span><\/a><span data-contrast=\"auto\">. London, UK: Routledge Falmer<\/span><span data-ccp-props=\"{&quot;201341983&quot;:0,&quot;335559739&quot;:160,&quot;335559740&quot;:259}\">\u00a0<\/span><\/p>\n<p><span data-contrast=\"auto\">National Association of Colleges and Employers. (2016). <\/span><a href=\"https:\/\/www.naceweb.org\/career-readiness\/best-practices\/addressing-the-career-readiness-of-nontraditional-students\/\" target=\"_blank\" rel=\"noopener\"><span data-contrast=\"none\">Addressing the Career Readiness of<\/span><\/a><span data-ccp-props=\"{&quot;201341983&quot;:0,&quot;335559739&quot;:160,&quot;335559740&quot;:259}\">\u00a0<\/span><\/p>\n<p><a href=\"https:\/\/www.naceweb.org\/career-readiness\/best-practices\/addressing-the-career-readiness-of-nontraditional-students\/\" target=\"_blank\" rel=\"noopener\"><span data-contrast=\"none\">Nontraditional Students<\/span><\/a><span data-contrast=\"auto\">.\u00a0<\/span><span data-ccp-props=\"{&quot;201341983&quot;:0,&quot;335559739&quot;:160,&quot;335559740&quot;:259}\">\u00a0<\/span><\/p>\n<p><span data-contrast=\"auto\">National Association of Colleges and Employers. (2017). <\/span><a href=\"https:\/\/www.naceweb.org\/career-readiness\/competencies\/symposium-ids-four-pillars-of-competency-development\/\" target=\"_blank\" rel=\"noopener\"><span data-contrast=\"none\">Symposium IDS Four Pillars of Competency Development.<\/span><\/a><span data-contrast=\"auto\">\u00a0<\/span><span data-ccp-props=\"{&quot;201341983&quot;:0,&quot;335559739&quot;:160,&quot;335559740&quot;:259}\">\u00a0<\/span><\/p>\n<p><span data-contrast=\"auto\">National Society for Experiential Education. (2013). <\/span><a href=\"https:\/\/www.nsee.org\/8-principles\" target=\"_blank\" rel=\"noopener\"><span data-contrast=\"none\">Eight Principles of Good Practice for All Experiential Learning Activities<\/span><\/a><span data-contrast=\"auto\">.\u00a0<\/span><span data-ccp-props=\"{&quot;201341983&quot;:0,&quot;335559739&quot;:160,&quot;335559740&quot;:259}\">\u00a0<\/span><\/p>\n<p><span data-contrast=\"auto\">*Newman, T.J., Alvarez, M.A.G., Kim, M. (2017<\/span><a href=\"https:\/\/journals.sagepub.com\/doi\/abs\/10.1177\/1053825917696833\" target=\"_blank\" rel=\"noopener\"><span data-contrast=\"none\">). An Experiential Approach to Sport for Youth Development.<\/span><\/a> <i><span data-contrast=\"auto\">Journal of Experiential Education. <\/span><\/i><span data-contrast=\"auto\">Vol. 40 (3), 308-322.\u00a0<\/span><span data-ccp-props=\"{&quot;201341983&quot;:0,&quot;335559739&quot;:160,&quot;335559740&quot;:259}\">\u00a0<\/span><\/p>\n<p><span data-contrast=\"auto\">OneLifeTools. (n.d.). <\/span><a href=\"https:\/\/onelifetools.com\/pages\/evidence-articles\" target=\"_blank\" rel=\"noopener\"><span data-contrast=\"none\">Evidence, Articles, Resources &amp; Presentations<\/span><\/a><span data-contrast=\"auto\">.\u00a0<\/span><span data-ccp-props=\"{&quot;201341983&quot;:0,&quot;335559739&quot;:160,&quot;335559740&quot;:259}\">\u00a0<\/span><\/p>\n<p><span data-contrast=\"auto\">*Piaget, J. (1971). <\/span><a href=\"https:\/\/openlibrary.org\/books\/OL5455742M\/Psychology_and_epistemology.\" target=\"_blank\" rel=\"noopener\"><span data-contrast=\"none\">Psychology and epistemology: towards a theory of knowledge.<\/span><\/a><span data-contrast=\"auto\"> New York:<\/span><span data-ccp-props=\"{&quot;201341983&quot;:0,&quot;335559739&quot;:160,&quot;335559740&quot;:259}\">\u00a0<\/span><\/p>\n<p><span data-contrast=\"auto\">Grossman.<\/span><span data-ccp-props=\"{&quot;201341983&quot;:0,&quot;335559739&quot;:160,&quot;335559740&quot;:259}\">\u00a0<\/span><\/p>\n<p><span data-contrast=\"auto\">Peters, J., Sattler, P., &amp; Kelland, J. (2014). <\/span><a href=\"https:\/\/heqco.ca\/pub\/work-integrated-learning-in-ontarios-postsecondary-sector-the-pathways-of-recent-college-and-university-graduates\/\" target=\"_blank\" rel=\"noopener\"><span data-contrast=\"none\">Work-integrated learning in Ontario&rsquo;s postsecondary sector: The pathways of recent college and university graduates.<\/span><\/a> <i><span data-contrast=\"auto\">Higher Education Quality Council of Ontario.\u00a0<\/span><\/i><span data-ccp-props=\"{&quot;201341983&quot;:0,&quot;335559739&quot;:160,&quot;335559740&quot;:259}\">\u00a0<\/span><\/p>\n<p><span data-contrast=\"auto\">Philipps, L., Turcotte, J. F., &amp; Nichols, L. (2016, October 27). <\/span><a href=\"https:\/\/heqco.ca\/lisa-philipps-joseph-turcotte-and-leslie-nichols-the-downsides-of-postsecondary-co-op-work-placements\/\" target=\"_blank\" rel=\"noopener\"><span data-contrast=\"none\">The Downsides of Post-Secondary Co-op Work Placements<\/span><\/a><span data-contrast=\"auto\">. <\/span><i><span data-contrast=\"auto\">Higher Education Quality Council of Ontario.<\/span><\/i><span data-ccp-props=\"{&quot;201341983&quot;:0,&quot;335559739&quot;:160,&quot;335559740&quot;:259}\">\u00a0<\/span><\/p>\n<p><span data-contrast=\"auto\">Purchase, L. (2019). <\/span><a href=\"https:\/\/www.ncda.org\/aws\/NCDA\/pt\/sd\/news_article\/228998\/_PARENT\/CC_layout_details\/false\" target=\"_blank\" rel=\"noopener\"><span data-contrast=\"none\">Accessible Experiential Learning: The Key to Student Success in the Future of Work.<\/span><\/a><span data-contrast=\"auto\"> NCDA.<\/span><span data-ccp-props=\"{&quot;201341983&quot;:0,&quot;335559739&quot;:160,&quot;335559740&quot;:259}\">\u00a0<\/span><\/p>\n<p><span data-contrast=\"auto\">Purchase, L. (2021, May\u202f1). <\/span><a href=\"https:\/\/www.ncda.org\/aws\/NCDA\/pt\/sd\/news_article\/228998\/_PARENT\/CC_layout_details\/false\" target=\"_blank\" rel=\"noopener\"><span data-contrast=\"none\">Accessible Experiential Learning: The Key to Student Success in the Future of Work.<\/span><\/a> <i><span data-contrast=\"auto\">Career Convergence.<\/span><\/i><span data-contrast=\"auto\">\u00a0<\/span><span data-ccp-props=\"{&quot;201341983&quot;:0,&quot;335559739&quot;:160,&quot;335559740&quot;:259}\">\u00a0<\/span><\/p>\n<p><span data-contrast=\"auto\">Puri, I.K. (2018). <\/span><a href=\"https:\/\/theconversation.com\/why-learning-from-experience-is-the-educational-wave-of-the-future-92399\" target=\"_blank\" rel=\"noopener\"><i><span data-contrast=\"none\">Why learning from experience is the educational wave of the future.<\/span><\/i><\/a><span data-contrast=\"auto\"> The Conversation.\u00a0<\/span><span data-ccp-props=\"{&quot;201341983&quot;:0,&quot;335559739&quot;:160,&quot;335559740&quot;:259}\">\u00a0<\/span><\/p>\n<p><span data-contrast=\"auto\">Porter, J. (2017). <\/span><a href=\"https:\/\/hbr.org\/2017\/03\/why-you-should-make-time-for-self-reflection-even-if-you-hate-doing-it\" target=\"_blank\" rel=\"noopener\"><span data-contrast=\"none\">Why you should make time for self-reflection (even if you hate doing it).<\/span><\/a><i><span data-contrast=\"auto\">\u202fHarvard Business Review<\/span><\/i><span data-ccp-props=\"{&quot;201341983&quot;:0,&quot;335559739&quot;:160,&quot;335559740&quot;:259}\">\u00a0<\/span><\/p>\n<p><span data-contrast=\"auto\">Prince, M. (2004). <\/span><a href=\"https:\/\/www.engr.ncsu.edu\/wp-content\/uploads\/drive\/1smSpn4AiHSh8z7a0MHDBwhb_JhcoLQmI\/2004-Prince_AL.pdf\" target=\"_blank\" rel=\"noopener\"><span data-contrast=\"none\">Does active learning work? A review of the research.<\/span><\/a> <i><span data-contrast=\"auto\">Journal of Engineering<\/span><\/i><span data-ccp-props=\"{&quot;201341983&quot;:0,&quot;335559739&quot;:160,&quot;335559740&quot;:259}\">\u00a0<\/span><\/p>\n<p><i><span data-contrast=\"auto\">Education.<\/span><\/i><span data-contrast=\"auto\"> Vol.93 (3), 223-231.<\/span><span data-ccp-props=\"{&quot;201341983&quot;:0,&quot;335559739&quot;:160,&quot;335559740&quot;:259}\">\u00a0<\/span><\/p>\n<p><span data-contrast=\"auto\">Raelin, J. A. (2002). <\/span><a href=\"https:\/\/www.researchgate.net\/publication\/240275477_I_Don't_Have_Time_to_Think_versus_the_Art_of_Reflective_Practice\" target=\"_blank\" rel=\"noopener\"><span data-contrast=\"none\">&lsquo;I Don&rsquo;t Have Time to Think!'(vs. The Art of Reflective Practice).<\/span><\/a><i><span data-contrast=\"auto\">\u202fReflections: The Sol Journal.<\/span><\/i><span data-contrast=\"auto\"> Vol.4(1), 66-79.<\/span><span data-ccp-props=\"{&quot;201341983&quot;:0,&quot;335559739&quot;:160,&quot;335559740&quot;:259}\">\u00a0<\/span><\/p>\n<p><span data-contrast=\"auto\">Reddan, G. (2016).<\/span><a href=\"https:\/\/files.eric.ed.gov\/fulltext\/EJ1131584.pdf\" target=\"_blank\" rel=\"noopener\"><span data-contrast=\"none\"> The Role of Work-Integrated Learning in Developing Students&rsquo; Perceived Work Self Efficacy<\/span><\/a><span data-contrast=\"auto\">.<\/span><i><span data-contrast=\"auto\">\u202fAsia-Pacific Journal of Cooperative Education,\u202fSpecial Issue<\/span><\/i><span data-contrast=\"auto\">. Vol.17(4), 423-436.\u00a0<\/span><span data-ccp-props=\"{&quot;201341983&quot;:0,&quot;335559739&quot;:160,&quot;335559740&quot;:259}\">\u00a0<\/span><\/p>\n<p><span data-contrast=\"auto\">Registered Nurses&rsquo; Association of Ontario. (n.d.). <\/span><a href=\"https:\/\/mharesource.rnao.ca\/section-four\/reflective-practice-teaching-activities-and-resources\" target=\"_blank\" rel=\"noopener\"><span data-contrast=\"none\">Reflective Practice Teaching activities and resources.<\/span><\/a><span data-contrast=\"auto\">\u00a0<\/span><span data-ccp-props=\"{&quot;201341983&quot;:0,&quot;335559739&quot;:160,&quot;335559740&quot;:259}\">\u00a0<\/span><\/p>\n<p><span data-contrast=\"auto\">Rego, M. (2018). <\/span><a href=\"https:\/\/researchleap.com\/global-learning-distinction-experiential-learning-research-project\/\" target=\"_blank\" rel=\"noopener\"><span data-contrast=\"none\">The Global Learning Distinction: an Experiential Learning Research Project.<\/span><\/a> <i><span data-contrast=\"auto\">Journal of International Business Research and Marketing<\/span><\/i><span data-contrast=\"auto\">. Volume 3, Issue 3, Pages 50-54.<\/span><span data-ccp-props=\"{&quot;201341983&quot;:0,&quot;335559739&quot;:160,&quot;335559740&quot;:259}\">\u00a0<\/span><\/p>\n<p><span data-contrast=\"auto\">Risner, D. (2015<\/span><a href=\"https:\/\/www.researchgate.net\/publication\/277973031_Research_Design_and_Implementation_of_an_Internship_Course_in_Dance_Turning_Student_Knowledge_into_Professional_Know-How\" target=\"_blank\" rel=\"noopener\"><span data-contrast=\"none\">). Research, Design, and Implementation of an Internship Course in Dance: Turning Student Knowledge into Professional Know-How<\/span><\/a><span data-contrast=\"auto\">. <\/span><i><span data-contrast=\"auto\">Journal of Dance Education<\/span><\/i><span data-contrast=\"auto\">. Vol.15(2), 60\u201371.\u00a0<\/span><span data-ccp-props=\"{&quot;201341983&quot;:0,&quot;335559739&quot;:160,&quot;335559740&quot;:259}\">\u00a0<\/span><\/p>\n<p><span data-contrast=\"auto\">Roberts, P. (2016). <\/span><a href=\"https:\/\/www.researchgate.net\/publication\/336755640_Reflection_A_Renewed_and_Practical_Focus_for_an_Existing_Problem_in_Teacher_Education\" target=\"_blank\" rel=\"noopener\"><span data-contrast=\"none\">Reflection: A Renewed and Practical Focus for an Existing Problem in Teacher Education.<\/span><\/a> <i><span data-contrast=\"auto\">Australian Journal of Teacher Education<\/span><\/i><span data-contrast=\"auto\">. Vol.41(7), 19-35.\u00a0<\/span><span data-ccp-props=\"{&quot;201341983&quot;:0,&quot;335559739&quot;:160,&quot;335559740&quot;:259}\">\u00a0<\/span><\/p>\n<p><span data-contrast=\"auto\">Roberts, J. (2018). <\/span><a href=\"https:\/\/journals.sagepub.com\/doi\/full\/10.1177\/1053825917751457\" target=\"_blank\" rel=\"noopener\"><span data-contrast=\"none\">From the Editor: The Possibilities and Limitations of Experiential Learning Research in Higher Education.<\/span><\/a> <i><span data-contrast=\"auto\">Journal of Experiential Education.<\/span><\/i><span data-contrast=\"auto\"> Vol. 4(1) 3-7.<\/span><span data-ccp-props=\"{&quot;201341983&quot;:0,&quot;335559739&quot;:160,&quot;335559740&quot;:259}\">\u00a0<\/span><\/p>\n<p><span data-contrast=\"auto\">Rodgers, C. (2002). <\/span><a href=\"https:\/\/www.researchgate.net\/publication\/240645823_Defining_Reflection_Another_Look_at_John_Dewey_and_Reflective_Thinking\" target=\"_blank\" rel=\"noopener\"><span data-contrast=\"none\">Defining Reflection: Another Look at John Dewey and Reflective Thinking.<\/span><\/a> <i><span data-contrast=\"auto\">Teachers College Record<\/span><\/i><span data-contrast=\"auto\">. Vol.104 (4), 842-866.\u00a0<\/span><span data-ccp-props=\"{&quot;201341983&quot;:0,&quot;335559739&quot;:160,&quot;335559740&quot;:259}\">\u00a0<\/span><\/p>\n<p><span data-contrast=\"auto\">Roland, K. (2017, March). <\/span><a href=\"https:\/\/infonomics-society.org\/wp-content\/uploads\/ijcdse\/published-papers\/volume-8-2017\/Experiential-Learning-Learning-through-Reflective-Practice.pdf\" target=\"_blank\" rel=\"noopener\"><span data-contrast=\"none\">Experiential Learning: Learning through Reflective Practice.<\/span><\/a> <i><span data-contrast=\"auto\">International Journal for Cross-Disciplinary Subjects in Education<\/span><\/i><span data-contrast=\"auto\">. Vol. 8(1), 2982-2989<\/span><span data-ccp-props=\"{&quot;201341983&quot;:0,&quot;335559739&quot;:160,&quot;335559740&quot;:259}\">\u00a0<\/span><\/p>\n<p><span data-contrast=\"auto\">*Rolfe, G., Jasper, M., &amp; Freshwater, D. (2011). <\/span><a href=\"https:\/\/www.scie-socialcareonline.org.uk\/critical-reflection-in-practice-generating-knowledge-for-care\/r\/a11G00000017y5uIAA\" target=\"_blank\" rel=\"noopener\"><span data-contrast=\"none\">Critical reflection in practice: Generating knowledge for care<\/span><\/a><span data-contrast=\"auto\">. Palgrave MacMillan<\/span><span data-ccp-props=\"{&quot;201341983&quot;:0,&quot;335559739&quot;:160,&quot;335559740&quot;:259}\">\u00a0<\/span><\/p>\n<p><span data-contrast=\"auto\">Royal Bank of Canada (RBC). (2018). <\/span><a href=\"https:\/\/www.rbc.com\/dms\/enterprise\/futurelaunch\/humans-wanted-how-canadian-youth-can-thrive-in-the-age-of-disruption.html\" target=\"_blank\" rel=\"noopener\"><span data-contrast=\"none\">Humans wanted: how Canadian youth can thrive in the age of disruption.<\/span><\/a><span data-contrast=\"auto\">\u00a0<\/span><span data-ccp-props=\"{&quot;201341983&quot;:0,&quot;335559739&quot;:160,&quot;335559740&quot;:259}\">\u00a0<\/span><\/p>\n<p><span data-contrast=\"auto\">*Ryan, M., &amp; Ryan, M. (2013<\/span><a href=\"https:\/\/www.tandfonline.com\/doi\/abs\/10.1080\/07294360.2012.661704\" target=\"_blank\" rel=\"noopener\"><span data-contrast=\"none\">). Theorising a model for teaching and assessing reflective learning in higher education.<\/span><\/a> <i><span data-contrast=\"auto\">Higher Education Research and Development.<\/span><\/i><span data-contrast=\"auto\"> Vol.32(2), 244\u2013257.\u00a0<\/span><span data-ccp-props=\"{&quot;201341983&quot;:0,&quot;335559739&quot;:160,&quot;335559740&quot;:259}\">\u00a0<\/span><\/p>\n<p><span data-contrast=\"auto\">Sachs, J., Rowe, A., &amp; Wilson, M. (2016a). <\/span><a href=\"https:\/\/research-management.mq.edu.au\/ws\/portalfiles\/portal\/35597534\" target=\"_blank\" rel=\"noopener\"><span data-contrast=\"none\">2016 Good Practice Report-Work Integrated Learning (WIL).<\/span><\/a> <i><span data-contrast=\"auto\">Report undertaken for the Department of Education and Training.\u00a0<\/span><\/i><span data-ccp-props=\"{&quot;201341983&quot;:0,&quot;335559739&quot;:160,&quot;335559740&quot;:259}\">\u00a0<\/span><\/p>\n<p><span data-contrast=\"auto\">Sachs, J., Rowe, A., &amp; Wilson, M. (2016b). <\/span><a href=\"https:\/\/ltr.edu.au\/resources\/WIL_Case_Studies_2016.pdf\" target=\"_blank\" rel=\"noopener\"><span data-contrast=\"none\">Work Integrated Learning (WIL) Good Practice Case Studies.<\/span><\/a><span data-contrast=\"auto\">\u00a0<\/span><span data-ccp-props=\"{&quot;201341983&quot;:0,&quot;335559739&quot;:160,&quot;335559740&quot;:259}\">\u00a0<\/span><\/p>\n<p><span data-contrast=\"auto\">*Sargeant, J.M., Mann, K.V., Van der Vleuten, C.P., &amp; Metsemakers, J.F. (2009<\/span><a href=\"https:\/\/link.springer.com\/article\/10.1007\/s10459-008-9124-4\" target=\"_blank\" rel=\"noopener\"><span data-contrast=\"none\">). Reflection: a link between receiving and using assessment feedback<\/span><\/a><span data-contrast=\"auto\">. <\/span><i><span data-contrast=\"auto\">Advancement in Health Science Education.<\/span><\/i><span data-contrast=\"auto\"> Vol. 14, 399-400.<\/span><span data-ccp-props=\"{&quot;201341983&quot;:0,&quot;335559739&quot;:160,&quot;335559740&quot;:259}\">\u00a0<\/span><\/p>\n<p><span data-contrast=\"auto\">Sattler, P. (2011). <\/span><a href=\"https:\/\/heqco.ca\/pub\/work-integrated-learning-in-ontarios-postsecondary-sector\/\" target=\"_blank\" rel=\"noopener\"><span data-contrast=\"none\">Work-Integrated learning in Ontario\u2019s postsecondary sector.<\/span><\/a><span data-contrast=\"auto\"> Toronto: Higher<\/span><span data-ccp-props=\"{&quot;201341983&quot;:0,&quot;335559739&quot;:160,&quot;335559740&quot;:259}\">\u00a0<\/span><\/p>\n<p><span data-contrast=\"auto\">Education Quality Council of Ontario.<\/span><span data-ccp-props=\"{&quot;201341983&quot;:0,&quot;335559739&quot;:160,&quot;335559740&quot;:259}\">\u00a0<\/span><\/p>\n<p><span data-contrast=\"auto\">Scheef, A. R., Barrio, B. L., Poppen, M. I., McMahon, D., &amp; Miller, D. (2018). <\/span><a href=\"https:\/\/files.eric.ed.gov\/fulltext\/EJ1200607.pdf\" target=\"_blank\" rel=\"noopener\"><span data-contrast=\"none\">Exploring barriers for facilitating work experience opportunities for students with intellectual disabilities enrolled in postsecondary education programs<\/span><\/a><span data-contrast=\"auto\">. <\/span><i><span data-contrast=\"auto\">Journal of Postsecondary Education and Disability<\/span><\/i><span data-contrast=\"auto\">. Vol. 31(3), 209-224.\u00a0<\/span><span data-ccp-props=\"{&quot;201341983&quot;:0,&quot;335559739&quot;:160,&quot;335559740&quot;:259}\">\u00a0<\/span><\/p>\n<p><span data-contrast=\"auto\">*Sch\u00f6n, D. (1983). <\/span><a href=\"https:\/\/www.amazon.ca\/Reflective-Practitioner-Professionals-Think-Action\/dp\/0465068782\" target=\"_blank\" rel=\"noopener\"><span data-contrast=\"none\">The reflective practitioner: how professionals think in action<\/span><\/a><span data-contrast=\"auto\">. New York: Basic Books.<\/span><span data-ccp-props=\"{&quot;201341983&quot;:0,&quot;335559739&quot;:160,&quot;335559740&quot;:259}\">\u00a0<\/span><\/p>\n<p><span data-contrast=\"auto\">*Sch\u00f6n, D. (1987). <\/span><a href=\"https:\/\/journals.lww.com\/jcehp\/Citation\/1989\/09020\/Donald_A__Sch_n,_Educating_the_reflective.6.aspx\" target=\"_blank\" rel=\"noopener\"><span data-contrast=\"none\">Educating the Reflective Practitioner<\/span><\/a><span data-contrast=\"auto\">. San Francisco: Jossey-Bass<\/span><span data-ccp-props=\"{&quot;201341983&quot;:0,&quot;335559739&quot;:160,&quot;335559740&quot;:259}\">\u00a0<\/span><\/p>\n<p><span data-contrast=\"auto\">Schwartz, M. (2012). <\/span><a href=\"https:\/\/www.ryerson.ca\/content\/dam\/learning-teaching\/teaching-resources\/teach-a-course\/experiential-learning.pdf\" target=\"_blank\" rel=\"noopener\"><span data-contrast=\"none\">Best Practices in Experiential Learning<\/span><\/a><span data-contrast=\"auto\">. Ryerson University.\u00a0<\/span><span data-ccp-props=\"{&quot;201341983&quot;:0,&quot;335559739&quot;:160,&quot;335559740&quot;:259}\">\u00a0<\/span><\/p>\n<p><span data-contrast=\"auto\">*Seaman, J.O., Brown, M., Quay, J. (2017). <\/span><a href=\"https:\/\/journals.sagepub.com\/doi\/abs\/10.1177\/1053825916689268?journalCode=jeea\" target=\"_blank\" rel=\"noopener\"><i><span data-contrast=\"none\">The evolution of experiential learning: Tracing lines of research in the JEE.<\/span><\/i><\/a> <i><span data-contrast=\"auto\">Journal of Experiential Education<\/span><\/i><span data-contrast=\"auto\">, Vol. 40 (4), NP1-NP21.\u00a0<\/span><span data-ccp-props=\"{&quot;201341983&quot;:0,&quot;335559739&quot;:160,&quot;335559740&quot;:259}\">\u00a0<\/span><\/p>\n<p><span data-contrast=\"auto\">Snow, K., Wardley, L., Carter, L., &amp; Maher, P. (2019). <\/span><a href=\"https:\/\/www.researchgate.net\/publication\/333714823_Lived_Experiences_of_Online_and_Experiential_Learning_in_Four_Undergraduate_Professional_Programs\" target=\"_blank\" rel=\"noopener\"><span data-contrast=\"none\">Lived experiences of online and experiential learning in four undergraduate professional programs<\/span><\/a><span data-contrast=\"auto\">.<\/span><i><span data-contrast=\"auto\">\u202fCollected Essays on Learning and Teaching<\/span><\/i><span data-contrast=\"auto\">. Vol.12, 79-93.\u00a0<\/span><span data-ccp-props=\"{&quot;201341983&quot;:0,&quot;335559739&quot;:160,&quot;335559740&quot;:259}\">\u00a0<\/span><\/p>\n<p><span data-contrast=\"auto\">Stirling, A., Kerr, G., Banwell, J., MacPherson, E., &amp; Heron, A. (2016). <\/span><a href=\"https:\/\/heqco.ca\/pub\/a-practical-guide-for-work-integrated-learning-effective-practices-to-enhance-the-educational-quality-of-structured-work-experiences-offered-through-colleges-and-universities\/\" target=\"_blank\" rel=\"noopener\"><span data-contrast=\"none\">A practical guide for workintegrated learning: Effective practices to enhance the educational quality of structured work experiences offered through colleges and universities.<\/span><\/a><span data-contrast=\"auto\"> Toronto: Higher Education Quality Council of Ontario.\u00a0<\/span><span data-ccp-props=\"{&quot;201341983&quot;:0,&quot;335559739&quot;:160,&quot;335559740&quot;:259}\">\u00a0<\/span><\/p>\n<p><span data-contrast=\"auto\">Study International Staff. (2018). <\/span><a href=\"https:\/\/www.studyinternational.com\/news\/influential-institutions-that-combine-experiential-learning-with-creative-education\/\" target=\"_blank\" rel=\"noopener\"><i><span data-contrast=\"none\">Influential institutions that combine experiential learning with creative education.<\/span><\/i><\/a> <span data-contrast=\"auto\">Study International<\/span><span data-ccp-props=\"{&quot;201341983&quot;:0,&quot;335559739&quot;:160,&quot;335559740&quot;:259}\">\u00a0<\/span><\/p>\n<p><span data-contrast=\"auto\">Spanjaard, D., Hall, T., Stegemann, N. (2018). <\/span><a href=\"https:\/\/ideas.repec.org\/a\/eee\/aumajo\/v26y2018i2p163-171.html\" target=\"_blank\" rel=\"noopener\"><i><span data-contrast=\"none\">Experiential learning: Helping students to become \u2018career-ready\u2019.<\/span><\/i><\/a> <i><span data-contrast=\"auto\">Australasian marketing journal, Elsevier<\/span><\/i><span data-contrast=\"auto\">, Vol. 26 (2), 163-171.\u00a0<\/span><span data-ccp-props=\"{&quot;201341983&quot;:0,&quot;335559739&quot;:160,&quot;335559740&quot;:259}\">\u00a0<\/span><\/p>\n<p><span data-contrast=\"auto\">Sutherland, K., &amp; Symmons, M. (2013). <\/span><a href=\"https:\/\/www.ijwil.org\/files\/APJCE_14_4_295_304.pdf\" target=\"_blank\" rel=\"noopener\"><span data-contrast=\"none\">Issues and Challenges Identified in the Development of a Broad Multidisciplinary Work Integrated Learning Package<\/span><\/a><i><span data-contrast=\"auto\">. Asia-Pacific Journal of Cooperative Education.<\/span><\/i><span data-contrast=\"auto\"> Vol. 14(4), 295-304.\u00a0<\/span><span data-ccp-props=\"{&quot;201341983&quot;:0,&quot;335559739&quot;:160,&quot;335559740&quot;:259}\">\u00a0<\/span><\/p>\n<p><span data-contrast=\"auto\">Thejll-Madsen, T. (2018). <\/span><a href=\"https:\/\/www.ed.ac.uk\/files\/atoms\/files\/reflection_literature_review.pdf\" target=\"_blank\" rel=\"noopener\"><span data-contrast=\"none\">Literature review.<\/span><\/a><span data-contrast=\"auto\"> The University of Edinburgh.\u00a0<\/span><span data-ccp-props=\"{&quot;201341983&quot;:0,&quot;335559739&quot;:160,&quot;335559740&quot;:259}\">\u00a0<\/span><\/p>\n<p><span data-contrast=\"auto\">The Ministry of Education. (2018). <\/span><a href=\"http:\/\/www.edu.gov.on.ca\/eng\/curriculum\/secondary\/cooperative-education-2018.pdf\" target=\"_blank\" rel=\"noopener\"><span data-contrast=\"none\">Cooperative Education.<\/span><\/a><span data-contrast=\"auto\">\u00a0<\/span><span data-ccp-props=\"{&quot;201341983&quot;:0,&quot;335559739&quot;:160,&quot;335559740&quot;:259}\">\u00a0<\/span><\/p>\n<p><span data-contrast=\"auto\">*Thompson, S. &amp; Thompson, N. (2008). <\/span><a href=\"https:\/\/www.amazon.com\/Critically-Reflective-Practitioner-Neil-Thompson\/dp\/0230573185\" target=\"_blank\" rel=\"noopener\"><span data-contrast=\"none\">The critically reflective practitioner<\/span><\/a><span data-contrast=\"auto\">. New York: Palgrave<\/span><span data-ccp-props=\"{&quot;201341983&quot;:0,&quot;335559739&quot;:160,&quot;335559740&quot;:259}\">\u00a0<\/span><\/p>\n<p><span data-contrast=\"auto\">Macmillan.<\/span><span data-ccp-props=\"{&quot;201341983&quot;:0,&quot;335559739&quot;:160,&quot;335559740&quot;:259}\">\u00a0<\/span><\/p>\n<p><span data-contrast=\"auto\">Tiessen, R. (2018). <\/span><a href=\"https:\/\/pdfs.semanticscholar.org\/6efe\/72f9935fdee6f1d30bbee1bc0b84b1c334b4.pdf\" target=\"_blank\" rel=\"noopener\"><span data-contrast=\"none\">Improving Student Reflection in Experiential Learning Reports in Post-Secondary Institutions.<\/span><\/a> <i><span data-contrast=\"auto\">Journal of Education and Learning.<\/span><\/i><span data-contrast=\"auto\"> Vol.7(3), 1-10.<\/span><span data-ccp-props=\"{&quot;201341983&quot;:0,&quot;335559739&quot;:160,&quot;335559740&quot;:259}\">\u00a0<\/span><\/p>\n<p><span data-contrast=\"auto\">Tiessen, R., Grantham, K., Cameron, J. (2018). <\/span><a href=\"http:\/\/journals.sfu.ca\/cjhe\/index.php\/cjhe\/article\/view\/188187\" target=\"_blank\" rel=\"noopener\"><span data-contrast=\"none\">The Relationship Between Experiential Learning and Career Outcomes for Alumni of International Development Studies Programs in Canada.<\/span><\/a> <i><span data-contrast=\"auto\">Canadian Journal of Higher Educatio<\/span><\/i><span data-contrast=\"auto\">n. Vol.48 (3), 23-42.<\/span><span data-ccp-props=\"{&quot;201341983&quot;:0,&quot;335559739&quot;:160,&quot;335559740&quot;:259}\">\u00a0<\/span><\/p>\n<p><span data-contrast=\"auto\">UNESCO. (n.d). <\/span><a href=\"https:\/\/www.unesco.org\/en\/education\" target=\"_blank\" rel=\"noopener\"><span data-contrast=\"none\">Education transforms lives<\/span><\/a><span data-contrast=\"auto\">.\u00a0<\/span><span data-ccp-props=\"{&quot;201341983&quot;:0,&quot;335559739&quot;:160,&quot;335559740&quot;:259}\">\u00a0<\/span><\/p>\n<p><span data-contrast=\"auto\">Universities Canada. (2018). <\/span><a href=\"https:\/\/www.univcan.ca\/media-room\/publications\/study-on-experiential-learning-and-pathways-to-employment-for-canadian-youth\/\" target=\"_blank\" rel=\"noopener\"><span data-contrast=\"none\">Study on experiential learning and pathways to employment for Canadian youth<\/span><\/a><span data-contrast=\"auto\">.\u00a0<\/span><span data-ccp-props=\"{&quot;201341983&quot;:0,&quot;335559739&quot;:160,&quot;335559740&quot;:259}\">\u00a0<\/span><\/p>\n<p><span data-contrast=\"auto\">University of Iowa, Division of Student Life. (2021). <\/span><a href=\"https:\/\/studentlife.uiowa.edu\/assets\/Using-Reflection-for-Assessment.pdf\" target=\"_blank\" rel=\"noopener\"><span data-contrast=\"none\">Using Reflection for Assessment<\/span><\/a><span data-contrast=\"auto\">.\u00a0<\/span><span data-ccp-props=\"{&quot;201341983&quot;:0,&quot;335559739&quot;:160,&quot;335559740&quot;:259}\">\u00a0<\/span><\/p>\n<p><span data-contrast=\"auto\">University of Manitoba. (n.d.). <\/span><a href=\"https:\/\/umanitoba.ca\/centre-advancement-teaching-learning\/support\/reflective-teaching#using-reflection-toimprove-student-learning\" target=\"_blank\" rel=\"noopener\"><span data-contrast=\"none\">Reflective Teaching<\/span><\/a><span data-contrast=\"auto\">.<\/span><span data-ccp-props=\"{&quot;201341983&quot;:0,&quot;335559739&quot;:160,&quot;335559740&quot;:259}\">\u00a0<\/span><\/p>\n<p><span data-contrast=\"auto\">University of Toronto. (2017). <\/span><a href=\"https:\/\/experientiallearning.utoronto.ca\/wp-content\/uploads\/UofT-WIL-EL-White-Paper-July-2017.pdf\" target=\"_blank\" rel=\"noopener\"><span data-contrast=\"none\">Rethinking Higher Education Curricula: Increasing Impact Through<\/span><\/a><span data-ccp-props=\"{&quot;201341983&quot;:0,&quot;335559739&quot;:160,&quot;335559740&quot;:259}\">\u00a0<\/span><\/p>\n<p><a href=\"https:\/\/experientiallearning.utoronto.ca\/wp-content\/uploads\/UofT-WIL-EL-White-Paper-July-2017.pdf\"><span data-contrast=\"none\">Experiential, Work-Integrated, and Community-Engaged Learning. A White Paper<\/span><\/a><span data-contrast=\"auto\">\u00a0<\/span><span data-ccp-props=\"{&quot;201341983&quot;:0,&quot;335559739&quot;:160,&quot;335559740&quot;:259}\">\u00a0<\/span><\/p>\n<p><span data-contrast=\"auto\">University of Waterloo. (n.d.). <\/span><a href=\"https:\/\/uwaterloo.ca\/centre-for-teaching-excellence\/teaching-resources\/teaching-tips\/educational-technologies\/all\/eportfolios\" target=\"_blank\" rel=\"noopener\"><span data-contrast=\"none\">ePortfolios Explained: Theory and Practice.<\/span><\/a> <i><span data-contrast=\"auto\">Centre for Teaching Excellence<\/span><\/i><span data-ccp-props=\"{&quot;201341983&quot;:0,&quot;335559739&quot;:160,&quot;335559740&quot;:259}\">\u00a0<\/span><\/p>\n<p><span data-contrast=\"auto\">University of Waterloo. (n.d.). <\/span><a href=\"https:\/\/uwaterloo.ca\/centre-for-teaching-excellence\/support\/integrative-learning\/experiential-learning\" target=\"_blank\" rel=\"noopener\"><span data-contrast=\"none\">Experiential Learning<\/span><\/a><span data-contrast=\"auto\">. <\/span><i><span data-contrast=\"auto\">Centre for Teaching Excellence<\/span><\/i><span data-ccp-props=\"{&quot;201341983&quot;:0,&quot;335559739&quot;:160,&quot;335559740&quot;:259}\">\u00a0<\/span><\/p>\n<p><span data-contrast=\"auto\">*Vilaseca, B. (2013). <\/span><a href=\"https:\/\/www.amazon.com\/har%C3%ADas-tuvieras-Werent-Afraid-Spanish\/dp\/8415431287\" target=\"_blank\" rel=\"noopener\"><span data-contrast=\"none\">Qu\u00e9 har\u00edas si no tuvieras miedo? <\/span><span data-contrast=\"none\">[What would you do if you weren\u2019t afraid?].<\/span><\/a><span data-contrast=\"auto\"> Conecta.<\/span><span data-ccp-props=\"{&quot;201341983&quot;:0,&quot;335559739&quot;:160,&quot;335559740&quot;:259}\">\u00a0<\/span><\/p>\n<p><span data-contrast=\"auto\">Viveiros de Castro Krakauer, P., Ribeiro Serra, F.A., Ribeiro de Almeida, M.I. (2016). <\/span><a href=\"https:\/\/www.emeraldinsight.com\/doi\/abs\/10.1108\/IJEM-09-2016-0189\" target=\"_blank\" rel=\"noopener\"><i><span data-contrast=\"none\">Using experiential learning to teach entrepreneurship: a study with Brazilian undergraduate students.<\/span><\/i><\/a> <i><span data-contrast=\"auto\">International Journal of Educational Management<\/span><\/i><span data-contrast=\"auto\">, Vol.31(7), 986-999.\u00a0<\/span><span data-ccp-props=\"{&quot;201341983&quot;:0,&quot;335559739&quot;:160,&quot;335559740&quot;:259}\">\u00a0<\/span><\/p>\n<p><span data-contrast=\"auto\">Waddell, J., Robinson, P., &amp; Wehbi, S. (2018). <\/span><a href=\"https:\/\/kpu.ca\/sites\/default\/files\/Transformative%20Dialogues\/TD.11.1.5_Waddell&amp;Robinson&amp;Wehbi_Theory_Practice_Divide.pdf\" target=\"_blank\" rel=\"noopener\"><span data-contrast=\"none\">Bridging the Theory\/Practice Divide in Professional Programs: Is Experiential Learning the Solution?.<\/span><\/a> <i><span data-contrast=\"auto\">Transformative Dialogues: Teaching and Learning Journal<\/span><\/i><span data-contrast=\"auto\">. Vol. 11(1)., 1-17.\u00a0<\/span><span data-ccp-props=\"{&quot;201341983&quot;:0,&quot;335559739&quot;:160,&quot;335559740&quot;:259}\">\u00a0<\/span><\/p>\n<p><span data-contrast=\"auto\">Wald, H.S., Borkan, J.M.m Scott Tayler, J., Anthony, D., &amp; Reis, S.P. (2012). <\/span><a href=\"https:\/\/www.academia.edu\/14887521\/Fostering_and_Evaluating_Reflective_Capacity_in_Medical_Education_Developing_the_REFLECT_Rubric_for_Assessing_Reflective_Writing\" target=\"_blank\" rel=\"noopener\"><span data-contrast=\"none\">Fostering and evaluating reflective capacity in medical education: developing the REFLECT rubric for assessing reflective writing.<\/span><\/a> <i><span data-contrast=\"auto\">Academic Medicine<\/span><\/i><span data-contrast=\"auto\">. Vol. 87, 41-50.<\/span><span data-ccp-props=\"{&quot;201341983&quot;:0,&quot;335559739&quot;:160,&quot;335559740&quot;:259}\">\u00a0<\/span><\/p>\n<p><span data-contrast=\"auto\">Warren, K. (2019). <\/span><a href=\"https:\/\/journals.sagepub.com\/doi\/full\/10.1177\/1053825918823680\" target=\"_blank\" rel=\"noopener\"><span data-contrast=\"none\">Reflections on Social Justice in Experiential Education: Expanding the Dialogue.<\/span><\/a> <i><span data-contrast=\"auto\">Journal of Experiential Education<\/span><\/i><span data-contrast=\"auto\">. Vol.42(1), 3-6.\u00a0<\/span><span data-ccp-props=\"{&quot;201341983&quot;:0,&quot;335559739&quot;:160,&quot;335559740&quot;:259}\">\u00a0<\/span><\/p>\n<p><span data-contrast=\"auto\">Wegner, J, Turcic II, S.M., &amp; Hohner, G. (2015, June 14-17). <\/span><a href=\"https:\/\/peer.asee.org\/learning-from-experiences-examining-self-reflection-in-engineering-design-courses\" target=\"_blank\" rel=\"noopener\"><span data-contrast=\"none\">Learning from experiences: examining self-reflection in engineering design courses<\/span><\/a><span data-contrast=\"auto\">. Paper presented at the 122nd ASEE Annual Conference &amp; Exposition, Seattle, WA.<\/span><span data-ccp-props=\"{&quot;201341983&quot;:0,&quot;335559739&quot;:160,&quot;335559740&quot;:259}\">\u00a0<\/span><\/p>\n<p><span data-contrast=\"auto\">Whalen, K. &amp; Paez, A. (2019). <\/span><a href=\"https:\/\/journalhosting.ucalgary.ca\/index.php\/TLI\/article\/view\/57543\/51855\" target=\"_blank\" rel=\"noopener\"><span data-contrast=\"none\">Development of a new framework to guide, assess, and evaluate student reflections in a university sustainability course.<\/span><\/a> <i><span data-contrast=\"auto\">Teaching &amp; Learning Inquiry<\/span><\/i><span data-contrast=\"auto\">. Vol.7(1).\u00a0<\/span><span data-ccp-props=\"{&quot;201341983&quot;:0,&quot;335559739&quot;:160,&quot;335559740&quot;:259}\">\u00a0<\/span><\/p>\n<p><span data-contrast=\"auto\">Wiggins, G. (2016). <\/span><a href=\"https:\/\/www.teachthought.com\/learning\/experiential-learning-just-hands-doesnt-mean-minds\/\" target=\"_blank\" rel=\"noopener\"><i><span data-contrast=\"none\">Experiential Learning: Just Because It\u2019s Hands-On Doesn\u2019t Mean It\u2019s Minds-On.<\/span><\/i><\/a><span data-contrast=\"auto\"> Teachthought.<\/span><span data-ccp-props=\"{&quot;201341983&quot;:0,&quot;335559739&quot;:160,&quot;335559740&quot;:259}\">\u00a0<\/span><\/p>\n<p><span data-contrast=\"auto\">Winn, M. (2014, May 14). <\/span><a href=\"https:\/\/theviewinside.me\/what-is-your-ikigai\/\" target=\"_blank\" rel=\"noopener\"><span data-contrast=\"none\">What is your Ikigai?<\/span><\/a><span data-contrast=\"auto\"> The View Inside Me.\u00a0<\/span><span data-ccp-props=\"{&quot;201341983&quot;:0,&quot;335559739&quot;:160,&quot;335559740&quot;:259}\">\u00a0<\/span><\/p>\n<p><span data-contrast=\"auto\">*Wong, K., Kember, D., Chung, L., &amp; Yan, L. (1995). <\/span><a href=\"https:\/\/onlinelibrary.wiley.com\/doi\/epdf\/10.1046\/j.1365-2648.1995.22010048.x\" target=\"_blank\" rel=\"noopener\"><span data-contrast=\"none\">Assessing the level of student reflection from reflective journals.<\/span><\/a> <i><span data-contrast=\"auto\">Journal of Advanced Nursing<\/span><\/i><span data-contrast=\"auto\">. Vol.22 (1), 48-57.<\/span><span data-ccp-props=\"{&quot;201341983&quot;:0,&quot;335559739&quot;:160,&quot;335559740&quot;:259}\">\u00a0<\/span><\/p>\n<p><span data-contrast=\"auto\">Young, S. (2009). <\/span><a href=\"https:\/\/www.cal.org\/caelanetwork\/resources\/supporting.html\" target=\"_blank\" rel=\"noopener\"><span data-contrast=\"none\">CAELA Network Briefs Supporting and Supervising Teachers Working With Adults Learning English<\/span><\/a><span data-contrast=\"auto\">. Center for Applied Linguistics.\u00a0<\/span><span data-ccp-props=\"{&quot;201341983&quot;:0,&quot;335559739&quot;:160,&quot;335559740&quot;:259}\">\u00a0<\/span><\/p>\n<p><span data-ccp-props=\"{&quot;201341983&quot;:0,&quot;335559739&quot;:160,&quot;335559740&quot;:259}\">\u00a0<\/span><\/p>\n<p><span data-ccp-props=\"{&quot;201341983&quot;:0,&quot;335559739&quot;:160,&quot;335559740&quot;:259}\">\u00a0<\/span><\/p>\n<p><span data-ccp-props=\"{&quot;201341983&quot;:0,&quot;335559739&quot;:160,&quot;335559740&quot;:259}\">\u00a0<\/span><\/p>\n<p><span data-ccp-props=\"{&quot;201341983&quot;:0,&quot;335559739&quot;:160,&quot;335559740&quot;:259}\">\u00a0<\/span><\/p>\n<p><span data-contrast=\"auto\">FRENCH REFERENCES<\/span><span data-ccp-props=\"{&quot;201341983&quot;:0,&quot;335551550&quot;:2,&quot;335551620&quot;:2,&quot;335559739&quot;:160,&quot;335559740&quot;:259}\">\u00a0<\/span><\/p>\n<p><span data-contrast=\"auto\">Amyot,D. 2020. <\/span><a href=\"https:\/\/orientaction.ceric.ca\/2020\/07\/20\/les-occasions-dapprentissage-integre-au-travail-stimulent-linnovation-et-peuvent-nous-aider-dans-la-lutte-contre-la-covid-19\/#.Yi-NJejMKM8\" target=\"_blank\" rel=\"noopener\"><span data-contrast=\"none\">Les occasions d\u2019apprentissage int\u00e9gr\u00e9 au travail stimulent l\u2019innovation et peuvent nous aider dans la lutte contre la COVID-19<\/span><\/a><span data-contrast=\"auto\">. <\/span><i><span data-contrast=\"auto\">Orientaction\u00a0<\/span><\/i><span data-ccp-props=\"{&quot;201341983&quot;:0,&quot;335559739&quot;:160,&quot;335559740&quot;:259}\">\u00a0<\/span><\/p>\n<p><span data-contrast=\"auto\">*Beaupr\u00e9, S., Lefebvre, J., &amp; De Champlain, Y. (Eds.). (2020).<\/span><a href=\"https:\/\/www.puq.ca\/catalogue\/livres\/analyse-reflexive-enseignement-professionnel-technique-3608.html\" target=\"_blank\" rel=\"noopener\"><span data-contrast=\"none\">\u202fAnalyse reflexive en enseignement professionnel et technique: De la th\u00e9orie \u00e0 la pratique.<\/span><\/a><span data-contrast=\"auto\"> Qu\u00e9bec: Presses de l&rsquo;Universit\u00e9 du Qu\u00e9bec.\u00a0<\/span><span data-ccp-props=\"{&quot;201341983&quot;:0,&quot;335559739&quot;:160,&quot;335559740&quot;:259}\">\u00a0<\/span><\/p>\n<p><span data-contrast=\"auto\">B\u00e9dard, D., Bibeau, J., Pilon, C., &amp; Turgeon, A. (2020). <\/span><a href=\"https:\/\/ojs.uclouvain.be\/index.php\/Annales_QPES\/article\/view\/55803\/52013\" target=\"_blank\" rel=\"noopener\"><span data-contrast=\"none\">L\u2019Espace Exp\u00e9rientiel (E\u00b2): une p\u00e9dagogie interactive.<\/span><\/a><i><span data-contrast=\"auto\">\u202fLes Annales de QPES<\/span><\/i><span data-contrast=\"auto\">. Vol.\u202f1(1).<\/span><span data-ccp-props=\"{&quot;201341983&quot;:0,&quot;335559739&quot;:160,&quot;335559740&quot;:259}\">\u00a0<\/span><\/p>\n<p><span data-contrast=\"auto\">Bucheton, D. (2003). <\/span><a href=\"https:\/\/journals.openedition.org\/trema\/1380#quotation\" target=\"_blank\" rel=\"noopener\"><span data-contrast=\"none\">Du portfolio au dossier professionnel: \u00e9l\u00e9ments de r\u00e9flexion<\/span><\/a><span data-contrast=\"auto\">.<\/span><i><span data-contrast=\"auto\">\u202fTr\u00e9ma,<\/span><\/i><span data-contrast=\"auto\"> (20-21), 43-53.\u00a0<\/span><span data-ccp-props=\"{&quot;201341983&quot;:0,&quot;335559739&quot;:160,&quot;335559740&quot;:259}\">\u00a0<\/span><\/p>\n<p><span data-contrast=\"auto\">Caceres, J. F. (2018).<\/span><a href=\"https:\/\/biblos.hec.ca\/biblio\/memoires\/m2018a609869.pdf\" target=\"_blank\" rel=\"noopener\"><span data-contrast=\"none\">\u202fG\u00e9rer une organisation \u00e9mancipatrice: la pratique r\u00e9flexive de parole d&rsquo;exclues<\/span><\/a><span data-contrast=\"auto\"> (Masters dissertation), Biblos HEC Montreal.\u00a0<\/span><span data-ccp-props=\"{&quot;201341983&quot;:0,&quot;335559739&quot;:160,&quot;335559740&quot;:259}\">\u00a0<\/span><\/p>\n<p><span data-contrast=\"auto\">CAPRES-Consortium d\u2019animation sur la pers\u00e9v\u00e9rance et la r\u00e9ussite en enseignement sup\u00e9rieur. (2017). <\/span><a href=\"https:\/\/www.capres.ca\/enseignement-et-apprentissage\/enseignement-cooperatif-et-stages\/lapprentissage-experientiel-lier-la-salle-de-classe-et-le-monde-du-travail\/\" target=\"_blank\" rel=\"noopener\"><span data-contrast=\"none\">L\u2019apprentissage exp\u00e9rientiel : lier la salle de classe et le monde du travail<\/span><\/a><span data-contrast=\"auto\">.\u00a0<\/span><span data-ccp-props=\"{&quot;201341983&quot;:0,&quot;335559739&quot;:160,&quot;335559740&quot;:259}\">\u00a0<\/span><\/p>\n<p><span data-contrast=\"auto\">Deschamps, A. (2020).<\/span><a href=\"https:\/\/constellation.uqac.ca\/5743\/\" target=\"_blank\" rel=\"noopener\"><span data-contrast=\"none\">\u202fL\u2019\u00e9volution de la pratique r\u00e9flexive chez les apprenantes et les superviseures lors des stages en travail social\u202f<\/span><\/a><span data-contrast=\"auto\">(Masters dissertation, Universit\u00e9 du Qu\u00e9bec \u00e0 Chicoutimi).\u00a0<\/span><span data-ccp-props=\"{&quot;201341983&quot;:0,&quot;335559739&quot;:160,&quot;335559740&quot;:259}\">\u00a0<\/span><\/p>\n<p><span data-contrast=\"auto\">Desch\u00eanes, M. F., Fournier, V., &amp; St-Julien, A. (2016). <\/span><a href=\"https:\/\/eduq.info\/xmlui\/bitstream\/handle\/11515\/34642\/deschenes-fournier-st-julien-30-1-2016.pdf?sequence=2&amp;isAllowed=y\" target=\"_blank\" rel=\"noopener\"><span data-contrast=\"none\">Le d\u00e9veloppement du jugement en situation authentique: l&rsquo;apprentissage exp\u00e9rientiel dans un contexte de simulation pour une pratique professionnelle s\u00e9curitaire.<\/span><\/a> <i><span data-contrast=\"auto\">P\u00e9dagogie Coll\u00e9giale<\/span><\/i><span data-contrast=\"auto\">, Vol.30(1), 14-22.\u00a0<\/span><span data-ccp-props=\"{&quot;201341983&quot;:0,&quot;335559739&quot;:160,&quot;335559740&quot;:259}\">\u00a0<\/span><\/p>\n<p><span data-contrast=\"auto\">Dub\u00e9, J-S. (2019). <\/span><a href=\"https:\/\/leveilleur.espaceweb.usherbrooke.ca\/34156\/une-plateforme-web-dapprentissage-experientiel-pour-les-franco-ontariens\/\" target=\"_blank\" rel=\"noopener\"><span data-contrast=\"none\">Une plateforme web d\u2019apprentissage exp\u00e9rientiel pour les Franco-Ontariens.<\/span><\/a> <i><span data-contrast=\"auto\">L\u2019\u00c9veilleur,<\/span><\/i><span data-contrast=\"auto\"> Universit\u00e9 de Sherbrooke.\u00a0<\/span><span data-ccp-props=\"{&quot;201341983&quot;:0,&quot;335559739&quot;:160,&quot;335559740&quot;:259}\">\u00a0<\/span><\/p>\n<p><span data-contrast=\"auto\">Gauthier, P. D. (2009). <\/span><a href=\"https:\/\/cjlt.ca\/index.php\/cjlt\/article\/view\/26411\/19593\" target=\"_blank\" rel=\"noopener\"><span data-contrast=\"none\">Exploiter son portfolio num\u00e9rique: construire son identit\u00e9 professionnelle num\u00e9rique pour valoriser ses competences\/The use of a personal digital portfolio: how to build its own professional digital identity and enhance its competences.<\/span><\/a> <i><span data-contrast=\"auto\">Canadian Journal of Learning and Technology\/La revue canadienne de l\u2019apprentissage et de la technologie<\/span><\/i><span data-contrast=\"auto\">. Vol. 34(3)<\/span><span data-ccp-props=\"{&quot;201341983&quot;:0,&quot;335559739&quot;:160,&quot;335559740&quot;:259}\">\u00a0<\/span><\/p>\n<p><span data-contrast=\"auto\">Landry, J. (2018). <\/span><a href=\"https:\/\/www.orientation.qc.ca\/files\/L%E2%80%99ORIENTATION_Vol8_Num2_Web_PP.pdf\" target=\"_blank\" rel=\"noopener\"><span data-contrast=\"none\">Billet de la pr\u00e9sidente A\u0300 consommer sans mod\u00e9ration<\/span><\/a><span data-contrast=\"auto\">. <\/span><i><span data-contrast=\"auto\">L\u2019orientation<\/span><\/i> <i><span data-contrast=\"auto\">Le magazine des conseillers d&rsquo;orientation<\/span><\/i><span data-contrast=\"auto\">. Vol.8(2), 2-3.<\/span><span data-ccp-props=\"{&quot;201341983&quot;:0,&quot;335559739&quot;:160,&quot;335559740&quot;:259}\">\u00a0<\/span><\/p>\n<p><span data-contrast=\"auto\">Le Boucher, C., Lameul, G., &amp; Pentecouteau, H. (2018). <\/span><a href=\"https:\/\/ojs.lib.uwo.ca\/index.php\/cjsotl_rcacea\/article\/view\/7109\/5813\" target=\"_blank\" rel=\"noopener\"><span data-contrast=\"none\">L\u2019exp\u00e9rimentation du eportfolio \u00e0 l\u2019universit\u00e9: questionnements autour de la r\u00e9flexivit\u00e9<\/span><\/a><span data-contrast=\"auto\">.<\/span><i><span data-contrast=\"auto\">\u202fThe Canadian Journal for the Scholarship of Teaching and Learning\/ La revue canadienne sur l\u2019avancement des connaissances en enseignement et en apprentissage.<\/span><\/i><span data-contrast=\"auto\"> Vol.\u202f9(3).<\/span><span data-ccp-props=\"{&quot;201341983&quot;:0,&quot;335559739&quot;:160,&quot;335559740&quot;:259}\">\u00a0<\/span><\/p>\n<p><span data-contrast=\"auto\">L\u00e9vesque, J. P. (2002). <\/span><a href=\"https:\/\/cdc.qc.ca\/ped_coll\/pdf\/Levesque_15_3.pdf\" target=\"_blank\" rel=\"noopener\"><span data-contrast=\"none\">La pratique r\u00e9flexive: v\u00e9ritable postulat du d\u00e9veloppement professionnel<\/span><\/a><span data-contrast=\"auto\">. <\/span><i><span data-contrast=\"auto\">P\u00e9dagogie coll\u00e9giale<\/span><\/i><span data-contrast=\"auto\">. Vol. 15(3), 11-14.<\/span><span data-ccp-props=\"{&quot;201341983&quot;:0,&quot;335559739&quot;:160,&quot;335559740&quot;:259}\">\u00a0<\/span><\/p>\n<p><span data-contrast=\"auto\">Mailles-Viard Metz, S., &amp; Albernhe-Giordan, H. (2008). <\/span><a href=\"https:\/\/www.erudit.org\/en\/journals\/ritpu\/1900-v1-n1-ritpu3632\/039175ar.pdf\"><span data-contrast=\"none\">Du e-portfolio \u00e0 l\u2019analyse du produit et du processus de conception du projet personnel de l\u2019\u00e9tudiant.<\/span><\/a> <i><span data-contrast=\"auto\">Revue internationale des technologies en p\u00e9dagogie universitaire\/International Journal of Technologies in Higher Education<\/span><\/i><span data-contrast=\"auto\">. Vol.5(3), 51-65.<\/span><span data-ccp-props=\"{&quot;201341983&quot;:0,&quot;335559739&quot;:160,&quot;335559740&quot;:259}\">\u00a0<\/span><\/p>\n<p><span data-contrast=\"auto\">Ordre des \u00e9ducatrices et des \u00e9ducateurs de la petite enfance. (2014). <\/span><a href=\"https:\/\/www.college-ece.ca\/fr-lang\/Documents\/Reflective%20Practice%20and%20Self-Directed%20Learning%20Booklet%20FR.pdf\" target=\"_blank\" rel=\"noopener\"><span data-contrast=\"none\">Pratique r\u00e9flexive et apprentissage autonome.<\/span><\/a><span data-contrast=\"auto\">\u00a0<\/span><span data-ccp-props=\"{&quot;201341983&quot;:0,&quot;335559739&quot;:160,&quot;335559740&quot;:259}\">\u00a0<\/span><\/p>\n<p><span data-contrast=\"auto\">Ouellet, M. (2019). <\/span><a href=\"https:\/\/savoirs.usherbrooke.ca\/bitstream\/handle\/11143\/15535\/Ouellet_Mylene_MServSoc_2019.pdf?sequence=3&amp;isAllowed=y\" target=\"_blank\" rel=\"noopener\"><span data-contrast=\"none\">Repr\u00e9sentations et pratiques de r\u00e9flexivit\u00e9 pour des dipl\u00f4m\u00e9es et dipl\u00f4m\u00e9s du programme de baccalaur\u00e9at en service social de l&rsquo;Universit\u00e9 de Sherbrooke.<\/span><\/a> <i><span data-contrast=\"auto\">M\u00e9moire pour obtenir la maitrise en Service Social<\/span><\/i><span data-contrast=\"auto\">, Universit\u00e9 de Sherbrooke.\u00a0<\/span><span data-ccp-props=\"{&quot;201341983&quot;:0,&quot;335559739&quot;:160,&quot;335559740&quot;:259}\">\u00a0<\/span><\/p>\n<p><span data-contrast=\"auto\">Petit, M., &amp; B\u00e9lisle, M. (2018). <\/span><a href=\"https:\/\/www.erudit.org\/en\/journals\/ritpu\/1900-v1-n1-ritpu04632\/1060149ar\/\" target=\"_blank\" rel=\"noopener\"><span data-contrast=\"none\">D\u00e9marche d\u2019implantation du portfolio num\u00e9rique en enseignement sup\u00e9rieur: le cas de deux programmes de formation \u00e0 l\u2019enseignement.\u202fImplementation process of an eportfolio in higher education\u202f: The case of two initial teacher training programs<\/span><\/a><span data-contrast=\"auto\">. <\/span><i><span data-contrast=\"auto\">Revue internationale des technologies en p\u00e9dagogie universitaire\/International Journal of Technologies in Higher Education<\/span><\/i><span data-contrast=\"auto\">. Vol.15(3), 52-67.<\/span><span data-ccp-props=\"{&quot;201341983&quot;:0,&quot;335559739&quot;:160,&quot;335559740&quot;:259}\">\u00a0<\/span><\/p>\n<p><span data-contrast=\"auto\">Rubatier, Sylvie\u202f(2019).\u202f <\/span><a href=\"https:\/\/semaphore.uqar.ca\/id\/eprint\/1664\/1\/Sylvie_Rubatier_aout2019.pdf\" target=\"_blank\" rel=\"noopener\"><span data-contrast=\"none\">Une qu\u00eate de renouvellement relationnel : itin\u00e9raire d&rsquo;apprentissage transformateur<\/span><\/a><span data-contrast=\"auto\">.\u202f <\/span><i><span data-contrast=\"auto\">S\u00e9maphore, D\u00e9p\u00f4t num\u00e9rique de l\u2019UQAR. M\u00e9moire de maitrise<\/span><\/i><span data-contrast=\"auto\">.\u202fRimouski, Qu\u00e9bec, Universit\u00e9 du Qu\u00e9bec \u00e0 Rimouski, D\u00e9partement de psychosociologie et travail social, 214 p.<\/span><span data-ccp-props=\"{&quot;201341983&quot;:0,&quot;335559739&quot;:160,&quot;335559740&quot;:259}\">\u00a0<\/span><\/p>\n<p><span data-contrast=\"auto\">Savard, R. (2009<\/span><a href=\"https:\/\/www.orientation.qc.ca\/files\/EnPratiqueNo10_Janvier2009.pdf\" target=\"_blank\" rel=\"noopener\"><span data-contrast=\"none\">). La pratique r\u00e9flexive: processus essentiel au d\u00e9veloppement de notre comp\u00e9tence<\/span><\/a><span data-contrast=\"auto\">. <\/span><i><span data-contrast=\"auto\">Revue En pratique<\/span><\/i><span data-contrast=\"auto\">, 9-12.\u00a0<\/span><span data-ccp-props=\"{&quot;201341983&quot;:0,&quot;335559739&quot;:160,&quot;335559740&quot;:259}\">\u00a0<\/span><\/p>\n<p><span data-ccp-props=\"{&quot;201341983&quot;:0,&quot;335559739&quot;:160,&quot;335559740&quot;:259}\">\u00a0<\/span><\/p>\n<p><i><span data-contrast=\"auto\">Note: References marked with \u201c*\u201d are behind paywall<\/span><\/i><span data-contrast=\"auto\">\u202f<\/span><span data-ccp-props=\"{&quot;201341983&quot;:0,&quot;335559739&quot;:160,&quot;335559740&quot;:259}\">\u00a0<\/span><\/p>\n","protected":false},"excerpt":{"rendered":"<p>Agarwal, A. (2018). Why is Experiential Learning the Real Learning for Employees. Entrepreneur.\u00a0\u00a0 Anderson, K.L., Boyd, M., Marin, K.A., McNamara, K. (2019). Reimagining Service-Learning: Deepening the<span class=\"excerpt-hellip\"> [\u2026]<\/span><\/p>\n","protected":false},"author":30,"featured_media":0,"comment_status":"closed","ping_status":"closed","template":"","meta":{"h5ap_radio_sources":[],"__wpdm_changelog":[]},"wpdmcategory":[239],"wpdmtag":[],"class_list":["post-34085","wpdmpro","type-wpdmpro","status-publish","hentry","wpdmcategory-listes-de-documents"],"yoast_head":"<!-- This site is optimized with the Yoast SEO Premium plugin v27.4 (Yoast SEO v27.4) - https:\/\/yoast.com\/product\/yoast-seo-premium-wordpress\/ -->\n<title>Apprentissage par l\u2019exp\u00e9rience et d\u00e9veloppement de carri\u00e8re (en anglais) - CERIC<\/title>\n<meta name=\"robots\" content=\"index, follow, max-snippet:-1, max-image-preview:large, max-video-preview:-1\" \/>\n<link rel=\"canonical\" href=\"https:\/\/ceric.ca\/fr\/wpdm-package\/apprentissage-par-lexperience-et-developpement-de-carriere-en-anglais\/\" \/>\n<meta property=\"og:locale\" content=\"fr_FR\" \/>\n<meta property=\"og:type\" content=\"article\" \/>\n<meta property=\"og:title\" content=\"Apprentissage par l\u2019exp\u00e9rience et d\u00e9veloppement de carri\u00e8re (en anglais)\" \/>\n<meta property=\"og:description\" content=\"Agarwal, A. (2018). Why is Experiential Learning the Real Learning for Employees. Entrepreneur.\u00a0\u00a0 Anderson, K.L., Boyd, M., Marin, K.A., McNamara, K. (2019). Reimagining Service-Learning: Deepening the [\u2026]\" \/>\n<meta property=\"og:url\" content=\"https:\/\/ceric.ca\/fr\/wpdm-package\/apprentissage-par-lexperience-et-developpement-de-carriere-en-anglais\/\" \/>\n<meta property=\"og:site_name\" content=\"CERIC\" \/>\n<meta property=\"article:modified_time\" content=\"2022-04-06T16:59:34+00:00\" \/>\n<meta name=\"twitter:card\" content=\"summary_large_image\" \/>\n<meta name=\"twitter:label1\" content=\"Dur\u00e9e de lecture estim\u00e9e\" \/>\n\t<meta name=\"twitter:data1\" content=\"19 minutes\" \/>\n<script type=\"application\/ld+json\" class=\"yoast-schema-graph\">{\"@context\":\"https:\\\/\\\/schema.org\",\"@graph\":[{\"@type\":\"WebPage\",\"@id\":\"https:\\\/\\\/ceric.ca\\\/fr\\\/wpdm-package\\\/apprentissage-par-lexperience-et-developpement-de-carriere-en-anglais\\\/\",\"url\":\"https:\\\/\\\/ceric.ca\\\/fr\\\/wpdm-package\\\/apprentissage-par-lexperience-et-developpement-de-carriere-en-anglais\\\/\",\"name\":\"Apprentissage par l\u2019exp\u00e9rience et d\u00e9veloppement de carri\u00e8re (en anglais) - CERIC\",\"isPartOf\":{\"@id\":\"https:\\\/\\\/ceric.ca\\\/#website\"},\"datePublished\":\"2019-06-12T14:04:33+00:00\",\"dateModified\":\"2022-04-06T16:59:34+00:00\",\"breadcrumb\":{\"@id\":\"https:\\\/\\\/ceric.ca\\\/fr\\\/wpdm-package\\\/apprentissage-par-lexperience-et-developpement-de-carriere-en-anglais\\\/#breadcrumb\"},\"inLanguage\":\"fr-FR\",\"potentialAction\":[{\"@type\":\"ReadAction\",\"target\":[\"https:\\\/\\\/ceric.ca\\\/fr\\\/wpdm-package\\\/apprentissage-par-lexperience-et-developpement-de-carriere-en-anglais\\\/\"]}]},{\"@type\":\"BreadcrumbList\",\"@id\":\"https:\\\/\\\/ceric.ca\\\/fr\\\/wpdm-package\\\/apprentissage-par-lexperience-et-developpement-de-carriere-en-anglais\\\/#breadcrumb\",\"itemListElement\":[{\"@type\":\"ListItem\",\"position\":1,\"name\":\"Home\",\"item\":\"https:\\\/\\\/ceric.ca\\\/fr\\\/ceric-homepage-2025\\\/\"},{\"@type\":\"ListItem\",\"position\":2,\"name\":\"Apprentissage par l\u2019exp\u00e9rience et d\u00e9veloppement de carri\u00e8re (en anglais)\"}]},{\"@type\":\"WebSite\",\"@id\":\"https:\\\/\\\/ceric.ca\\\/#website\",\"url\":\"https:\\\/\\\/ceric.ca\\\/\",\"name\":\"CERIC\",\"description\":\"\",\"publisher\":{\"@id\":\"https:\\\/\\\/ceric.ca\\\/#organization\"},\"potentialAction\":[{\"@type\":\"SearchAction\",\"target\":{\"@type\":\"EntryPoint\",\"urlTemplate\":\"https:\\\/\\\/ceric.ca\\\/?s={search_term_string}\"},\"query-input\":{\"@type\":\"PropertyValueSpecification\",\"valueRequired\":true,\"valueName\":\"search_term_string\"}}],\"inLanguage\":\"fr-FR\"},{\"@type\":\"Organization\",\"@id\":\"https:\\\/\\\/ceric.ca\\\/#organization\",\"name\":\"CERIC\",\"url\":\"https:\\\/\\\/ceric.ca\\\/\",\"logo\":{\"@type\":\"ImageObject\",\"inLanguage\":\"fr-FR\",\"@id\":\"https:\\\/\\\/ceric.ca\\\/#\\\/schema\\\/logo\\\/image\\\/\",\"url\":\"\",\"contentUrl\":\"\",\"caption\":\"CERIC\"},\"image\":{\"@id\":\"https:\\\/\\\/ceric.ca\\\/#\\\/schema\\\/logo\\\/image\\\/\"}}]}<\/script>\n<!-- \/ Yoast SEO Premium plugin. -->","yoast_head_json":{"title":"Apprentissage par l\u2019exp\u00e9rience et d\u00e9veloppement de carri\u00e8re (en anglais) - CERIC","robots":{"index":"index","follow":"follow","max-snippet":"max-snippet:-1","max-image-preview":"max-image-preview:large","max-video-preview":"max-video-preview:-1"},"canonical":"https:\/\/ceric.ca\/fr\/wpdm-package\/apprentissage-par-lexperience-et-developpement-de-carriere-en-anglais\/","og_locale":"fr_FR","og_type":"article","og_title":"Apprentissage par l\u2019exp\u00e9rience et d\u00e9veloppement de carri\u00e8re (en anglais)","og_description":"Agarwal, A. (2018). Why is Experiential Learning the Real Learning for Employees. Entrepreneur.\u00a0\u00a0 Anderson, K.L., Boyd, M., Marin, K.A., McNamara, K. (2019). Reimagining Service-Learning: Deepening the [\u2026]","og_url":"https:\/\/ceric.ca\/fr\/wpdm-package\/apprentissage-par-lexperience-et-developpement-de-carriere-en-anglais\/","og_site_name":"CERIC","article_modified_time":"2022-04-06T16:59:34+00:00","twitter_card":"summary_large_image","twitter_misc":{"Dur\u00e9e de lecture estim\u00e9e":"19 minutes"},"schema":{"@context":"https:\/\/schema.org","@graph":[{"@type":"WebPage","@id":"https:\/\/ceric.ca\/fr\/wpdm-package\/apprentissage-par-lexperience-et-developpement-de-carriere-en-anglais\/","url":"https:\/\/ceric.ca\/fr\/wpdm-package\/apprentissage-par-lexperience-et-developpement-de-carriere-en-anglais\/","name":"Apprentissage par l\u2019exp\u00e9rience et d\u00e9veloppement de carri\u00e8re (en anglais) - CERIC","isPartOf":{"@id":"https:\/\/ceric.ca\/#website"},"datePublished":"2019-06-12T14:04:33+00:00","dateModified":"2022-04-06T16:59:34+00:00","breadcrumb":{"@id":"https:\/\/ceric.ca\/fr\/wpdm-package\/apprentissage-par-lexperience-et-developpement-de-carriere-en-anglais\/#breadcrumb"},"inLanguage":"fr-FR","potentialAction":[{"@type":"ReadAction","target":["https:\/\/ceric.ca\/fr\/wpdm-package\/apprentissage-par-lexperience-et-developpement-de-carriere-en-anglais\/"]}]},{"@type":"BreadcrumbList","@id":"https:\/\/ceric.ca\/fr\/wpdm-package\/apprentissage-par-lexperience-et-developpement-de-carriere-en-anglais\/#breadcrumb","itemListElement":[{"@type":"ListItem","position":1,"name":"Home","item":"https:\/\/ceric.ca\/fr\/ceric-homepage-2025\/"},{"@type":"ListItem","position":2,"name":"Apprentissage par l\u2019exp\u00e9rience et d\u00e9veloppement de carri\u00e8re (en anglais)"}]},{"@type":"WebSite","@id":"https:\/\/ceric.ca\/#website","url":"https:\/\/ceric.ca\/","name":"CERIC","description":"","publisher":{"@id":"https:\/\/ceric.ca\/#organization"},"potentialAction":[{"@type":"SearchAction","target":{"@type":"EntryPoint","urlTemplate":"https:\/\/ceric.ca\/?s={search_term_string}"},"query-input":{"@type":"PropertyValueSpecification","valueRequired":true,"valueName":"search_term_string"}}],"inLanguage":"fr-FR"},{"@type":"Organization","@id":"https:\/\/ceric.ca\/#organization","name":"CERIC","url":"https:\/\/ceric.ca\/","logo":{"@type":"ImageObject","inLanguage":"fr-FR","@id":"https:\/\/ceric.ca\/#\/schema\/logo\/image\/","url":"","contentUrl":"","caption":"CERIC"},"image":{"@id":"https:\/\/ceric.ca\/#\/schema\/logo\/image\/"}}]}},"_links":{"self":[{"href":"https:\/\/ceric.ca\/fr\/wp-json\/wp\/v2\/wpdmpro\/34085","targetHints":{"allow":["GET"]}}],"collection":[{"href":"https:\/\/ceric.ca\/fr\/wp-json\/wp\/v2\/wpdmpro"}],"about":[{"href":"https:\/\/ceric.ca\/fr\/wp-json\/wp\/v2\/types\/wpdmpro"}],"author":[{"embeddable":true,"href":"https:\/\/ceric.ca\/fr\/wp-json\/wp\/v2\/users\/30"}],"replies":[{"embeddable":true,"href":"https:\/\/ceric.ca\/fr\/wp-json\/wp\/v2\/comments?post=34085"}],"wp:attachment":[{"href":"https:\/\/ceric.ca\/fr\/wp-json\/wp\/v2\/media?parent=34085"}],"wp:term":[{"taxonomy":"wpdmcategory","embeddable":true,"href":"https:\/\/ceric.ca\/fr\/wp-json\/wp\/v2\/wpdmcategory?post=34085"},{"taxonomy":"wpdmtag","embeddable":true,"href":"https:\/\/ceric.ca\/fr\/wp-json\/wp\/v2\/wpdmtag?post=34085"}],"curies":[{"name":"wp","href":"https:\/\/api.w.org\/{rel}","templated":true}]}}